{"id":5477,"date":"2022-07-12T16:12:34","date_gmt":"2022-07-12T16:12:34","guid":{"rendered":"https:\/\/www.ativ.pt\/media\/"},"modified":"2022-08-26T14:09:49","modified_gmt":"2022-08-26T14:09:49","slug":"media","status":"publish","type":"page","link":"https:\/\/www.ativ.pt\/fr\/media\/","title":{"rendered":"Media"},"content":{"rendered":"\t\t<div data-elementor-type=\"wp-page\" data-elementor-id=\"5477\" class=\"elementor elementor-5477 elementor-3592\">\n\t\t\t\t\t\t<section class=\"elementor-section elementor-top-section elementor-element elementor-element-b98ccea elementor-section-boxed elementor-section-height-default elementor-section-height-default wpr-particle-no wpr-jarallax-no wpr-parallax-no wpr-sticky-section-no wpr-equal-height-no\" data-id=\"b98ccea\" data-element_type=\"section\" data-e-type=\"section\" data-settings=\"{&quot;jet_parallax_layout_list&quot;:[],&quot;background_background&quot;:&quot;classic&quot;}\">\n\t\t\t\t\t\t<div class=\"elementor-container elementor-column-gap-default\">\n\t\t\t\t\t<div class=\"elementor-column elementor-col-100 elementor-top-column elementor-element elementor-element-d079c47\" data-id=\"d079c47\" data-element_type=\"column\" data-e-type=\"column\">\n\t\t\t<div class=\"elementor-widget-wrap elementor-element-populated\">\n\t\t\t\t\t\t<div class=\"elementor-element elementor-element-25476e9 elementor-widget elementor-widget-heading\" data-id=\"25476e9\" data-element_type=\"widget\" data-e-type=\"widget\" data-widget_type=\"heading.default\">\n\t\t\t\t\t<h1 class=\"elementor-heading-title elementor-size-default\">Media<\/h1>\t\t\t\t<\/div>\n\t\t\t\t<div class=\"elementor-element elementor-element-23dbbba elementor-align-flex-start elementor-widget elementor-widget-raven-breadcrumbs\" data-id=\"23dbbba\" data-element_type=\"widget\" data-e-type=\"widget\" data-widget_type=\"raven-breadcrumbs.default\">\n\t\t\t\t<div class=\"elementor-widget-container\">\n\t\t\t\t\t<div class=\"raven-breadcrumbs raven-breadcrumbs-yoast\"><nav id=\"breadcrumbs\"><span><span><a href=\"https:\/\/www.ativ.pt\/fr\/\">In\u00edcio<\/a><\/span><\/span><\/nav><\/div>\t\t\t\t<\/div>\n\t\t\t\t<\/div>\n\t\t\t\t\t<\/div>\n\t\t<\/div>\n\t\t\t\t\t<\/div>\n\t\t<\/section>\n\t\t\t\t<section class=\"elementor-section elementor-top-section elementor-element elementor-element-ad9bc9c elementor-section-content-middle elementor-section-boxed elementor-section-height-default elementor-section-height-default wpr-particle-no wpr-jarallax-no wpr-parallax-no wpr-sticky-section-no wpr-equal-height-no\" data-id=\"ad9bc9c\" data-element_type=\"section\" data-e-type=\"section\" data-settings=\"{&quot;jet_parallax_layout_list&quot;:[],&quot;background_background&quot;:&quot;classic&quot;}\">\n\t\t\t\t\t\t<div class=\"elementor-container elementor-column-gap-default\">\n\t\t\t\t\t<div class=\"elementor-column elementor-col-100 elementor-top-column elementor-element elementor-element-2da05bd\" data-id=\"2da05bd\" data-element_type=\"column\" data-e-type=\"column\">\n\t\t\t<div class=\"elementor-widget-wrap\">\n\t\t\t\t\t\t\t<\/div>\n\t\t<\/div>\n\t\t\t\t\t<\/div>\n\t\t<\/section>\n\t\t\t\t<section class=\"elementor-section elementor-top-section elementor-element elementor-element-f696ac3 elementor-section-boxed elementor-section-height-default elementor-section-height-default wpr-particle-no wpr-jarallax-no wpr-parallax-no wpr-sticky-section-no wpr-equal-height-no\" data-id=\"f696ac3\" data-element_type=\"section\" data-e-type=\"section\" data-settings=\"{&quot;jet_parallax_layout_list&quot;:[]}\">\n\t\t\t\t\t\t<div class=\"elementor-container elementor-column-gap-default\">\n\t\t\t\t\t<div class=\"elementor-column elementor-col-100 elementor-top-column elementor-element elementor-element-d972dbd\" data-id=\"d972dbd\" data-element_type=\"column\" data-e-type=\"column\">\n\t\t\t<div class=\"elementor-widget-wrap elementor-element-populated\">\n\t\t\t\t\t\t<div class=\"elementor-element elementor-element-f1d45db raven-hover-slide-right elementor-invisible elementor-widget elementor-widget-raven-posts\" data-id=\"f1d45db\" data-element_type=\"widget\" data-e-type=\"widget\" data-settings=\"{&quot;classic_columns&quot;:&quot;4&quot;,&quot;query_posts_per_page&quot;:12,&quot;classic_show_pagination&quot;:&quot;yes&quot;,&quot;_animation&quot;:&quot;fadeInUp&quot;,&quot;_animation_delay&quot;:100,&quot;_skin&quot;:&quot;classic&quot;,&quot;classic_layout&quot;:&quot;grid&quot;,&quot;classic_columns_tablet&quot;:&quot;2&quot;,&quot;classic_columns_mobile&quot;:&quot;1&quot;,&quot;classic_pagination_type&quot;:&quot;page_based&quot;,&quot;query_offset&quot;:0}\" data-widget_type=\"raven-posts.classic\">\n\t\t\t\t<div class=\"elementor-widget-container\">\n\t\t\t\t\t\t\t<div class=\"raven-posts raven-grid raven-grid-4 raven-grid-mobile-1 raven-grid-tablet-2\" data-post-id=\"5477\" data-archive-query=\"\" data-lang=\"\">\n\t\t\t\t<div class=\"raven-grid-item raven-post-item post-16325 post type-post status-publish format-standard has-post-thumbnail hentry category-articles tag-ativ tag-bcircle tag-biochar tag-carbon tag-carbon-capture tag-mota-engil-ativ\">\n\t\t\t<div class=\"raven-post\">\n\t\t\t\t\t\t<div class=\"raven-post-image-wrap\">\n\t\t\t<a class=\"raven-post-image raven-image-fit\" href=\"https:\/\/www.ativ.pt\/fr\/2025\/11\/07\/mota-engil-ativ-et-bcircle-au-carbon-capture-technology-expo-europe-2025\/\"><img fetchpriority=\"high\" decoding=\"async\" width=\"768\" height=\"432\" src=\"https:\/\/www.ativ.pt\/wp-content\/uploads\/2025\/11\/Design-sem-nome-2025-11-07T102959.705-768x432.png\" class=\"attachment-medium_large size-medium_large wp-image-16301\" alt=\"\" srcset=\"https:\/\/www.ativ.pt\/wp-content\/uploads\/2025\/11\/Design-sem-nome-2025-11-07T102959.705-768x432.png 768w, https:\/\/www.ativ.pt\/wp-content\/uploads\/2025\/11\/Design-sem-nome-2025-11-07T102959.705-300x169.png 300w, https:\/\/www.ativ.pt\/wp-content\/uploads\/2025\/11\/Design-sem-nome-2025-11-07T102959.705-1024x576.png 1024w, https:\/\/www.ativ.pt\/wp-content\/uploads\/2025\/11\/Design-sem-nome-2025-11-07T102959.705-1536x864.png 1536w, https:\/\/www.ativ.pt\/wp-content\/uploads\/2025\/11\/Design-sem-nome-2025-11-07T102959.705-2048x1152.png 2048w\" sizes=\"(max-width: 768px) 100vw, 768px\" \/> <span class=\"raven-post-image-overlay\"><\/span><\/a>\t\t<\/div>\n\t\t\t\t\t\t<div class=\"raven-post-content\">\n\t\t\t\t\t<h3 class=\"raven-post-title\"><a class=\"raven-post-title-link\" href=\"https:\/\/www.ativ.pt\/fr\/2025\/11\/07\/mota-engil-ativ-et-bcircle-au-carbon-capture-technology-expo-europe-2025\/\">Mota-Engil ATIV et BCircle au Carbon Capture Technology Expo Europe 2025<\/a><\/h3>\t\t<div class=\"raven-post-meta\"><a class=\"raven-post-meta-item raven-post-date\" href=\"https:\/\/www.ativ.pt\/fr\/2025\/11\/\" rel=\"bookmark\">7 novembre 2025<\/a>\n<span class=\"raven-post-meta-divider\">\u2014<\/span>\n<span class=\"raven-post-meta-item raven-post-categories\"><a href=\"https:\/\/www.ativ.pt\/fr\/articles\/\" rel=\"tag\">Article<\/a><\/span><\/div>\n\t\t\t\t<div class=\"raven-post-read-more\">\n\t\t\t<a class=\"raven-post-button\" href=\"https:\/\/www.ativ.pt\/fr\/2025\/11\/07\/mota-engil-ativ-et-bcircle-au-carbon-capture-technology-expo-europe-2025\/\"><span class=\"raven-post-button-text\">Lire la suite<\/span><\/a>\n\t\t<\/div>\n\t\t\t\t\t\t<\/div>\n\t\t\t<\/div>\n\t\t<\/div>\n\t\t\t\t<div class=\"raven-grid-item raven-post-item post-16105 post type-post status-publish format-standard has-post-thumbnail hentry category-articles\">\n\t\t\t<div class=\"raven-post\">\n\t\t\t\t\t\t<div class=\"raven-post-image-wrap\">\n\t\t\t<a class=\"raven-post-image raven-image-fit\" href=\"https:\/\/www.ativ.pt\/fr\/2025\/10\/23\/mota-engil-ativ-presente-le-plan-strategique-2026-2030\/\"><img decoding=\"async\" width=\"768\" height=\"576\" src=\"https:\/\/www.ativ.pt\/wp-content\/uploads\/2025\/10\/20251008_104116-1-768x576.jpg\" class=\"attachment-medium_large size-medium_large wp-image-16099\" alt=\"\" srcset=\"https:\/\/www.ativ.pt\/wp-content\/uploads\/2025\/10\/20251008_104116-1-768x576.jpg 768w, https:\/\/www.ativ.pt\/wp-content\/uploads\/2025\/10\/20251008_104116-1-300x225.jpg 300w, https:\/\/www.ativ.pt\/wp-content\/uploads\/2025\/10\/20251008_104116-1-1024x768.jpg 1024w, https:\/\/www.ativ.pt\/wp-content\/uploads\/2025\/10\/20251008_104116-1-1536x1152.jpg 1536w, https:\/\/www.ativ.pt\/wp-content\/uploads\/2025\/10\/20251008_104116-1-scaled.jpg 1920w\" sizes=\"(max-width: 768px) 100vw, 768px\" \/> <span class=\"raven-post-image-overlay\"><\/span><\/a>\t\t<\/div>\n\t\t\t\t\t\t<div class=\"raven-post-content\">\n\t\t\t\t\t<h3 class=\"raven-post-title\"><a class=\"raven-post-title-link\" href=\"https:\/\/www.ativ.pt\/fr\/2025\/10\/23\/mota-engil-ativ-presente-le-plan-strategique-2026-2030\/\">MOTA-ENGIL ATIV pr\u00e9sente le Plan Strat\u00e9gique 2026\u20132030<\/a><\/h3>\t\t<div class=\"raven-post-meta\"><a class=\"raven-post-meta-item raven-post-date\" href=\"https:\/\/www.ativ.pt\/fr\/2025\/10\/\" rel=\"bookmark\">23 octobre 2025<\/a>\n<span class=\"raven-post-meta-divider\">\u2014<\/span>\n<span class=\"raven-post-meta-item raven-post-categories\"><a href=\"https:\/\/www.ativ.pt\/fr\/articles\/\" rel=\"tag\">Article<\/a><\/span><\/div>\n\t\t\t\t<div class=\"raven-post-read-more\">\n\t\t\t<a class=\"raven-post-button\" href=\"https:\/\/www.ativ.pt\/fr\/2025\/10\/23\/mota-engil-ativ-presente-le-plan-strategique-2026-2030\/\"><span class=\"raven-post-button-text\">Lire la suite<\/span><\/a>\n\t\t<\/div>\n\t\t\t\t\t\t<\/div>\n\t\t\t<\/div>\n\t\t<\/div>\n\t\t\t\t<div class=\"raven-grid-item raven-post-item post-16111 post type-post status-publish format-standard has-post-thumbnail hentry category-articles\">\n\t\t\t<div class=\"raven-post\">\n\t\t\t\t\t\t<div class=\"raven-post-image-wrap\">\n\t\t\t<a class=\"raven-post-image raven-image-fit\" href=\"https:\/\/www.ativ.pt\/fr\/2025\/10\/20\/sommet-atlantic-health-wellness-2025\/\"><img decoding=\"async\" width=\"768\" height=\"310\" src=\"https:\/\/www.ativ.pt\/wp-content\/uploads\/2025\/10\/ahws_hf_destaque-768x310.jpg\" class=\"attachment-medium_large size-medium_large wp-image-16018\" alt=\"\" srcset=\"https:\/\/www.ativ.pt\/wp-content\/uploads\/2025\/10\/ahws_hf_destaque-768x310.jpg 768w, https:\/\/www.ativ.pt\/wp-content\/uploads\/2025\/10\/ahws_hf_destaque-300x121.jpg 300w, https:\/\/www.ativ.pt\/wp-content\/uploads\/2025\/10\/ahws_hf_destaque-1024x413.jpg 1024w, https:\/\/www.ativ.pt\/wp-content\/uploads\/2025\/10\/ahws_hf_destaque.jpg 1200w\" sizes=\"(max-width: 768px) 100vw, 768px\" \/> <span class=\"raven-post-image-overlay\"><\/span><\/a>\t\t<\/div>\n\t\t\t\t\t\t<div class=\"raven-post-content\">\n\t\t\t\t\t<h3 class=\"raven-post-title\"><a class=\"raven-post-title-link\" href=\"https:\/\/www.ativ.pt\/fr\/2025\/10\/20\/sommet-atlantic-health-wellness-2025\/\">Sommet Atlantic Health Wellness 2025<\/a><\/h3>\t\t<div class=\"raven-post-meta\"><a class=\"raven-post-meta-item raven-post-date\" href=\"https:\/\/www.ativ.pt\/fr\/2025\/10\/\" rel=\"bookmark\">20 octobre 2025<\/a>\n<span class=\"raven-post-meta-divider\">\u2014<\/span>\n<span class=\"raven-post-meta-item raven-post-categories\"><a href=\"https:\/\/www.ativ.pt\/fr\/articles\/\" rel=\"tag\">Article<\/a><\/span><\/div>\n\t\t\t\t<div class=\"raven-post-read-more\">\n\t\t\t<a class=\"raven-post-button\" href=\"https:\/\/www.ativ.pt\/fr\/2025\/10\/20\/sommet-atlantic-health-wellness-2025\/\"><span class=\"raven-post-button-text\">Lire la suite<\/span><\/a>\n\t\t<\/div>\n\t\t\t\t\t\t<\/div>\n\t\t\t<\/div>\n\t\t<\/div>\n\t\t\t\t<div class=\"raven-grid-item raven-post-item post-15968 post type-post status-publish format-standard has-post-thumbnail hentry category-articles\">\n\t\t\t<div class=\"raven-post\">\n\t\t\t\t\t\t<div class=\"raven-post-image-wrap\">\n\t\t\t<a class=\"raven-post-image raven-image-fit\" href=\"https:\/\/www.ativ.pt\/fr\/2025\/10\/06\/course-volkswagen-2025\/\"><img loading=\"lazy\" decoding=\"async\" width=\"768\" height=\"297\" src=\"https:\/\/www.ativ.pt\/wp-content\/uploads\/2025\/10\/autoeuropa_destaque-768x297.jpg\" class=\"attachment-medium_large size-medium_large wp-image-15918\" alt=\"\" srcset=\"https:\/\/www.ativ.pt\/wp-content\/uploads\/2025\/10\/autoeuropa_destaque-768x297.jpg 768w, https:\/\/www.ativ.pt\/wp-content\/uploads\/2025\/10\/autoeuropa_destaque-300x116.jpg 300w, https:\/\/www.ativ.pt\/wp-content\/uploads\/2025\/10\/autoeuropa_destaque-1024x396.jpg 1024w, https:\/\/www.ativ.pt\/wp-content\/uploads\/2025\/10\/autoeuropa_destaque.jpg 1200w\" sizes=\"(max-width: 768px) 100vw, 768px\" \/> <span class=\"raven-post-image-overlay\"><\/span><\/a>\t\t<\/div>\n\t\t\t\t\t\t<div class=\"raven-post-content\">\n\t\t\t\t\t<h3 class=\"raven-post-title\"><a class=\"raven-post-title-link\" href=\"https:\/\/www.ativ.pt\/fr\/2025\/10\/06\/course-volkswagen-2025\/\">Course Volkswagen 2025<\/a><\/h3>\t\t<div class=\"raven-post-meta\"><a class=\"raven-post-meta-item raven-post-date\" href=\"https:\/\/www.ativ.pt\/fr\/2025\/10\/\" rel=\"bookmark\">6 octobre 2025<\/a>\n<span class=\"raven-post-meta-divider\">\u2014<\/span>\n<span class=\"raven-post-meta-item raven-post-categories\"><a href=\"https:\/\/www.ativ.pt\/fr\/articles\/\" rel=\"tag\">Article<\/a><\/span><\/div>\n\t\t\t\t<div class=\"raven-post-read-more\">\n\t\t\t<a class=\"raven-post-button\" href=\"https:\/\/www.ativ.pt\/fr\/2025\/10\/06\/course-volkswagen-2025\/\"><span class=\"raven-post-button-text\">Lire la suite<\/span><\/a>\n\t\t<\/div>\n\t\t\t\t\t\t<\/div>\n\t\t\t<\/div>\n\t\t<\/div>\n\t\t\t\t<div class=\"raven-grid-item raven-post-item post-15974 post type-post status-publish format-standard has-post-thumbnail hentry category-articles\">\n\t\t\t<div class=\"raven-post\">\n\t\t\t\t\t\t<div class=\"raven-post-image-wrap\">\n\t\t\t<a class=\"raven-post-image raven-image-fit\" href=\"https:\/\/www.ativ.pt\/fr\/2025\/10\/03\/le-parc-lineaire-ribeirinho-du-tage-setend-de-5-km-supplementaires-entre-alverca-et-sobralinho\/\"><img loading=\"lazy\" decoding=\"async\" width=\"768\" height=\"432\" src=\"https:\/\/www.ativ.pt\/wp-content\/uploads\/2025\/10\/1-768x432.png\" class=\"attachment-medium_large size-medium_large wp-image-15867\" alt=\"\" srcset=\"https:\/\/www.ativ.pt\/wp-content\/uploads\/2025\/10\/1-768x432.png 768w, https:\/\/www.ativ.pt\/wp-content\/uploads\/2025\/10\/1-300x169.png 300w, https:\/\/www.ativ.pt\/wp-content\/uploads\/2025\/10\/1-1024x576.png 1024w, https:\/\/www.ativ.pt\/wp-content\/uploads\/2025\/10\/1-1536x864.png 1536w, https:\/\/www.ativ.pt\/wp-content\/uploads\/2025\/10\/1.png 1920w\" sizes=\"(max-width: 768px) 100vw, 768px\" \/> <span class=\"raven-post-image-overlay\"><\/span><\/a>\t\t<\/div>\n\t\t\t\t\t\t<div class=\"raven-post-content\">\n\t\t\t\t\t<h3 class=\"raven-post-title\"><a class=\"raven-post-title-link\" href=\"https:\/\/www.ativ.pt\/fr\/2025\/10\/03\/le-parc-lineaire-ribeirinho-du-tage-setend-de-5-km-supplementaires-entre-alverca-et-sobralinho\/\">Le Parc Lin\u00e9aire Ribeirinho du Tage s&rsquo;\u00e9tend de 5 km suppl\u00e9mentaires entre Alverca et Sobralinho<\/a><\/h3>\t\t<div class=\"raven-post-meta\"><a class=\"raven-post-meta-item raven-post-date\" href=\"https:\/\/www.ativ.pt\/fr\/2025\/10\/\" rel=\"bookmark\">3 octobre 2025<\/a>\n<span class=\"raven-post-meta-divider\">\u2014<\/span>\n<span class=\"raven-post-meta-item raven-post-categories\"><a href=\"https:\/\/www.ativ.pt\/fr\/articles\/\" rel=\"tag\">Article<\/a><\/span><\/div>\n\t\t\t\t<div class=\"raven-post-read-more\">\n\t\t\t<a class=\"raven-post-button\" href=\"https:\/\/www.ativ.pt\/fr\/2025\/10\/03\/le-parc-lineaire-ribeirinho-du-tage-setend-de-5-km-supplementaires-entre-alverca-et-sobralinho\/\"><span class=\"raven-post-button-text\">Lire la suite<\/span><\/a>\n\t\t<\/div>\n\t\t\t\t\t\t<\/div>\n\t\t\t<\/div>\n\t\t<\/div>\n\t\t\t\t<div class=\"raven-grid-item raven-post-item post-16117 post type-post status-publish format-standard has-post-thumbnail hentry category-articles\">\n\t\t\t<div class=\"raven-post\">\n\t\t\t\t\t\t<div class=\"raven-post-image-wrap\">\n\t\t\t<a class=\"raven-post-image raven-image-fit\" href=\"https:\/\/www.ativ.pt\/fr\/2025\/09\/09\/lindustrie-se-distingue-par-de-nouveaux-defis\/\"><img loading=\"lazy\" decoding=\"async\" width=\"768\" height=\"328\" src=\"https:\/\/www.ativ.pt\/wp-content\/uploads\/2025\/09\/industria_destaque-768x328.jpg\" class=\"attachment-medium_large size-medium_large wp-image-15561\" alt=\"\" srcset=\"https:\/\/www.ativ.pt\/wp-content\/uploads\/2025\/09\/industria_destaque-768x328.jpg 768w, https:\/\/www.ativ.pt\/wp-content\/uploads\/2025\/09\/industria_destaque-300x128.jpg 300w, https:\/\/www.ativ.pt\/wp-content\/uploads\/2025\/09\/industria_destaque-1024x437.jpg 1024w, https:\/\/www.ativ.pt\/wp-content\/uploads\/2025\/09\/industria_destaque.jpg 1197w\" sizes=\"(max-width: 768px) 100vw, 768px\" \/> <span class=\"raven-post-image-overlay\"><\/span><\/a>\t\t<\/div>\n\t\t\t\t\t\t<div class=\"raven-post-content\">\n\t\t\t\t\t<h3 class=\"raven-post-title\"><a class=\"raven-post-title-link\" href=\"https:\/\/www.ativ.pt\/fr\/2025\/09\/09\/lindustrie-se-distingue-par-de-nouveaux-defis\/\">L&rsquo;industrie se distingue par de nouveaux d\u00e9fis<\/a><\/h3>\t\t<div class=\"raven-post-meta\"><a class=\"raven-post-meta-item raven-post-date\" href=\"https:\/\/www.ativ.pt\/fr\/2025\/09\/\" rel=\"bookmark\">9 septembre 2025<\/a>\n<span class=\"raven-post-meta-divider\">\u2014<\/span>\n<span class=\"raven-post-meta-item raven-post-categories\"><a href=\"https:\/\/www.ativ.pt\/fr\/articles\/\" rel=\"tag\">Article<\/a><\/span><\/div>\n\t\t\t\t<div class=\"raven-post-read-more\">\n\t\t\t<a class=\"raven-post-button\" href=\"https:\/\/www.ativ.pt\/fr\/2025\/09\/09\/lindustrie-se-distingue-par-de-nouveaux-defis\/\"><span class=\"raven-post-button-text\">Lire la suite<\/span><\/a>\n\t\t<\/div>\n\t\t\t\t\t\t<\/div>\n\t\t\t<\/div>\n\t\t<\/div>\n\t\t\t\t<div class=\"raven-grid-item raven-post-item post-14750 post type-post status-publish format-standard has-post-thumbnail hentry category-articles tag-ativ tag-mota-engil-ativ\">\n\t\t\t<div class=\"raven-post\">\n\t\t\t\t\t\t<div class=\"raven-post-image-wrap\">\n\t\t\t<a class=\"raven-post-image raven-image-fit\" href=\"https:\/\/www.ativ.pt\/fr\/2025\/06\/03\/reamenagement-de-la-decharge-de-sermonde\/\"><img loading=\"lazy\" decoding=\"async\" width=\"768\" height=\"1024\" src=\"https:\/\/www.ativ.pt\/wp-content\/uploads\/2025\/06\/IMG_8967-768x1024.jpg\" class=\"attachment-medium_large size-medium_large wp-image-14717\" alt=\"\" srcset=\"https:\/\/www.ativ.pt\/wp-content\/uploads\/2025\/06\/IMG_8967-768x1024.jpg 768w, https:\/\/www.ativ.pt\/wp-content\/uploads\/2025\/06\/IMG_8967-225x300.jpg 225w, https:\/\/www.ativ.pt\/wp-content\/uploads\/2025\/06\/IMG_8967-1152x1536.jpg 1152w, https:\/\/www.ativ.pt\/wp-content\/uploads\/2025\/06\/IMG_8967-1536x2048.jpg 1536w, https:\/\/www.ativ.pt\/wp-content\/uploads\/2025\/06\/IMG_8967-scaled.jpg 1920w\" sizes=\"(max-width: 768px) 100vw, 768px\" \/> <span class=\"raven-post-image-overlay\"><\/span><\/a>\t\t<\/div>\n\t\t\t\t\t\t<div class=\"raven-post-content\">\n\t\t\t\t\t<h3 class=\"raven-post-title\"><a class=\"raven-post-title-link\" href=\"https:\/\/www.ativ.pt\/fr\/2025\/06\/03\/reamenagement-de-la-decharge-de-sermonde\/\">R\u00e9am\u00e9nagement de la d\u00e9charge de Sermonde<\/a><\/h3>\t\t<div class=\"raven-post-meta\"><a class=\"raven-post-meta-item raven-post-date\" href=\"https:\/\/www.ativ.pt\/fr\/2025\/06\/\" rel=\"bookmark\">3 juin 2025<\/a>\n<span class=\"raven-post-meta-divider\">\u2014<\/span>\n<span class=\"raven-post-meta-item raven-post-categories\"><a href=\"https:\/\/www.ativ.pt\/fr\/articles\/\" rel=\"tag\">Article<\/a><\/span><\/div>\n\t\t\t\t<div class=\"raven-post-read-more\">\n\t\t\t<a class=\"raven-post-button\" href=\"https:\/\/www.ativ.pt\/fr\/2025\/06\/03\/reamenagement-de-la-decharge-de-sermonde\/\"><span class=\"raven-post-button-text\">Lire la suite<\/span><\/a>\n\t\t<\/div>\n\t\t\t\t\t\t<\/div>\n\t\t\t<\/div>\n\t\t<\/div>\n\t\t\t\t<div class=\"raven-grid-item raven-post-item post-14742 post type-post status-publish format-standard has-post-thumbnail hentry category-articles tag-ativ tag-mota-engil-ativ\">\n\t\t\t<div class=\"raven-post\">\n\t\t\t\t\t\t<div class=\"raven-post-image-wrap\">\n\t\t\t<a class=\"raven-post-image raven-image-fit\" href=\"https:\/\/www.ativ.pt\/fr\/2025\/05\/27\/seminario-de-manutencao-industrial-e-gestao-de-ativos\/\"><img loading=\"lazy\" decoding=\"async\" width=\"768\" height=\"270\" src=\"https:\/\/www.ativ.pt\/wp-content\/uploads\/2025\/05\/seminario_apmi_2025_destaque-768x270.jpg\" class=\"attachment-medium_large size-medium_large wp-image-14675\" alt=\"\" srcset=\"https:\/\/www.ativ.pt\/wp-content\/uploads\/2025\/05\/seminario_apmi_2025_destaque-768x270.jpg 768w, https:\/\/www.ativ.pt\/wp-content\/uploads\/2025\/05\/seminario_apmi_2025_destaque-300x105.jpg 300w, https:\/\/www.ativ.pt\/wp-content\/uploads\/2025\/05\/seminario_apmi_2025_destaque-1024x360.jpg 1024w, https:\/\/www.ativ.pt\/wp-content\/uploads\/2025\/05\/seminario_apmi_2025_destaque.jpg 1193w\" sizes=\"(max-width: 768px) 100vw, 768px\" \/> <span class=\"raven-post-image-overlay\"><\/span><\/a>\t\t<\/div>\n\t\t\t\t\t\t<div class=\"raven-post-content\">\n\t\t\t\t\t<h3 class=\"raven-post-title\"><a class=\"raven-post-title-link\" href=\"https:\/\/www.ativ.pt\/fr\/2025\/05\/27\/seminario-de-manutencao-industrial-e-gestao-de-ativos\/\">S\u00e9minaire sur la Maintenance Industrielle et la Gestion des Actifs<\/a><\/h3>\t\t<div class=\"raven-post-meta\"><a class=\"raven-post-meta-item raven-post-date\" href=\"https:\/\/www.ativ.pt\/fr\/2025\/05\/\" rel=\"bookmark\">27 mai 2025<\/a>\n<span class=\"raven-post-meta-divider\">\u2014<\/span>\n<span class=\"raven-post-meta-item raven-post-categories\"><a href=\"https:\/\/www.ativ.pt\/fr\/articles\/\" rel=\"tag\">Article<\/a><\/span><\/div>\n\t\t\t\t<div class=\"raven-post-read-more\">\n\t\t\t<a class=\"raven-post-button\" href=\"https:\/\/www.ativ.pt\/fr\/2025\/05\/27\/seminario-de-manutencao-industrial-e-gestao-de-ativos\/\"><span class=\"raven-post-button-text\">Lire la suite<\/span><\/a>\n\t\t<\/div>\n\t\t\t\t\t\t<\/div>\n\t\t\t<\/div>\n\t\t<\/div>\n\t\t\t\t<div class=\"raven-grid-item raven-post-item post-14709 post type-post status-publish format-standard has-post-thumbnail hentry category-articles tag-ativ tag-mota-engil-ativ\">\n\t\t\t<div class=\"raven-post\">\n\t\t\t\t\t\t<div class=\"raven-post-image-wrap\">\n\t\t\t<a class=\"raven-post-image raven-image-fit\" href=\"https:\/\/www.ativ.pt\/fr\/2025\/05\/26\/mota-engil-ativ-participe-au-congres-europeen-its\/\"><img loading=\"lazy\" decoding=\"async\" width=\"768\" height=\"253\" src=\"https:\/\/www.ativ.pt\/wp-content\/uploads\/2025\/05\/congresso-sevilha_destaque-768x253.jpg\" class=\"attachment-medium_large size-medium_large wp-image-14658\" alt=\"\" srcset=\"https:\/\/www.ativ.pt\/wp-content\/uploads\/2025\/05\/congresso-sevilha_destaque-768x253.jpg 768w, https:\/\/www.ativ.pt\/wp-content\/uploads\/2025\/05\/congresso-sevilha_destaque-300x99.jpg 300w, https:\/\/www.ativ.pt\/wp-content\/uploads\/2025\/05\/congresso-sevilha_destaque-1024x338.jpg 1024w, https:\/\/www.ativ.pt\/wp-content\/uploads\/2025\/05\/congresso-sevilha_destaque.jpg 1197w\" sizes=\"(max-width: 768px) 100vw, 768px\" \/> <span class=\"raven-post-image-overlay\"><\/span><\/a>\t\t<\/div>\n\t\t\t\t\t\t<div class=\"raven-post-content\">\n\t\t\t\t\t<h3 class=\"raven-post-title\"><a class=\"raven-post-title-link\" href=\"https:\/\/www.ativ.pt\/fr\/2025\/05\/26\/mota-engil-ativ-participe-au-congres-europeen-its\/\">Mota-Engil ATIV participe au Congr\u00e8s europ\u00e9en ITS<\/a><\/h3>\t\t<div class=\"raven-post-meta\"><a class=\"raven-post-meta-item raven-post-date\" href=\"https:\/\/www.ativ.pt\/fr\/2025\/05\/\" rel=\"bookmark\">26 mai 2025<\/a>\n<span class=\"raven-post-meta-divider\">\u2014<\/span>\n<span class=\"raven-post-meta-item raven-post-categories\"><a href=\"https:\/\/www.ativ.pt\/fr\/articles\/\" rel=\"tag\">Article<\/a><\/span><\/div>\n\t\t\t\t<div class=\"raven-post-read-more\">\n\t\t\t<a class=\"raven-post-button\" href=\"https:\/\/www.ativ.pt\/fr\/2025\/05\/26\/mota-engil-ativ-participe-au-congres-europeen-its\/\"><span class=\"raven-post-button-text\">Lire la suite<\/span><\/a>\n\t\t<\/div>\n\t\t\t\t\t\t<\/div>\n\t\t\t<\/div>\n\t\t<\/div>\n\t\t\t\t<div class=\"raven-grid-item raven-post-item post-14703 post type-post status-publish format-standard has-post-thumbnail hentry category-articles tag-ativ tag-mota-engil-ativ\">\n\t\t\t<div class=\"raven-post\">\n\t\t\t\t\t\t<div class=\"raven-post-image-wrap\">\n\t\t\t<a class=\"raven-post-image raven-image-fit\" href=\"https:\/\/www.ativ.pt\/fr\/2025\/05\/21\/formation-agir-proaguas-industria\/\"><img loading=\"lazy\" decoding=\"async\" width=\"768\" height=\"432\" src=\"https:\/\/www.ativ.pt\/wp-content\/uploads\/2025\/05\/Design-sem-nome-81-768x432.png\" class=\"attachment-medium_large size-medium_large wp-image-14638\" alt=\"\" srcset=\"https:\/\/www.ativ.pt\/wp-content\/uploads\/2025\/05\/Design-sem-nome-81-768x432.png 768w, https:\/\/www.ativ.pt\/wp-content\/uploads\/2025\/05\/Design-sem-nome-81-300x169.png 300w, https:\/\/www.ativ.pt\/wp-content\/uploads\/2025\/05\/Design-sem-nome-81-1024x576.png 1024w, https:\/\/www.ativ.pt\/wp-content\/uploads\/2025\/05\/Design-sem-nome-81-1536x864.png 1536w, https:\/\/www.ativ.pt\/wp-content\/uploads\/2025\/05\/Design-sem-nome-81-2048x1152.png 2048w\" sizes=\"(max-width: 768px) 100vw, 768px\" \/> <span class=\"raven-post-image-overlay\"><\/span><\/a>\t\t<\/div>\n\t\t\t\t\t\t<div class=\"raven-post-content\">\n\t\t\t\t\t<h3 class=\"raven-post-title\"><a class=\"raven-post-title-link\" href=\"https:\/\/www.ativ.pt\/fr\/2025\/05\/21\/formation-agir-proaguas-industria\/\">Formation \u00ab\u00a0AgIR &#8211; Pro\u00c1guas Ind\u00fastria\u00a0\u00bb<\/a><\/h3>\t\t<div class=\"raven-post-meta\"><a class=\"raven-post-meta-item raven-post-date\" href=\"https:\/\/www.ativ.pt\/fr\/2025\/05\/\" rel=\"bookmark\">21 mai 2025<\/a>\n<span class=\"raven-post-meta-divider\">\u2014<\/span>\n<span class=\"raven-post-meta-item raven-post-categories\"><a href=\"https:\/\/www.ativ.pt\/fr\/articles\/\" rel=\"tag\">Article<\/a><\/span><\/div>\n\t\t\t\t<div class=\"raven-post-read-more\">\n\t\t\t<a class=\"raven-post-button\" href=\"https:\/\/www.ativ.pt\/fr\/2025\/05\/21\/formation-agir-proaguas-industria\/\"><span class=\"raven-post-button-text\">Lire la suite<\/span><\/a>\n\t\t<\/div>\n\t\t\t\t\t\t<\/div>\n\t\t\t<\/div>\n\t\t<\/div>\n\t\t\t\t<div class=\"raven-grid-item raven-post-item post-14697 post type-post status-publish format-standard has-post-thumbnail hentry category-articles tag-ativ tag-mota-engil-ativ\">\n\t\t\t<div class=\"raven-post\">\n\t\t\t\t\t\t<div class=\"raven-post-image-wrap\">\n\t\t\t<a class=\"raven-post-image raven-image-fit\" href=\"https:\/\/www.ativ.pt\/fr\/2025\/05\/09\/amelioration-des-conditions-de-mobilite-a-santiago-do-cacem\/\"><img loading=\"lazy\" decoding=\"async\" width=\"768\" height=\"1024\" src=\"https:\/\/www.ativ.pt\/wp-content\/uploads\/2025\/05\/IMG-20250225-WA0001-768x1024.jpg\" class=\"attachment-medium_large size-medium_large wp-image-14451\" alt=\"\" srcset=\"https:\/\/www.ativ.pt\/wp-content\/uploads\/2025\/05\/IMG-20250225-WA0001-768x1024.jpg 768w, https:\/\/www.ativ.pt\/wp-content\/uploads\/2025\/05\/IMG-20250225-WA0001-225x300.jpg 225w, https:\/\/www.ativ.pt\/wp-content\/uploads\/2025\/05\/IMG-20250225-WA0001-1152x1536.jpg 1152w, https:\/\/www.ativ.pt\/wp-content\/uploads\/2025\/05\/IMG-20250225-WA0001.jpg 1530w\" sizes=\"(max-width: 768px) 100vw, 768px\" \/> <span class=\"raven-post-image-overlay\"><\/span><\/a>\t\t<\/div>\n\t\t\t\t\t\t<div class=\"raven-post-content\">\n\t\t\t\t\t<h3 class=\"raven-post-title\"><a class=\"raven-post-title-link\" href=\"https:\/\/www.ativ.pt\/fr\/2025\/05\/09\/amelioration-des-conditions-de-mobilite-a-santiago-do-cacem\/\">Am\u00e9lioration des conditions de mobilit\u00e9 \u00e0 Santiago do Cac\u00e9m<\/a><\/h3>\t\t<div class=\"raven-post-meta\"><a class=\"raven-post-meta-item raven-post-date\" href=\"https:\/\/www.ativ.pt\/fr\/2025\/05\/\" rel=\"bookmark\">9 mai 2025<\/a>\n<span class=\"raven-post-meta-divider\">\u2014<\/span>\n<span class=\"raven-post-meta-item raven-post-categories\"><a href=\"https:\/\/www.ativ.pt\/fr\/articles\/\" rel=\"tag\">Article<\/a><\/span><\/div>\n\t\t\t\t<div class=\"raven-post-read-more\">\n\t\t\t<a class=\"raven-post-button\" href=\"https:\/\/www.ativ.pt\/fr\/2025\/05\/09\/amelioration-des-conditions-de-mobilite-a-santiago-do-cacem\/\"><span class=\"raven-post-button-text\">Lire la suite<\/span><\/a>\n\t\t<\/div>\n\t\t\t\t\t\t<\/div>\n\t\t\t<\/div>\n\t\t<\/div>\n\t\t\t\t<div class=\"raven-grid-item raven-post-item post-14687 post type-post status-publish format-standard has-post-thumbnail hentry category-articles tag-ativ tag-mota-engil-ativ\">\n\t\t\t<div class=\"raven-post\">\n\t\t\t\t\t\t<div class=\"raven-post-image-wrap\">\n\t\t\t<a class=\"raven-post-image raven-image-fit\" href=\"https:\/\/www.ativ.pt\/fr\/2025\/05\/09\/iii-global-safety-stand-down\/\"><img loading=\"lazy\" decoding=\"async\" width=\"1\" height=\"1\" src=\"https:\/\/spcdn.shortpixel.ai\/spio\/ret_img,q_cdnize,to_auto,s_webp:avif\/www.ativ.pt\/wp-content\/uploads\/2025\/05\/Design-sem-nome-79.png\" class=\"attachment-medium_large size-medium_large wp-image-14429\" alt=\"\" \/> <span class=\"raven-post-image-overlay\"><\/span><\/a>\t\t<\/div>\n\t\t\t\t\t\t<div class=\"raven-post-content\">\n\t\t\t\t\t<h3 class=\"raven-post-title\"><a class=\"raven-post-title-link\" href=\"https:\/\/www.ativ.pt\/fr\/2025\/05\/09\/iii-global-safety-stand-down\/\">III Journ\u00e9e mondiale de la s\u00e9curit\u00e9<\/a><\/h3>\t\t<div class=\"raven-post-meta\"><a class=\"raven-post-meta-item raven-post-date\" href=\"https:\/\/www.ativ.pt\/fr\/2025\/05\/\" rel=\"bookmark\">9 mai 2025<\/a>\n<span class=\"raven-post-meta-divider\">\u2014<\/span>\n<span class=\"raven-post-meta-item raven-post-categories\"><a href=\"https:\/\/www.ativ.pt\/fr\/articles\/\" rel=\"tag\">Article<\/a><\/span><\/div>\n\t\t\t\t<div class=\"raven-post-read-more\">\n\t\t\t<a class=\"raven-post-button\" href=\"https:\/\/www.ativ.pt\/fr\/2025\/05\/09\/iii-global-safety-stand-down\/\"><span class=\"raven-post-button-text\">Lire la suite<\/span><\/a>\n\t\t<\/div>\n\t\t\t\t\t\t<\/div>\n\t\t\t<\/div>\n\t\t<\/div>\n\t\t\t\t<\/div>\n\t\t\t\t<div class=\"raven-pagination\" data-settings=\"{&quot;posts_per_page&quot;:12,&quot;total_pages&quot;:12,&quot;pages_visible&quot;:7}\">\n\t\t\t<div class=\"raven-pagination-items\">\n\t\t\t\t<a class=\"raven-pagination-prev raven-pagination-item raven-pagination-disabled\" href=\"#\">&laquo; Anterior<\/a><a class=\"raven-pagination-num raven-pagination-item raven-pagination-active\" href=\"#\" data-page-num=\"1\">1<\/a><a class=\"raven-pagination-num raven-pagination-item\" href=\"#\" data-page-num=\"2\">2<\/a><a class=\"raven-pagination-num raven-pagination-item\" href=\"#\" data-page-num=\"3\">3<\/a><a class=\"raven-pagination-num raven-pagination-item\" href=\"#\" data-page-num=\"4\">4<\/a><a class=\"raven-pagination-num raven-pagination-item\" href=\"#\" data-page-num=\"5\">5<\/a><a class=\"raven-pagination-num raven-pagination-item\" href=\"#\" data-page-num=\"6\">6<\/a><a class=\"raven-pagination-num raven-pagination-item\" href=\"#\" data-page-num=\"7\">7<\/a><a class=\"raven-pagination-next raven-pagination-item\" href=\"#\">Seguinte &raquo;<\/a>\t\t\t<\/div>\n\t\t<\/div>\n\t\t\t\t\t\t<\/div>\n\t\t\t\t<\/div>\n\t\t\t\t\t<\/div>\n\t\t<\/div>\n\t\t\t\t\t<\/div>\n\t\t<\/section>\n\t\t\t\t<\/div>\n\t\t","protected":false},"excerpt":{"rendered":"<p>In\u00edcio Gest\u00e3o de Vegeta\u00e7\u00e3o na Infraestruturas de Portugal 10 de Agosto, 2022 \u2014 Artigo Lire la suite Parque Verde de Sete Casas aberto \u00e0 comunidade 29 de Julho, 2022 \u2014 Artigo Lire la suite Conclus\u00e3o de Nova Ciclovia de Viseu 28 de Julho, 2022 \u2014 Artigo Lire la suite Manuten\u00e7\u00e3o de Espa\u00e7os Verdes na Volkswagen AutoEuropa 27 de Julho, 2022 \u2014 Artigo Lire la suite Mota-Engil ATIV nos Campos de F\u00e9rias da EDP 25 de Julho, 2022 \u2014 Artigo Lire la suite Opera\u00e7\u00e3o e Manuten\u00e7\u00e3o do Terminal Intermodal de Campanh\u00e3 22 de Julho, 2022 \u2014 Artigo Lire la suite Workshop: PURPOSE, VIS\u00c3O e VALORES 18 de Julho, 2022 \u2014 Artigo Lire la suite Mota-Engil ATIV: Juntos Somos Mais Fortes 15 de Julho, 2022 \u2014 Artigo Lire la suite Conversas sobre gest\u00e3o do consumo de \u00e1gua na manuten\u00e7\u00e3o de campos de golfe 15 de Junho, 2022 \u2014 Artigo Lire la suite Manuten\u00e7\u00e3o em motogerador de biog\u00e1s 15 de Junho, 2022 \u2014 Artigo Lire la suite Conclus\u00e3o de Requalifica\u00e7\u00e3o na Pra\u00e7a 1.\u00ba de Maio e Largo do Guitarrista 1 de Junho, 2022 \u2014 Artigo Lire la suite Mota-Engil ATIV participa no CongrEGA \u2013 1\u00ba Congresso Nacional de Engenharia e Gest\u00e3o de Ativos 1 de Junho, 2022 \u2014 Artigo Lire la suite &laquo; Anterior12Seguinte &raquo;<\/p>\n","protected":false},"author":1,"featured_media":0,"parent":0,"menu_order":6,"comment_status":"closed","ping_status":"closed","template":"elementor_header_footer","meta":{"_acf_changed":false,"footnotes":""},"class_list":["post-5477","page","type-page","status-publish","hentry"],"acf":[],"yoast_head":"<!-- This site is optimized with the Yoast SEO plugin v27.5 - https:\/\/yoast.com\/product\/yoast-seo-wordpress\/ -->\n<title>Media - Mota-Engil ATIV<\/title>\n<meta name=\"robots\" content=\"index, follow, max-snippet:-1, max-image-preview:large, max-video-preview:-1\" \/>\n<link rel=\"canonical\" href=\"https:\/\/www.ativ.pt\/fr\/media\/\" \/>\n<meta property=\"og:locale\" content=\"fr_FR\" \/>\n<meta property=\"og:type\" content=\"article\" \/>\n<meta property=\"og:title\" content=\"Media - Mota-Engil ATIV\" \/>\n<meta property=\"og:description\" content=\"In\u00edcio Gest\u00e3o de Vegeta\u00e7\u00e3o na Infraestruturas de Portugal 10 de Agosto, 2022 \u2014 Artigo Lire la suite Parque Verde de Sete Casas aberto \u00e0 comunidade 29 de Julho, 2022 \u2014 Artigo Lire la suite Conclus\u00e3o de Nova Ciclovia de Viseu 28 de Julho, 2022 \u2014 Artigo Lire la suite Manuten\u00e7\u00e3o de Espa\u00e7os Verdes na Volkswagen AutoEuropa 27 de Julho, 2022 \u2014 Artigo Lire la suite Mota-Engil ATIV nos Campos de F\u00e9rias da EDP 25 de Julho, 2022 \u2014 Artigo Lire la suite Opera\u00e7\u00e3o e Manuten\u00e7\u00e3o do Terminal Intermodal de Campanh\u00e3 22 de Julho, 2022 \u2014 Artigo Lire la suite Workshop: PURPOSE, VIS\u00c3O e VALORES 18 de Julho, 2022 \u2014 Artigo Lire la suite Mota-Engil ATIV: Juntos Somos Mais Fortes 15 de Julho, 2022 \u2014 Artigo Lire la suite Conversas sobre gest\u00e3o do consumo de \u00e1gua na manuten\u00e7\u00e3o de campos de golfe 15 de Junho, 2022 \u2014 Artigo Lire la suite Manuten\u00e7\u00e3o em motogerador de biog\u00e1s 15 de Junho, 2022 \u2014 Artigo Lire la suite Conclus\u00e3o de Requalifica\u00e7\u00e3o na Pra\u00e7a 1.\u00ba de Maio e Largo do Guitarrista 1 de Junho, 2022 \u2014 Artigo Lire la suite Mota-Engil ATIV participa no CongrEGA \u2013 1\u00ba Congresso Nacional de Engenharia e Gest\u00e3o de Ativos 1 de Junho, 2022 \u2014 Artigo Lire la suite &laquo; Anterior12Seguinte &raquo;\" \/>\n<meta property=\"og:url\" content=\"https:\/\/www.ativ.pt\/fr\/media\/\" \/>\n<meta property=\"og:site_name\" content=\"Mota-Engil ATIV\" \/>\n<meta property=\"article:publisher\" content=\"https:\/\/www.facebook.com\/MotaEngilATIV\/\" \/>\n<meta property=\"article:modified_time\" content=\"2022-08-26T14:09:49+00:00\" \/>\n<meta property=\"og:image\" content=\"https:\/\/www.ativ.pt\/wp-content\/uploads\/2022\/08\/IMG-20220708-WA0027-768x432.jpg\" \/>\n<meta name=\"twitter:card\" content=\"summary_large_image\" \/>\n<meta name=\"twitter:label1\" content=\"Dur\u00e9e de lecture estim\u00e9e\" \/>\n\t<meta name=\"twitter:data1\" content=\"1 minute\" \/>\n<script type=\"application\/ld+json\" class=\"yoast-schema-graph\">{\"@context\":\"https:\\\/\\\/schema.org\",\"@graph\":[{\"@type\":\"WebPage\",\"@id\":\"https:\\\/\\\/www.ativ.pt\\\/fr\\\/media\\\/\",\"url\":\"https:\\\/\\\/www.ativ.pt\\\/fr\\\/media\\\/\",\"name\":\"Media - Mota-Engil ATIV\",\"isPartOf\":{\"@id\":\"https:\\\/\\\/www.ativ.pt\\\/fr\\\/#website\"},\"primaryImageOfPage\":{\"@id\":\"https:\\\/\\\/www.ativ.pt\\\/fr\\\/media\\\/#primaryimage\"},\"image\":{\"@id\":\"https:\\\/\\\/www.ativ.pt\\\/fr\\\/media\\\/#primaryimage\"},\"thumbnailUrl\":\"https:\\\/\\\/www.ativ.pt\\\/wp-content\\\/uploads\\\/2022\\\/08\\\/IMG-20220708-WA0027-768x432.jpg\",\"datePublished\":\"2022-07-12T16:12:34+00:00\",\"dateModified\":\"2022-08-26T14:09:49+00:00\",\"breadcrumb\":{\"@id\":\"https:\\\/\\\/www.ativ.pt\\\/fr\\\/media\\\/#breadcrumb\"},\"inLanguage\":\"fr-FR\",\"potentialAction\":[{\"@type\":\"ReadAction\",\"target\":[\"https:\\\/\\\/www.ativ.pt\\\/fr\\\/media\\\/\"]}]},{\"@type\":\"ImageObject\",\"inLanguage\":\"fr-FR\",\"@id\":\"https:\\\/\\\/www.ativ.pt\\\/fr\\\/media\\\/#primaryimage\",\"url\":\"https:\\\/\\\/www.ativ.pt\\\/wp-content\\\/uploads\\\/2022\\\/08\\\/IMG-20220708-WA0027-768x432.jpg\",\"contentUrl\":\"https:\\\/\\\/www.ativ.pt\\\/wp-content\\\/uploads\\\/2022\\\/08\\\/IMG-20220708-WA0027-768x432.jpg\"},{\"@type\":\"BreadcrumbList\",\"@id\":\"https:\\\/\\\/www.ativ.pt\\\/fr\\\/media\\\/#breadcrumb\",\"itemListElement\":[{\"@type\":\"ListItem\",\"position\":1,\"name\":\"In\u00edcio\",\"item\":\"https:\\\/\\\/www.ativ.pt\\\/fr\\\/\"},{\"@type\":\"ListItem\",\"position\":2,\"name\":\"Media\"}]},{\"@type\":\"WebSite\",\"@id\":\"https:\\\/\\\/www.ativ.pt\\\/fr\\\/#website\",\"url\":\"https:\\\/\\\/www.ativ.pt\\\/fr\\\/\",\"name\":\"Mota-Engil ATIV\",\"description\":\"Gest\u00e3o e Manuten\u00e7\u00e3o de Ativos\",\"publisher\":{\"@id\":\"https:\\\/\\\/www.ativ.pt\\\/fr\\\/#organization\"},\"potentialAction\":[{\"@type\":\"SearchAction\",\"target\":{\"@type\":\"EntryPoint\",\"urlTemplate\":\"https:\\\/\\\/www.ativ.pt\\\/fr\\\/?s={search_term_string}\"},\"query-input\":{\"@type\":\"PropertyValueSpecification\",\"valueRequired\":true,\"valueName\":\"search_term_string\"}}],\"inLanguage\":\"fr-FR\"},{\"@type\":\"Organization\",\"@id\":\"https:\\\/\\\/www.ativ.pt\\\/fr\\\/#organization\",\"name\":\"Mota-Engil ATIV\",\"url\":\"https:\\\/\\\/www.ativ.pt\\\/fr\\\/\",\"logo\":{\"@type\":\"ImageObject\",\"inLanguage\":\"fr-FR\",\"@id\":\"https:\\\/\\\/www.ativ.pt\\\/fr\\\/#\\\/schema\\\/logo\\\/image\\\/\",\"url\":\"https:\\\/\\\/www.ativ.pt\\\/wp-content\\\/uploads\\\/2022\\\/04\\\/logo-ativ-cor-1.svg\",\"contentUrl\":\"https:\\\/\\\/www.ativ.pt\\\/wp-content\\\/uploads\\\/2022\\\/04\\\/logo-ativ-cor-1.svg\",\"width\":250,\"height\":100,\"caption\":\"Mota-Engil ATIV\"},\"image\":{\"@id\":\"https:\\\/\\\/www.ativ.pt\\\/fr\\\/#\\\/schema\\\/logo\\\/image\\\/\"},\"sameAs\":[\"https:\\\/\\\/www.facebook.com\\\/MotaEngilATIV\\\/\",\"https:\\\/\\\/www.instagram.com\\\/mota_engil_ativ\\\/\",\"https:\\\/\\\/www.linkedin.com\\\/company\\\/motaengil-ativ\"]}]}<\/script>\n<!-- \/ Yoast SEO plugin. -->","yoast_head_json":{"title":"Media - Mota-Engil ATIV","robots":{"index":"index","follow":"follow","max-snippet":"max-snippet:-1","max-image-preview":"max-image-preview:large","max-video-preview":"max-video-preview:-1"},"canonical":"https:\/\/www.ativ.pt\/fr\/media\/","og_locale":"fr_FR","og_type":"article","og_title":"Media - Mota-Engil ATIV","og_description":"In\u00edcio Gest\u00e3o de Vegeta\u00e7\u00e3o na Infraestruturas de Portugal 10 de Agosto, 2022 \u2014 Artigo Lire la suite Parque Verde de Sete Casas aberto \u00e0 comunidade 29 de Julho, 2022 \u2014 Artigo Lire la suite Conclus\u00e3o de Nova Ciclovia de Viseu 28 de Julho, 2022 \u2014 Artigo Lire la suite Manuten\u00e7\u00e3o de Espa\u00e7os Verdes na Volkswagen AutoEuropa 27 de Julho, 2022 \u2014 Artigo Lire la suite Mota-Engil ATIV nos Campos de F\u00e9rias da EDP 25 de Julho, 2022 \u2014 Artigo Lire la suite Opera\u00e7\u00e3o e Manuten\u00e7\u00e3o do Terminal Intermodal de Campanh\u00e3 22 de Julho, 2022 \u2014 Artigo Lire la suite Workshop: PURPOSE, VIS\u00c3O e VALORES 18 de Julho, 2022 \u2014 Artigo Lire la suite Mota-Engil ATIV: Juntos Somos Mais Fortes 15 de Julho, 2022 \u2014 Artigo Lire la suite Conversas sobre gest\u00e3o do consumo de \u00e1gua na manuten\u00e7\u00e3o de campos de golfe 15 de Junho, 2022 \u2014 Artigo Lire la suite Manuten\u00e7\u00e3o em motogerador de biog\u00e1s 15 de Junho, 2022 \u2014 Artigo Lire la suite Conclus\u00e3o de Requalifica\u00e7\u00e3o na Pra\u00e7a 1.\u00ba de Maio e Largo do Guitarrista 1 de Junho, 2022 \u2014 Artigo Lire la suite Mota-Engil ATIV participa no CongrEGA \u2013 1\u00ba Congresso Nacional de Engenharia e Gest\u00e3o de Ativos 1 de Junho, 2022 \u2014 Artigo Lire la suite &laquo; Anterior12Seguinte &raquo;","og_url":"https:\/\/www.ativ.pt\/fr\/media\/","og_site_name":"Mota-Engil ATIV","article_publisher":"https:\/\/www.facebook.com\/MotaEngilATIV\/","article_modified_time":"2022-08-26T14:09:49+00:00","og_image":[{"url":"https:\/\/www.ativ.pt\/wp-content\/uploads\/2022\/08\/IMG-20220708-WA0027-768x432.jpg","type":"","width":"","height":""}],"twitter_card":"summary_large_image","twitter_misc":{"Dur\u00e9e de lecture estim\u00e9e":"1 minute"},"schema":{"@context":"https:\/\/schema.org","@graph":[{"@type":"WebPage","@id":"https:\/\/www.ativ.pt\/fr\/media\/","url":"https:\/\/www.ativ.pt\/fr\/media\/","name":"Media - Mota-Engil ATIV","isPartOf":{"@id":"https:\/\/www.ativ.pt\/fr\/#website"},"primaryImageOfPage":{"@id":"https:\/\/www.ativ.pt\/fr\/media\/#primaryimage"},"image":{"@id":"https:\/\/www.ativ.pt\/fr\/media\/#primaryimage"},"thumbnailUrl":"https:\/\/www.ativ.pt\/wp-content\/uploads\/2022\/08\/IMG-20220708-WA0027-768x432.jpg","datePublished":"2022-07-12T16:12:34+00:00","dateModified":"2022-08-26T14:09:49+00:00","breadcrumb":{"@id":"https:\/\/www.ativ.pt\/fr\/media\/#breadcrumb"},"inLanguage":"fr-FR","potentialAction":[{"@type":"ReadAction","target":["https:\/\/www.ativ.pt\/fr\/media\/"]}]},{"@type":"ImageObject","inLanguage":"fr-FR","@id":"https:\/\/www.ativ.pt\/fr\/media\/#primaryimage","url":"https:\/\/www.ativ.pt\/wp-content\/uploads\/2022\/08\/IMG-20220708-WA0027-768x432.jpg","contentUrl":"https:\/\/www.ativ.pt\/wp-content\/uploads\/2022\/08\/IMG-20220708-WA0027-768x432.jpg"},{"@type":"BreadcrumbList","@id":"https:\/\/www.ativ.pt\/fr\/media\/#breadcrumb","itemListElement":[{"@type":"ListItem","position":1,"name":"In\u00edcio","item":"https:\/\/www.ativ.pt\/fr\/"},{"@type":"ListItem","position":2,"name":"Media"}]},{"@type":"WebSite","@id":"https:\/\/www.ativ.pt\/fr\/#website","url":"https:\/\/www.ativ.pt\/fr\/","name":"Mota-Engil ATIV","description":"Gest\u00e3o e Manuten\u00e7\u00e3o de Ativos","publisher":{"@id":"https:\/\/www.ativ.pt\/fr\/#organization"},"potentialAction":[{"@type":"SearchAction","target":{"@type":"EntryPoint","urlTemplate":"https:\/\/www.ativ.pt\/fr\/?s={search_term_string}"},"query-input":{"@type":"PropertyValueSpecification","valueRequired":true,"valueName":"search_term_string"}}],"inLanguage":"fr-FR"},{"@type":"Organization","@id":"https:\/\/www.ativ.pt\/fr\/#organization","name":"Mota-Engil ATIV","url":"https:\/\/www.ativ.pt\/fr\/","logo":{"@type":"ImageObject","inLanguage":"fr-FR","@id":"https:\/\/www.ativ.pt\/fr\/#\/schema\/logo\/image\/","url":"https:\/\/www.ativ.pt\/wp-content\/uploads\/2022\/04\/logo-ativ-cor-1.svg","contentUrl":"https:\/\/www.ativ.pt\/wp-content\/uploads\/2022\/04\/logo-ativ-cor-1.svg","width":250,"height":100,"caption":"Mota-Engil ATIV"},"image":{"@id":"https:\/\/www.ativ.pt\/fr\/#\/schema\/logo\/image\/"},"sameAs":["https:\/\/www.facebook.com\/MotaEngilATIV\/","https:\/\/www.instagram.com\/mota_engil_ativ\/","https:\/\/www.linkedin.com\/company\/motaengil-ativ"]}]}},"_links":{"self":[{"href":"https:\/\/www.ativ.pt\/fr\/wp-json\/wp\/v2\/pages\/5477","targetHints":{"allow":["GET"]}}],"collection":[{"href":"https:\/\/www.ativ.pt\/fr\/wp-json\/wp\/v2\/pages"}],"about":[{"href":"https:\/\/www.ativ.pt\/fr\/wp-json\/wp\/v2\/types\/page"}],"author":[{"embeddable":true,"href":"https:\/\/www.ativ.pt\/fr\/wp-json\/wp\/v2\/users\/1"}],"replies":[{"embeddable":true,"href":"https:\/\/www.ativ.pt\/fr\/wp-json\/wp\/v2\/comments?post=5477"}],"version-history":[{"count":2,"href":"https:\/\/www.ativ.pt\/fr\/wp-json\/wp\/v2\/pages\/5477\/revisions"}],"predecessor-version":[{"id":5724,"href":"https:\/\/www.ativ.pt\/fr\/wp-json\/wp\/v2\/pages\/5477\/revisions\/5724"}],"wp:attachment":[{"href":"https:\/\/www.ativ.pt\/fr\/wp-json\/wp\/v2\/media?parent=5477"}],"curies":[{"name":"wp","href":"https:\/\/api.w.org\/{rel}","templated":true}]}}