{"id":5461,"date":"2022-05-25T08:55:29","date_gmt":"2022-05-25T08:55:29","guid":{"rendered":"https:\/\/www.ativ.pt\/energie-et-carbone\/"},"modified":"2022-10-07T09:25:35","modified_gmt":"2022-10-07T09:25:35","slug":"energie-et-carbone","status":"publish","type":"page","link":"https:\/\/www.ativ.pt\/fr\/domaines-dactivite\/energie-et-carbone\/","title":{"rendered":"\u00c9nergie et Carbone"},"content":{"rendered":"\t\t<div data-elementor-type=\"wp-page\" data-elementor-id=\"5461\" class=\"elementor elementor-5461 elementor-464\">\n\t\t\t\t\t\t<section class=\"elementor-section elementor-top-section elementor-element elementor-element-a5dfb25 elementor-section-boxed elementor-section-height-default elementor-section-height-default wpr-particle-no wpr-jarallax-no wpr-parallax-no wpr-sticky-section-no wpr-equal-height-no\" data-id=\"a5dfb25\" data-element_type=\"section\" data-e-type=\"section\" data-settings=\"{&quot;jet_parallax_layout_list&quot;:[],&quot;background_background&quot;:&quot;classic&quot;}\">\n\t\t\t\t\t\t<div class=\"elementor-container elementor-column-gap-default\">\n\t\t\t\t\t<div class=\"elementor-column elementor-col-100 elementor-top-column elementor-element elementor-element-98c53e0\" data-id=\"98c53e0\" data-element_type=\"column\" data-e-type=\"column\">\n\t\t\t<div class=\"elementor-widget-wrap elementor-element-populated\">\n\t\t\t\t\t\t<div class=\"elementor-element elementor-element-c09d0ff elementor-widget elementor-widget-heading\" data-id=\"c09d0ff\" data-element_type=\"widget\" data-e-type=\"widget\" data-widget_type=\"heading.default\">\n\t\t\t\t\t<h1 class=\"elementor-heading-title elementor-size-default\">\u00c9nergie et Carbone<\/h1>\t\t\t\t<\/div>\n\t\t\t\t<div class=\"elementor-element elementor-element-5912d00 elementor-align-flex-start elementor-widget elementor-widget-raven-breadcrumbs\" data-id=\"5912d00\" data-element_type=\"widget\" data-e-type=\"widget\" data-widget_type=\"raven-breadcrumbs.default\">\n\t\t\t\t<div class=\"elementor-widget-container\">\n\t\t\t\t\t<div class=\"raven-breadcrumbs raven-breadcrumbs-yoast\"><nav id=\"breadcrumbs\"><span><span><a href=\"https:\/\/www.ativ.pt\/fr\/\">In\u00edcio<\/a><\/span><\/span><\/nav><\/div>\t\t\t\t<\/div>\n\t\t\t\t<\/div>\n\t\t\t\t\t<\/div>\n\t\t<\/div>\n\t\t\t\t\t<\/div>\n\t\t<\/section>\n\t\t\t\t<section class=\"elementor-section elementor-top-section elementor-element elementor-element-f0d70fa elementor-section-height-min-height elementor-section-boxed elementor-section-height-default elementor-section-items-middle wpr-particle-no wpr-jarallax-no wpr-parallax-no wpr-sticky-section-no wpr-equal-height-no\" data-id=\"f0d70fa\" data-element_type=\"section\" data-e-type=\"section\" data-settings=\"{&quot;jet_parallax_layout_list&quot;:[],&quot;background_background&quot;:&quot;classic&quot;}\">\n\t\t\t\t\t\t<div class=\"elementor-container elementor-column-gap-default\">\n\t\t\t\t\t<div class=\"elementor-column elementor-col-100 elementor-top-column elementor-element elementor-element-5000d5c\" data-id=\"5000d5c\" data-element_type=\"column\" data-e-type=\"column\">\n\t\t\t<div class=\"elementor-widget-wrap\">\n\t\t\t\t\t\t\t<\/div>\n\t\t<\/div>\n\t\t\t\t\t<\/div>\n\t\t<\/section>\n\t\t\t\t<section class=\"elementor-section elementor-top-section elementor-element elementor-element-bb74714 elementor-section-content-middle elementor-section-boxed elementor-section-height-default elementor-section-height-default wpr-particle-no wpr-jarallax-no wpr-parallax-no wpr-sticky-section-no wpr-equal-height-no\" data-id=\"bb74714\" data-element_type=\"section\" data-e-type=\"section\" data-settings=\"{&quot;jet_parallax_layout_list&quot;:[],&quot;background_background&quot;:&quot;classic&quot;}\">\n\t\t\t\t\t\t<div class=\"elementor-container elementor-column-gap-default\">\n\t\t\t\t\t<div class=\"elementor-column elementor-col-66 elementor-top-column elementor-element elementor-element-338f538 elementor-invisible\" data-id=\"338f538\" data-element_type=\"column\" data-e-type=\"column\" data-settings=\"{&quot;animation&quot;:&quot;fadeInLeft&quot;,&quot;animation_delay&quot;:100}\">\n\t\t\t<div class=\"elementor-widget-wrap elementor-element-populated\">\n\t\t\t\t\t\t<div class=\"elementor-element elementor-element-c491d29 elementor-widget elementor-widget-text-editor\" data-id=\"c491d29\" data-element_type=\"widget\" data-e-type=\"widget\" data-widget_type=\"text-editor.default\">\n\t\t\t\t\t\t\t\t\t<p>Dans le contexte actuel, les organisations consid\u00e8rent le d\u00e9veloppement durable comme un engagement prioritaire. Si l\u2019on transpose cet engagement \u00e0 la g\u00e9n\u00e9ration de valeur des actifs physiques et si l\u2019on prend en compte les objectifs de neutralit\u00e9 carbone en 2050, une pression accrue s\u2019exerce sur la gestion efficace du cycle de vie des actifs.<\/p><p>Pour r\u00e9pondre \u00e0 ce d\u00e9fi mondial, nous assistons nos clients en leur proposant des solutions d\u2019efficacit\u00e9 \u00e9nerg\u00e9tique et hydrique. Nous disposons \u00e9galement de solutions pour le calcul de l\u2019empreinte carbone, qui refl\u00e8tent l\u2019\u00e9valuation de l\u2019impact des options de gestion du cycle de vie des actifs sur leur profil d\u2019\u00e9missions de carbone et leur contribution \u00e0 une exploitation plus durable.<\/p>\t\t\t\t\t\t\t\t<\/div>\n\t\t\t\t\t<\/div>\n\t\t<\/div>\n\t\t\t\t<div class=\"elementor-column elementor-col-33 elementor-top-column elementor-element elementor-element-3408f98\" data-id=\"3408f98\" data-element_type=\"column\" data-e-type=\"column\">\n\t\t\t<div class=\"elementor-widget-wrap\">\n\t\t\t\t\t\t\t<\/div>\n\t\t<\/div>\n\t\t\t\t\t<\/div>\n\t\t<\/section>\n\t\t\t\t<section class=\"elementor-section elementor-top-section elementor-element elementor-element-df53907 elementor-section-content-middle elementor-section-boxed elementor-section-height-default elementor-section-height-default wpr-particle-no wpr-jarallax-no wpr-parallax-no wpr-sticky-section-no wpr-equal-height-no\" data-id=\"df53907\" data-element_type=\"section\" data-e-type=\"section\" data-settings=\"{&quot;jet_parallax_layout_list&quot;:[],&quot;background_background&quot;:&quot;classic&quot;}\">\n\t\t\t\t\t\t<div class=\"elementor-container elementor-column-gap-no\">\n\t\t\t\t\t<div class=\"elementor-column elementor-col-50 elementor-top-column elementor-element elementor-element-ce50364 elementor-invisible\" data-id=\"ce50364\" data-element_type=\"column\" data-e-type=\"column\" data-settings=\"{&quot;background_background&quot;:&quot;classic&quot;,&quot;animation&quot;:&quot;fadeInLeft&quot;,&quot;animation_delay&quot;:100}\">\n\t\t\t<div class=\"elementor-widget-wrap elementor-element-populated\">\n\t\t\t\t\t\t<div class=\"elementor-element elementor-element-d0f7458 elementor-widget elementor-widget-spacer\" data-id=\"d0f7458\" data-element_type=\"widget\" data-e-type=\"widget\" data-widget_type=\"spacer.default\">\n\t\t\t\t\t\t\t<div class=\"elementor-spacer\">\n\t\t\t<div class=\"elementor-spacer-inner\"><\/div>\n\t\t<\/div>\n\t\t\t\t\t\t<\/div>\n\t\t\t\t\t<\/div>\n\t\t<\/div>\n\t\t\t\t<div class=\"elementor-column elementor-col-50 elementor-top-column elementor-element elementor-element-7f36d6c\" data-id=\"7f36d6c\" data-element_type=\"column\" data-e-type=\"column\">\n\t\t\t<div class=\"elementor-widget-wrap elementor-element-populated\">\n\t\t\t\t\t\t<div class=\"elementor-element elementor-element-d2f1b0f elementor-invisible elementor-widget elementor-widget-text-editor\" data-id=\"d2f1b0f\" data-element_type=\"widget\" data-e-type=\"widget\" data-settings=\"{&quot;_animation&quot;:&quot;fadeInRight&quot;,&quot;_animation_delay&quot;:200}\" data-widget_type=\"text-editor.default\">\n\t\t\t\t\t\t\t\t\t<p>Notre activit\u00e9 repose sur un corps technique d\u2019experts et de sp\u00e9cialistes qui assurent une prestation de services efficace et optimis\u00e9e et garantissent le respect des exigences l\u00e9gales et des bonnes pratiques.<\/p><p>Elle se concentre sur l\u2019utilisation de l\u2019\u00e9nergie dans les grands b\u00e2timents, l\u2019industrie et les flottes automobiles, ainsi que sur une meilleure utilisation de l\u2019eau, pour r\u00e9duire les pertes et promouvoir la sant\u00e9 publique.<\/p>\t\t\t\t\t\t\t\t<\/div>\n\t\t\t\t\t<\/div>\n\t\t<\/div>\n\t\t\t\t\t<\/div>\n\t\t<\/section>\n\t\t\t\t<section class=\"elementor-section elementor-top-section elementor-element elementor-element-df1ed79 elementor-section-full_width elementor-section-content-bottom elementor-section-height-default elementor-section-height-default wpr-particle-no wpr-jarallax-no wpr-parallax-no wpr-sticky-section-no wpr-equal-height-no\" data-id=\"df1ed79\" data-element_type=\"section\" data-e-type=\"section\" data-settings=\"{&quot;jet_parallax_layout_list&quot;:[],&quot;background_background&quot;:&quot;classic&quot;}\">\n\t\t\t\t\t\t<div class=\"elementor-container elementor-column-gap-default\">\n\t\t\t\t\t<div class=\"elementor-column elementor-col-33 elementor-top-column elementor-element elementor-element-7c56fb0 elementor-invisible\" data-id=\"7c56fb0\" data-element_type=\"column\" data-e-type=\"column\" data-settings=\"{&quot;background_background&quot;:&quot;classic&quot;,&quot;animation&quot;:&quot;fadeInUp&quot;,&quot;animation_delay&quot;:0}\">\n\t\t\t<div class=\"elementor-widget-wrap elementor-element-populated\">\n\t\t\t\t\t<div class=\"elementor-background-overlay\"><\/div>\n\t\t\t\t\t\t<div class=\"elementor-element elementor-element-306ebd2 elementor-widget elementor-widget-heading\" data-id=\"306ebd2\" data-element_type=\"widget\" data-e-type=\"widget\" data-widget_type=\"heading.default\">\n\t\t\t\t\t<h5 class=\"elementor-heading-title elementor-size-default\">Efficacit\u00e9 \u00c9nerg\u00e9tique<\/h5>\t\t\t\t<\/div>\n\t\t\t\t<div class=\"elementor-element elementor-element-016a6e6 elementor-align-left elementor-widget elementor-widget-raven-button\" data-id=\"016a6e6\" data-element_type=\"widget\" data-e-type=\"widget\" data-settings=\"{&quot;turn_to_popup_action_button&quot;:&quot;no&quot;}\" data-widget_type=\"raven-button.default\">\n\t\t\t\t<div class=\"elementor-widget-container\">\n\t\t\t\t\t\t\t<div class=\"raven-widget-wrapper\">\n\t\t\t<a class=\"raven-button raven-button-widget-normal-effect-none  raven-button-text-align-center raven-button-link elementor-animation-none\" href=\"https:\/\/www.ativ.pt\/fr\/domaines-dactivite\/energie-et-carbone\/efficacite-energetique\/\">\t\t\t\t<div class=\"raven-button-overlay\" ><\/div>\n\t\t\t\t<span class=\"raven-button-content\">\n\t\t\t\t\t\n\t\t\t\t\t<div class=\"button-text-container\">\n\t\t\t\t\t\t\t\t\t\t\t\t<div class=\"raven-button-texts-wrapper\">\n\t\t\t\t\t\t\t<div class=\"button-text\">\n\t\t\t\t\t\t\t\t<span class=\"raven-button-text\">\n\t\t\t\t\t\t\t\t\tEn savoir plus\t\t\t\t\t\t\t\t<\/span>\n\t\t\t\t\t\t\t<\/div>\n\t\t\t\t\t\t\t\t\t\t\t\t\t<\/div>\n\t\t\t\t\t\t\t\t\t<span class=\"raven-button-icon raven-button-icon-position-right\">\n\t\t\t\t<svg aria-hidden=\"true\" class=\"e-font-icon-svg e-fas-chevron-right\" viewBox=\"0 0 320 512\" xmlns=\"http:\/\/www.w3.org\/2000\/svg\"><path d=\"M285.476 272.971L91.132 467.314c-9.373 9.373-24.569 9.373-33.941 0l-22.667-22.667c-9.357-9.357-9.375-24.522-.04-33.901L188.505 256 34.484 101.255c-9.335-9.379-9.317-24.544.04-33.901l22.667-22.667c9.373-9.373 24.569-9.373 33.941 0L285.475 239.03c9.373 9.372 9.373 24.568.001 33.941z\"><\/path><\/svg>\t\t\t<\/span>\n\t\t\t\t\t\t\t<\/div>\n\t\t\t\t\t\n\t\t\t\t\t\t\t\t\t<\/span>\n\t\t\t<\/a>\t\t<\/div>\n\t\t\t\t\t\t<\/div>\n\t\t\t\t<\/div>\n\t\t\t\t\t<\/div>\n\t\t<\/div>\n\t\t\t\t<div class=\"elementor-column elementor-col-33 elementor-top-column elementor-element elementor-element-3d6a900 elementor-invisible\" data-id=\"3d6a900\" data-element_type=\"column\" data-e-type=\"column\" data-settings=\"{&quot;background_background&quot;:&quot;classic&quot;,&quot;animation&quot;:&quot;fadeInUp&quot;,&quot;animation_delay&quot;:100}\">\n\t\t\t<div class=\"elementor-widget-wrap elementor-element-populated\">\n\t\t\t\t\t<div class=\"elementor-background-overlay\"><\/div>\n\t\t\t\t\t\t<div class=\"elementor-element elementor-element-90c6add elementor-widget elementor-widget-heading\" data-id=\"90c6add\" data-element_type=\"widget\" data-e-type=\"widget\" data-widget_type=\"heading.default\">\n\t\t\t\t\t<h5 class=\"elementor-heading-title elementor-size-default\">Efficacit\u00e9 Hydrique<\/h5>\t\t\t\t<\/div>\n\t\t\t\t<div class=\"elementor-element elementor-element-0f925e0 elementor-align-left elementor-widget elementor-widget-raven-button\" data-id=\"0f925e0\" data-element_type=\"widget\" data-e-type=\"widget\" data-settings=\"{&quot;turn_to_popup_action_button&quot;:&quot;no&quot;}\" data-widget_type=\"raven-button.default\">\n\t\t\t\t<div class=\"elementor-widget-container\">\n\t\t\t\t\t\t\t<div class=\"raven-widget-wrapper\">\n\t\t\t<a class=\"raven-button raven-button-widget-normal-effect-none  raven-button-text-align-center raven-button-link elementor-animation-none\" href=\"https:\/\/www.ativ.pt\/fr\/domaines-dactivite\/energie-et-carbone\/efficacite-hydrique\/\">\t\t\t\t<div class=\"raven-button-overlay\" ><\/div>\n\t\t\t\t<span class=\"raven-button-content\">\n\t\t\t\t\t\n\t\t\t\t\t<div class=\"button-text-container\">\n\t\t\t\t\t\t\t\t\t\t\t\t<div class=\"raven-button-texts-wrapper\">\n\t\t\t\t\t\t\t<div class=\"button-text\">\n\t\t\t\t\t\t\t\t<span class=\"raven-button-text\">\n\t\t\t\t\t\t\t\t\tEn savoir plus\t\t\t\t\t\t\t\t<\/span>\n\t\t\t\t\t\t\t<\/div>\n\t\t\t\t\t\t\t\t\t\t\t\t\t<\/div>\n\t\t\t\t\t\t\t\t\t<span class=\"raven-button-icon raven-button-icon-position-right\">\n\t\t\t\t<svg aria-hidden=\"true\" class=\"e-font-icon-svg e-fas-chevron-right\" viewBox=\"0 0 320 512\" xmlns=\"http:\/\/www.w3.org\/2000\/svg\"><path d=\"M285.476 272.971L91.132 467.314c-9.373 9.373-24.569 9.373-33.941 0l-22.667-22.667c-9.357-9.357-9.375-24.522-.04-33.901L188.505 256 34.484 101.255c-9.335-9.379-9.317-24.544.04-33.901l22.667-22.667c9.373-9.373 24.569-9.373 33.941 0L285.475 239.03c9.373 9.372 9.373 24.568.001 33.941z\"><\/path><\/svg>\t\t\t<\/span>\n\t\t\t\t\t\t\t<\/div>\n\t\t\t\t\t\n\t\t\t\t\t\t\t\t\t<\/span>\n\t\t\t<\/a>\t\t<\/div>\n\t\t\t\t\t\t<\/div>\n\t\t\t\t<\/div>\n\t\t\t\t\t<\/div>\n\t\t<\/div>\n\t\t\t\t<div class=\"elementor-column elementor-col-33 elementor-top-column elementor-element elementor-element-670a319 elementor-invisible\" data-id=\"670a319\" data-element_type=\"column\" data-e-type=\"column\" data-settings=\"{&quot;background_background&quot;:&quot;classic&quot;,&quot;animation&quot;:&quot;fadeInUp&quot;,&quot;animation_delay&quot;:200}\">\n\t\t\t<div class=\"elementor-widget-wrap elementor-element-populated\">\n\t\t\t\t\t<div class=\"elementor-background-overlay\"><\/div>\n\t\t\t\t\t\t<div class=\"elementor-element elementor-element-67e5f12 elementor-widget elementor-widget-heading\" data-id=\"67e5f12\" data-element_type=\"widget\" data-e-type=\"widget\" data-widget_type=\"heading.default\">\n\t\t\t\t\t<h5 class=\"elementor-heading-title elementor-size-default\">Empreinte Carbone<\/h5>\t\t\t\t<\/div>\n\t\t\t\t<div class=\"elementor-element elementor-element-3f0efc3 elementor-align-left elementor-widget elementor-widget-raven-button\" data-id=\"3f0efc3\" data-element_type=\"widget\" data-e-type=\"widget\" data-settings=\"{&quot;turn_to_popup_action_button&quot;:&quot;no&quot;}\" data-widget_type=\"raven-button.default\">\n\t\t\t\t<div class=\"elementor-widget-container\">\n\t\t\t\t\t\t\t<div class=\"raven-widget-wrapper\">\n\t\t\t<a class=\"raven-button raven-button-widget-normal-effect-none  raven-button-text-align-center raven-button-link elementor-animation-none\" href=\"https:\/\/www.ativ.pt\/fr\/domaines-dactivite\/energie-et-carbone\/empreinte-carbone\/\">\t\t\t\t<div class=\"raven-button-overlay\" ><\/div>\n\t\t\t\t<span class=\"raven-button-content\">\n\t\t\t\t\t\n\t\t\t\t\t<div class=\"button-text-container\">\n\t\t\t\t\t\t\t\t\t\t\t\t<div class=\"raven-button-texts-wrapper\">\n\t\t\t\t\t\t\t<div class=\"button-text\">\n\t\t\t\t\t\t\t\t<span class=\"raven-button-text\">\n\t\t\t\t\t\t\t\t\tEn savoir plus\t\t\t\t\t\t\t\t<\/span>\n\t\t\t\t\t\t\t<\/div>\n\t\t\t\t\t\t\t\t\t\t\t\t\t<\/div>\n\t\t\t\t\t\t\t\t\t<span class=\"raven-button-icon raven-button-icon-position-right\">\n\t\t\t\t<svg aria-hidden=\"true\" class=\"e-font-icon-svg e-fas-chevron-right\" viewBox=\"0 0 320 512\" xmlns=\"http:\/\/www.w3.org\/2000\/svg\"><path d=\"M285.476 272.971L91.132 467.314c-9.373 9.373-24.569 9.373-33.941 0l-22.667-22.667c-9.357-9.357-9.375-24.522-.04-33.901L188.505 256 34.484 101.255c-9.335-9.379-9.317-24.544.04-33.901l22.667-22.667c9.373-9.373 24.569-9.373 33.941 0L285.475 239.03c9.373 9.372 9.373 24.568.001 33.941z\"><\/path><\/svg>\t\t\t<\/span>\n\t\t\t\t\t\t\t<\/div>\n\t\t\t\t\t\n\t\t\t\t\t\t\t\t\t<\/span>\n\t\t\t<\/a>\t\t<\/div>\n\t\t\t\t\t\t<\/div>\n\t\t\t\t<\/div>\n\t\t\t\t\t<\/div>\n\t\t<\/div>\n\t\t\t\t\t<\/div>\n\t\t<\/section>\n\t\t\t\t<\/div>\n\t\t","protected":false},"excerpt":{"rendered":"<p>In\u00edcio Dans le contexte actuel, les organisations consid\u00e8rent le d\u00e9veloppement durable comme un engagement prioritaire. Si l\u2019on transpose cet engagement \u00e0 la g\u00e9n\u00e9ration de valeur des actifs physiques et si l\u2019on prend en compte les objectifs de neutralit\u00e9 carbone en 2050, une pression accrue s\u2019exerce sur la gestion efficace du cycle de vie des actifs. Pour r\u00e9pondre \u00e0 ce d\u00e9fi mondial, nous assistons nos clients en leur proposant des solutions d\u2019efficacit\u00e9 \u00e9nerg\u00e9tique et hydrique. Nous disposons \u00e9galement de solutions pour le calcul de l\u2019empreinte carbone, qui refl\u00e8tent l\u2019\u00e9valuation de l\u2019impact des options de gestion du cycle de vie des actifs sur leur profil d\u2019\u00e9missions de carbone et leur contribution \u00e0 une exploitation plus durable. Notre activit\u00e9 repose sur un corps technique d\u2019experts et de sp\u00e9cialistes qui assurent une prestation de services efficace et optimis\u00e9e et garantissent le respect des exigences l\u00e9gales et des bonnes pratiques. Elle se concentre sur l\u2019utilisation de l\u2019\u00e9nergie dans les grands b\u00e2timents, l\u2019industrie et les flottes automobiles, ainsi que sur une meilleure utilisation de l\u2019eau, pour r\u00e9duire les pertes et promouvoir la sant\u00e9 publique. Efficacit\u00e9 \u00c9nerg\u00e9tique En savoir plus Efficacit\u00e9 Hydrique En savoir plus Empreinte Carbone En savoir plus<\/p>\n","protected":false},"author":1,"featured_media":5986,"parent":5492,"menu_order":6,"comment_status":"closed","ping_status":"closed","template":"elementor_header_footer","meta":{"_acf_changed":false,"footnotes":""},"class_list":["post-5461","page","type-page","status-publish","has-post-thumbnail","hentry"],"acf":[],"yoast_head":"<!-- This site is optimized with the Yoast SEO plugin v27.5 - https:\/\/yoast.com\/product\/yoast-seo-wordpress\/ -->\n<title>\u00c9nergie et Carbone - Mota-Engil ATIV<\/title>\n<meta name=\"robots\" content=\"index, follow, max-snippet:-1, max-image-preview:large, max-video-preview:-1\" \/>\n<link rel=\"canonical\" href=\"https:\/\/www.ativ.pt\/fr\/domaines-dactivite\/energie-et-carbone\/\" \/>\n<meta property=\"og:locale\" content=\"fr_FR\" \/>\n<meta property=\"og:type\" content=\"article\" \/>\n<meta property=\"og:title\" content=\"\u00c9nergie et Carbone - Mota-Engil ATIV\" \/>\n<meta property=\"og:description\" content=\"In\u00edcio Dans le contexte actuel, les organisations consid\u00e8rent le d\u00e9veloppement durable comme un engagement prioritaire. Si l\u2019on transpose cet engagement \u00e0 la g\u00e9n\u00e9ration de valeur des actifs physiques et si l\u2019on prend en compte les objectifs de neutralit\u00e9 carbone en 2050, une pression accrue s\u2019exerce sur la gestion efficace du cycle de vie des actifs. Pour r\u00e9pondre \u00e0 ce d\u00e9fi mondial, nous assistons nos clients en leur proposant des solutions d\u2019efficacit\u00e9 \u00e9nerg\u00e9tique et hydrique. Nous disposons \u00e9galement de solutions pour le calcul de l\u2019empreinte carbone, qui refl\u00e8tent l\u2019\u00e9valuation de l\u2019impact des options de gestion du cycle de vie des actifs sur leur profil d\u2019\u00e9missions de carbone et leur contribution \u00e0 une exploitation plus durable. Notre activit\u00e9 repose sur un corps technique d\u2019experts et de sp\u00e9cialistes qui assurent une prestation de services efficace et optimis\u00e9e et garantissent le respect des exigences l\u00e9gales et des bonnes pratiques. Elle se concentre sur l\u2019utilisation de l\u2019\u00e9nergie dans les grands b\u00e2timents, l\u2019industrie et les flottes automobiles, ainsi que sur une meilleure utilisation de l\u2019eau, pour r\u00e9duire les pertes et promouvoir la sant\u00e9 publique. Efficacit\u00e9 \u00c9nerg\u00e9tique En savoir plus Efficacit\u00e9 Hydrique En savoir plus Empreinte Carbone En savoir plus\" \/>\n<meta property=\"og:url\" content=\"https:\/\/www.ativ.pt\/fr\/domaines-dactivite\/energie-et-carbone\/\" \/>\n<meta property=\"og:site_name\" content=\"Mota-Engil ATIV\" \/>\n<meta property=\"article:publisher\" content=\"https:\/\/www.facebook.com\/MotaEngilATIV\/\" \/>\n<meta property=\"article:modified_time\" content=\"2022-10-07T09:25:35+00:00\" \/>\n<meta property=\"og:image\" content=\"https:\/\/www.ativ.pt\/wp-content\/uploads\/2022\/09\/energia-carbono-area.jpg\" \/>\n\t<meta property=\"og:image:width\" content=\"1920\" \/>\n\t<meta property=\"og:image:height\" content=\"1280\" \/>\n\t<meta property=\"og:image:type\" content=\"image\/jpeg\" \/>\n<meta name=\"twitter:card\" content=\"summary_large_image\" \/>\n<meta name=\"twitter:label1\" content=\"Dur\u00e9e de lecture estim\u00e9e\" \/>\n\t<meta name=\"twitter:data1\" content=\"2 minutes\" \/>\n<script type=\"application\/ld+json\" class=\"yoast-schema-graph\">{\"@context\":\"https:\\\/\\\/schema.org\",\"@graph\":[{\"@type\":\"WebPage\",\"@id\":\"https:\\\/\\\/www.ativ.pt\\\/fr\\\/domaines-dactivite\\\/energie-et-carbone\\\/\",\"url\":\"https:\\\/\\\/www.ativ.pt\\\/fr\\\/domaines-dactivite\\\/energie-et-carbone\\\/\",\"name\":\"\u00c9nergie et Carbone - Mota-Engil ATIV\",\"isPartOf\":{\"@id\":\"https:\\\/\\\/www.ativ.pt\\\/fr\\\/#website\"},\"primaryImageOfPage\":{\"@id\":\"https:\\\/\\\/www.ativ.pt\\\/fr\\\/domaines-dactivite\\\/energie-et-carbone\\\/#primaryimage\"},\"image\":{\"@id\":\"https:\\\/\\\/www.ativ.pt\\\/fr\\\/domaines-dactivite\\\/energie-et-carbone\\\/#primaryimage\"},\"thumbnailUrl\":\"https:\\\/\\\/www.ativ.pt\\\/wp-content\\\/uploads\\\/2022\\\/09\\\/energia-carbono-area.jpg\",\"datePublished\":\"2022-05-25T08:55:29+00:00\",\"dateModified\":\"2022-10-07T09:25:35+00:00\",\"breadcrumb\":{\"@id\":\"https:\\\/\\\/www.ativ.pt\\\/fr\\\/domaines-dactivite\\\/energie-et-carbone\\\/#breadcrumb\"},\"inLanguage\":\"fr-FR\",\"potentialAction\":[{\"@type\":\"ReadAction\",\"target\":[\"https:\\\/\\\/www.ativ.pt\\\/fr\\\/domaines-dactivite\\\/energie-et-carbone\\\/\"]}]},{\"@type\":\"ImageObject\",\"inLanguage\":\"fr-FR\",\"@id\":\"https:\\\/\\\/www.ativ.pt\\\/fr\\\/domaines-dactivite\\\/energie-et-carbone\\\/#primaryimage\",\"url\":\"https:\\\/\\\/www.ativ.pt\\\/wp-content\\\/uploads\\\/2022\\\/09\\\/energia-carbono-area.jpg\",\"contentUrl\":\"https:\\\/\\\/www.ativ.pt\\\/wp-content\\\/uploads\\\/2022\\\/09\\\/energia-carbono-area.jpg\",\"width\":1920,\"height\":1280},{\"@type\":\"BreadcrumbList\",\"@id\":\"https:\\\/\\\/www.ativ.pt\\\/fr\\\/domaines-dactivite\\\/energie-et-carbone\\\/#breadcrumb\",\"itemListElement\":[{\"@type\":\"ListItem\",\"position\":1,\"name\":\"In\u00edcio\",\"item\":\"https:\\\/\\\/www.ativ.pt\\\/fr\\\/\"},{\"@type\":\"ListItem\",\"position\":2,\"name\":\"Domaines d&rsquo;Activit\u00e9\",\"item\":\"https:\\\/\\\/www.ativ.pt\\\/fr\\\/domaines-dactivite\\\/\"},{\"@type\":\"ListItem\",\"position\":3,\"name\":\"\u00c9nergie et Carbone\"}]},{\"@type\":\"WebSite\",\"@id\":\"https:\\\/\\\/www.ativ.pt\\\/fr\\\/#website\",\"url\":\"https:\\\/\\\/www.ativ.pt\\\/fr\\\/\",\"name\":\"Mota-Engil ATIV\",\"description\":\"Gest\u00e3o e Manuten\u00e7\u00e3o de Ativos\",\"publisher\":{\"@id\":\"https:\\\/\\\/www.ativ.pt\\\/fr\\\/#organization\"},\"potentialAction\":[{\"@type\":\"SearchAction\",\"target\":{\"@type\":\"EntryPoint\",\"urlTemplate\":\"https:\\\/\\\/www.ativ.pt\\\/fr\\\/?s={search_term_string}\"},\"query-input\":{\"@type\":\"PropertyValueSpecification\",\"valueRequired\":true,\"valueName\":\"search_term_string\"}}],\"inLanguage\":\"fr-FR\"},{\"@type\":\"Organization\",\"@id\":\"https:\\\/\\\/www.ativ.pt\\\/fr\\\/#organization\",\"name\":\"Mota-Engil ATIV\",\"url\":\"https:\\\/\\\/www.ativ.pt\\\/fr\\\/\",\"logo\":{\"@type\":\"ImageObject\",\"inLanguage\":\"fr-FR\",\"@id\":\"https:\\\/\\\/www.ativ.pt\\\/fr\\\/#\\\/schema\\\/logo\\\/image\\\/\",\"url\":\"https:\\\/\\\/www.ativ.pt\\\/wp-content\\\/uploads\\\/2022\\\/04\\\/logo-ativ-cor-1.svg\",\"contentUrl\":\"https:\\\/\\\/www.ativ.pt\\\/wp-content\\\/uploads\\\/2022\\\/04\\\/logo-ativ-cor-1.svg\",\"width\":250,\"height\":100,\"caption\":\"Mota-Engil ATIV\"},\"image\":{\"@id\":\"https:\\\/\\\/www.ativ.pt\\\/fr\\\/#\\\/schema\\\/logo\\\/image\\\/\"},\"sameAs\":[\"https:\\\/\\\/www.facebook.com\\\/MotaEngilATIV\\\/\",\"https:\\\/\\\/www.instagram.com\\\/mota_engil_ativ\\\/\",\"https:\\\/\\\/www.linkedin.com\\\/company\\\/motaengil-ativ\"]}]}<\/script>\n<!-- \/ Yoast SEO plugin. -->","yoast_head_json":{"title":"\u00c9nergie et Carbone - Mota-Engil ATIV","robots":{"index":"index","follow":"follow","max-snippet":"max-snippet:-1","max-image-preview":"max-image-preview:large","max-video-preview":"max-video-preview:-1"},"canonical":"https:\/\/www.ativ.pt\/fr\/domaines-dactivite\/energie-et-carbone\/","og_locale":"fr_FR","og_type":"article","og_title":"\u00c9nergie et Carbone - Mota-Engil ATIV","og_description":"In\u00edcio Dans le contexte actuel, les organisations consid\u00e8rent le d\u00e9veloppement durable comme un engagement prioritaire. Si l\u2019on transpose cet engagement \u00e0 la g\u00e9n\u00e9ration de valeur des actifs physiques et si l\u2019on prend en compte les objectifs de neutralit\u00e9 carbone en 2050, une pression accrue s\u2019exerce sur la gestion efficace du cycle de vie des actifs. Pour r\u00e9pondre \u00e0 ce d\u00e9fi mondial, nous assistons nos clients en leur proposant des solutions d\u2019efficacit\u00e9 \u00e9nerg\u00e9tique et hydrique. Nous disposons \u00e9galement de solutions pour le calcul de l\u2019empreinte carbone, qui refl\u00e8tent l\u2019\u00e9valuation de l\u2019impact des options de gestion du cycle de vie des actifs sur leur profil d\u2019\u00e9missions de carbone et leur contribution \u00e0 une exploitation plus durable. Notre activit\u00e9 repose sur un corps technique d\u2019experts et de sp\u00e9cialistes qui assurent une prestation de services efficace et optimis\u00e9e et garantissent le respect des exigences l\u00e9gales et des bonnes pratiques. Elle se concentre sur l\u2019utilisation de l\u2019\u00e9nergie dans les grands b\u00e2timents, l\u2019industrie et les flottes automobiles, ainsi que sur une meilleure utilisation de l\u2019eau, pour r\u00e9duire les pertes et promouvoir la sant\u00e9 publique. Efficacit\u00e9 \u00c9nerg\u00e9tique En savoir plus Efficacit\u00e9 Hydrique En savoir plus Empreinte Carbone En savoir plus","og_url":"https:\/\/www.ativ.pt\/fr\/domaines-dactivite\/energie-et-carbone\/","og_site_name":"Mota-Engil ATIV","article_publisher":"https:\/\/www.facebook.com\/MotaEngilATIV\/","article_modified_time":"2022-10-07T09:25:35+00:00","og_image":[{"width":1920,"height":1280,"url":"https:\/\/www.ativ.pt\/wp-content\/uploads\/2022\/09\/energia-carbono-area.jpg","type":"image\/jpeg"}],"twitter_card":"summary_large_image","twitter_misc":{"Dur\u00e9e de lecture estim\u00e9e":"2 minutes"},"schema":{"@context":"https:\/\/schema.org","@graph":[{"@type":"WebPage","@id":"https:\/\/www.ativ.pt\/fr\/domaines-dactivite\/energie-et-carbone\/","url":"https:\/\/www.ativ.pt\/fr\/domaines-dactivite\/energie-et-carbone\/","name":"\u00c9nergie et Carbone - Mota-Engil ATIV","isPartOf":{"@id":"https:\/\/www.ativ.pt\/fr\/#website"},"primaryImageOfPage":{"@id":"https:\/\/www.ativ.pt\/fr\/domaines-dactivite\/energie-et-carbone\/#primaryimage"},"image":{"@id":"https:\/\/www.ativ.pt\/fr\/domaines-dactivite\/energie-et-carbone\/#primaryimage"},"thumbnailUrl":"https:\/\/www.ativ.pt\/wp-content\/uploads\/2022\/09\/energia-carbono-area.jpg","datePublished":"2022-05-25T08:55:29+00:00","dateModified":"2022-10-07T09:25:35+00:00","breadcrumb":{"@id":"https:\/\/www.ativ.pt\/fr\/domaines-dactivite\/energie-et-carbone\/#breadcrumb"},"inLanguage":"fr-FR","potentialAction":[{"@type":"ReadAction","target":["https:\/\/www.ativ.pt\/fr\/domaines-dactivite\/energie-et-carbone\/"]}]},{"@type":"ImageObject","inLanguage":"fr-FR","@id":"https:\/\/www.ativ.pt\/fr\/domaines-dactivite\/energie-et-carbone\/#primaryimage","url":"https:\/\/www.ativ.pt\/wp-content\/uploads\/2022\/09\/energia-carbono-area.jpg","contentUrl":"https:\/\/www.ativ.pt\/wp-content\/uploads\/2022\/09\/energia-carbono-area.jpg","width":1920,"height":1280},{"@type":"BreadcrumbList","@id":"https:\/\/www.ativ.pt\/fr\/domaines-dactivite\/energie-et-carbone\/#breadcrumb","itemListElement":[{"@type":"ListItem","position":1,"name":"In\u00edcio","item":"https:\/\/www.ativ.pt\/fr\/"},{"@type":"ListItem","position":2,"name":"Domaines d&rsquo;Activit\u00e9","item":"https:\/\/www.ativ.pt\/fr\/domaines-dactivite\/"},{"@type":"ListItem","position":3,"name":"\u00c9nergie et Carbone"}]},{"@type":"WebSite","@id":"https:\/\/www.ativ.pt\/fr\/#website","url":"https:\/\/www.ativ.pt\/fr\/","name":"Mota-Engil ATIV","description":"Gest\u00e3o e Manuten\u00e7\u00e3o de Ativos","publisher":{"@id":"https:\/\/www.ativ.pt\/fr\/#organization"},"potentialAction":[{"@type":"SearchAction","target":{"@type":"EntryPoint","urlTemplate":"https:\/\/www.ativ.pt\/fr\/?s={search_term_string}"},"query-input":{"@type":"PropertyValueSpecification","valueRequired":true,"valueName":"search_term_string"}}],"inLanguage":"fr-FR"},{"@type":"Organization","@id":"https:\/\/www.ativ.pt\/fr\/#organization","name":"Mota-Engil ATIV","url":"https:\/\/www.ativ.pt\/fr\/","logo":{"@type":"ImageObject","inLanguage":"fr-FR","@id":"https:\/\/www.ativ.pt\/fr\/#\/schema\/logo\/image\/","url":"https:\/\/www.ativ.pt\/wp-content\/uploads\/2022\/04\/logo-ativ-cor-1.svg","contentUrl":"https:\/\/www.ativ.pt\/wp-content\/uploads\/2022\/04\/logo-ativ-cor-1.svg","width":250,"height":100,"caption":"Mota-Engil ATIV"},"image":{"@id":"https:\/\/www.ativ.pt\/fr\/#\/schema\/logo\/image\/"},"sameAs":["https:\/\/www.facebook.com\/MotaEngilATIV\/","https:\/\/www.instagram.com\/mota_engil_ativ\/","https:\/\/www.linkedin.com\/company\/motaengil-ativ"]}]}},"_links":{"self":[{"href":"https:\/\/www.ativ.pt\/fr\/wp-json\/wp\/v2\/pages\/5461","targetHints":{"allow":["GET"]}}],"collection":[{"href":"https:\/\/www.ativ.pt\/fr\/wp-json\/wp\/v2\/pages"}],"about":[{"href":"https:\/\/www.ativ.pt\/fr\/wp-json\/wp\/v2\/types\/page"}],"author":[{"embeddable":true,"href":"https:\/\/www.ativ.pt\/fr\/wp-json\/wp\/v2\/users\/1"}],"replies":[{"embeddable":true,"href":"https:\/\/www.ativ.pt\/fr\/wp-json\/wp\/v2\/comments?post=5461"}],"version-history":[{"count":2,"href":"https:\/\/www.ativ.pt\/fr\/wp-json\/wp\/v2\/pages\/5461\/revisions"}],"predecessor-version":[{"id":6339,"href":"https:\/\/www.ativ.pt\/fr\/wp-json\/wp\/v2\/pages\/5461\/revisions\/6339"}],"up":[{"embeddable":true,"href":"https:\/\/www.ativ.pt\/fr\/wp-json\/wp\/v2\/pages\/5492"}],"wp:featuredmedia":[{"embeddable":true,"href":"https:\/\/www.ativ.pt\/fr\/wp-json\/wp\/v2\/media\/5986"}],"wp:attachment":[{"href":"https:\/\/www.ativ.pt\/fr\/wp-json\/wp\/v2\/media?parent=5461"}],"curies":[{"name":"wp","href":"https:\/\/api.w.org\/{rel}","templated":true}]}}