{"id":5453,"date":"2022-04-29T11:52:26","date_gmt":"2022-04-29T11:52:26","guid":{"rendered":"https:\/\/www.ativ.pt\/agriculture-et-developpement-durable\/"},"modified":"2022-10-07T09:14:30","modified_gmt":"2022-10-07T09:14:30","slug":"agriculture-et-developpement-durable","status":"publish","type":"page","link":"https:\/\/www.ativ.pt\/fr\/domaines-dactivite\/agriculture-et-developpement-durable\/","title":{"rendered":"Agriculture et D\u00e9veloppement Durable"},"content":{"rendered":"\t\t<div data-elementor-type=\"wp-page\" data-elementor-id=\"5453\" class=\"elementor elementor-5453 elementor-49\">\n\t\t\t\t\t\t<section class=\"elementor-section elementor-top-section elementor-element elementor-element-ab1401a elementor-section-boxed elementor-section-height-default elementor-section-height-default wpr-particle-no wpr-jarallax-no wpr-parallax-no wpr-sticky-section-no wpr-equal-height-no\" data-id=\"ab1401a\" data-element_type=\"section\" data-e-type=\"section\" data-settings=\"{&quot;jet_parallax_layout_list&quot;:[],&quot;background_background&quot;:&quot;classic&quot;}\">\n\t\t\t\t\t\t<div class=\"elementor-container elementor-column-gap-default\">\n\t\t\t\t\t<div class=\"elementor-column elementor-col-100 elementor-top-column elementor-element elementor-element-3aef3a9\" data-id=\"3aef3a9\" data-element_type=\"column\" data-e-type=\"column\">\n\t\t\t<div class=\"elementor-widget-wrap elementor-element-populated\">\n\t\t\t\t\t\t<div class=\"elementor-element elementor-element-f94806d elementor-widget elementor-widget-heading\" data-id=\"f94806d\" data-element_type=\"widget\" data-e-type=\"widget\" data-widget_type=\"heading.default\">\n\t\t\t\t\t<h1 class=\"elementor-heading-title elementor-size-default\">Agriculture et D\u00e9veloppement Durable<\/h1>\t\t\t\t<\/div>\n\t\t\t\t<div class=\"elementor-element elementor-element-1e5aabb elementor-align-flex-start elementor-widget elementor-widget-raven-breadcrumbs\" data-id=\"1e5aabb\" data-element_type=\"widget\" data-e-type=\"widget\" data-widget_type=\"raven-breadcrumbs.default\">\n\t\t\t\t<div class=\"elementor-widget-container\">\n\t\t\t\t\t<div class=\"raven-breadcrumbs raven-breadcrumbs-yoast\"><nav id=\"breadcrumbs\"><span><span><a href=\"https:\/\/www.ativ.pt\/fr\/\">In\u00edcio<\/a><\/span><\/span><\/nav><\/div>\t\t\t\t<\/div>\n\t\t\t\t<\/div>\n\t\t\t\t\t<\/div>\n\t\t<\/div>\n\t\t\t\t\t<\/div>\n\t\t<\/section>\n\t\t\t\t<section class=\"elementor-section elementor-top-section elementor-element elementor-element-35c5290 elementor-section-height-min-height elementor-section-boxed elementor-section-height-default elementor-section-items-middle wpr-particle-no wpr-jarallax-no wpr-parallax-no wpr-sticky-section-no wpr-equal-height-no\" data-id=\"35c5290\" data-element_type=\"section\" data-e-type=\"section\" data-settings=\"{&quot;jet_parallax_layout_list&quot;:[],&quot;background_background&quot;:&quot;classic&quot;}\">\n\t\t\t\t\t\t<div class=\"elementor-container elementor-column-gap-default\">\n\t\t\t\t\t<div class=\"elementor-column elementor-col-100 elementor-top-column elementor-element elementor-element-a6415cf\" data-id=\"a6415cf\" data-element_type=\"column\" data-e-type=\"column\">\n\t\t\t<div class=\"elementor-widget-wrap\">\n\t\t\t\t\t\t\t<\/div>\n\t\t<\/div>\n\t\t\t\t\t<\/div>\n\t\t<\/section>\n\t\t\t\t<section class=\"elementor-section elementor-top-section elementor-element elementor-element-b358ae0 elementor-section-content-middle elementor-section-boxed elementor-section-height-default elementor-section-height-default wpr-particle-no wpr-jarallax-no wpr-parallax-no wpr-sticky-section-no wpr-equal-height-no\" data-id=\"b358ae0\" data-element_type=\"section\" data-e-type=\"section\" data-settings=\"{&quot;jet_parallax_layout_list&quot;:[],&quot;background_background&quot;:&quot;classic&quot;}\">\n\t\t\t\t\t\t<div class=\"elementor-container elementor-column-gap-default\">\n\t\t\t\t\t<div class=\"elementor-column elementor-col-66 elementor-top-column elementor-element elementor-element-e840159 elementor-invisible\" data-id=\"e840159\" data-element_type=\"column\" data-e-type=\"column\" data-settings=\"{&quot;animation&quot;:&quot;fadeInLeft&quot;,&quot;animation_delay&quot;:100}\">\n\t\t\t<div class=\"elementor-widget-wrap elementor-element-populated\">\n\t\t\t\t\t\t<div class=\"elementor-element elementor-element-150f309 elementor-widget elementor-widget-text-editor\" data-id=\"150f309\" data-element_type=\"widget\" data-e-type=\"widget\" data-widget_type=\"text-editor.default\">\n\t\t\t\t\t\t\t\t\t<p>Il y a de nos jours une prise de conscience croissante de l\u2019absolue n\u00e9cessit\u00e9 de changer de paradigme. L\u2019utilisation excessive des ressources naturelles et l\u2019alt\u00e9ration des cycles naturels ont eu de graves r\u00e9percussions climatiques. Il est devenu urgent de prendre des mesures d\u2019att\u00e9nuation qui permettent, d\u2019une part, de promouvoir le confort et la qualit\u00e9 de vie et d\u2019autre part, de prot\u00e9ger l\u2019environnement.<\/p>\n<p>C\u2019est pourquoi il est urgent de changer nos habitudes, avec l\u2019utilisation de techniques, le d\u00e9veloppement de technologies et l\u2019investissement dans des projets qui permettent d\u2019optimiser et de g\u00e9rer les ressources hydriques et de r\u00e9duire l\u2019utilisation d\u2019engrais et de pesticides dans l\u2019agriculture et les for\u00eats, contribuant ainsi \u00e0 la r\u00e9duction des gaz \u00e0 effet de serre dans l\u2019atmosph\u00e8re.<\/p>\n\t\t\t\t\t\t\t\t<\/div>\n\t\t\t\t\t<\/div>\n\t\t<\/div>\n\t\t\t\t<div class=\"elementor-column elementor-col-33 elementor-top-column elementor-element elementor-element-c28b367\" data-id=\"c28b367\" data-element_type=\"column\" data-e-type=\"column\">\n\t\t\t<div class=\"elementor-widget-wrap\">\n\t\t\t\t\t\t\t<\/div>\n\t\t<\/div>\n\t\t\t\t\t<\/div>\n\t\t<\/section>\n\t\t\t\t<section class=\"elementor-section elementor-top-section elementor-element elementor-element-d108690 elementor-section-full_width elementor-section-content-bottom elementor-section-height-default elementor-section-height-default wpr-particle-no wpr-jarallax-no wpr-parallax-no wpr-sticky-section-no wpr-equal-height-no\" data-id=\"d108690\" data-element_type=\"section\" data-e-type=\"section\" data-settings=\"{&quot;jet_parallax_layout_list&quot;:[],&quot;background_background&quot;:&quot;classic&quot;}\">\n\t\t\t\t\t\t<div class=\"elementor-container elementor-column-gap-default\">\n\t\t\t\t\t<div class=\"elementor-column elementor-col-33 elementor-top-column elementor-element elementor-element-69683f8 elementor-invisible\" data-id=\"69683f8\" data-element_type=\"column\" data-e-type=\"column\" data-settings=\"{&quot;background_background&quot;:&quot;classic&quot;,&quot;animation&quot;:&quot;fadeInUp&quot;,&quot;animation_delay&quot;:0}\">\n\t\t\t<div class=\"elementor-widget-wrap elementor-element-populated\">\n\t\t\t\t\t<div class=\"elementor-background-overlay\"><\/div>\n\t\t\t\t\t\t<div class=\"elementor-element elementor-element-d61ce8d elementor-widget elementor-widget-heading\" data-id=\"d61ce8d\" data-element_type=\"widget\" data-e-type=\"widget\" data-widget_type=\"heading.default\">\n\t\t\t\t\t<h5 class=\"elementor-heading-title elementor-size-default\">Eau: Dryject + SAP<\/h5>\t\t\t\t<\/div>\n\t\t\t\t<div class=\"elementor-element elementor-element-741ac05 elementor-align-left elementor-widget elementor-widget-raven-button\" data-id=\"741ac05\" data-element_type=\"widget\" data-e-type=\"widget\" data-settings=\"{&quot;turn_to_popup_action_button&quot;:&quot;no&quot;}\" data-widget_type=\"raven-button.default\">\n\t\t\t\t<div class=\"elementor-widget-container\">\n\t\t\t\t\t\t\t<div class=\"raven-widget-wrapper\">\n\t\t\t<a class=\"raven-button raven-button-widget-normal-effect-none  raven-button-text-align-center raven-button-link elementor-animation-none\" href=\"https:\/\/www.ativ.pt\/fr\/domaines-dactivite\/agriculture-et-developpement-durable\/eau-dryject-sap\/\">\t\t\t\t<div class=\"raven-button-overlay\" ><\/div>\n\t\t\t\t<span class=\"raven-button-content\">\n\t\t\t\t\t\n\t\t\t\t\t<div class=\"button-text-container\">\n\t\t\t\t\t\t\t\t\t\t\t\t<div class=\"raven-button-texts-wrapper\">\n\t\t\t\t\t\t\t<div class=\"button-text\">\n\t\t\t\t\t\t\t\t<span class=\"raven-button-text\">\n\t\t\t\t\t\t\t\t\tEn savoir plus\t\t\t\t\t\t\t\t<\/span>\n\t\t\t\t\t\t\t<\/div>\n\t\t\t\t\t\t\t\t\t\t\t\t\t<\/div>\n\t\t\t\t\t\t\t\t\t<span class=\"raven-button-icon raven-button-icon-position-right\">\n\t\t\t\t<svg aria-hidden=\"true\" class=\"e-font-icon-svg e-fas-chevron-right\" viewBox=\"0 0 320 512\" xmlns=\"http:\/\/www.w3.org\/2000\/svg\"><path d=\"M285.476 272.971L91.132 467.314c-9.373 9.373-24.569 9.373-33.941 0l-22.667-22.667c-9.357-9.357-9.375-24.522-.04-33.901L188.505 256 34.484 101.255c-9.335-9.379-9.317-24.544.04-33.901l22.667-22.667c9.373-9.373 24.569-9.373 33.941 0L285.475 239.03c9.373 9.372 9.373 24.568.001 33.941z\"><\/path><\/svg>\t\t\t<\/span>\n\t\t\t\t\t\t\t<\/div>\n\t\t\t\t\t\n\t\t\t\t\t\t\t\t\t<\/span>\n\t\t\t<\/a>\t\t<\/div>\n\t\t\t\t\t\t<\/div>\n\t\t\t\t<\/div>\n\t\t\t\t\t<\/div>\n\t\t<\/div>\n\t\t\t\t<div class=\"elementor-column elementor-col-33 elementor-top-column elementor-element elementor-element-a015f43 elementor-invisible\" data-id=\"a015f43\" data-element_type=\"column\" data-e-type=\"column\" data-settings=\"{&quot;background_background&quot;:&quot;classic&quot;,&quot;animation&quot;:&quot;fadeInUp&quot;,&quot;animation_delay&quot;:100}\">\n\t\t\t<div class=\"elementor-widget-wrap elementor-element-populated\">\n\t\t\t\t\t<div class=\"elementor-background-overlay\"><\/div>\n\t\t\t\t\t\t<div class=\"elementor-element elementor-element-4c51b47 elementor-widget elementor-widget-heading\" data-id=\"4c51b47\" data-element_type=\"widget\" data-e-type=\"widget\" data-widget_type=\"heading.default\">\n\t\t\t\t\t<h5 class=\"elementor-heading-title elementor-size-default\">For\u00eat<\/h5>\t\t\t\t<\/div>\n\t\t\t\t<div class=\"elementor-element elementor-element-1614d39 elementor-align-left elementor-widget elementor-widget-raven-button\" data-id=\"1614d39\" data-element_type=\"widget\" data-e-type=\"widget\" data-settings=\"{&quot;turn_to_popup_action_button&quot;:&quot;no&quot;}\" data-widget_type=\"raven-button.default\">\n\t\t\t\t<div class=\"elementor-widget-container\">\n\t\t\t\t\t\t\t<div class=\"raven-widget-wrapper\">\n\t\t\t<a class=\"raven-button raven-button-widget-normal-effect-none  raven-button-text-align-center raven-button-link elementor-animation-none\" href=\"https:\/\/www.ativ.pt\/fr\/domaines-dactivite\/agriculture-et-developpement-durable\/foret\/\">\t\t\t\t<div class=\"raven-button-overlay\" ><\/div>\n\t\t\t\t<span class=\"raven-button-content\">\n\t\t\t\t\t\n\t\t\t\t\t<div class=\"button-text-container\">\n\t\t\t\t\t\t\t\t\t\t\t\t<div class=\"raven-button-texts-wrapper\">\n\t\t\t\t\t\t\t<div class=\"button-text\">\n\t\t\t\t\t\t\t\t<span class=\"raven-button-text\">\n\t\t\t\t\t\t\t\t\tEn savoir plus\t\t\t\t\t\t\t\t<\/span>\n\t\t\t\t\t\t\t<\/div>\n\t\t\t\t\t\t\t\t\t\t\t\t\t<\/div>\n\t\t\t\t\t\t\t\t\t<span class=\"raven-button-icon raven-button-icon-position-right\">\n\t\t\t\t<svg aria-hidden=\"true\" class=\"e-font-icon-svg e-fas-chevron-right\" viewBox=\"0 0 320 512\" xmlns=\"http:\/\/www.w3.org\/2000\/svg\"><path d=\"M285.476 272.971L91.132 467.314c-9.373 9.373-24.569 9.373-33.941 0l-22.667-22.667c-9.357-9.357-9.375-24.522-.04-33.901L188.505 256 34.484 101.255c-9.335-9.379-9.317-24.544.04-33.901l22.667-22.667c9.373-9.373 24.569-9.373 33.941 0L285.475 239.03c9.373 9.372 9.373 24.568.001 33.941z\"><\/path><\/svg>\t\t\t<\/span>\n\t\t\t\t\t\t\t<\/div>\n\t\t\t\t\t\n\t\t\t\t\t\t\t\t\t<\/span>\n\t\t\t<\/a>\t\t<\/div>\n\t\t\t\t\t\t<\/div>\n\t\t\t\t<\/div>\n\t\t\t\t\t<\/div>\n\t\t<\/div>\n\t\t\t\t<div class=\"elementor-column elementor-col-33 elementor-top-column elementor-element elementor-element-984e8be elementor-invisible\" data-id=\"984e8be\" data-element_type=\"column\" data-e-type=\"column\" data-settings=\"{&quot;background_background&quot;:&quot;classic&quot;,&quot;animation&quot;:&quot;fadeInUp&quot;,&quot;animation_delay&quot;:200}\">\n\t\t\t<div class=\"elementor-widget-wrap elementor-element-populated\">\n\t\t\t\t\t<div class=\"elementor-background-overlay\"><\/div>\n\t\t\t\t\t\t<div class=\"elementor-element elementor-element-eb5663f elementor-widget elementor-widget-heading\" data-id=\"eb5663f\" data-element_type=\"widget\" data-e-type=\"widget\" data-widget_type=\"heading.default\">\n\t\t\t\t\t<h5 class=\"elementor-heading-title elementor-size-default\">Services de G\u00e9nie Rural<\/h5>\t\t\t\t<\/div>\n\t\t\t\t<div class=\"elementor-element elementor-element-9059e89 elementor-align-left elementor-widget elementor-widget-raven-button\" data-id=\"9059e89\" data-element_type=\"widget\" data-e-type=\"widget\" data-settings=\"{&quot;turn_to_popup_action_button&quot;:&quot;no&quot;}\" data-widget_type=\"raven-button.default\">\n\t\t\t\t<div class=\"elementor-widget-container\">\n\t\t\t\t\t\t\t<div class=\"raven-widget-wrapper\">\n\t\t\t<a class=\"raven-button raven-button-widget-normal-effect-none  raven-button-text-align-center raven-button-link elementor-animation-none\" href=\"https:\/\/www.ativ.pt\/fr\/domaines-dactivite\/agriculture-et-developpement-durable\/services-de-genie-rural\/\">\t\t\t\t<div class=\"raven-button-overlay\" ><\/div>\n\t\t\t\t<span class=\"raven-button-content\">\n\t\t\t\t\t\n\t\t\t\t\t<div class=\"button-text-container\">\n\t\t\t\t\t\t\t\t\t\t\t\t<div class=\"raven-button-texts-wrapper\">\n\t\t\t\t\t\t\t<div class=\"button-text\">\n\t\t\t\t\t\t\t\t<span class=\"raven-button-text\">\n\t\t\t\t\t\t\t\t\tEn savoir plus\t\t\t\t\t\t\t\t<\/span>\n\t\t\t\t\t\t\t<\/div>\n\t\t\t\t\t\t\t\t\t\t\t\t\t<\/div>\n\t\t\t\t\t\t\t\t\t<span class=\"raven-button-icon raven-button-icon-position-right\">\n\t\t\t\t<svg aria-hidden=\"true\" class=\"e-font-icon-svg e-fas-chevron-right\" viewBox=\"0 0 320 512\" xmlns=\"http:\/\/www.w3.org\/2000\/svg\"><path d=\"M285.476 272.971L91.132 467.314c-9.373 9.373-24.569 9.373-33.941 0l-22.667-22.667c-9.357-9.357-9.375-24.522-.04-33.901L188.505 256 34.484 101.255c-9.335-9.379-9.317-24.544.04-33.901l22.667-22.667c9.373-9.373 24.569-9.373 33.941 0L285.475 239.03c9.373 9.372 9.373 24.568.001 33.941z\"><\/path><\/svg>\t\t\t<\/span>\n\t\t\t\t\t\t\t<\/div>\n\t\t\t\t\t\n\t\t\t\t\t\t\t\t\t<\/span>\n\t\t\t<\/a>\t\t<\/div>\n\t\t\t\t\t\t<\/div>\n\t\t\t\t<\/div>\n\t\t\t\t\t<\/div>\n\t\t<\/div>\n\t\t\t\t\t<\/div>\n\t\t<\/section>\n\t\t\t\t<\/div>\n\t\t","protected":false},"excerpt":{"rendered":"<p>In\u00edcio Il y a de nos jours une prise de conscience croissante de l\u2019absolue n\u00e9cessit\u00e9 de changer de paradigme. L\u2019utilisation excessive des ressources naturelles et l\u2019alt\u00e9ration des cycles naturels ont eu de graves r\u00e9percussions climatiques. Il est devenu urgent de prendre des mesures d\u2019att\u00e9nuation qui permettent, d\u2019une part, de promouvoir le confort et la qualit\u00e9 de vie et d\u2019autre part, de prot\u00e9ger l\u2019environnement. C\u2019est pourquoi il est urgent de changer nos habitudes, avec l\u2019utilisation de techniques, le d\u00e9veloppement de technologies et l\u2019investissement dans des projets qui permettent d\u2019optimiser et de g\u00e9rer les ressources hydriques et de r\u00e9duire l\u2019utilisation d\u2019engrais et de pesticides dans l\u2019agriculture et les for\u00eats, contribuant ainsi \u00e0 la r\u00e9duction des gaz \u00e0 effet de serre dans l\u2019atmosph\u00e8re. Eau: Dryject + SAP En savoir plus For\u00eat En savoir plus Services de G\u00e9nie Rural En savoir plus<\/p>\n","protected":false},"author":1,"featured_media":4452,"parent":5492,"menu_order":5,"comment_status":"closed","ping_status":"closed","template":"elementor_header_footer","meta":{"_acf_changed":false,"footnotes":""},"class_list":["post-5453","page","type-page","status-publish","has-post-thumbnail","hentry"],"acf":[],"yoast_head":"<!-- This site is optimized with the Yoast SEO plugin v27.5 - https:\/\/yoast.com\/product\/yoast-seo-wordpress\/ -->\n<title>Agriculture et D\u00e9veloppement Durable - Mota-Engil ATIV<\/title>\n<meta name=\"robots\" content=\"index, follow, max-snippet:-1, max-image-preview:large, max-video-preview:-1\" \/>\n<link rel=\"canonical\" href=\"https:\/\/www.ativ.pt\/fr\/domaines-dactivite\/agriculture-et-developpement-durable\/\" \/>\n<meta property=\"og:locale\" content=\"fr_FR\" \/>\n<meta property=\"og:type\" content=\"article\" \/>\n<meta property=\"og:title\" content=\"Agriculture et D\u00e9veloppement Durable - Mota-Engil ATIV\" \/>\n<meta property=\"og:description\" content=\"In\u00edcio Il y a de nos jours une prise de conscience croissante de l\u2019absolue n\u00e9cessit\u00e9 de changer de paradigme. L\u2019utilisation excessive des ressources naturelles et l\u2019alt\u00e9ration des cycles naturels ont eu de graves r\u00e9percussions climatiques. Il est devenu urgent de prendre des mesures d\u2019att\u00e9nuation qui permettent, d\u2019une part, de promouvoir le confort et la qualit\u00e9 de vie et d\u2019autre part, de prot\u00e9ger l\u2019environnement. C\u2019est pourquoi il est urgent de changer nos habitudes, avec l\u2019utilisation de techniques, le d\u00e9veloppement de technologies et l\u2019investissement dans des projets qui permettent d\u2019optimiser et de g\u00e9rer les ressources hydriques et de r\u00e9duire l\u2019utilisation d\u2019engrais et de pesticides dans l\u2019agriculture et les for\u00eats, contribuant ainsi \u00e0 la r\u00e9duction des gaz \u00e0 effet de serre dans l\u2019atmosph\u00e8re. Eau: Dryject + SAP En savoir plus For\u00eat En savoir plus Services de G\u00e9nie Rural En savoir plus\" \/>\n<meta property=\"og:url\" content=\"https:\/\/www.ativ.pt\/fr\/domaines-dactivite\/agriculture-et-developpement-durable\/\" \/>\n<meta property=\"og:site_name\" content=\"Mota-Engil ATIV\" \/>\n<meta property=\"article:publisher\" content=\"https:\/\/www.facebook.com\/MotaEngilATIV\/\" \/>\n<meta property=\"article:modified_time\" content=\"2022-10-07T09:14:30+00:00\" \/>\n<meta property=\"og:image\" content=\"https:\/\/www.ativ.pt\/wp-content\/uploads\/2022\/06\/energia-carbono-2-1920x1280-1.jpg\" \/>\n\t<meta property=\"og:image:width\" content=\"1920\" \/>\n\t<meta property=\"og:image:height\" content=\"1280\" \/>\n\t<meta property=\"og:image:type\" content=\"image\/jpeg\" \/>\n<meta name=\"twitter:card\" content=\"summary_large_image\" \/>\n<meta name=\"twitter:label1\" content=\"Dur\u00e9e de lecture estim\u00e9e\" \/>\n\t<meta name=\"twitter:data1\" content=\"1 minute\" \/>\n<script type=\"application\/ld+json\" class=\"yoast-schema-graph\">{\"@context\":\"https:\\\/\\\/schema.org\",\"@graph\":[{\"@type\":\"WebPage\",\"@id\":\"https:\\\/\\\/www.ativ.pt\\\/fr\\\/domaines-dactivite\\\/agriculture-et-developpement-durable\\\/\",\"url\":\"https:\\\/\\\/www.ativ.pt\\\/fr\\\/domaines-dactivite\\\/agriculture-et-developpement-durable\\\/\",\"name\":\"Agriculture et D\u00e9veloppement Durable - Mota-Engil ATIV\",\"isPartOf\":{\"@id\":\"https:\\\/\\\/www.ativ.pt\\\/fr\\\/#website\"},\"primaryImageOfPage\":{\"@id\":\"https:\\\/\\\/www.ativ.pt\\\/fr\\\/domaines-dactivite\\\/agriculture-et-developpement-durable\\\/#primaryimage\"},\"image\":{\"@id\":\"https:\\\/\\\/www.ativ.pt\\\/fr\\\/domaines-dactivite\\\/agriculture-et-developpement-durable\\\/#primaryimage\"},\"thumbnailUrl\":\"https:\\\/\\\/www.ativ.pt\\\/wp-content\\\/uploads\\\/2022\\\/06\\\/energia-carbono-2-1920x1280-1.jpg\",\"datePublished\":\"2022-04-29T11:52:26+00:00\",\"dateModified\":\"2022-10-07T09:14:30+00:00\",\"breadcrumb\":{\"@id\":\"https:\\\/\\\/www.ativ.pt\\\/fr\\\/domaines-dactivite\\\/agriculture-et-developpement-durable\\\/#breadcrumb\"},\"inLanguage\":\"fr-FR\",\"potentialAction\":[{\"@type\":\"ReadAction\",\"target\":[\"https:\\\/\\\/www.ativ.pt\\\/fr\\\/domaines-dactivite\\\/agriculture-et-developpement-durable\\\/\"]}]},{\"@type\":\"ImageObject\",\"inLanguage\":\"fr-FR\",\"@id\":\"https:\\\/\\\/www.ativ.pt\\\/fr\\\/domaines-dactivite\\\/agriculture-et-developpement-durable\\\/#primaryimage\",\"url\":\"https:\\\/\\\/www.ativ.pt\\\/wp-content\\\/uploads\\\/2022\\\/06\\\/energia-carbono-2-1920x1280-1.jpg\",\"contentUrl\":\"https:\\\/\\\/www.ativ.pt\\\/wp-content\\\/uploads\\\/2022\\\/06\\\/energia-carbono-2-1920x1280-1.jpg\",\"width\":1920,\"height\":1280},{\"@type\":\"BreadcrumbList\",\"@id\":\"https:\\\/\\\/www.ativ.pt\\\/fr\\\/domaines-dactivite\\\/agriculture-et-developpement-durable\\\/#breadcrumb\",\"itemListElement\":[{\"@type\":\"ListItem\",\"position\":1,\"name\":\"In\u00edcio\",\"item\":\"https:\\\/\\\/www.ativ.pt\\\/fr\\\/\"},{\"@type\":\"ListItem\",\"position\":2,\"name\":\"Domaines d&rsquo;Activit\u00e9\",\"item\":\"https:\\\/\\\/www.ativ.pt\\\/fr\\\/domaines-dactivite\\\/\"},{\"@type\":\"ListItem\",\"position\":3,\"name\":\"Agriculture et D\u00e9veloppement Durable\"}]},{\"@type\":\"WebSite\",\"@id\":\"https:\\\/\\\/www.ativ.pt\\\/fr\\\/#website\",\"url\":\"https:\\\/\\\/www.ativ.pt\\\/fr\\\/\",\"name\":\"Mota-Engil ATIV\",\"description\":\"Gest\u00e3o e Manuten\u00e7\u00e3o de Ativos\",\"publisher\":{\"@id\":\"https:\\\/\\\/www.ativ.pt\\\/fr\\\/#organization\"},\"potentialAction\":[{\"@type\":\"SearchAction\",\"target\":{\"@type\":\"EntryPoint\",\"urlTemplate\":\"https:\\\/\\\/www.ativ.pt\\\/fr\\\/?s={search_term_string}\"},\"query-input\":{\"@type\":\"PropertyValueSpecification\",\"valueRequired\":true,\"valueName\":\"search_term_string\"}}],\"inLanguage\":\"fr-FR\"},{\"@type\":\"Organization\",\"@id\":\"https:\\\/\\\/www.ativ.pt\\\/fr\\\/#organization\",\"name\":\"Mota-Engil ATIV\",\"url\":\"https:\\\/\\\/www.ativ.pt\\\/fr\\\/\",\"logo\":{\"@type\":\"ImageObject\",\"inLanguage\":\"fr-FR\",\"@id\":\"https:\\\/\\\/www.ativ.pt\\\/fr\\\/#\\\/schema\\\/logo\\\/image\\\/\",\"url\":\"https:\\\/\\\/www.ativ.pt\\\/wp-content\\\/uploads\\\/2022\\\/04\\\/logo-ativ-cor-1.svg\",\"contentUrl\":\"https:\\\/\\\/www.ativ.pt\\\/wp-content\\\/uploads\\\/2022\\\/04\\\/logo-ativ-cor-1.svg\",\"width\":250,\"height\":100,\"caption\":\"Mota-Engil ATIV\"},\"image\":{\"@id\":\"https:\\\/\\\/www.ativ.pt\\\/fr\\\/#\\\/schema\\\/logo\\\/image\\\/\"},\"sameAs\":[\"https:\\\/\\\/www.facebook.com\\\/MotaEngilATIV\\\/\",\"https:\\\/\\\/www.instagram.com\\\/mota_engil_ativ\\\/\",\"https:\\\/\\\/www.linkedin.com\\\/company\\\/motaengil-ativ\"]}]}<\/script>\n<!-- \/ Yoast SEO plugin. -->","yoast_head_json":{"title":"Agriculture et D\u00e9veloppement Durable - Mota-Engil ATIV","robots":{"index":"index","follow":"follow","max-snippet":"max-snippet:-1","max-image-preview":"max-image-preview:large","max-video-preview":"max-video-preview:-1"},"canonical":"https:\/\/www.ativ.pt\/fr\/domaines-dactivite\/agriculture-et-developpement-durable\/","og_locale":"fr_FR","og_type":"article","og_title":"Agriculture et D\u00e9veloppement Durable - Mota-Engil ATIV","og_description":"In\u00edcio Il y a de nos jours une prise de conscience croissante de l\u2019absolue n\u00e9cessit\u00e9 de changer de paradigme. L\u2019utilisation excessive des ressources naturelles et l\u2019alt\u00e9ration des cycles naturels ont eu de graves r\u00e9percussions climatiques. Il est devenu urgent de prendre des mesures d\u2019att\u00e9nuation qui permettent, d\u2019une part, de promouvoir le confort et la qualit\u00e9 de vie et d\u2019autre part, de prot\u00e9ger l\u2019environnement. C\u2019est pourquoi il est urgent de changer nos habitudes, avec l\u2019utilisation de techniques, le d\u00e9veloppement de technologies et l\u2019investissement dans des projets qui permettent d\u2019optimiser et de g\u00e9rer les ressources hydriques et de r\u00e9duire l\u2019utilisation d\u2019engrais et de pesticides dans l\u2019agriculture et les for\u00eats, contribuant ainsi \u00e0 la r\u00e9duction des gaz \u00e0 effet de serre dans l\u2019atmosph\u00e8re. Eau: Dryject + SAP En savoir plus For\u00eat En savoir plus Services de G\u00e9nie Rural En savoir plus","og_url":"https:\/\/www.ativ.pt\/fr\/domaines-dactivite\/agriculture-et-developpement-durable\/","og_site_name":"Mota-Engil ATIV","article_publisher":"https:\/\/www.facebook.com\/MotaEngilATIV\/","article_modified_time":"2022-10-07T09:14:30+00:00","og_image":[{"width":1920,"height":1280,"url":"https:\/\/www.ativ.pt\/wp-content\/uploads\/2022\/06\/energia-carbono-2-1920x1280-1.jpg","type":"image\/jpeg"}],"twitter_card":"summary_large_image","twitter_misc":{"Dur\u00e9e de lecture estim\u00e9e":"1 minute"},"schema":{"@context":"https:\/\/schema.org","@graph":[{"@type":"WebPage","@id":"https:\/\/www.ativ.pt\/fr\/domaines-dactivite\/agriculture-et-developpement-durable\/","url":"https:\/\/www.ativ.pt\/fr\/domaines-dactivite\/agriculture-et-developpement-durable\/","name":"Agriculture et D\u00e9veloppement Durable - Mota-Engil ATIV","isPartOf":{"@id":"https:\/\/www.ativ.pt\/fr\/#website"},"primaryImageOfPage":{"@id":"https:\/\/www.ativ.pt\/fr\/domaines-dactivite\/agriculture-et-developpement-durable\/#primaryimage"},"image":{"@id":"https:\/\/www.ativ.pt\/fr\/domaines-dactivite\/agriculture-et-developpement-durable\/#primaryimage"},"thumbnailUrl":"https:\/\/www.ativ.pt\/wp-content\/uploads\/2022\/06\/energia-carbono-2-1920x1280-1.jpg","datePublished":"2022-04-29T11:52:26+00:00","dateModified":"2022-10-07T09:14:30+00:00","breadcrumb":{"@id":"https:\/\/www.ativ.pt\/fr\/domaines-dactivite\/agriculture-et-developpement-durable\/#breadcrumb"},"inLanguage":"fr-FR","potentialAction":[{"@type":"ReadAction","target":["https:\/\/www.ativ.pt\/fr\/domaines-dactivite\/agriculture-et-developpement-durable\/"]}]},{"@type":"ImageObject","inLanguage":"fr-FR","@id":"https:\/\/www.ativ.pt\/fr\/domaines-dactivite\/agriculture-et-developpement-durable\/#primaryimage","url":"https:\/\/www.ativ.pt\/wp-content\/uploads\/2022\/06\/energia-carbono-2-1920x1280-1.jpg","contentUrl":"https:\/\/www.ativ.pt\/wp-content\/uploads\/2022\/06\/energia-carbono-2-1920x1280-1.jpg","width":1920,"height":1280},{"@type":"BreadcrumbList","@id":"https:\/\/www.ativ.pt\/fr\/domaines-dactivite\/agriculture-et-developpement-durable\/#breadcrumb","itemListElement":[{"@type":"ListItem","position":1,"name":"In\u00edcio","item":"https:\/\/www.ativ.pt\/fr\/"},{"@type":"ListItem","position":2,"name":"Domaines d&rsquo;Activit\u00e9","item":"https:\/\/www.ativ.pt\/fr\/domaines-dactivite\/"},{"@type":"ListItem","position":3,"name":"Agriculture et D\u00e9veloppement Durable"}]},{"@type":"WebSite","@id":"https:\/\/www.ativ.pt\/fr\/#website","url":"https:\/\/www.ativ.pt\/fr\/","name":"Mota-Engil ATIV","description":"Gest\u00e3o e Manuten\u00e7\u00e3o de Ativos","publisher":{"@id":"https:\/\/www.ativ.pt\/fr\/#organization"},"potentialAction":[{"@type":"SearchAction","target":{"@type":"EntryPoint","urlTemplate":"https:\/\/www.ativ.pt\/fr\/?s={search_term_string}"},"query-input":{"@type":"PropertyValueSpecification","valueRequired":true,"valueName":"search_term_string"}}],"inLanguage":"fr-FR"},{"@type":"Organization","@id":"https:\/\/www.ativ.pt\/fr\/#organization","name":"Mota-Engil ATIV","url":"https:\/\/www.ativ.pt\/fr\/","logo":{"@type":"ImageObject","inLanguage":"fr-FR","@id":"https:\/\/www.ativ.pt\/fr\/#\/schema\/logo\/image\/","url":"https:\/\/www.ativ.pt\/wp-content\/uploads\/2022\/04\/logo-ativ-cor-1.svg","contentUrl":"https:\/\/www.ativ.pt\/wp-content\/uploads\/2022\/04\/logo-ativ-cor-1.svg","width":250,"height":100,"caption":"Mota-Engil ATIV"},"image":{"@id":"https:\/\/www.ativ.pt\/fr\/#\/schema\/logo\/image\/"},"sameAs":["https:\/\/www.facebook.com\/MotaEngilATIV\/","https:\/\/www.instagram.com\/mota_engil_ativ\/","https:\/\/www.linkedin.com\/company\/motaengil-ativ"]}]}},"_links":{"self":[{"href":"https:\/\/www.ativ.pt\/fr\/wp-json\/wp\/v2\/pages\/5453","targetHints":{"allow":["GET"]}}],"collection":[{"href":"https:\/\/www.ativ.pt\/fr\/wp-json\/wp\/v2\/pages"}],"about":[{"href":"https:\/\/www.ativ.pt\/fr\/wp-json\/wp\/v2\/types\/page"}],"author":[{"embeddable":true,"href":"https:\/\/www.ativ.pt\/fr\/wp-json\/wp\/v2\/users\/1"}],"replies":[{"embeddable":true,"href":"https:\/\/www.ativ.pt\/fr\/wp-json\/wp\/v2\/comments?post=5453"}],"version-history":[{"count":2,"href":"https:\/\/www.ativ.pt\/fr\/wp-json\/wp\/v2\/pages\/5453\/revisions"}],"predecessor-version":[{"id":6318,"href":"https:\/\/www.ativ.pt\/fr\/wp-json\/wp\/v2\/pages\/5453\/revisions\/6318"}],"up":[{"embeddable":true,"href":"https:\/\/www.ativ.pt\/fr\/wp-json\/wp\/v2\/pages\/5492"}],"wp:featuredmedia":[{"embeddable":true,"href":"https:\/\/www.ativ.pt\/fr\/wp-json\/wp\/v2\/media\/4452"}],"wp:attachment":[{"href":"https:\/\/www.ativ.pt\/fr\/wp-json\/wp\/v2\/media?parent=5453"}],"curies":[{"name":"wp","href":"https:\/\/api.w.org\/{rel}","templated":true}]}}