{"id":5447,"date":"2022-05-25T08:58:08","date_gmt":"2022-05-25T08:58:08","guid":{"rendered":"https:\/\/www.ativ.pt\/amenagement-paysager\/espaces-verts\/"},"modified":"2022-08-26T08:51:30","modified_gmt":"2022-08-26T08:51:30","slug":"espaces-verts","status":"publish","type":"page","link":"https:\/\/www.ativ.pt\/fr\/domaines-dactivite\/amenagement-paysager\/espaces-verts\/","title":{"rendered":"Espaces Verts"},"content":{"rendered":"\t\t<div data-elementor-type=\"wp-page\" data-elementor-id=\"5447\" class=\"elementor elementor-5447 elementor-476\">\n\t\t\t\t\t\t<section class=\"elementor-section elementor-top-section elementor-element elementor-element-c46e115 elementor-section-boxed elementor-section-height-default elementor-section-height-default wpr-particle-no wpr-jarallax-no wpr-parallax-no wpr-sticky-section-no wpr-equal-height-no\" data-id=\"c46e115\" data-element_type=\"section\" data-e-type=\"section\" data-settings=\"{&quot;jet_parallax_layout_list&quot;:[],&quot;background_background&quot;:&quot;classic&quot;}\">\n\t\t\t\t\t\t<div class=\"elementor-container elementor-column-gap-default\">\n\t\t\t\t\t<div class=\"elementor-column elementor-col-100 elementor-top-column elementor-element elementor-element-1606ed0\" data-id=\"1606ed0\" data-element_type=\"column\" data-e-type=\"column\">\n\t\t\t<div class=\"elementor-widget-wrap elementor-element-populated\">\n\t\t\t\t\t\t<div class=\"elementor-element elementor-element-2cce8ff elementor-widget elementor-widget-heading\" data-id=\"2cce8ff\" data-element_type=\"widget\" data-e-type=\"widget\" data-widget_type=\"heading.default\">\n\t\t\t\t\t<h1 class=\"elementor-heading-title elementor-size-default\">Espaces Verts<\/h1>\t\t\t\t<\/div>\n\t\t\t\t<div class=\"elementor-element elementor-element-32ad141 elementor-align-flex-start elementor-widget elementor-widget-raven-breadcrumbs\" data-id=\"32ad141\" data-element_type=\"widget\" data-e-type=\"widget\" data-widget_type=\"raven-breadcrumbs.default\">\n\t\t\t\t<div class=\"elementor-widget-container\">\n\t\t\t\t\t<div class=\"raven-breadcrumbs raven-breadcrumbs-yoast\"><nav id=\"breadcrumbs\"><span><span><a href=\"https:\/\/www.ativ.pt\/fr\/\">In\u00edcio<\/a><\/span><\/span><\/nav><\/div>\t\t\t\t<\/div>\n\t\t\t\t<\/div>\n\t\t\t\t\t<\/div>\n\t\t<\/div>\n\t\t\t\t\t<\/div>\n\t\t<\/section>\n\t\t\t\t<section class=\"elementor-section elementor-top-section elementor-element elementor-element-3645754 elementor-section-height-min-height elementor-section-boxed elementor-section-height-default elementor-section-items-middle wpr-particle-no wpr-jarallax-no wpr-parallax-no wpr-sticky-section-no wpr-equal-height-no\" data-id=\"3645754\" data-element_type=\"section\" data-e-type=\"section\" data-settings=\"{&quot;jet_parallax_layout_list&quot;:[],&quot;background_background&quot;:&quot;classic&quot;}\">\n\t\t\t\t\t\t<div class=\"elementor-container elementor-column-gap-default\">\n\t\t\t\t\t<div class=\"elementor-column elementor-col-100 elementor-top-column elementor-element elementor-element-8445ac2\" data-id=\"8445ac2\" data-element_type=\"column\" data-e-type=\"column\">\n\t\t\t<div class=\"elementor-widget-wrap\">\n\t\t\t\t\t\t\t<\/div>\n\t\t<\/div>\n\t\t\t\t\t<\/div>\n\t\t<\/section>\n\t\t\t\t<section class=\"elementor-section elementor-top-section elementor-element elementor-element-197e58d elementor-section-content-middle elementor-section-boxed elementor-section-height-default elementor-section-height-default wpr-particle-no wpr-jarallax-no wpr-parallax-no wpr-sticky-section-no wpr-equal-height-no\" data-id=\"197e58d\" data-element_type=\"section\" data-e-type=\"section\" data-settings=\"{&quot;jet_parallax_layout_list&quot;:[],&quot;background_background&quot;:&quot;classic&quot;}\">\n\t\t\t\t\t\t<div class=\"elementor-container elementor-column-gap-default\">\n\t\t\t\t\t<div class=\"elementor-column elementor-col-66 elementor-top-column elementor-element elementor-element-72d0ef3 elementor-invisible\" data-id=\"72d0ef3\" data-element_type=\"column\" data-e-type=\"column\" data-settings=\"{&quot;animation&quot;:&quot;fadeInLeft&quot;,&quot;animation_delay&quot;:100}\">\n\t\t\t<div class=\"elementor-widget-wrap elementor-element-populated\">\n\t\t\t\t\t\t<div class=\"elementor-element elementor-element-8e8f9bc elementor-widget elementor-widget-text-editor\" data-id=\"8e8f9bc\" data-element_type=\"widget\" data-e-type=\"widget\" data-widget_type=\"text-editor.default\">\n\t\t\t\t\t\t\t\t\t<p>Une marque de confiance et d\u2019excellence sur le march\u00e9 de l\u2019am\u00e9nagement paysager, avec une action sp\u00e9cialis\u00e9e dans la planification, la construction et l\u2019entretien d\u2019espaces verts, avec un historique d\u2019activit\u00e9 solide sur le march\u00e9 portugais.<\/p>\t\t\t\t\t\t\t\t<\/div>\n\t\t\t\t\t<\/div>\n\t\t<\/div>\n\t\t\t\t<div class=\"elementor-column elementor-col-33 elementor-top-column elementor-element elementor-element-013d03f\" data-id=\"013d03f\" data-element_type=\"column\" data-e-type=\"column\">\n\t\t\t<div class=\"elementor-widget-wrap\">\n\t\t\t\t\t\t\t<\/div>\n\t\t<\/div>\n\t\t\t\t\t<\/div>\n\t\t<\/section>\n\t\t\t\t<section class=\"elementor-section elementor-top-section elementor-element elementor-element-5dfc941 elementor-section-height-min-height elementor-section-content-middle elementor-reverse-mobile elementor-section-boxed elementor-section-height-default elementor-section-items-middle wpr-particle-no wpr-jarallax-no wpr-parallax-no wpr-sticky-section-no wpr-equal-height-no\" data-id=\"5dfc941\" data-element_type=\"section\" data-e-type=\"section\" data-settings=\"{&quot;jet_parallax_layout_list&quot;:[],&quot;background_background&quot;:&quot;classic&quot;}\">\n\t\t\t\t\t\t<div class=\"elementor-container elementor-column-gap-no\">\n\t\t\t\t\t<div class=\"elementor-column elementor-col-50 elementor-top-column elementor-element elementor-element-06b6d20\" data-id=\"06b6d20\" data-element_type=\"column\" data-e-type=\"column\">\n\t\t\t<div class=\"elementor-widget-wrap elementor-element-populated\">\n\t\t\t\t\t\t<div class=\"elementor-element elementor-element-61d7817 elementor-invisible elementor-widget elementor-widget-text-editor\" data-id=\"61d7817\" data-element_type=\"widget\" data-e-type=\"widget\" data-settings=\"{&quot;_animation&quot;:&quot;fadeInLeft&quot;,&quot;_animation_delay&quot;:200}\" data-widget_type=\"text-editor.default\">\n\t\t\t\t\t\t\t\t\t<p>Nous apportons de la valeur ajout\u00e9e \u00e0 chaque projet via:<\/p>\t\t\t\t\t\t\t\t<\/div>\n\t\t\t\t<div class=\"elementor-element elementor-element-d1e5cf5 elementor-icon-list--layout-traditional elementor-list-item-link-full_width elementor-invisible elementor-widget elementor-widget-icon-list\" data-id=\"d1e5cf5\" data-element_type=\"widget\" data-e-type=\"widget\" data-settings=\"{&quot;_animation&quot;:&quot;fadeInLeft&quot;,&quot;_animation_delay&quot;:300}\" data-widget_type=\"icon-list.default\">\n\t\t\t\t\t\t\t<ul class=\"elementor-icon-list-items\">\n\t\t\t\t\t\t\t<li class=\"elementor-icon-list-item\">\n\t\t\t\t\t\t\t\t\t\t\t<span class=\"elementor-icon-list-icon\">\n\t\t\t\t\t\t\t<svg aria-hidden=\"true\" class=\"e-font-icon-svg e-fas-check\" viewBox=\"0 0 512 512\" xmlns=\"http:\/\/www.w3.org\/2000\/svg\"><path d=\"M173.898 439.404l-166.4-166.4c-9.997-9.997-9.997-26.206 0-36.204l36.203-36.204c9.997-9.998 26.207-9.998 36.204 0L192 312.69 432.095 72.596c9.997-9.997 26.207-9.997 36.204 0l36.203 36.204c9.997 9.997 9.997 26.206 0 36.204l-294.4 294.401c-9.998 9.997-26.207 9.997-36.204-.001z\"><\/path><\/svg>\t\t\t\t\t\t<\/span>\n\t\t\t\t\t\t\t\t\t\t<span class=\"elementor-icon-list-text\">R\u00e9alisation de toutes sortes d\u2019op\u00e9rations de conception, de construction et d\u2019entretien;<\/span>\n\t\t\t\t\t\t\t\t\t<\/li>\n\t\t\t\t\t\t\t\t<li class=\"elementor-icon-list-item\">\n\t\t\t\t\t\t\t\t\t\t\t<span class=\"elementor-icon-list-icon\">\n\t\t\t\t\t\t\t<svg aria-hidden=\"true\" class=\"e-font-icon-svg e-fas-check\" viewBox=\"0 0 512 512\" xmlns=\"http:\/\/www.w3.org\/2000\/svg\"><path d=\"M173.898 439.404l-166.4-166.4c-9.997-9.997-9.997-26.206 0-36.204l36.203-36.204c9.997-9.998 26.207-9.998 36.204 0L192 312.69 432.095 72.596c9.997-9.997 26.207-9.997 36.204 0l36.203 36.204c9.997 9.997 9.997 26.206 0 36.204l-294.4 294.401c-9.998 9.997-26.207 9.997-36.204-.001z\"><\/path><\/svg>\t\t\t\t\t\t<\/span>\n\t\t\t\t\t\t\t\t\t\t<span class=\"elementor-icon-list-text\">Services techniques d\u2019\u00e9lagage en hauteur, traitements phytosanitaires, abattage, transplantations s\u00e9lectives, entre autres;<\/span>\n\t\t\t\t\t\t\t\t\t<\/li>\n\t\t\t\t\t\t\t\t<li class=\"elementor-icon-list-item\">\n\t\t\t\t\t\t\t\t\t\t\t<span class=\"elementor-icon-list-icon\">\n\t\t\t\t\t\t\t<svg aria-hidden=\"true\" class=\"e-font-icon-svg e-fas-check\" viewBox=\"0 0 512 512\" xmlns=\"http:\/\/www.w3.org\/2000\/svg\"><path d=\"M173.898 439.404l-166.4-166.4c-9.997-9.997-9.997-26.206 0-36.204l36.203-36.204c9.997-9.998 26.207-9.998 36.204 0L192 312.69 432.095 72.596c9.997-9.997 26.207-9.997 36.204 0l36.203 36.204c9.997 9.997 9.997 26.206 0 36.204l-294.4 294.401c-9.998 9.997-26.207 9.997-36.204-.001z\"><\/path><\/svg>\t\t\t\t\t\t<\/span>\n\t\t\t\t\t\t\t\t\t\t<span class=\"elementor-icon-list-text\">Services de consulting, couvrant tous les aspects de la conception, de la construction et de l\u2019entretien d\u2019espaces verts.<\/span>\n\t\t\t\t\t\t\t\t\t<\/li>\n\t\t\t\t\t\t<\/ul>\n\t\t\t\t\t\t<\/div>\n\t\t\t\t\t<\/div>\n\t\t<\/div>\n\t\t\t\t<div class=\"elementor-column elementor-col-50 elementor-top-column elementor-element elementor-element-0bca176 elementor-invisible\" data-id=\"0bca176\" data-element_type=\"column\" data-e-type=\"column\" data-settings=\"{&quot;background_background&quot;:&quot;classic&quot;,&quot;animation&quot;:&quot;fadeInRight&quot;,&quot;animation_delay&quot;:100}\">\n\t\t\t<div class=\"elementor-widget-wrap elementor-element-populated\">\n\t\t\t\t\t\t<div class=\"elementor-element elementor-element-33b652b elementor-widget elementor-widget-spacer\" data-id=\"33b652b\" data-element_type=\"widget\" data-e-type=\"widget\" data-widget_type=\"spacer.default\">\n\t\t\t\t\t\t\t<div class=\"elementor-spacer\">\n\t\t\t<div class=\"elementor-spacer-inner\"><\/div>\n\t\t<\/div>\n\t\t\t\t\t\t<\/div>\n\t\t\t\t\t<\/div>\n\t\t<\/div>\n\t\t\t\t\t<\/div>\n\t\t<\/section>\n\t\t\t\t<\/div>\n\t\t","protected":false},"excerpt":{"rendered":"<p>In\u00edcio Une marque de confiance et d\u2019excellence sur le march\u00e9 de l\u2019am\u00e9nagement paysager, avec une action sp\u00e9cialis\u00e9e dans la planification, la construction et l\u2019entretien d\u2019espaces verts, avec un historique d\u2019activit\u00e9 solide sur le march\u00e9 portugais. Nous apportons de la valeur ajout\u00e9e \u00e0 chaque projet via: R\u00e9alisation de toutes sortes d\u2019op\u00e9rations de conception, de construction et d\u2019entretien; Services techniques d\u2019\u00e9lagage en hauteur, traitements phytosanitaires, abattage, transplantations s\u00e9lectives, entre autres; Services de consulting, couvrant tous les aspects de la conception, de la construction et de l\u2019entretien d\u2019espaces verts.<\/p>\n","protected":false},"author":1,"featured_media":4494,"parent":5443,"menu_order":2,"comment_status":"closed","ping_status":"closed","template":"elementor_header_footer","meta":{"_acf_changed":false,"footnotes":""},"class_list":["post-5447","page","type-page","status-publish","has-post-thumbnail","hentry"],"acf":[],"yoast_head":"<!-- This site is optimized with the Yoast SEO plugin v27.5 - https:\/\/yoast.com\/product\/yoast-seo-wordpress\/ -->\n<title>Espaces Verts - Mota-Engil ATIV<\/title>\n<meta name=\"robots\" content=\"index, follow, max-snippet:-1, max-image-preview:large, max-video-preview:-1\" \/>\n<link rel=\"canonical\" href=\"https:\/\/www.ativ.pt\/fr\/domaines-dactivite\/amenagement-paysager\/espaces-verts\/\" \/>\n<meta property=\"og:locale\" content=\"fr_FR\" \/>\n<meta property=\"og:type\" content=\"article\" \/>\n<meta property=\"og:title\" content=\"Espaces Verts - Mota-Engil ATIV\" \/>\n<meta property=\"og:description\" content=\"In\u00edcio Une marque de confiance et d\u2019excellence sur le march\u00e9 de l\u2019am\u00e9nagement paysager, avec une action sp\u00e9cialis\u00e9e dans la planification, la construction et l\u2019entretien d\u2019espaces verts, avec un historique d\u2019activit\u00e9 solide sur le march\u00e9 portugais. Nous apportons de la valeur ajout\u00e9e \u00e0 chaque projet via: R\u00e9alisation de toutes sortes d\u2019op\u00e9rations de conception, de construction et d\u2019entretien; Services techniques d\u2019\u00e9lagage en hauteur, traitements phytosanitaires, abattage, transplantations s\u00e9lectives, entre autres; Services de consulting, couvrant tous les aspects de la conception, de la construction et de l\u2019entretien d\u2019espaces verts.\" \/>\n<meta property=\"og:url\" content=\"https:\/\/www.ativ.pt\/fr\/domaines-dactivite\/amenagement-paysager\/espaces-verts\/\" \/>\n<meta property=\"og:site_name\" content=\"Mota-Engil ATIV\" \/>\n<meta property=\"article:publisher\" content=\"https:\/\/www.facebook.com\/MotaEngilATIV\/\" \/>\n<meta property=\"article:modified_time\" content=\"2022-08-26T08:51:30+00:00\" \/>\n<meta property=\"og:image\" content=\"https:\/\/www.ativ.pt\/wp-content\/uploads\/2022\/07\/terraco-fundacao-champalimaud-1920x1280-1.jpg\" \/>\n\t<meta property=\"og:image:width\" content=\"1920\" \/>\n\t<meta property=\"og:image:height\" content=\"1280\" \/>\n\t<meta property=\"og:image:type\" content=\"image\/jpeg\" \/>\n<meta name=\"twitter:card\" content=\"summary_large_image\" \/>\n<meta name=\"twitter:label1\" content=\"Dur\u00e9e de lecture estim\u00e9e\" \/>\n\t<meta name=\"twitter:data1\" content=\"1 minute\" \/>\n<script type=\"application\/ld+json\" class=\"yoast-schema-graph\">{\"@context\":\"https:\\\/\\\/schema.org\",\"@graph\":[{\"@type\":\"WebPage\",\"@id\":\"https:\\\/\\\/www.ativ.pt\\\/fr\\\/domaines-dactivite\\\/amenagement-paysager\\\/espaces-verts\\\/\",\"url\":\"https:\\\/\\\/www.ativ.pt\\\/fr\\\/domaines-dactivite\\\/amenagement-paysager\\\/espaces-verts\\\/\",\"name\":\"Espaces Verts - Mota-Engil ATIV\",\"isPartOf\":{\"@id\":\"https:\\\/\\\/www.ativ.pt\\\/fr\\\/#website\"},\"primaryImageOfPage\":{\"@id\":\"https:\\\/\\\/www.ativ.pt\\\/fr\\\/domaines-dactivite\\\/amenagement-paysager\\\/espaces-verts\\\/#primaryimage\"},\"image\":{\"@id\":\"https:\\\/\\\/www.ativ.pt\\\/fr\\\/domaines-dactivite\\\/amenagement-paysager\\\/espaces-verts\\\/#primaryimage\"},\"thumbnailUrl\":\"https:\\\/\\\/www.ativ.pt\\\/wp-content\\\/uploads\\\/2022\\\/07\\\/terraco-fundacao-champalimaud-1920x1280-1.jpg\",\"datePublished\":\"2022-05-25T08:58:08+00:00\",\"dateModified\":\"2022-08-26T08:51:30+00:00\",\"breadcrumb\":{\"@id\":\"https:\\\/\\\/www.ativ.pt\\\/fr\\\/domaines-dactivite\\\/amenagement-paysager\\\/espaces-verts\\\/#breadcrumb\"},\"inLanguage\":\"fr-FR\",\"potentialAction\":[{\"@type\":\"ReadAction\",\"target\":[\"https:\\\/\\\/www.ativ.pt\\\/fr\\\/domaines-dactivite\\\/amenagement-paysager\\\/espaces-verts\\\/\"]}]},{\"@type\":\"ImageObject\",\"inLanguage\":\"fr-FR\",\"@id\":\"https:\\\/\\\/www.ativ.pt\\\/fr\\\/domaines-dactivite\\\/amenagement-paysager\\\/espaces-verts\\\/#primaryimage\",\"url\":\"https:\\\/\\\/www.ativ.pt\\\/wp-content\\\/uploads\\\/2022\\\/07\\\/terraco-fundacao-champalimaud-1920x1280-1.jpg\",\"contentUrl\":\"https:\\\/\\\/www.ativ.pt\\\/wp-content\\\/uploads\\\/2022\\\/07\\\/terraco-fundacao-champalimaud-1920x1280-1.jpg\",\"width\":1920,\"height\":1280},{\"@type\":\"BreadcrumbList\",\"@id\":\"https:\\\/\\\/www.ativ.pt\\\/fr\\\/domaines-dactivite\\\/amenagement-paysager\\\/espaces-verts\\\/#breadcrumb\",\"itemListElement\":[{\"@type\":\"ListItem\",\"position\":1,\"name\":\"In\u00edcio\",\"item\":\"https:\\\/\\\/www.ativ.pt\\\/fr\\\/\"},{\"@type\":\"ListItem\",\"position\":2,\"name\":\"Domaines d&rsquo;Activit\u00e9\",\"item\":\"https:\\\/\\\/www.ativ.pt\\\/fr\\\/domaines-dactivite\\\/\"},{\"@type\":\"ListItem\",\"position\":3,\"name\":\"Am\u00e9nagement Paysager\",\"item\":\"https:\\\/\\\/www.ativ.pt\\\/fr\\\/domaines-dactivite\\\/amenagement-paysager\\\/\"},{\"@type\":\"ListItem\",\"position\":4,\"name\":\"Espaces Verts\"}]},{\"@type\":\"WebSite\",\"@id\":\"https:\\\/\\\/www.ativ.pt\\\/fr\\\/#website\",\"url\":\"https:\\\/\\\/www.ativ.pt\\\/fr\\\/\",\"name\":\"Mota-Engil ATIV\",\"description\":\"Gest\u00e3o e Manuten\u00e7\u00e3o de Ativos\",\"publisher\":{\"@id\":\"https:\\\/\\\/www.ativ.pt\\\/fr\\\/#organization\"},\"potentialAction\":[{\"@type\":\"SearchAction\",\"target\":{\"@type\":\"EntryPoint\",\"urlTemplate\":\"https:\\\/\\\/www.ativ.pt\\\/fr\\\/?s={search_term_string}\"},\"query-input\":{\"@type\":\"PropertyValueSpecification\",\"valueRequired\":true,\"valueName\":\"search_term_string\"}}],\"inLanguage\":\"fr-FR\"},{\"@type\":\"Organization\",\"@id\":\"https:\\\/\\\/www.ativ.pt\\\/fr\\\/#organization\",\"name\":\"Mota-Engil ATIV\",\"url\":\"https:\\\/\\\/www.ativ.pt\\\/fr\\\/\",\"logo\":{\"@type\":\"ImageObject\",\"inLanguage\":\"fr-FR\",\"@id\":\"https:\\\/\\\/www.ativ.pt\\\/fr\\\/#\\\/schema\\\/logo\\\/image\\\/\",\"url\":\"https:\\\/\\\/www.ativ.pt\\\/wp-content\\\/uploads\\\/2022\\\/04\\\/logo-ativ-cor-1.svg\",\"contentUrl\":\"https:\\\/\\\/www.ativ.pt\\\/wp-content\\\/uploads\\\/2022\\\/04\\\/logo-ativ-cor-1.svg\",\"width\":250,\"height\":100,\"caption\":\"Mota-Engil ATIV\"},\"image\":{\"@id\":\"https:\\\/\\\/www.ativ.pt\\\/fr\\\/#\\\/schema\\\/logo\\\/image\\\/\"},\"sameAs\":[\"https:\\\/\\\/www.facebook.com\\\/MotaEngilATIV\\\/\",\"https:\\\/\\\/www.instagram.com\\\/mota_engil_ativ\\\/\",\"https:\\\/\\\/www.linkedin.com\\\/company\\\/motaengil-ativ\"]}]}<\/script>\n<!-- \/ Yoast SEO plugin. -->","yoast_head_json":{"title":"Espaces Verts - Mota-Engil ATIV","robots":{"index":"index","follow":"follow","max-snippet":"max-snippet:-1","max-image-preview":"max-image-preview:large","max-video-preview":"max-video-preview:-1"},"canonical":"https:\/\/www.ativ.pt\/fr\/domaines-dactivite\/amenagement-paysager\/espaces-verts\/","og_locale":"fr_FR","og_type":"article","og_title":"Espaces Verts - Mota-Engil ATIV","og_description":"In\u00edcio Une marque de confiance et d\u2019excellence sur le march\u00e9 de l\u2019am\u00e9nagement paysager, avec une action sp\u00e9cialis\u00e9e dans la planification, la construction et l\u2019entretien d\u2019espaces verts, avec un historique d\u2019activit\u00e9 solide sur le march\u00e9 portugais. Nous apportons de la valeur ajout\u00e9e \u00e0 chaque projet via: R\u00e9alisation de toutes sortes d\u2019op\u00e9rations de conception, de construction et d\u2019entretien; Services techniques d\u2019\u00e9lagage en hauteur, traitements phytosanitaires, abattage, transplantations s\u00e9lectives, entre autres; Services de consulting, couvrant tous les aspects de la conception, de la construction et de l\u2019entretien d\u2019espaces verts.","og_url":"https:\/\/www.ativ.pt\/fr\/domaines-dactivite\/amenagement-paysager\/espaces-verts\/","og_site_name":"Mota-Engil ATIV","article_publisher":"https:\/\/www.facebook.com\/MotaEngilATIV\/","article_modified_time":"2022-08-26T08:51:30+00:00","og_image":[{"width":1920,"height":1280,"url":"https:\/\/www.ativ.pt\/wp-content\/uploads\/2022\/07\/terraco-fundacao-champalimaud-1920x1280-1.jpg","type":"image\/jpeg"}],"twitter_card":"summary_large_image","twitter_misc":{"Dur\u00e9e de lecture estim\u00e9e":"1 minute"},"schema":{"@context":"https:\/\/schema.org","@graph":[{"@type":"WebPage","@id":"https:\/\/www.ativ.pt\/fr\/domaines-dactivite\/amenagement-paysager\/espaces-verts\/","url":"https:\/\/www.ativ.pt\/fr\/domaines-dactivite\/amenagement-paysager\/espaces-verts\/","name":"Espaces Verts - Mota-Engil ATIV","isPartOf":{"@id":"https:\/\/www.ativ.pt\/fr\/#website"},"primaryImageOfPage":{"@id":"https:\/\/www.ativ.pt\/fr\/domaines-dactivite\/amenagement-paysager\/espaces-verts\/#primaryimage"},"image":{"@id":"https:\/\/www.ativ.pt\/fr\/domaines-dactivite\/amenagement-paysager\/espaces-verts\/#primaryimage"},"thumbnailUrl":"https:\/\/www.ativ.pt\/wp-content\/uploads\/2022\/07\/terraco-fundacao-champalimaud-1920x1280-1.jpg","datePublished":"2022-05-25T08:58:08+00:00","dateModified":"2022-08-26T08:51:30+00:00","breadcrumb":{"@id":"https:\/\/www.ativ.pt\/fr\/domaines-dactivite\/amenagement-paysager\/espaces-verts\/#breadcrumb"},"inLanguage":"fr-FR","potentialAction":[{"@type":"ReadAction","target":["https:\/\/www.ativ.pt\/fr\/domaines-dactivite\/amenagement-paysager\/espaces-verts\/"]}]},{"@type":"ImageObject","inLanguage":"fr-FR","@id":"https:\/\/www.ativ.pt\/fr\/domaines-dactivite\/amenagement-paysager\/espaces-verts\/#primaryimage","url":"https:\/\/www.ativ.pt\/wp-content\/uploads\/2022\/07\/terraco-fundacao-champalimaud-1920x1280-1.jpg","contentUrl":"https:\/\/www.ativ.pt\/wp-content\/uploads\/2022\/07\/terraco-fundacao-champalimaud-1920x1280-1.jpg","width":1920,"height":1280},{"@type":"BreadcrumbList","@id":"https:\/\/www.ativ.pt\/fr\/domaines-dactivite\/amenagement-paysager\/espaces-verts\/#breadcrumb","itemListElement":[{"@type":"ListItem","position":1,"name":"In\u00edcio","item":"https:\/\/www.ativ.pt\/fr\/"},{"@type":"ListItem","position":2,"name":"Domaines d&rsquo;Activit\u00e9","item":"https:\/\/www.ativ.pt\/fr\/domaines-dactivite\/"},{"@type":"ListItem","position":3,"name":"Am\u00e9nagement Paysager","item":"https:\/\/www.ativ.pt\/fr\/domaines-dactivite\/amenagement-paysager\/"},{"@type":"ListItem","position":4,"name":"Espaces Verts"}]},{"@type":"WebSite","@id":"https:\/\/www.ativ.pt\/fr\/#website","url":"https:\/\/www.ativ.pt\/fr\/","name":"Mota-Engil ATIV","description":"Gest\u00e3o e Manuten\u00e7\u00e3o de Ativos","publisher":{"@id":"https:\/\/www.ativ.pt\/fr\/#organization"},"potentialAction":[{"@type":"SearchAction","target":{"@type":"EntryPoint","urlTemplate":"https:\/\/www.ativ.pt\/fr\/?s={search_term_string}"},"query-input":{"@type":"PropertyValueSpecification","valueRequired":true,"valueName":"search_term_string"}}],"inLanguage":"fr-FR"},{"@type":"Organization","@id":"https:\/\/www.ativ.pt\/fr\/#organization","name":"Mota-Engil ATIV","url":"https:\/\/www.ativ.pt\/fr\/","logo":{"@type":"ImageObject","inLanguage":"fr-FR","@id":"https:\/\/www.ativ.pt\/fr\/#\/schema\/logo\/image\/","url":"https:\/\/www.ativ.pt\/wp-content\/uploads\/2022\/04\/logo-ativ-cor-1.svg","contentUrl":"https:\/\/www.ativ.pt\/wp-content\/uploads\/2022\/04\/logo-ativ-cor-1.svg","width":250,"height":100,"caption":"Mota-Engil ATIV"},"image":{"@id":"https:\/\/www.ativ.pt\/fr\/#\/schema\/logo\/image\/"},"sameAs":["https:\/\/www.facebook.com\/MotaEngilATIV\/","https:\/\/www.instagram.com\/mota_engil_ativ\/","https:\/\/www.linkedin.com\/company\/motaengil-ativ"]}]}},"_links":{"self":[{"href":"https:\/\/www.ativ.pt\/fr\/wp-json\/wp\/v2\/pages\/5447","targetHints":{"allow":["GET"]}}],"collection":[{"href":"https:\/\/www.ativ.pt\/fr\/wp-json\/wp\/v2\/pages"}],"about":[{"href":"https:\/\/www.ativ.pt\/fr\/wp-json\/wp\/v2\/types\/page"}],"author":[{"embeddable":true,"href":"https:\/\/www.ativ.pt\/fr\/wp-json\/wp\/v2\/users\/1"}],"replies":[{"embeddable":true,"href":"https:\/\/www.ativ.pt\/fr\/wp-json\/wp\/v2\/comments?post=5447"}],"version-history":[{"count":1,"href":"https:\/\/www.ativ.pt\/fr\/wp-json\/wp\/v2\/pages\/5447\/revisions"}],"predecessor-version":[{"id":5448,"href":"https:\/\/www.ativ.pt\/fr\/wp-json\/wp\/v2\/pages\/5447\/revisions\/5448"}],"up":[{"embeddable":true,"href":"https:\/\/www.ativ.pt\/fr\/wp-json\/wp\/v2\/pages\/5443"}],"wp:featuredmedia":[{"embeddable":true,"href":"https:\/\/www.ativ.pt\/fr\/wp-json\/wp\/v2\/media\/4494"}],"wp:attachment":[{"href":"https:\/\/www.ativ.pt\/fr\/wp-json\/wp\/v2\/media?parent=5447"}],"curies":[{"name":"wp","href":"https:\/\/api.w.org\/{rel}","templated":true}]}}