{"version":"1.0","provider_name":"Mota-Engil ATIV","provider_url":"https:\/\/www.ativ.pt\/fr\/","author_name":"superedcadmin","author_url":"https:\/\/www.ativ.pt\/fr\/author\/superedcadmin\/","title":"International - Mota-Engil ATIV","type":"rich","width":600,"height":338,"html":"<blockquote class=\"wp-embedded-content\" data-secret=\"laygijVy8N\"><a href=\"https:\/\/www.ativ.pt\/fr\/international\/\">International<\/a><\/blockquote><iframe sandbox=\"allow-scripts\" security=\"restricted\" src=\"https:\/\/www.ativ.pt\/fr\/international\/embed\/#?secret=laygijVy8N\" width=\"600\" height=\"338\" title=\"\u00ab\u00a0International\u00a0\u00bb &#8212; Mota-Engil ATIV\" data-secret=\"laygijVy8N\" frameborder=\"0\" marginwidth=\"0\" marginheight=\"0\" scrolling=\"no\" class=\"wp-embedded-content\"><\/iframe><script type=\"text\/javascript\">\n\/* <![CDATA[ *\/\n\/*! This file is auto-generated *\/\n!function(d,l){\"use strict\";l.querySelector&&d.addEventListener&&\"undefined\"!=typeof URL&&(d.wp=d.wp||{},d.wp.receiveEmbedMessage||(d.wp.receiveEmbedMessage=function(e){var t=e.data;if((t||t.secret||t.message||t.value)&&!\/[^a-zA-Z0-9]\/.test(t.secret)){for(var s,r,n,a=l.querySelectorAll('iframe[data-secret=\"'+t.secret+'\"]'),o=l.querySelectorAll('blockquote[data-secret=\"'+t.secret+'\"]'),c=new RegExp(\"^https?:$\",\"i\"),i=0;i<o.length;i++)o[i].style.display=\"none\";for(i=0;i<a.length;i++)s=a[i],e.source===s.contentWindow&&(s.removeAttribute(\"style\"),\"height\"===t.message?(1e3<(r=parseInt(t.value,10))?r=1e3:~~r<200&&(r=200),s.height=r):\"link\"===t.message&&(r=new URL(s.getAttribute(\"src\")),n=new URL(t.value),c.test(n.protocol))&&n.host===r.host&&l.activeElement===s&&(d.top.location.href=t.value))}},d.addEventListener(\"message\",d.wp.receiveEmbedMessage,!1),l.addEventListener(\"DOMContentLoaded\",function(){for(var e,t,s=l.querySelectorAll(\"iframe.wp-embedded-content\"),r=0;r<s.length;r++)(t=(e=s[r]).getAttribute(\"data-secret\"))||(t=Math.random().toString(36).substring(2,12),e.src+=\"#?secret=\"+t,e.setAttribute(\"data-secret\",t)),e.contentWindow.postMessage({message:\"ready\",secret:t},\"*\")},!1)))}(window,document);\n\/\/# sourceURL=https:\/\/www.ativ.pt\/wp-includes\/js\/wp-embed.min.js\n\/* ]]> *\/\n<\/script>\n","thumbnail_url":"https:\/\/www.ativ.pt\/wp-content\/uploads\/2022\/06\/internacional-ativ-1920x1280-1.jpg","thumbnail_width":1920,"thumbnail_height":1280,"description":"In\u00edcio Le d\u00e9veloppement du portefeuille international refl\u00e8te l\u2019accroissement territorial naturel des activit\u00e9s de l\u2019entreprise, apr\u00e8s avoir acquis ses comp\u00e9tences, \u00eatre arriv\u00e9 \u00e0 maturit\u00e9 et avoir atteint l\u2019excellence sur le march\u00e9 portugais. Gr\u00e2ce \u00e0 nos comp\u00e9tences techniques interdisciplinaires, l\u2019activit\u00e9 internationale se situe essentiellement dans les diff\u00e9rents secteurs de l\u2019am\u00e9nagement paysager, des syst\u00e8mes environnementaux et de l\u2019industrie. La nature ambidextre et la diversification de l\u2019activit\u00e9, ouvrant le portefeuille commercial aux PILIERS ATIV, assureront la continuit\u00e9 d\u2019une histoire \u00e0 succ\u00e8s."}