{"version":"1.0","provider_name":"Mota-Engil ATIV","provider_url":"https:\/\/www.ativ.pt\/fr\/","author_name":"superedcadmin","author_url":"https:\/\/www.ativ.pt\/fr\/author\/superedcadmin\/","title":"Syst\u00e8mes Intelligents de Transport - Mota-Engil ATIV","type":"rich","width":600,"height":338,"html":"<blockquote class=\"wp-embedded-content\" data-secret=\"7MTLrwUJeh\"><a href=\"https:\/\/www.ativ.pt\/fr\/domaines-dactivite\/facility-management\/systemes-intelligents-de-transport\/\">Syst\u00e8mes Intelligents de Transport<\/a><\/blockquote><iframe sandbox=\"allow-scripts\" security=\"restricted\" src=\"https:\/\/www.ativ.pt\/fr\/domaines-dactivite\/facility-management\/systemes-intelligents-de-transport\/embed\/#?secret=7MTLrwUJeh\" width=\"600\" height=\"338\" title=\"\u00ab\u00a0Syst\u00e8mes Intelligents de Transport\u00a0\u00bb &#8212; Mota-Engil ATIV\" data-secret=\"7MTLrwUJeh\" frameborder=\"0\" marginwidth=\"0\" marginheight=\"0\" scrolling=\"no\" class=\"wp-embedded-content\"><\/iframe><script type=\"text\/javascript\">\n\/* <![CDATA[ *\/\n\/*! This file is auto-generated *\/\n!function(d,l){\"use strict\";l.querySelector&&d.addEventListener&&\"undefined\"!=typeof URL&&(d.wp=d.wp||{},d.wp.receiveEmbedMessage||(d.wp.receiveEmbedMessage=function(e){var t=e.data;if((t||t.secret||t.message||t.value)&&!\/[^a-zA-Z0-9]\/.test(t.secret)){for(var s,r,n,a=l.querySelectorAll('iframe[data-secret=\"'+t.secret+'\"]'),o=l.querySelectorAll('blockquote[data-secret=\"'+t.secret+'\"]'),c=new RegExp(\"^https?:$\",\"i\"),i=0;i<o.length;i++)o[i].style.display=\"none\";for(i=0;i<a.length;i++)s=a[i],e.source===s.contentWindow&&(s.removeAttribute(\"style\"),\"height\"===t.message?(1e3<(r=parseInt(t.value,10))?r=1e3:~~r<200&&(r=200),s.height=r):\"link\"===t.message&&(r=new URL(s.getAttribute(\"src\")),n=new URL(t.value),c.test(n.protocol))&&n.host===r.host&&l.activeElement===s&&(d.top.location.href=t.value))}},d.addEventListener(\"message\",d.wp.receiveEmbedMessage,!1),l.addEventListener(\"DOMContentLoaded\",function(){for(var e,t,s=l.querySelectorAll(\"iframe.wp-embedded-content\"),r=0;r<s.length;r++)(t=(e=s[r]).getAttribute(\"data-secret\"))||(t=Math.random().toString(36).substring(2,12),e.src+=\"#?secret=\"+t,e.setAttribute(\"data-secret\",t)),e.contentWindow.postMessage({message:\"ready\",secret:t},\"*\")},!1)))}(window,document);\n\/\/# sourceURL=https:\/\/www.ativ.pt\/wp-includes\/js\/wp-embed.min.js\n\/* ]]> *\/\n<\/script>\n","thumbnail_url":"https:\/\/www.ativ.pt\/wp-content\/uploads\/2022\/07\/sistemas-inteligentes-transporte-ativ-1920x1280-1.jpg","thumbnail_width":1920,"thumbnail_height":1280,"description":"In\u00edcio Sp\u00e9cialistes des solutions de s\u00e9curit\u00e9 dans le domaine des syst\u00e8mes de transport intelligents, avec la conception de projets sur mesure, en garantissant leur maintenance et l\u2019assistance technique. Projets \u00abcl\u00e9s en main\u00bb o\u00f9 nous installons, en plus des \u00e9quipements de t\u00e9l\u00e9matique, l\u2019ensemble du syst\u00e8me de contr\u00f4le, de monitoring et d\u2019int\u00e9gration de syst\u00e8mes. Contr\u00f4le, monitoring et int\u00e9gration de syst\u00e8mes Services d\u2019installation, de maintenance et d\u2019assistance technique En savoir plus Logiciel: XVIAE; Syst\u00e8mes de vid\u00e9osurveillance; Syst\u00e8mes de panneaux de message; Comptage et classification du trafic et pesage en mouvement; D\u00e9tection automatique d\u2019incidents (DAI) par vid\u00e9o; Int\u00e9gration et monitoring de syst\u00e8mes de s\u00e9curit\u00e9; Stations m\u00e9t\u00e9orologiques et qualit\u00e9 de l\u2019air; Syst\u00e8mes de contr\u00f4le de la vitesse; Syst\u00e8mes de feux de signalisation int\u00e9gr\u00e9s ou autonomes; Panneaux comparatifs des prix de carburants; Panneaux d\u2019information publicitaire LED; Maintenance et assistance technique de tous les ITS."}