{"version":"1.0","provider_name":"Mota-Engil ATIV","provider_url":"https:\/\/www.ativ.pt\/fr\/","author_name":"superedcadmin","author_url":"https:\/\/www.ativ.pt\/fr\/author\/superedcadmin\/","title":"Empreinte Carbone - Mota-Engil ATIV","type":"rich","width":600,"height":338,"html":"<blockquote class=\"wp-embedded-content\" data-secret=\"Tz3acbvoaX\"><a href=\"https:\/\/www.ativ.pt\/fr\/domaines-dactivite\/energie-et-carbone\/empreinte-carbone\/\">Empreinte Carbone<\/a><\/blockquote><iframe sandbox=\"allow-scripts\" security=\"restricted\" src=\"https:\/\/www.ativ.pt\/fr\/domaines-dactivite\/energie-et-carbone\/empreinte-carbone\/embed\/#?secret=Tz3acbvoaX\" width=\"600\" height=\"338\" title=\"\u00ab\u00a0Empreinte Carbone\u00a0\u00bb &#8212; Mota-Engil ATIV\" data-secret=\"Tz3acbvoaX\" frameborder=\"0\" marginwidth=\"0\" marginheight=\"0\" scrolling=\"no\" class=\"wp-embedded-content\"><\/iframe><script type=\"text\/javascript\">\n\/* <![CDATA[ *\/\n\/*! This file is auto-generated *\/\n!function(d,l){\"use strict\";l.querySelector&&d.addEventListener&&\"undefined\"!=typeof URL&&(d.wp=d.wp||{},d.wp.receiveEmbedMessage||(d.wp.receiveEmbedMessage=function(e){var t=e.data;if((t||t.secret||t.message||t.value)&&!\/[^a-zA-Z0-9]\/.test(t.secret)){for(var s,r,n,a=l.querySelectorAll('iframe[data-secret=\"'+t.secret+'\"]'),o=l.querySelectorAll('blockquote[data-secret=\"'+t.secret+'\"]'),c=new RegExp(\"^https?:$\",\"i\"),i=0;i<o.length;i++)o[i].style.display=\"none\";for(i=0;i<a.length;i++)s=a[i],e.source===s.contentWindow&&(s.removeAttribute(\"style\"),\"height\"===t.message?(1e3<(r=parseInt(t.value,10))?r=1e3:~~r<200&&(r=200),s.height=r):\"link\"===t.message&&(r=new URL(s.getAttribute(\"src\")),n=new URL(t.value),c.test(n.protocol))&&n.host===r.host&&l.activeElement===s&&(d.top.location.href=t.value))}},d.addEventListener(\"message\",d.wp.receiveEmbedMessage,!1),l.addEventListener(\"DOMContentLoaded\",function(){for(var e,t,s=l.querySelectorAll(\"iframe.wp-embedded-content\"),r=0;r<s.length;r++)(t=(e=s[r]).getAttribute(\"data-secret\"))||(t=Math.random().toString(36).substring(2,12),e.src+=\"#?secret=\"+t,e.setAttribute(\"data-secret\",t)),e.contentWindow.postMessage({message:\"ready\",secret:t},\"*\")},!1)))}(window,document);\n\/\/# sourceURL=https:\/\/www.ativ.pt\/wp-includes\/js\/wp-embed.min.js\n\/* ]]> *\/\n<\/script>\n","thumbnail_url":"https:\/\/www.ativ.pt\/wp-content\/uploads\/2022\/05\/pegada-carbono-1920x1280-1.jpg","thumbnail_width":1920,"thumbnail_height":1280,"description":"In\u00edcio Conna\u00eetre l\u2019empreinte carbone, qui repr\u00e9sente le volume total de gaz \u00e0 effet de serre (GES) g\u00e9n\u00e9r\u00e9 par les activit\u00e9s, est fondamental pour adopter et mettre en \u0153uvre les mesures n\u00e9cessaires pour r\u00e9duire au maximum les \u00e9missions de CO2. Nous assistons nos clients dans ce calcul, ainsi que dans la conception de la feuille de route de d\u00e9carbonation. Empreinte carbone Calcul des \u00e9missions en \u00e9quivalent carbone (tonne CO2e) conform\u00e9ment au protocole \u00abThe Greenhouse gas Protocol \u2013 Corporate Accounting and Reporting Standard, revised edition, WRI\/WBCSD\u00bb; Assistance dans la pr\u00e9paration de la v\u00e9rification du calcul; Assistance dans la r\u00e9duction des \u00e9missions via la mise en \u0153uvre de mesures. En savoir plus"}