{"version":"1.0","provider_name":"Mota-Engil ATIV","provider_url":"https:\/\/www.ativ.pt\/fr\/","author_name":"superedcadmin","author_url":"https:\/\/www.ativ.pt\/fr\/author\/superedcadmin\/","title":"Espaces Verts - Mota-Engil ATIV","type":"rich","width":600,"height":338,"html":"<blockquote class=\"wp-embedded-content\" data-secret=\"Te6cZFXIZD\"><a href=\"https:\/\/www.ativ.pt\/fr\/domaines-dactivite\/amenagement-paysager\/espaces-verts\/\">Espaces Verts<\/a><\/blockquote><iframe sandbox=\"allow-scripts\" security=\"restricted\" src=\"https:\/\/www.ativ.pt\/fr\/domaines-dactivite\/amenagement-paysager\/espaces-verts\/embed\/#?secret=Te6cZFXIZD\" width=\"600\" height=\"338\" title=\"\u00ab\u00a0Espaces Verts\u00a0\u00bb &#8212; Mota-Engil ATIV\" data-secret=\"Te6cZFXIZD\" frameborder=\"0\" marginwidth=\"0\" marginheight=\"0\" scrolling=\"no\" class=\"wp-embedded-content\"><\/iframe><script type=\"text\/javascript\">\n\/* <![CDATA[ *\/\n\/*! This file is auto-generated *\/\n!function(d,l){\"use strict\";l.querySelector&&d.addEventListener&&\"undefined\"!=typeof URL&&(d.wp=d.wp||{},d.wp.receiveEmbedMessage||(d.wp.receiveEmbedMessage=function(e){var t=e.data;if((t||t.secret||t.message||t.value)&&!\/[^a-zA-Z0-9]\/.test(t.secret)){for(var s,r,n,a=l.querySelectorAll('iframe[data-secret=\"'+t.secret+'\"]'),o=l.querySelectorAll('blockquote[data-secret=\"'+t.secret+'\"]'),c=new RegExp(\"^https?:$\",\"i\"),i=0;i<o.length;i++)o[i].style.display=\"none\";for(i=0;i<a.length;i++)s=a[i],e.source===s.contentWindow&&(s.removeAttribute(\"style\"),\"height\"===t.message?(1e3<(r=parseInt(t.value,10))?r=1e3:~~r<200&&(r=200),s.height=r):\"link\"===t.message&&(r=new URL(s.getAttribute(\"src\")),n=new URL(t.value),c.test(n.protocol))&&n.host===r.host&&l.activeElement===s&&(d.top.location.href=t.value))}},d.addEventListener(\"message\",d.wp.receiveEmbedMessage,!1),l.addEventListener(\"DOMContentLoaded\",function(){for(var e,t,s=l.querySelectorAll(\"iframe.wp-embedded-content\"),r=0;r<s.length;r++)(t=(e=s[r]).getAttribute(\"data-secret\"))||(t=Math.random().toString(36).substring(2,12),e.src+=\"#?secret=\"+t,e.setAttribute(\"data-secret\",t)),e.contentWindow.postMessage({message:\"ready\",secret:t},\"*\")},!1)))}(window,document);\n\/\/# sourceURL=https:\/\/www.ativ.pt\/wp-includes\/js\/wp-embed.min.js\n\/* ]]> *\/\n<\/script>\n","thumbnail_url":"https:\/\/www.ativ.pt\/wp-content\/uploads\/2022\/07\/terraco-fundacao-champalimaud-1920x1280-1.jpg","thumbnail_width":1920,"thumbnail_height":1280,"description":"In\u00edcio Une marque de confiance et d\u2019excellence sur le march\u00e9 de l\u2019am\u00e9nagement paysager, avec une action sp\u00e9cialis\u00e9e dans la planification, la construction et l\u2019entretien d\u2019espaces verts, avec un historique d\u2019activit\u00e9 solide sur le march\u00e9 portugais. Nous apportons de la valeur ajout\u00e9e \u00e0 chaque projet via: R\u00e9alisation de toutes sortes d\u2019op\u00e9rations de conception, de construction et d\u2019entretien; Services techniques d\u2019\u00e9lagage en hauteur, traitements phytosanitaires, abattage, transplantations s\u00e9lectives, entre autres; Services de consulting, couvrant tous les aspects de la conception, de la construction et de l\u2019entretien d\u2019espaces verts."}