{"version":"1.0","provider_name":"Mota-Engil ATIV","provider_url":"https:\/\/www.ativ.pt\/fr\/","author_name":"superedcadmin","author_url":"https:\/\/www.ativ.pt\/fr\/author\/superedcadmin\/","title":"Agriculture et D\u00e9veloppement Durable - Mota-Engil ATIV","type":"rich","width":600,"height":338,"html":"<blockquote class=\"wp-embedded-content\" data-secret=\"89baXrDOek\"><a href=\"https:\/\/www.ativ.pt\/fr\/domaines-dactivite\/agriculture-et-developpement-durable\/\">Agriculture et D\u00e9veloppement Durable<\/a><\/blockquote><iframe sandbox=\"allow-scripts\" security=\"restricted\" src=\"https:\/\/www.ativ.pt\/fr\/domaines-dactivite\/agriculture-et-developpement-durable\/embed\/#?secret=89baXrDOek\" width=\"600\" height=\"338\" title=\"\u00ab\u00a0Agriculture et D\u00e9veloppement Durable\u00a0\u00bb &#8212; Mota-Engil ATIV\" data-secret=\"89baXrDOek\" frameborder=\"0\" marginwidth=\"0\" marginheight=\"0\" scrolling=\"no\" class=\"wp-embedded-content\"><\/iframe><script type=\"text\/javascript\">\n\/* <![CDATA[ *\/\n\/*! This file is auto-generated *\/\n!function(d,l){\"use strict\";l.querySelector&&d.addEventListener&&\"undefined\"!=typeof URL&&(d.wp=d.wp||{},d.wp.receiveEmbedMessage||(d.wp.receiveEmbedMessage=function(e){var t=e.data;if((t||t.secret||t.message||t.value)&&!\/[^a-zA-Z0-9]\/.test(t.secret)){for(var s,r,n,a=l.querySelectorAll('iframe[data-secret=\"'+t.secret+'\"]'),o=l.querySelectorAll('blockquote[data-secret=\"'+t.secret+'\"]'),c=new RegExp(\"^https?:$\",\"i\"),i=0;i<o.length;i++)o[i].style.display=\"none\";for(i=0;i<a.length;i++)s=a[i],e.source===s.contentWindow&&(s.removeAttribute(\"style\"),\"height\"===t.message?(1e3<(r=parseInt(t.value,10))?r=1e3:~~r<200&&(r=200),s.height=r):\"link\"===t.message&&(r=new URL(s.getAttribute(\"src\")),n=new URL(t.value),c.test(n.protocol))&&n.host===r.host&&l.activeElement===s&&(d.top.location.href=t.value))}},d.addEventListener(\"message\",d.wp.receiveEmbedMessage,!1),l.addEventListener(\"DOMContentLoaded\",function(){for(var e,t,s=l.querySelectorAll(\"iframe.wp-embedded-content\"),r=0;r<s.length;r++)(t=(e=s[r]).getAttribute(\"data-secret\"))||(t=Math.random().toString(36).substring(2,12),e.src+=\"#?secret=\"+t,e.setAttribute(\"data-secret\",t)),e.contentWindow.postMessage({message:\"ready\",secret:t},\"*\")},!1)))}(window,document);\n\/\/# sourceURL=https:\/\/www.ativ.pt\/wp-includes\/js\/wp-embed.min.js\n\/* ]]> *\/\n<\/script>\n","thumbnail_url":"https:\/\/www.ativ.pt\/wp-content\/uploads\/2022\/06\/energia-carbono-2-1920x1280-1.jpg","thumbnail_width":1920,"thumbnail_height":1280,"description":"In\u00edcio Il y a de nos jours une prise de conscience croissante de l\u2019absolue n\u00e9cessit\u00e9 de changer de paradigme. L\u2019utilisation excessive des ressources naturelles et l\u2019alt\u00e9ration des cycles naturels ont eu de graves r\u00e9percussions climatiques. Il est devenu urgent de prendre des mesures d\u2019att\u00e9nuation qui permettent, d\u2019une part, de promouvoir le confort et la qualit\u00e9 de vie et d\u2019autre part, de prot\u00e9ger l\u2019environnement. C\u2019est pourquoi il est urgent de changer nos habitudes, avec l\u2019utilisation de techniques, le d\u00e9veloppement de technologies et l\u2019investissement dans des projets qui permettent d\u2019optimiser et de g\u00e9rer les ressources hydriques et de r\u00e9duire l\u2019utilisation d\u2019engrais et de pesticides dans l\u2019agriculture et les for\u00eats, contribuant ainsi \u00e0 la r\u00e9duction des gaz \u00e0 effet de serre dans l\u2019atmosph\u00e8re. Eau: Dryject + SAP En savoir plus For\u00eat En savoir plus Services de G\u00e9nie Rural En savoir plus"}