{"version":"1.0","provider_name":"Mota-Engil ATIV","provider_url":"https:\/\/www.ativ.pt\/fr\/","author_name":"superedcadmin","author_url":"https:\/\/www.ativ.pt\/fr\/author\/superedcadmin\/","title":"\u00c9thique et Conduite Entrepreneuriale - Mota-Engil ATIV","type":"rich","width":600,"height":338,"html":"<blockquote class=\"wp-embedded-content\" data-secret=\"2ykFtLp9g8\"><a href=\"https:\/\/www.ativ.pt\/fr\/a-notre-sujet\/ethique-et-conduite-entrepreneuriale\/\">\u00c9thique et Conduite Entrepreneuriale<\/a><\/blockquote><iframe sandbox=\"allow-scripts\" security=\"restricted\" src=\"https:\/\/www.ativ.pt\/fr\/a-notre-sujet\/ethique-et-conduite-entrepreneuriale\/embed\/#?secret=2ykFtLp9g8\" width=\"600\" height=\"338\" title=\"\u00ab\u00a0\u00c9thique et Conduite Entrepreneuriale\u00a0\u00bb &#8212; Mota-Engil ATIV\" data-secret=\"2ykFtLp9g8\" frameborder=\"0\" marginwidth=\"0\" marginheight=\"0\" scrolling=\"no\" class=\"wp-embedded-content\"><\/iframe><script type=\"text\/javascript\">\n\/* <![CDATA[ *\/\n\/*! This file is auto-generated *\/\n!function(d,l){\"use strict\";l.querySelector&&d.addEventListener&&\"undefined\"!=typeof URL&&(d.wp=d.wp||{},d.wp.receiveEmbedMessage||(d.wp.receiveEmbedMessage=function(e){var t=e.data;if((t||t.secret||t.message||t.value)&&!\/[^a-zA-Z0-9]\/.test(t.secret)){for(var s,r,n,a=l.querySelectorAll('iframe[data-secret=\"'+t.secret+'\"]'),o=l.querySelectorAll('blockquote[data-secret=\"'+t.secret+'\"]'),c=new RegExp(\"^https?:$\",\"i\"),i=0;i<o.length;i++)o[i].style.display=\"none\";for(i=0;i<a.length;i++)s=a[i],e.source===s.contentWindow&&(s.removeAttribute(\"style\"),\"height\"===t.message?(1e3<(r=parseInt(t.value,10))?r=1e3:~~r<200&&(r=200),s.height=r):\"link\"===t.message&&(r=new URL(s.getAttribute(\"src\")),n=new URL(t.value),c.test(n.protocol))&&n.host===r.host&&l.activeElement===s&&(d.top.location.href=t.value))}},d.addEventListener(\"message\",d.wp.receiveEmbedMessage,!1),l.addEventListener(\"DOMContentLoaded\",function(){for(var e,t,s=l.querySelectorAll(\"iframe.wp-embedded-content\"),r=0;r<s.length;r++)(t=(e=s[r]).getAttribute(\"data-secret\"))||(t=Math.random().toString(36).substring(2,12),e.src+=\"#?secret=\"+t,e.setAttribute(\"data-secret\",t)),e.contentWindow.postMessage({message:\"ready\",secret:t},\"*\")},!1)))}(window,document);\n\/\/# sourceURL=https:\/\/www.ativ.pt\/wp-includes\/js\/wp-embed.min.js\n\/* ]]> *\/\n<\/script>\n","thumbnail_url":"https:\/\/www.ativ.pt\/wp-content\/uploads\/2022\/06\/producao-energia-cogeracao-2-1920x1280-1.jpg","thumbnail_width":2121,"thumbnail_height":1414,"description":"In\u00edcio En tant que soci\u00e9t\u00e9 faisant partie du groupe Mota-Engil, Mota-Engil ATIV d\u00e9pend de son nom et de sa bonne r\u00e9putation pour continuer \u00e0 \u00e9crire une histoire entrepreneuriale \u00e0 succ\u00e8s, dont nous sommes tous fiers et qui est le fruit du d\u00e9vouement et du travail acharn\u00e9 de nos collaborateurs. Chez Mota-Engil ATIV, en tant que soci\u00e9t\u00e9 du Groupe Mota-Engil, nous agissons en conformit\u00e9 avec les lois, r\u00e8gles, normes et principes \u00e9thiques adopt\u00e9s par le Groupe et qui sont exprim\u00e9s dans le Code d\u2019\u00e9thique et de conduite entrepreneuriale, le Plan d\u2019\u00e9galit\u00e9 des genres, la Proc\u00e9dure de communication des irr\u00e9gularit\u00e9s et le Programme d\u2019int\u00e9grit\u00e9 et de conformit\u00e9. D\u00e9couvrez les documents: Code d\u2019\u00c9thique et de Conduite des Affaires Plan d\u2019\u00e9galit\u00e9 des genres Proc\u00e9dure de communication des irr\u00e9gularit\u00e9s Programme d\u2019Int\u00e9grit\u00e9 et de Conformit\u00e9 Plan de pr\u00e9vention de la corruption et des infractions assimil\u00e9es Voir plus d\u2019informations"}