{"id":5329,"date":"2022-04-29T10:46:48","date_gmt":"2022-04-29T10:46:48","guid":{"rendered":"https:\/\/www.ativ.pt\/pagina-principal\/"},"modified":"2023-07-12T10:55:41","modified_gmt":"2023-07-12T10:55:41","slug":"pagina-principal","status":"publish","type":"page","link":"https:\/\/www.ativ.pt\/es\/","title":{"rendered":"P\u00e1gina Principal"},"content":{"rendered":"\t\t<div data-elementor-type=\"wp-page\" data-elementor-id=\"5329\" class=\"elementor elementor-5329 elementor-2\">\n\t\t\t\t<div class=\"elementor-element elementor-element-26ca826 e-con-full e-flex wpr-particle-no wpr-jarallax-no wpr-parallax-no wpr-sticky-section-no wpr-equal-height-no e-con e-parent\" data-id=\"26ca826\" data-element_type=\"container\" data-e-type=\"container\" data-settings=\"{&quot;jet_parallax_layout_list&quot;:[]}\">\n\t\t<div class=\"elementor-element elementor-element-a8bbc6f e-con-full e-flex wpr-particle-no wpr-jarallax-no wpr-parallax-no wpr-sticky-section-no wpr-equal-height-no e-con e-parent\" data-id=\"a8bbc6f\" data-element_type=\"container\" data-e-type=\"container\" data-settings=\"{&quot;jet_parallax_layout_list&quot;:[]}\">\n\t\t\t\t<div class=\"elementor-element elementor-element-a3d38d3 elementor-widget elementor-widget-jet-slider\" data-id=\"a3d38d3\" data-element_type=\"widget\" data-e-type=\"widget\" data-settings=\"{&quot;slider_height_tablet&quot;:{&quot;unit&quot;:&quot;px&quot;,&quot;size&quot;:500,&quot;sizes&quot;:[]},&quot;slider_height_mobile&quot;:{&quot;unit&quot;:&quot;px&quot;,&quot;size&quot;:400,&quot;sizes&quot;:[]},&quot;slider_height&quot;:{&quot;unit&quot;:&quot;px&quot;,&quot;size&quot;:600,&quot;sizes&quot;:[]}}\" data-widget_type=\"jet-slider.default\">\n\t\t\t\t<div class=\"elementor-widget-container\">\n\t\t\t\t\t<div class=\"elementor-jet-slider jet-elements\">\n<div class=\"jet-slider jet-slider__image-exact\" data-settings='{&quot;sliderWidth&quot;:1,&quot;sliderHeight&quot;:1,&quot;sliderNavigation&quot;:true,&quot;sliderNavigationIcon&quot;:&quot;jet-slider__arrow-icon-a3d38d3&quot;,&quot;sliderNaviOnHover&quot;:false,&quot;sliderPagination&quot;:false,&quot;sliderAutoplay&quot;:true,&quot;sliderAutoplayDelay&quot;:5000,&quot;sliderAutoplayOnHover&quot;:&quot;pause&quot;,&quot;sliderFullScreen&quot;:false,&quot;sliderFullscreenIcon&quot;:&quot;jet-slider__fullscreen-icon-a3d38d3&quot;,&quot;sliderShuffle&quot;:false,&quot;sliderLoop&quot;:true,&quot;sliderFadeMode&quot;:false,&quot;slideDistance&quot;:1,&quot;slideDuration&quot;:500,&quot;imageScaleMode&quot;:&quot;exact&quot;,&quot;thumbnails&quot;:false,&quot;thumbnailWidth&quot;:120,&quot;thumbnailHeight&quot;:80,&quot;rightToLeft&quot;:false,&quot;touchswipe&quot;:false,&quot;fractionPag&quot;:false,&quot;fractionPrefix&quot;:&quot;&quot;,&quot;fractionSeparator&quot;:&quot;\\\/&quot;,&quot;fractionSuffix&quot;:&quot;&quot;,&quot;autoSliderHeight&quot;:false}'>\n\t\n<div  class=\"slider-pro\">\n\t<div class=\"jet-slider__arrow-icon-a3d38d3 hidden-html\"><svg aria-hidden=\"true\" class=\"e-font-icon-svg e-fas-angle-left\" viewBox=\"0 0 256 512\" xmlns=\"http:\/\/www.w3.org\/2000\/svg\"><path d=\"M31.7 239l136-136c9.4-9.4 24.6-9.4 33.9 0l22.6 22.6c9.4 9.4 9.4 24.6 0 33.9L127.9 256l96.4 96.4c9.4 9.4 9.4 24.6 0 33.9L201.7 409c-9.4 9.4-24.6 9.4-33.9 0l-136-136c-9.5-9.4-9.5-24.6-.1-34z\"><\/path><\/svg><\/div><div class=\"jet-slider__fullscreen-icon-a3d38d3 hidden-html\"><\/div>\t<div class=\"jet-slider__items sp-slides\">\n\n\n<div  class=\"jet-slider__item sp-slide elementor-repeater-item-1268bcd\"><img decoding=\"async\" class=\"sp-image\" src=\"https:\/\/spcdn.shortpixel.ai\/spio\/ret_img,q_cdnize,to_auto,s_webp:avif\/www.ativ.pt\/wp-content\/uploads\/2022\/07\/sobre-nos-familia-1920x1280-1.jpg\" alt=\"sobre-nos-familia-1920x1280\"><div class=\"jet-slider__content sp-layer \" data-position=\"centerCenter\" data-width=\"100%\" data-height=\"100%\" data-horizontal=\"0%\" data-show-transition=\"up\" data-show-duration=\"400\" data-show-delay=\"400\" >\n\t\t<div class=\"jet-slider__content-item\">\n\t\t\t<div class=\"jet-slider__content-inner\"><h1 class=\"jet-slider__title\">Con\u00f3zcanos mejor<\/h1> \n\n\t\t\t\t\t\t<div class=\"jet-slider__button-wrapper\"><a class=\"elementor-button elementor-size-md jet-slider__button jet-slider__button--primary\" href=\"https:\/\/www.ativ.pt\/es\/quienes-somos\/\">M\u00e1s informaci\u00f3n<\/a>\t\t\t\t\t\t<\/div><\/div>\n\t\t<\/div>\n\t\t\t<\/div>\n<\/div>\n\n<div  class=\"jet-slider__item sp-slide elementor-repeater-item-77399a2\"><img decoding=\"async\" class=\"sp-image\" src=\"https:\/\/spcdn.shortpixel.ai\/spio\/ret_img,q_cdnize,to_auto,s_webp:avif\/www.ativ.pt\/wp-content\/uploads\/2022\/09\/ativ-slider-geral-1.jpg\" alt=\"ativ-slider-geral-1\"><div class=\"jet-slider__content sp-layer \" data-position=\"centerCenter\" data-width=\"100%\" data-height=\"100%\" data-horizontal=\"0%\" data-show-transition=\"up\" data-show-duration=\"400\" data-show-delay=\"400\" >\n\t\t<div class=\"jet-slider__content-item\">\n\t\t\t<div class=\"jet-slider__content-inner\"><h1 class=\"jet-slider__title\">Asset Management and Maintenance<\/h1> \n\n\t\t\t\t\t\t<div class=\"jet-slider__button-wrapper\"><a class=\"elementor-button elementor-size-md jet-slider__button jet-slider__button--primary\" href=\"https:\/\/www.ativ.pt\/es\/ambitos-de-actuacion\/\">M\u00e1s informaci\u00f3n<\/a>\t\t\t\t\t\t<\/div><\/div>\n\t\t<\/div>\n\t\t\t<\/div>\n<\/div>\n\n<\/div>\n<\/div>\n<\/div>\n<\/div>\t\t\t\t<\/div>\n\t\t\t\t<\/div>\n\t\t\t\t<\/div>\n\t\t\t\t<\/div>\n\t\t<div class=\"elementor-element elementor-element-4f2c7be e-flex e-con-boxed wpr-particle-no wpr-jarallax-no wpr-parallax-no wpr-sticky-section-no wpr-equal-height-no e-con e-parent\" data-id=\"4f2c7be\" data-element_type=\"container\" data-e-type=\"container\" data-settings=\"{&quot;jet_parallax_layout_list&quot;:[],&quot;background_background&quot;:&quot;classic&quot;}\">\n\t\t\t\t\t<div class=\"e-con-inner\">\n\t\t<div class=\"elementor-element elementor-element-63ad9b1 e-con-full e-flex wpr-particle-no wpr-jarallax-no wpr-parallax-no wpr-sticky-section-no wpr-equal-height-no e-con e-parent\" data-id=\"63ad9b1\" data-element_type=\"container\" data-e-type=\"container\" data-settings=\"{&quot;jet_parallax_layout_list&quot;:[]}\">\n\t\t\t\t<div class=\"elementor-element elementor-element-6bf3c28 elementor-align-left elementor-invisible elementor-widget elementor-widget-raven-heading\" data-id=\"6bf3c28\" data-element_type=\"widget\" data-e-type=\"widget\" data-settings=\"{&quot;_animation&quot;:&quot;fadeInRight&quot;,&quot;_animation_delay&quot;:100}\" data-widget_type=\"raven-heading.default\">\n\t\t\t\t<div class=\"elementor-widget-container\">\n\t\t\t\t\t\t\t<div class=\"raven-widget-wrapper\"><h2 class=\"raven-heading raven-heading-h2\"><span class=\"raven-heading-title \">Valorizamos los activos, transformando la comunidad para un futuro m\u00e1s sostenible<\/span><\/h2><\/div>\n\t\t\t\t\t\t<\/div>\n\t\t\t\t<\/div>\n\t\t\t\t<\/div>\n\t\t\t\t\t<\/div>\n\t\t\t\t<\/div>\n\t\t<div class=\"elementor-element elementor-element-8303a31 e-con-full e-flex wpr-particle-no wpr-jarallax-no wpr-parallax-no wpr-sticky-section-no wpr-equal-height-no e-con e-parent\" data-id=\"8303a31\" data-element_type=\"container\" data-e-type=\"container\" data-settings=\"{&quot;jet_parallax_layout_list&quot;:[],&quot;background_background&quot;:&quot;classic&quot;}\">\n\t\t<div class=\"elementor-element elementor-element-61721b1 e-con-full e-flex wpr-particle-no wpr-jarallax-no wpr-parallax-no wpr-sticky-section-no wpr-equal-height-no elementor-invisible e-con e-parent\" data-id=\"61721b1\" data-element_type=\"container\" data-e-type=\"container\" data-settings=\"{&quot;background_background&quot;:&quot;classic&quot;,&quot;animation&quot;:&quot;fadeInUp&quot;,&quot;animation_delay&quot;:0,&quot;jet_parallax_layout_list&quot;:[]}\">\n\t\t\t\t<div class=\"elementor-element elementor-element-5160f36 elementor-widget elementor-widget-heading\" data-id=\"5160f36\" data-element_type=\"widget\" data-e-type=\"widget\" data-widget_type=\"heading.default\">\n\t\t\t\t\t<h3 class=\"elementor-heading-title elementor-size-default\">Facility Management<\/h3>\t\t\t\t<\/div>\n\t\t\t\t<div class=\"elementor-element elementor-element-7ae5c09 elementor-align-left elementor-widget elementor-widget-raven-button\" data-id=\"7ae5c09\" data-element_type=\"widget\" data-e-type=\"widget\" data-settings=\"{&quot;turn_to_popup_action_button&quot;:&quot;no&quot;}\" data-widget_type=\"raven-button.default\">\n\t\t\t\t<div class=\"elementor-widget-container\">\n\t\t\t\t\t\t\t<div class=\"raven-widget-wrapper\">\n\t\t\t<a class=\"raven-button raven-button-widget-normal-effect-none  raven-button-text-align-left raven-button-link elementor-animation-none\" href=\"https:\/\/www.ativ.pt\/es\/ambitos-de-actuacion\/facility-management\/\">\t\t\t\t<div class=\"raven-button-overlay\" ><\/div>\n\t\t\t\t<span class=\"raven-button-content\">\n\t\t\t\t\t\n\t\t\t\t\t<div class=\"button-text-container\">\n\t\t\t\t\t\t\t\t\t\t\t\t<div class=\"raven-button-texts-wrapper\">\n\t\t\t\t\t\t\t<div class=\"button-text\">\n\t\t\t\t\t\t\t\t<span class=\"raven-button-text\">\n\t\t\t\t\t\t\t\t\tM\u00e1s informaci\u00f3n\t\t\t\t\t\t\t\t<\/span>\n\t\t\t\t\t\t\t<\/div>\n\t\t\t\t\t\t\t\t\t\t\t\t\t<\/div>\n\t\t\t\t\t\t\t\t\t<span class=\"raven-button-icon raven-button-icon-position-right\">\n\t\t\t\t<svg aria-hidden=\"true\" class=\"e-font-icon-svg e-fas-chevron-right\" viewBox=\"0 0 320 512\" xmlns=\"http:\/\/www.w3.org\/2000\/svg\"><path d=\"M285.476 272.971L91.132 467.314c-9.373 9.373-24.569 9.373-33.941 0l-22.667-22.667c-9.357-9.357-9.375-24.522-.04-33.901L188.505 256 34.484 101.255c-9.335-9.379-9.317-24.544.04-33.901l22.667-22.667c9.373-9.373 24.569-9.373 33.941 0L285.475 239.03c9.373 9.372 9.373 24.568.001 33.941z\"><\/path><\/svg>\t\t\t<\/span>\n\t\t\t\t\t\t\t<\/div>\n\t\t\t\t\t\n\t\t\t\t\t\t\t\t\t<\/span>\n\t\t\t<\/a>\t\t<\/div>\n\t\t\t\t\t\t<\/div>\n\t\t\t\t<\/div>\n\t\t\t\t<\/div>\n\t\t<div class=\"elementor-element elementor-element-96805f7 e-con-full e-flex wpr-particle-no wpr-jarallax-no wpr-parallax-no wpr-sticky-section-no wpr-equal-height-no elementor-invisible e-con e-parent\" data-id=\"96805f7\" data-element_type=\"container\" data-e-type=\"container\" data-settings=\"{&quot;background_background&quot;:&quot;classic&quot;,&quot;animation&quot;:&quot;fadeInUp&quot;,&quot;animation_delay&quot;:100,&quot;jet_parallax_layout_list&quot;:[]}\">\n\t\t\t\t<div class=\"elementor-element elementor-element-2590159 elementor-widget elementor-widget-heading\" data-id=\"2590159\" data-element_type=\"widget\" data-e-type=\"widget\" data-widget_type=\"heading.default\">\n\t\t\t\t\t<h3 class=\"elementor-heading-title elementor-size-default\">Industria<\/h3>\t\t\t\t<\/div>\n\t\t\t\t<div class=\"elementor-element elementor-element-d0a40ec elementor-align-left elementor-widget elementor-widget-raven-button\" data-id=\"d0a40ec\" data-element_type=\"widget\" data-e-type=\"widget\" data-settings=\"{&quot;turn_to_popup_action_button&quot;:&quot;no&quot;}\" data-widget_type=\"raven-button.default\">\n\t\t\t\t<div class=\"elementor-widget-container\">\n\t\t\t\t\t\t\t<div class=\"raven-widget-wrapper\">\n\t\t\t<a class=\"raven-button raven-button-widget-normal-effect-none  raven-button-text-align-center raven-button-link elementor-animation-none\" href=\"https:\/\/www.ativ.pt\/es\/ambitos-de-actuacion\/industria\/\">\t\t\t\t<div class=\"raven-button-overlay\" ><\/div>\n\t\t\t\t<span class=\"raven-button-content\">\n\t\t\t\t\t\n\t\t\t\t\t<div class=\"button-text-container\">\n\t\t\t\t\t\t\t\t\t\t\t\t<div class=\"raven-button-texts-wrapper\">\n\t\t\t\t\t\t\t<div class=\"button-text\">\n\t\t\t\t\t\t\t\t<span class=\"raven-button-text\">\n\t\t\t\t\t\t\t\t\tM\u00e1s informaci\u00f3n\t\t\t\t\t\t\t\t<\/span>\n\t\t\t\t\t\t\t<\/div>\n\t\t\t\t\t\t\t\t\t\t\t\t\t<\/div>\n\t\t\t\t\t\t\t\t\t<span class=\"raven-button-icon raven-button-icon-position-right\">\n\t\t\t\t<svg aria-hidden=\"true\" class=\"e-font-icon-svg e-fas-chevron-right\" viewBox=\"0 0 320 512\" xmlns=\"http:\/\/www.w3.org\/2000\/svg\"><path d=\"M285.476 272.971L91.132 467.314c-9.373 9.373-24.569 9.373-33.941 0l-22.667-22.667c-9.357-9.357-9.375-24.522-.04-33.901L188.505 256 34.484 101.255c-9.335-9.379-9.317-24.544.04-33.901l22.667-22.667c9.373-9.373 24.569-9.373 33.941 0L285.475 239.03c9.373 9.372 9.373 24.568.001 33.941z\"><\/path><\/svg>\t\t\t<\/span>\n\t\t\t\t\t\t\t<\/div>\n\t\t\t\t\t\n\t\t\t\t\t\t\t\t\t<\/span>\n\t\t\t<\/a>\t\t<\/div>\n\t\t\t\t\t\t<\/div>\n\t\t\t\t<\/div>\n\t\t\t\t<\/div>\n\t\t<div class=\"elementor-element elementor-element-5517ff4 e-con-full e-flex wpr-particle-no wpr-jarallax-no wpr-parallax-no wpr-sticky-section-no wpr-equal-height-no elementor-invisible e-con e-parent\" data-id=\"5517ff4\" data-element_type=\"container\" data-e-type=\"container\" data-settings=\"{&quot;background_background&quot;:&quot;classic&quot;,&quot;animation&quot;:&quot;fadeInUp&quot;,&quot;animation_delay&quot;:200,&quot;jet_parallax_layout_list&quot;:[]}\">\n\t\t\t\t<div class=\"elementor-element elementor-element-28991d5 elementor-widget elementor-widget-heading\" data-id=\"28991d5\" data-element_type=\"widget\" data-e-type=\"widget\" data-widget_type=\"heading.default\">\n\t\t\t\t\t<h3 class=\"elementor-heading-title elementor-size-default\">Agua y Sistemas Medioambientales<\/h3>\t\t\t\t<\/div>\n\t\t\t\t<div class=\"elementor-element elementor-element-59aaa5d elementor-align-left elementor-widget elementor-widget-raven-button\" data-id=\"59aaa5d\" data-element_type=\"widget\" data-e-type=\"widget\" data-settings=\"{&quot;turn_to_popup_action_button&quot;:&quot;no&quot;}\" data-widget_type=\"raven-button.default\">\n\t\t\t\t<div class=\"elementor-widget-container\">\n\t\t\t\t\t\t\t<div class=\"raven-widget-wrapper\">\n\t\t\t<a class=\"raven-button raven-button-widget-normal-effect-none  raven-button-text-align-center raven-button-link elementor-animation-none\" href=\"https:\/\/www.ativ.pt\/es\/ambitos-de-actuacion\/agua-y-sistemas-medioambientales\/\">\t\t\t\t<div class=\"raven-button-overlay\" ><\/div>\n\t\t\t\t<span class=\"raven-button-content\">\n\t\t\t\t\t\n\t\t\t\t\t<div class=\"button-text-container\">\n\t\t\t\t\t\t\t\t\t\t\t\t<div class=\"raven-button-texts-wrapper\">\n\t\t\t\t\t\t\t<div class=\"button-text\">\n\t\t\t\t\t\t\t\t<span class=\"raven-button-text\">\n\t\t\t\t\t\t\t\t\tM\u00e1s informaci\u00f3n\t\t\t\t\t\t\t\t<\/span>\n\t\t\t\t\t\t\t<\/div>\n\t\t\t\t\t\t\t\t\t\t\t\t\t<\/div>\n\t\t\t\t\t\t\t\t\t<span class=\"raven-button-icon raven-button-icon-position-right\">\n\t\t\t\t<svg aria-hidden=\"true\" class=\"e-font-icon-svg e-fas-chevron-right\" viewBox=\"0 0 320 512\" xmlns=\"http:\/\/www.w3.org\/2000\/svg\"><path d=\"M285.476 272.971L91.132 467.314c-9.373 9.373-24.569 9.373-33.941 0l-22.667-22.667c-9.357-9.357-9.375-24.522-.04-33.901L188.505 256 34.484 101.255c-9.335-9.379-9.317-24.544.04-33.901l22.667-22.667c9.373-9.373 24.569-9.373 33.941 0L285.475 239.03c9.373 9.372 9.373 24.568.001 33.941z\"><\/path><\/svg>\t\t\t<\/span>\n\t\t\t\t\t\t\t<\/div>\n\t\t\t\t\t\n\t\t\t\t\t\t\t\t\t<\/span>\n\t\t\t<\/a>\t\t<\/div>\n\t\t\t\t\t\t<\/div>\n\t\t\t\t<\/div>\n\t\t\t\t<\/div>\n\t\t\t\t<\/div>\n\t\t<div class=\"elementor-element elementor-element-aeafbc0 e-con-full e-flex wpr-particle-no wpr-jarallax-no wpr-parallax-no wpr-sticky-section-no wpr-equal-height-no e-con e-parent\" data-id=\"aeafbc0\" data-element_type=\"container\" data-e-type=\"container\" data-settings=\"{&quot;jet_parallax_layout_list&quot;:[],&quot;background_background&quot;:&quot;classic&quot;}\">\n\t\t<div class=\"elementor-element elementor-element-87117ae e-con-full e-flex wpr-particle-no wpr-jarallax-no wpr-parallax-no wpr-sticky-section-no wpr-equal-height-no elementor-invisible e-con e-parent\" data-id=\"87117ae\" data-element_type=\"container\" data-e-type=\"container\" data-settings=\"{&quot;background_background&quot;:&quot;classic&quot;,&quot;animation&quot;:&quot;fadeInUp&quot;,&quot;animation_delay&quot;:300,&quot;jet_parallax_layout_list&quot;:[]}\">\n\t\t\t\t<div class=\"elementor-element elementor-element-1e30066 elementor-widget elementor-widget-heading\" data-id=\"1e30066\" data-element_type=\"widget\" data-e-type=\"widget\" data-widget_type=\"heading.default\">\n\t\t\t\t\t<h3 class=\"elementor-heading-title elementor-size-default\">Paisajismo<\/h3>\t\t\t\t<\/div>\n\t\t\t\t<div class=\"elementor-element elementor-element-831aba3 elementor-align-left elementor-widget elementor-widget-raven-button\" data-id=\"831aba3\" data-element_type=\"widget\" data-e-type=\"widget\" data-settings=\"{&quot;turn_to_popup_action_button&quot;:&quot;no&quot;}\" data-widget_type=\"raven-button.default\">\n\t\t\t\t<div class=\"elementor-widget-container\">\n\t\t\t\t\t\t\t<div class=\"raven-widget-wrapper\">\n\t\t\t<a class=\"raven-button raven-button-widget-normal-effect-none  raven-button-text-align-center raven-button-link elementor-animation-none\" href=\"https:\/\/www.ativ.pt\/es\/ambitos-de-actuacion\/paisajismo\/\">\t\t\t\t<div class=\"raven-button-overlay\" ><\/div>\n\t\t\t\t<span class=\"raven-button-content\">\n\t\t\t\t\t\n\t\t\t\t\t<div class=\"button-text-container\">\n\t\t\t\t\t\t\t\t\t\t\t\t<div class=\"raven-button-texts-wrapper\">\n\t\t\t\t\t\t\t<div class=\"button-text\">\n\t\t\t\t\t\t\t\t<span class=\"raven-button-text\">\n\t\t\t\t\t\t\t\t\tM\u00e1s informaci\u00f3n\t\t\t\t\t\t\t\t<\/span>\n\t\t\t\t\t\t\t<\/div>\n\t\t\t\t\t\t\t\t\t\t\t\t\t<\/div>\n\t\t\t\t\t\t\t\t\t<span class=\"raven-button-icon raven-button-icon-position-right\">\n\t\t\t\t<svg aria-hidden=\"true\" class=\"e-font-icon-svg e-fas-chevron-right\" viewBox=\"0 0 320 512\" xmlns=\"http:\/\/www.w3.org\/2000\/svg\"><path d=\"M285.476 272.971L91.132 467.314c-9.373 9.373-24.569 9.373-33.941 0l-22.667-22.667c-9.357-9.357-9.375-24.522-.04-33.901L188.505 256 34.484 101.255c-9.335-9.379-9.317-24.544.04-33.901l22.667-22.667c9.373-9.373 24.569-9.373 33.941 0L285.475 239.03c9.373 9.372 9.373 24.568.001 33.941z\"><\/path><\/svg>\t\t\t<\/span>\n\t\t\t\t\t\t\t<\/div>\n\t\t\t\t\t\n\t\t\t\t\t\t\t\t\t<\/span>\n\t\t\t<\/a>\t\t<\/div>\n\t\t\t\t\t\t<\/div>\n\t\t\t\t<\/div>\n\t\t\t\t<\/div>\n\t\t<div class=\"elementor-element elementor-element-bbc5004 e-con-full e-flex wpr-particle-no wpr-jarallax-no wpr-parallax-no wpr-sticky-section-no wpr-equal-height-no elementor-invisible e-con e-parent\" data-id=\"bbc5004\" data-element_type=\"container\" data-e-type=\"container\" data-settings=\"{&quot;background_background&quot;:&quot;classic&quot;,&quot;animation&quot;:&quot;fadeInUp&quot;,&quot;animation_delay&quot;:400,&quot;jet_parallax_layout_list&quot;:[]}\">\n\t\t\t\t<div class=\"elementor-element elementor-element-76bcb09 elementor-widget elementor-widget-heading\" data-id=\"76bcb09\" data-element_type=\"widget\" data-e-type=\"widget\" data-widget_type=\"heading.default\">\n\t\t\t\t\t<h3 class=\"elementor-heading-title elementor-size-default\">Agricultura y Sostenibilidad<\/h3>\t\t\t\t<\/div>\n\t\t\t\t<div class=\"elementor-element elementor-element-f483f87 elementor-align-left elementor-widget elementor-widget-raven-button\" data-id=\"f483f87\" data-element_type=\"widget\" data-e-type=\"widget\" data-settings=\"{&quot;turn_to_popup_action_button&quot;:&quot;no&quot;}\" data-widget_type=\"raven-button.default\">\n\t\t\t\t<div class=\"elementor-widget-container\">\n\t\t\t\t\t\t\t<div class=\"raven-widget-wrapper\">\n\t\t\t<a class=\"raven-button raven-button-widget-normal-effect-none  raven-button-text-align-center raven-button-link elementor-animation-none\" href=\"https:\/\/www.ativ.pt\/es\/ambitos-de-actuacion\/agricultura-y-sostenibilidad\/\">\t\t\t\t<div class=\"raven-button-overlay\" ><\/div>\n\t\t\t\t<span class=\"raven-button-content\">\n\t\t\t\t\t\n\t\t\t\t\t<div class=\"button-text-container\">\n\t\t\t\t\t\t\t\t\t\t\t\t<div class=\"raven-button-texts-wrapper\">\n\t\t\t\t\t\t\t<div class=\"button-text\">\n\t\t\t\t\t\t\t\t<span class=\"raven-button-text\">\n\t\t\t\t\t\t\t\t\tM\u00e1s informaci\u00f3n\t\t\t\t\t\t\t\t<\/span>\n\t\t\t\t\t\t\t<\/div>\n\t\t\t\t\t\t\t\t\t\t\t\t\t<\/div>\n\t\t\t\t\t\t\t\t\t<span class=\"raven-button-icon raven-button-icon-position-right\">\n\t\t\t\t<svg aria-hidden=\"true\" class=\"e-font-icon-svg e-fas-chevron-right\" viewBox=\"0 0 320 512\" xmlns=\"http:\/\/www.w3.org\/2000\/svg\"><path d=\"M285.476 272.971L91.132 467.314c-9.373 9.373-24.569 9.373-33.941 0l-22.667-22.667c-9.357-9.357-9.375-24.522-.04-33.901L188.505 256 34.484 101.255c-9.335-9.379-9.317-24.544.04-33.901l22.667-22.667c9.373-9.373 24.569-9.373 33.941 0L285.475 239.03c9.373 9.372 9.373 24.568.001 33.941z\"><\/path><\/svg>\t\t\t<\/span>\n\t\t\t\t\t\t\t<\/div>\n\t\t\t\t\t\n\t\t\t\t\t\t\t\t\t<\/span>\n\t\t\t<\/a>\t\t<\/div>\n\t\t\t\t\t\t<\/div>\n\t\t\t\t<\/div>\n\t\t\t\t<\/div>\n\t\t<div class=\"elementor-element elementor-element-02f4fd0 e-con-full e-flex wpr-particle-no wpr-jarallax-no wpr-parallax-no wpr-sticky-section-no wpr-equal-height-no elementor-invisible e-con e-parent\" data-id=\"02f4fd0\" data-element_type=\"container\" data-e-type=\"container\" data-settings=\"{&quot;background_background&quot;:&quot;classic&quot;,&quot;animation&quot;:&quot;fadeInUp&quot;,&quot;animation_delay&quot;:500,&quot;jet_parallax_layout_list&quot;:[]}\">\n\t\t\t\t<div class=\"elementor-element elementor-element-493f297 elementor-widget elementor-widget-heading\" data-id=\"493f297\" data-element_type=\"widget\" data-e-type=\"widget\" data-widget_type=\"heading.default\">\n\t\t\t\t\t<h3 class=\"elementor-heading-title elementor-size-default\">Energ\u00eda y Carbono<\/h3>\t\t\t\t<\/div>\n\t\t\t\t<div class=\"elementor-element elementor-element-f38b957 elementor-align-left elementor-widget elementor-widget-raven-button\" data-id=\"f38b957\" data-element_type=\"widget\" data-e-type=\"widget\" data-settings=\"{&quot;turn_to_popup_action_button&quot;:&quot;no&quot;}\" data-widget_type=\"raven-button.default\">\n\t\t\t\t<div class=\"elementor-widget-container\">\n\t\t\t\t\t\t\t<div class=\"raven-widget-wrapper\">\n\t\t\t<a class=\"raven-button raven-button-widget-normal-effect-none  raven-button-text-align-center raven-button-link elementor-animation-none\" href=\"https:\/\/www.ativ.pt\/es\/ambitos-de-actuacion\/energia-y-carbono\/\">\t\t\t\t<div class=\"raven-button-overlay\" ><\/div>\n\t\t\t\t<span class=\"raven-button-content\">\n\t\t\t\t\t\n\t\t\t\t\t<div class=\"button-text-container\">\n\t\t\t\t\t\t\t\t\t\t\t\t<div class=\"raven-button-texts-wrapper\">\n\t\t\t\t\t\t\t<div class=\"button-text\">\n\t\t\t\t\t\t\t\t<span class=\"raven-button-text\">\n\t\t\t\t\t\t\t\t\tM\u00e1s informaci\u00f3n\t\t\t\t\t\t\t\t<\/span>\n\t\t\t\t\t\t\t<\/div>\n\t\t\t\t\t\t\t\t\t\t\t\t\t<\/div>\n\t\t\t\t\t\t\t\t\t<span class=\"raven-button-icon raven-button-icon-position-right\">\n\t\t\t\t<svg aria-hidden=\"true\" class=\"e-font-icon-svg e-fas-chevron-right\" viewBox=\"0 0 320 512\" xmlns=\"http:\/\/www.w3.org\/2000\/svg\"><path d=\"M285.476 272.971L91.132 467.314c-9.373 9.373-24.569 9.373-33.941 0l-22.667-22.667c-9.357-9.357-9.375-24.522-.04-33.901L188.505 256 34.484 101.255c-9.335-9.379-9.317-24.544.04-33.901l22.667-22.667c9.373-9.373 24.569-9.373 33.941 0L285.475 239.03c9.373 9.372 9.373 24.568.001 33.941z\"><\/path><\/svg>\t\t\t<\/span>\n\t\t\t\t\t\t\t<\/div>\n\t\t\t\t\t\n\t\t\t\t\t\t\t\t\t<\/span>\n\t\t\t<\/a>\t\t<\/div>\n\t\t\t\t\t\t<\/div>\n\t\t\t\t<\/div>\n\t\t\t\t<\/div>\n\t\t\t\t<\/div>\n\t\t<div class=\"elementor-element elementor-element-ae5bfa2 e-flex e-con-boxed wpr-particle-no wpr-jarallax-no wpr-parallax-no wpr-sticky-section-no wpr-equal-height-no elementor-invisible e-con e-parent\" data-id=\"ae5bfa2\" data-element_type=\"container\" data-e-type=\"container\" data-settings=\"{&quot;jet_parallax_layout_list&quot;:[],&quot;background_background&quot;:&quot;classic&quot;,&quot;animation&quot;:&quot;fadeIn&quot;}\">\n\t\t\t\t\t<div class=\"e-con-inner\">\n\t\t<div class=\"elementor-element elementor-element-b39627d e-con-full e-flex wpr-particle-no wpr-jarallax-no wpr-parallax-no wpr-sticky-section-no wpr-equal-height-no e-con e-parent\" data-id=\"b39627d\" data-element_type=\"container\" data-e-type=\"container\" data-settings=\"{&quot;background_background&quot;:&quot;classic&quot;,&quot;jet_parallax_layout_list&quot;:[]}\">\n\t\t\t\t<div class=\"elementor-element elementor-element-97ebe51 elementor-align-left elementor-invisible elementor-widget elementor-widget-raven-heading\" data-id=\"97ebe51\" data-element_type=\"widget\" data-e-type=\"widget\" data-settings=\"{&quot;_animation&quot;:&quot;fadeInLeft&quot;,&quot;_animation_delay&quot;:200}\" data-widget_type=\"raven-heading.default\">\n\t\t\t\t<div class=\"elementor-widget-container\">\n\t\t\t\t\t\t\t<div class=\"raven-widget-wrapper\"><h4 class=\"raven-heading raven-heading-h4\"><span class=\"raven-heading-title \">Qui\u00e9nes Somos<\/span><\/h4><\/div>\n\t\t\t\t\t\t<\/div>\n\t\t\t\t<\/div>\n\t\t\t\t<div class=\"elementor-element elementor-element-502d48e elementor-invisible elementor-widget elementor-widget-text-editor\" data-id=\"502d48e\" data-element_type=\"widget\" data-e-type=\"widget\" data-settings=\"{&quot;_animation&quot;:&quot;fadeInLeft&quot;,&quot;_animation_delay&quot;:300}\" data-widget_type=\"text-editor.default\">\n\t\t\t\t\t\t\t\t\t<p>Mota-Engil ATIV es una nueva marca que re\u00fane los conocimientos, la experiencia y las competencias de Manvia y Vibeiras, promoviendo sinergias y complementariedad en la amplia cartera de actividades.<\/p>\n<p>Contamos con un equipo diversificado, especializado y cualificado, y nos centramos en promover el rendimiento operativo de los activos de nuestros clientes, as\u00ed como su eficiencia energ\u00e9tica, h\u00eddrica y de carbono.<\/p>\n<p>Bas\u00e1ndonos en una visi\u00f3n clara e inspiradora del liderazgo, centrados en el futuro y en la sostenibilidad, tanto de la organizaci\u00f3n como de la sociedad, creemos en un enfoque de la innovaci\u00f3n que satisfaga las necesidades de las generaciones actuales sin comprometer las necesidades de las generaciones futuras.<\/p>\n\t\t\t\t\t\t\t\t<\/div>\n\t\t\t\t<div class=\"elementor-element elementor-element-349dcbe elementor-invisible elementor-widget elementor-widget-raven-button\" data-id=\"349dcbe\" data-element_type=\"widget\" data-e-type=\"widget\" data-settings=\"{&quot;_animation&quot;:&quot;fadeInLeft&quot;,&quot;_animation_delay&quot;:400,&quot;turn_to_popup_action_button&quot;:&quot;no&quot;}\" data-widget_type=\"raven-button.default\">\n\t\t\t\t<div class=\"elementor-widget-container\">\n\t\t\t\t\t\t\t<div class=\"raven-widget-wrapper\">\n\t\t\t<a class=\"raven-button raven-button-widget-normal-effect-none  raven-button-text-align- raven-button-link elementor-animation-none\" href=\"https:\/\/www.ativ.pt\/es\/quienes-somos\/\">\t\t\t\t<div class=\"raven-button-overlay\" ><\/div>\n\t\t\t\t<span class=\"raven-button-content\">\n\t\t\t\t\t\n\t\t\t\t\t<div class=\"button-text-container\">\n\t\t\t\t\t\t\t\t\t\t\t\t<div class=\"raven-button-texts-wrapper\">\n\t\t\t\t\t\t\t<div class=\"button-text\">\n\t\t\t\t\t\t\t\t<span class=\"raven-button-text\">\n\t\t\t\t\t\t\t\t\tM\u00e1s informaci\u00f3n\t\t\t\t\t\t\t\t<\/span>\n\t\t\t\t\t\t\t<\/div>\n\t\t\t\t\t\t\t\t\t\t\t\t\t<\/div>\n\t\t\t\t\t\t\t\t\t\t\t<\/div>\n\t\t\t\t\t\n\t\t\t\t\t\t\t\t\t<\/span>\n\t\t\t<\/a>\t\t<\/div>\n\t\t\t\t\t\t<\/div>\n\t\t\t\t<\/div>\n\t\t\t\t<\/div>\n\t\t<div class=\"elementor-element elementor-element-f151032 e-con-full e-flex wpr-particle-no wpr-jarallax-no wpr-parallax-no wpr-sticky-section-no wpr-equal-height-no e-con e-parent\" data-id=\"f151032\" data-element_type=\"container\" data-e-type=\"container\" data-settings=\"{&quot;jet_parallax_layout_list&quot;:[]}\">\n\t\t\t\t<\/div>\n\t\t\t\t\t<\/div>\n\t\t\t\t<\/div>\n\t\t<div class=\"elementor-element elementor-element-dc80783 e-flex e-con-boxed wpr-particle-no wpr-jarallax-no wpr-parallax-no wpr-sticky-section-no wpr-equal-height-no e-con e-parent\" data-id=\"dc80783\" data-element_type=\"container\" data-e-type=\"container\" data-settings=\"{&quot;jet_parallax_layout_list&quot;:[],&quot;background_background&quot;:&quot;classic&quot;}\">\n\t\t\t\t\t<div class=\"e-con-inner\">\n\t\t<div class=\"elementor-element elementor-element-beba732 e-con-full e-flex wpr-particle-no wpr-jarallax-no wpr-parallax-no wpr-sticky-section-no wpr-equal-height-no elementor-invisible e-con e-parent\" data-id=\"beba732\" data-element_type=\"container\" data-e-type=\"container\" data-settings=\"{&quot;animation&quot;:&quot;fadeInUp&quot;,&quot;animation_delay&quot;:100,&quot;jet_parallax_layout_list&quot;:[]}\">\n\t\t\t\t<div class=\"elementor-element elementor-element-fe50713 elementor-align-center elementor-widget elementor-widget-raven-heading\" data-id=\"fe50713\" data-element_type=\"widget\" data-e-type=\"widget\" data-widget_type=\"raven-heading.default\">\n\t\t\t\t<div class=\"elementor-widget-container\">\n\t\t\t\t\t\t\t<div class=\"raven-widget-wrapper\"><h5 class=\"raven-heading raven-heading-h5\"><span class=\"raven-heading-title \">Misi\u00f3n<\/span><\/h5><\/div>\n\t\t\t\t\t\t<\/div>\n\t\t\t\t<\/div>\n\t\t\t\t<div class=\"elementor-element elementor-element-16ce6ca elementor-widget elementor-widget-text-editor\" data-id=\"16ce6ca\" data-element_type=\"widget\" data-e-type=\"widget\" data-widget_type=\"text-editor.default\">\n\t\t\t\t\t\t\t\t\t<p>Promovemos el rendimiento eficiente de los activos y el bienestar de los usuarios.<\/p>\n\t\t\t\t\t\t\t\t<\/div>\n\t\t\t\t<\/div>\n\t\t<div class=\"elementor-element elementor-element-fd4b562 e-con-full e-flex wpr-particle-no wpr-jarallax-no wpr-parallax-no wpr-sticky-section-no wpr-equal-height-no elementor-invisible e-con e-parent\" data-id=\"fd4b562\" data-element_type=\"container\" data-e-type=\"container\" data-settings=\"{&quot;animation&quot;:&quot;fadeInUp&quot;,&quot;animation_delay&quot;:200,&quot;jet_parallax_layout_list&quot;:[]}\">\n\t\t\t\t<div class=\"elementor-element elementor-element-f07a4a3 elementor-align-center elementor-widget elementor-widget-raven-heading\" data-id=\"f07a4a3\" data-element_type=\"widget\" data-e-type=\"widget\" data-widget_type=\"raven-heading.default\">\n\t\t\t\t<div class=\"elementor-widget-container\">\n\t\t\t\t\t\t\t<div class=\"raven-widget-wrapper\"><h5 class=\"raven-heading raven-heading-h5\"><span class=\"raven-heading-title \">Visi\u00f3n<\/span><\/h5><\/div>\n\t\t\t\t\t\t<\/div>\n\t\t\t\t<\/div>\n\t\t\t\t<div class=\"elementor-element elementor-element-b6f6077 elementor-widget elementor-widget-text-editor\" data-id=\"b6f6077\" data-element_type=\"widget\" data-e-type=\"widget\" data-widget_type=\"text-editor.default\">\n\t\t\t\t\t\t\t\t\t<p>Ambici\u00f3n y talento para liderar la neutralidad del carbono.<\/p>\n\t\t\t\t\t\t\t\t<\/div>\n\t\t\t\t<\/div>\n\t\t<div class=\"elementor-element elementor-element-1a0d7cb e-con-full e-flex wpr-particle-no wpr-jarallax-no wpr-parallax-no wpr-sticky-section-no wpr-equal-height-no elementor-invisible e-con e-parent\" data-id=\"1a0d7cb\" data-element_type=\"container\" data-e-type=\"container\" data-settings=\"{&quot;animation&quot;:&quot;fadeInUp&quot;,&quot;animation_delay&quot;:300,&quot;jet_parallax_layout_list&quot;:[]}\">\n\t\t\t\t<div class=\"elementor-element elementor-element-a04c201 elementor-align-center elementor-widget elementor-widget-raven-heading\" data-id=\"a04c201\" data-element_type=\"widget\" data-e-type=\"widget\" data-widget_type=\"raven-heading.default\">\n\t\t\t\t<div class=\"elementor-widget-container\">\n\t\t\t\t\t\t\t<div class=\"raven-widget-wrapper\"><h5 class=\"raven-heading raven-heading-h5\"><span class=\"raven-heading-title \">Valores<\/span><\/h5><\/div>\n\t\t\t\t\t\t<\/div>\n\t\t\t\t<\/div>\n\t\t\t\t<div class=\"elementor-element elementor-element-ef53f0a elementor-widget elementor-widget-text-editor\" data-id=\"ef53f0a\" data-element_type=\"widget\" data-e-type=\"widget\" data-widget_type=\"text-editor.default\">\n\t\t\t\t\t\t\t\t\t<p>Trabajo en equipo, familia, productividad, mentalidad abierta, honestidad e integridad.<\/p>\n\t\t\t\t\t\t\t\t<\/div>\n\t\t\t\t<\/div>\n\t\t\t\t\t<\/div>\n\t\t\t\t<\/div>\n\t\t<div class=\"elementor-element elementor-element-7d89f46 e-flex e-con-boxed wpr-particle-no wpr-jarallax-no wpr-parallax-no wpr-sticky-section-no wpr-equal-height-no e-con e-parent\" data-id=\"7d89f46\" data-element_type=\"container\" data-e-type=\"container\" data-settings=\"{&quot;jet_parallax_layout_list&quot;:[],&quot;background_background&quot;:&quot;classic&quot;}\">\n\t\t\t\t\t<div class=\"e-con-inner\">\n\t\t<div class=\"elementor-element elementor-element-93cfae0 e-con-full e-flex wpr-particle-no wpr-jarallax-no wpr-parallax-no wpr-sticky-section-no wpr-equal-height-no e-con e-parent\" data-id=\"93cfae0\" data-element_type=\"container\" data-e-type=\"container\" data-settings=\"{&quot;jet_parallax_layout_list&quot;:[]}\">\n\t\t\t\t<div class=\"elementor-element elementor-element-ccd1a04 elementor-align-left elementor-invisible elementor-widget elementor-widget-raven-heading\" data-id=\"ccd1a04\" data-element_type=\"widget\" data-e-type=\"widget\" data-settings=\"{&quot;_animation&quot;:&quot;fadeInLeft&quot;}\" data-widget_type=\"raven-heading.default\">\n\t\t\t\t<div class=\"elementor-widget-container\">\n\t\t\t\t\t\t\t<div class=\"raven-widget-wrapper\"><h6 class=\"raven-heading raven-heading-h6\"><span class=\"raven-heading-title \">Destacados<\/span><\/h6><\/div>\n\t\t\t\t\t\t<\/div>\n\t\t\t\t<\/div>\n\t\t\t\t<div class=\"elementor-element elementor-element-8f8045a raven-hover-slide-right elementor-invisible elementor-widget elementor-widget-raven-posts\" data-id=\"8f8045a\" data-element_type=\"widget\" data-e-type=\"widget\" data-settings=\"{&quot;classic_columns&quot;:&quot;4&quot;,&quot;query_posts_per_page&quot;:4,&quot;_animation&quot;:&quot;fadeInUp&quot;,&quot;_animation_delay&quot;:100,&quot;_skin&quot;:&quot;classic&quot;,&quot;classic_layout&quot;:&quot;grid&quot;,&quot;classic_columns_tablet&quot;:&quot;2&quot;,&quot;classic_columns_mobile&quot;:&quot;1&quot;,&quot;query_offset&quot;:0}\" data-widget_type=\"raven-posts.classic\">\n\t\t\t\t<div class=\"elementor-widget-container\">\n\t\t\t\t\t\t\t<div class=\"raven-posts raven-grid raven-grid-4 raven-grid-mobile-1 raven-grid-tablet-2\" data-post-id=\"5329\" data-archive-query=\"\" data-lang=\"\">\n\t\t\t\t<div class=\"raven-grid-item raven-post-item post-16107 post type-post status-publish format-standard has-post-thumbnail hentry category-articulo\">\n\t\t\t<div class=\"raven-post\">\n\t\t\t\t\t\t<div class=\"raven-post-image-wrap\">\n\t\t\t<a class=\"raven-post-image raven-image-fit\" href=\"https:\/\/www.ativ.pt\/es\/2025\/10\/23\/mota-engil-ativ-presenta-el-plan-estrategico-2026-2030\/\"><img fetchpriority=\"high\" decoding=\"async\" width=\"768\" height=\"576\" src=\"https:\/\/www.ativ.pt\/wp-content\/uploads\/2025\/10\/20251008_104116-1-768x576.jpg\" class=\"attachment-medium_large size-medium_large wp-image-16101\" alt=\"\" srcset=\"https:\/\/www.ativ.pt\/wp-content\/uploads\/2025\/10\/20251008_104116-1-768x576.jpg 768w, https:\/\/www.ativ.pt\/wp-content\/uploads\/2025\/10\/20251008_104116-1-300x225.jpg 300w, https:\/\/www.ativ.pt\/wp-content\/uploads\/2025\/10\/20251008_104116-1-1024x768.jpg 1024w, https:\/\/www.ativ.pt\/wp-content\/uploads\/2025\/10\/20251008_104116-1-1536x1152.jpg 1536w, https:\/\/www.ativ.pt\/wp-content\/uploads\/2025\/10\/20251008_104116-1-scaled.jpg 1920w\" sizes=\"(max-width: 768px) 100vw, 768px\" \/> <span class=\"raven-post-image-overlay\"><\/span><\/a>\t\t<\/div>\n\t\t\t\t\t\t<div class=\"raven-post-content\">\n\t\t\t\t\t<h3 class=\"raven-post-title\"><a class=\"raven-post-title-link\" href=\"https:\/\/www.ativ.pt\/es\/2025\/10\/23\/mota-engil-ativ-presenta-el-plan-estrategico-2026-2030\/\">MOTA-ENGIL ATIV presenta el Plan Estrat\u00e9gico 2026\u20132030&lt;br&gt;<\/a><\/h3>\t\t<div class=\"raven-post-meta\"><a class=\"raven-post-meta-item raven-post-date\" href=\"https:\/\/www.ativ.pt\/es\/2025\/10\/\" rel=\"bookmark\">23 de octubre de 2025<\/a>\n<span class=\"raven-post-meta-divider\">\u2014<\/span>\n<span class=\"raven-post-meta-item raven-post-categories\"><a href=\"https:\/\/www.ativ.pt\/es\/articulo\/\" rel=\"tag\">Art\u00edculo<\/a><\/span><\/div>\n\t\t\t\t<div class=\"raven-post-read-more\">\n\t\t\t<a class=\"raven-post-button\" href=\"https:\/\/www.ativ.pt\/es\/2025\/10\/23\/mota-engil-ativ-presenta-el-plan-estrategico-2026-2030\/\"><span class=\"raven-post-button-text\">Ler mais<\/span><\/a>\n\t\t<\/div>\n\t\t\t\t\t\t<\/div>\n\t\t\t<\/div>\n\t\t<\/div>\n\t\t\t\t<div class=\"raven-grid-item raven-post-item post-16113 post type-post status-publish format-standard has-post-thumbnail hentry category-articulo\">\n\t\t\t<div class=\"raven-post\">\n\t\t\t\t\t\t<div class=\"raven-post-image-wrap\">\n\t\t\t<a class=\"raven-post-image raven-image-fit\" href=\"https:\/\/www.ativ.pt\/es\/2025\/10\/20\/cumbre-atlantic-health-wellness-2025\/\"><img decoding=\"async\" width=\"768\" height=\"310\" src=\"https:\/\/www.ativ.pt\/wp-content\/uploads\/2025\/10\/ahws_hf_destaque-768x310.jpg\" class=\"attachment-medium_large size-medium_large wp-image-16020\" alt=\"\" srcset=\"https:\/\/www.ativ.pt\/wp-content\/uploads\/2025\/10\/ahws_hf_destaque-768x310.jpg 768w, https:\/\/www.ativ.pt\/wp-content\/uploads\/2025\/10\/ahws_hf_destaque-300x121.jpg 300w, https:\/\/www.ativ.pt\/wp-content\/uploads\/2025\/10\/ahws_hf_destaque-1024x413.jpg 1024w, https:\/\/www.ativ.pt\/wp-content\/uploads\/2025\/10\/ahws_hf_destaque.jpg 1200w\" sizes=\"(max-width: 768px) 100vw, 768px\" \/> <span class=\"raven-post-image-overlay\"><\/span><\/a>\t\t<\/div>\n\t\t\t\t\t\t<div class=\"raven-post-content\">\n\t\t\t\t\t<h3 class=\"raven-post-title\"><a class=\"raven-post-title-link\" href=\"https:\/\/www.ativ.pt\/es\/2025\/10\/20\/cumbre-atlantic-health-wellness-2025\/\">Cumbre Atlantic Health Wellness 2025<\/a><\/h3>\t\t<div class=\"raven-post-meta\"><a class=\"raven-post-meta-item raven-post-date\" href=\"https:\/\/www.ativ.pt\/es\/2025\/10\/\" rel=\"bookmark\">20 de octubre de 2025<\/a>\n<span class=\"raven-post-meta-divider\">\u2014<\/span>\n<span class=\"raven-post-meta-item raven-post-categories\"><a href=\"https:\/\/www.ativ.pt\/es\/articulo\/\" rel=\"tag\">Art\u00edculo<\/a><\/span><\/div>\n\t\t\t\t<div class=\"raven-post-read-more\">\n\t\t\t<a class=\"raven-post-button\" href=\"https:\/\/www.ativ.pt\/es\/2025\/10\/20\/cumbre-atlantic-health-wellness-2025\/\"><span class=\"raven-post-button-text\">Ler mais<\/span><\/a>\n\t\t<\/div>\n\t\t\t\t\t\t<\/div>\n\t\t\t<\/div>\n\t\t<\/div>\n\t\t\t\t<div class=\"raven-grid-item raven-post-item post-15970 post type-post status-publish format-standard has-post-thumbnail hentry category-articulo\">\n\t\t\t<div class=\"raven-post\">\n\t\t\t\t\t\t<div class=\"raven-post-image-wrap\">\n\t\t\t<a class=\"raven-post-image raven-image-fit\" href=\"https:\/\/www.ativ.pt\/es\/2025\/10\/06\/carrera-volkswagen-2025\/\"><img decoding=\"async\" width=\"768\" height=\"297\" src=\"https:\/\/www.ativ.pt\/wp-content\/uploads\/2025\/10\/autoeuropa_destaque-768x297.jpg\" class=\"attachment-medium_large size-medium_large wp-image-15920\" alt=\"\" srcset=\"https:\/\/www.ativ.pt\/wp-content\/uploads\/2025\/10\/autoeuropa_destaque-768x297.jpg 768w, https:\/\/www.ativ.pt\/wp-content\/uploads\/2025\/10\/autoeuropa_destaque-300x116.jpg 300w, https:\/\/www.ativ.pt\/wp-content\/uploads\/2025\/10\/autoeuropa_destaque-1024x396.jpg 1024w, https:\/\/www.ativ.pt\/wp-content\/uploads\/2025\/10\/autoeuropa_destaque.jpg 1200w\" sizes=\"(max-width: 768px) 100vw, 768px\" \/> <span class=\"raven-post-image-overlay\"><\/span><\/a>\t\t<\/div>\n\t\t\t\t\t\t<div class=\"raven-post-content\">\n\t\t\t\t\t<h3 class=\"raven-post-title\"><a class=\"raven-post-title-link\" href=\"https:\/\/www.ativ.pt\/es\/2025\/10\/06\/carrera-volkswagen-2025\/\">Carrera Volkswagen 2025<\/a><\/h3>\t\t<div class=\"raven-post-meta\"><a class=\"raven-post-meta-item raven-post-date\" href=\"https:\/\/www.ativ.pt\/es\/2025\/10\/\" rel=\"bookmark\">6 de octubre de 2025<\/a>\n<span class=\"raven-post-meta-divider\">\u2014<\/span>\n<span class=\"raven-post-meta-item raven-post-categories\"><a href=\"https:\/\/www.ativ.pt\/es\/articulo\/\" rel=\"tag\">Art\u00edculo<\/a><\/span><\/div>\n\t\t\t\t<div class=\"raven-post-read-more\">\n\t\t\t<a class=\"raven-post-button\" href=\"https:\/\/www.ativ.pt\/es\/2025\/10\/06\/carrera-volkswagen-2025\/\"><span class=\"raven-post-button-text\">Ler mais<\/span><\/a>\n\t\t<\/div>\n\t\t\t\t\t\t<\/div>\n\t\t\t<\/div>\n\t\t<\/div>\n\t\t\t\t<div class=\"raven-grid-item raven-post-item post-15976 post type-post status-publish format-standard has-post-thumbnail hentry category-articulo\">\n\t\t\t<div class=\"raven-post\">\n\t\t\t\t\t\t<div class=\"raven-post-image-wrap\">\n\t\t\t<a class=\"raven-post-image raven-image-fit\" href=\"https:\/\/www.ativ.pt\/es\/2025\/10\/03\/parque-lineal-ribeirinho-del-tajo-gana-5-km-mas-entre-alverca-y-sobralinho\/\"><img loading=\"lazy\" decoding=\"async\" width=\"768\" height=\"432\" src=\"https:\/\/www.ativ.pt\/wp-content\/uploads\/2025\/10\/1-768x432.png\" class=\"attachment-medium_large size-medium_large wp-image-15869\" alt=\"\" srcset=\"https:\/\/www.ativ.pt\/wp-content\/uploads\/2025\/10\/1-768x432.png 768w, https:\/\/www.ativ.pt\/wp-content\/uploads\/2025\/10\/1-300x169.png 300w, https:\/\/www.ativ.pt\/wp-content\/uploads\/2025\/10\/1-1024x576.png 1024w, https:\/\/www.ativ.pt\/wp-content\/uploads\/2025\/10\/1-1536x864.png 1536w, https:\/\/www.ativ.pt\/wp-content\/uploads\/2025\/10\/1.png 1920w\" sizes=\"(max-width: 768px) 100vw, 768px\" \/> <span class=\"raven-post-image-overlay\"><\/span><\/a>\t\t<\/div>\n\t\t\t\t\t\t<div class=\"raven-post-content\">\n\t\t\t\t\t<h3 class=\"raven-post-title\"><a class=\"raven-post-title-link\" href=\"https:\/\/www.ativ.pt\/es\/2025\/10\/03\/parque-lineal-ribeirinho-del-tajo-gana-5-km-mas-entre-alverca-y-sobralinho\/\">Parque Lineal Ribeirinho del Tajo gana 5 km m\u00e1s entre Alverca y Sobralinho<\/a><\/h3>\t\t<div class=\"raven-post-meta\"><a class=\"raven-post-meta-item raven-post-date\" href=\"https:\/\/www.ativ.pt\/es\/2025\/10\/\" rel=\"bookmark\">3 de octubre de 2025<\/a>\n<span class=\"raven-post-meta-divider\">\u2014<\/span>\n<span class=\"raven-post-meta-item raven-post-categories\"><a href=\"https:\/\/www.ativ.pt\/es\/articulo\/\" rel=\"tag\">Art\u00edculo<\/a><\/span><\/div>\n\t\t\t\t<div class=\"raven-post-read-more\">\n\t\t\t<a class=\"raven-post-button\" href=\"https:\/\/www.ativ.pt\/es\/2025\/10\/03\/parque-lineal-ribeirinho-del-tajo-gana-5-km-mas-entre-alverca-y-sobralinho\/\"><span class=\"raven-post-button-text\">Ler mais<\/span><\/a>\n\t\t<\/div>\n\t\t\t\t\t\t<\/div>\n\t\t\t<\/div>\n\t\t<\/div>\n\t\t\t\t<\/div>\n\t\t\t\t\t\t<\/div>\n\t\t\t\t<\/div>\n\t\t\t\t<\/div>\n\t\t\t\t\t<\/div>\n\t\t\t\t<\/div>\n\t\t\t\t<\/div>\n\t\t","protected":false},"excerpt":{"rendered":"<p>Con\u00f3zcanos mejor M\u00e1s informaci\u00f3n Asset Management and Maintenance M\u00e1s informaci\u00f3n Valorizamos los activos, transformando la comunidad para un futuro m\u00e1s sostenible Facility Management M\u00e1s informaci\u00f3n Industria M\u00e1s informaci\u00f3n Agua y Sistemas Medioambientales M\u00e1s informaci\u00f3n Paisajismo M\u00e1s informaci\u00f3n Agricultura y Sostenibilidad M\u00e1s informaci\u00f3n Energ\u00eda y Carbono M\u00e1s informaci\u00f3n Qui\u00e9nes Somos Mota-Engil ATIV es una nueva marca que re\u00fane los conocimientos, la experiencia y las competencias de Manvia y Vibeiras, promoviendo sinergias y complementariedad en la amplia cartera de actividades. Contamos con un equipo diversificado, especializado y cualificado, y nos centramos en promover el rendimiento operativo de los activos de nuestros clientes, as\u00ed como su eficiencia energ\u00e9tica, h\u00eddrica y de carbono. Bas\u00e1ndonos en una visi\u00f3n clara e inspiradora del liderazgo, centrados en el futuro y en la sostenibilidad, tanto de la organizaci\u00f3n como de la sociedad, creemos en un enfoque de la innovaci\u00f3n que satisfaga las necesidades de las generaciones actuales sin comprometer las necesidades de las generaciones futuras. M\u00e1s informaci\u00f3n Misi\u00f3n Promovemos el rendimiento eficiente de los activos y el bienestar de los usuarios. Visi\u00f3n Ambici\u00f3n y talento para liderar la neutralidad del carbono. Valores Trabajo en equipo, familia, productividad, mentalidad abierta, honestidad e integridad. Destacados Empreitada de reabilita\u00e7\u00e3o das condutas de admiss\u00e3o (S) na Valorsul 3 de Julho, 2023 \u2014 Artigos Ler mais Conclus\u00e3o da Requalifica\u00e7\u00e3o Urbana do Centro Hist\u00f3rico de Samora Correia 3 de Julho, 2023 \u2014 Artigos Ler mais Sustentabilidade dos Edif\u00edcios em destaque nas 17\u00aas Jornadas da APFM 3 de Julho, 2023 \u2014 Artigos Ler mais Mota-Engil ATIV em destaque no Semin\u00e1rio \u201cManuten\u00e7\u00e3o 2030\u201d 22 de Junho, 2023 \u2014 Artigos Ler mais<\/p>\n","protected":false},"author":1,"featured_media":4140,"parent":0,"menu_order":1,"comment_status":"closed","ping_status":"closed","template":"elementor_header_footer","meta":{"_acf_changed":false,"footnotes":""},"class_list":["post-5329","page","type-page","status-publish","has-post-thumbnail","hentry"],"acf":[],"yoast_head":"<!-- This site is optimized with the Yoast SEO plugin v27.5 - https:\/\/yoast.com\/product\/yoast-seo-wordpress\/ -->\n<title>P\u00e1gina Principal - Mota-Engil ATIV<\/title>\n<meta name=\"description\" content=\"Mota-Engil ATIV es una nueva marca del Grupo Mota-Engil que promueve sinergias y complementariedad en su vasto portafolio de actividades.\" \/>\n<meta name=\"robots\" content=\"index, follow, max-snippet:-1, max-image-preview:large, max-video-preview:-1\" \/>\n<link rel=\"canonical\" href=\"https:\/\/www.ativ.pt\/es\/\" \/>\n<meta property=\"og:locale\" content=\"es_ES\" \/>\n<meta property=\"og:type\" content=\"article\" \/>\n<meta property=\"og:title\" content=\"P\u00e1gina Principal - Mota-Engil ATIV\" \/>\n<meta property=\"og:description\" content=\"Mota-Engil ATIV es una nueva marca del Grupo Mota-Engil que promueve sinergias y complementariedad en su vasto portafolio de actividades.\" \/>\n<meta property=\"og:url\" content=\"https:\/\/www.ativ.pt\/es\/\" \/>\n<meta property=\"og:site_name\" content=\"Mota-Engil ATIV\" \/>\n<meta property=\"article:publisher\" content=\"https:\/\/www.facebook.com\/MotaEngilATIV\/\" \/>\n<meta property=\"article:modified_time\" content=\"2023-07-12T10:55:41+00:00\" \/>\n<meta property=\"og:image\" content=\"https:\/\/www.ativ.pt\/wp-content\/uploads\/2022\/05\/ambiente-ativ-1920x1080-1.jpg\" \/>\n\t<meta property=\"og:image:width\" content=\"1920\" \/>\n\t<meta property=\"og:image:height\" content=\"1080\" \/>\n\t<meta property=\"og:image:type\" content=\"image\/jpeg\" \/>\n<meta name=\"twitter:card\" content=\"summary_large_image\" \/>\n<meta name=\"twitter:label1\" content=\"Tiempo de lectura\" \/>\n\t<meta name=\"twitter:data1\" content=\"3 minutos\" \/>\n<script type=\"application\/ld+json\" class=\"yoast-schema-graph\">{\"@context\":\"https:\\\/\\\/schema.org\",\"@graph\":[{\"@type\":\"WebPage\",\"@id\":\"https:\\\/\\\/www.ativ.pt\\\/es\\\/\",\"url\":\"https:\\\/\\\/www.ativ.pt\\\/es\\\/\",\"name\":\"P\u00e1gina Principal - Mota-Engil ATIV\",\"isPartOf\":{\"@id\":\"https:\\\/\\\/www.ativ.pt\\\/es\\\/#website\"},\"primaryImageOfPage\":{\"@id\":\"https:\\\/\\\/www.ativ.pt\\\/es\\\/#primaryimage\"},\"image\":{\"@id\":\"https:\\\/\\\/www.ativ.pt\\\/es\\\/#primaryimage\"},\"thumbnailUrl\":\"https:\\\/\\\/www.ativ.pt\\\/wp-content\\\/uploads\\\/2022\\\/05\\\/ambiente-ativ-1920x1080-1.jpg\",\"datePublished\":\"2022-04-29T10:46:48+00:00\",\"dateModified\":\"2023-07-12T10:55:41+00:00\",\"description\":\"Mota-Engil ATIV es una nueva marca del Grupo Mota-Engil que promueve sinergias y complementariedad en su vasto portafolio de actividades.\",\"breadcrumb\":{\"@id\":\"https:\\\/\\\/www.ativ.pt\\\/es\\\/#breadcrumb\"},\"inLanguage\":\"es\",\"potentialAction\":[{\"@type\":\"ReadAction\",\"target\":[\"https:\\\/\\\/www.ativ.pt\\\/es\\\/\"]}]},{\"@type\":\"ImageObject\",\"inLanguage\":\"es\",\"@id\":\"https:\\\/\\\/www.ativ.pt\\\/es\\\/#primaryimage\",\"url\":\"https:\\\/\\\/www.ativ.pt\\\/wp-content\\\/uploads\\\/2022\\\/05\\\/ambiente-ativ-1920x1080-1.jpg\",\"contentUrl\":\"https:\\\/\\\/www.ativ.pt\\\/wp-content\\\/uploads\\\/2022\\\/05\\\/ambiente-ativ-1920x1080-1.jpg\",\"width\":1920,\"height\":1080},{\"@type\":\"BreadcrumbList\",\"@id\":\"https:\\\/\\\/www.ativ.pt\\\/es\\\/#breadcrumb\",\"itemListElement\":[{\"@type\":\"ListItem\",\"position\":1,\"name\":\"In\u00edcio\",\"item\":\"https:\\\/\\\/www.ativ.pt\\\/es\\\/\"},{\"@type\":\"ListItem\",\"position\":2,\"name\":\"P\u00e1gina Principal\"}]},{\"@type\":\"WebSite\",\"@id\":\"https:\\\/\\\/www.ativ.pt\\\/es\\\/#website\",\"url\":\"https:\\\/\\\/www.ativ.pt\\\/es\\\/\",\"name\":\"Mota-Engil ATIV\",\"description\":\"Gest\u00e3o e Manuten\u00e7\u00e3o de Ativos\",\"publisher\":{\"@id\":\"https:\\\/\\\/www.ativ.pt\\\/es\\\/#organization\"},\"potentialAction\":[{\"@type\":\"SearchAction\",\"target\":{\"@type\":\"EntryPoint\",\"urlTemplate\":\"https:\\\/\\\/www.ativ.pt\\\/es\\\/?s={search_term_string}\"},\"query-input\":{\"@type\":\"PropertyValueSpecification\",\"valueRequired\":true,\"valueName\":\"search_term_string\"}}],\"inLanguage\":\"es\"},{\"@type\":\"Organization\",\"@id\":\"https:\\\/\\\/www.ativ.pt\\\/es\\\/#organization\",\"name\":\"Mota-Engil ATIV\",\"url\":\"https:\\\/\\\/www.ativ.pt\\\/es\\\/\",\"logo\":{\"@type\":\"ImageObject\",\"inLanguage\":\"es\",\"@id\":\"https:\\\/\\\/www.ativ.pt\\\/es\\\/#\\\/schema\\\/logo\\\/image\\\/\",\"url\":\"https:\\\/\\\/www.ativ.pt\\\/wp-content\\\/uploads\\\/2022\\\/04\\\/logo-ativ-cor-1.svg\",\"contentUrl\":\"https:\\\/\\\/www.ativ.pt\\\/wp-content\\\/uploads\\\/2022\\\/04\\\/logo-ativ-cor-1.svg\",\"width\":250,\"height\":100,\"caption\":\"Mota-Engil ATIV\"},\"image\":{\"@id\":\"https:\\\/\\\/www.ativ.pt\\\/es\\\/#\\\/schema\\\/logo\\\/image\\\/\"},\"sameAs\":[\"https:\\\/\\\/www.facebook.com\\\/MotaEngilATIV\\\/\",\"https:\\\/\\\/www.instagram.com\\\/mota_engil_ativ\\\/\",\"https:\\\/\\\/www.linkedin.com\\\/company\\\/motaengil-ativ\"]}]}<\/script>\n<!-- \/ Yoast SEO plugin. -->","yoast_head_json":{"title":"P\u00e1gina Principal - Mota-Engil ATIV","description":"Mota-Engil ATIV es una nueva marca del Grupo Mota-Engil que promueve sinergias y complementariedad en su vasto portafolio de actividades.","robots":{"index":"index","follow":"follow","max-snippet":"max-snippet:-1","max-image-preview":"max-image-preview:large","max-video-preview":"max-video-preview:-1"},"canonical":"https:\/\/www.ativ.pt\/es\/","og_locale":"es_ES","og_type":"article","og_title":"P\u00e1gina Principal - Mota-Engil ATIV","og_description":"Mota-Engil ATIV es una nueva marca del Grupo Mota-Engil que promueve sinergias y complementariedad en su vasto portafolio de actividades.","og_url":"https:\/\/www.ativ.pt\/es\/","og_site_name":"Mota-Engil ATIV","article_publisher":"https:\/\/www.facebook.com\/MotaEngilATIV\/","article_modified_time":"2023-07-12T10:55:41+00:00","og_image":[{"width":1920,"height":1080,"url":"https:\/\/www.ativ.pt\/wp-content\/uploads\/2022\/05\/ambiente-ativ-1920x1080-1.jpg","type":"image\/jpeg"}],"twitter_card":"summary_large_image","twitter_misc":{"Tiempo de lectura":"3 minutos"},"schema":{"@context":"https:\/\/schema.org","@graph":[{"@type":"WebPage","@id":"https:\/\/www.ativ.pt\/es\/","url":"https:\/\/www.ativ.pt\/es\/","name":"P\u00e1gina Principal - Mota-Engil ATIV","isPartOf":{"@id":"https:\/\/www.ativ.pt\/es\/#website"},"primaryImageOfPage":{"@id":"https:\/\/www.ativ.pt\/es\/#primaryimage"},"image":{"@id":"https:\/\/www.ativ.pt\/es\/#primaryimage"},"thumbnailUrl":"https:\/\/www.ativ.pt\/wp-content\/uploads\/2022\/05\/ambiente-ativ-1920x1080-1.jpg","datePublished":"2022-04-29T10:46:48+00:00","dateModified":"2023-07-12T10:55:41+00:00","description":"Mota-Engil ATIV es una nueva marca del Grupo Mota-Engil que promueve sinergias y complementariedad en su vasto portafolio de actividades.","breadcrumb":{"@id":"https:\/\/www.ativ.pt\/es\/#breadcrumb"},"inLanguage":"es","potentialAction":[{"@type":"ReadAction","target":["https:\/\/www.ativ.pt\/es\/"]}]},{"@type":"ImageObject","inLanguage":"es","@id":"https:\/\/www.ativ.pt\/es\/#primaryimage","url":"https:\/\/www.ativ.pt\/wp-content\/uploads\/2022\/05\/ambiente-ativ-1920x1080-1.jpg","contentUrl":"https:\/\/www.ativ.pt\/wp-content\/uploads\/2022\/05\/ambiente-ativ-1920x1080-1.jpg","width":1920,"height":1080},{"@type":"BreadcrumbList","@id":"https:\/\/www.ativ.pt\/es\/#breadcrumb","itemListElement":[{"@type":"ListItem","position":1,"name":"In\u00edcio","item":"https:\/\/www.ativ.pt\/es\/"},{"@type":"ListItem","position":2,"name":"P\u00e1gina Principal"}]},{"@type":"WebSite","@id":"https:\/\/www.ativ.pt\/es\/#website","url":"https:\/\/www.ativ.pt\/es\/","name":"Mota-Engil ATIV","description":"Gest\u00e3o e Manuten\u00e7\u00e3o de Ativos","publisher":{"@id":"https:\/\/www.ativ.pt\/es\/#organization"},"potentialAction":[{"@type":"SearchAction","target":{"@type":"EntryPoint","urlTemplate":"https:\/\/www.ativ.pt\/es\/?s={search_term_string}"},"query-input":{"@type":"PropertyValueSpecification","valueRequired":true,"valueName":"search_term_string"}}],"inLanguage":"es"},{"@type":"Organization","@id":"https:\/\/www.ativ.pt\/es\/#organization","name":"Mota-Engil ATIV","url":"https:\/\/www.ativ.pt\/es\/","logo":{"@type":"ImageObject","inLanguage":"es","@id":"https:\/\/www.ativ.pt\/es\/#\/schema\/logo\/image\/","url":"https:\/\/www.ativ.pt\/wp-content\/uploads\/2022\/04\/logo-ativ-cor-1.svg","contentUrl":"https:\/\/www.ativ.pt\/wp-content\/uploads\/2022\/04\/logo-ativ-cor-1.svg","width":250,"height":100,"caption":"Mota-Engil ATIV"},"image":{"@id":"https:\/\/www.ativ.pt\/es\/#\/schema\/logo\/image\/"},"sameAs":["https:\/\/www.facebook.com\/MotaEngilATIV\/","https:\/\/www.instagram.com\/mota_engil_ativ\/","https:\/\/www.linkedin.com\/company\/motaengil-ativ"]}]}},"_links":{"self":[{"href":"https:\/\/www.ativ.pt\/es\/wp-json\/wp\/v2\/pages\/5329","targetHints":{"allow":["GET"]}}],"collection":[{"href":"https:\/\/www.ativ.pt\/es\/wp-json\/wp\/v2\/pages"}],"about":[{"href":"https:\/\/www.ativ.pt\/es\/wp-json\/wp\/v2\/types\/page"}],"author":[{"embeddable":true,"href":"https:\/\/www.ativ.pt\/es\/wp-json\/wp\/v2\/users\/1"}],"replies":[{"embeddable":true,"href":"https:\/\/www.ativ.pt\/es\/wp-json\/wp\/v2\/comments?post=5329"}],"version-history":[{"count":2,"href":"https:\/\/www.ativ.pt\/es\/wp-json\/wp\/v2\/pages\/5329\/revisions"}],"predecessor-version":[{"id":8405,"href":"https:\/\/www.ativ.pt\/es\/wp-json\/wp\/v2\/pages\/5329\/revisions\/8405"}],"wp:featuredmedia":[{"embeddable":true,"href":"https:\/\/www.ativ.pt\/es\/wp-json\/wp\/v2\/media\/4140"}],"wp:attachment":[{"href":"https:\/\/www.ativ.pt\/es\/wp-json\/wp\/v2\/media?parent=5329"}],"curies":[{"name":"wp","href":"https:\/\/api.w.org\/{rel}","templated":true}]}}