{"id":5271,"date":"2022-05-25T08:58:08","date_gmt":"2022-05-25T08:58:08","guid":{"rendered":"https:\/\/www.ativ.pt\/espacios-verdes\/"},"modified":"2022-08-25T14:01:40","modified_gmt":"2022-08-25T14:01:40","slug":"espacios-verdes","status":"publish","type":"page","link":"https:\/\/www.ativ.pt\/es\/ambitos-de-actuacion\/paisajismo\/espacios-verdes\/","title":{"rendered":"Espacios Verdes"},"content":{"rendered":"\t\t<div data-elementor-type=\"wp-page\" data-elementor-id=\"5271\" class=\"elementor elementor-5271 elementor-476\">\n\t\t\t\t\t\t<section class=\"elementor-section elementor-top-section elementor-element elementor-element-c46e115 elementor-section-boxed elementor-section-height-default elementor-section-height-default wpr-particle-no wpr-jarallax-no wpr-parallax-no wpr-sticky-section-no wpr-equal-height-no\" data-id=\"c46e115\" data-element_type=\"section\" data-e-type=\"section\" data-settings=\"{&quot;jet_parallax_layout_list&quot;:[],&quot;background_background&quot;:&quot;classic&quot;}\">\n\t\t\t\t\t\t<div class=\"elementor-container elementor-column-gap-default\">\n\t\t\t\t\t<div class=\"elementor-column elementor-col-100 elementor-top-column elementor-element elementor-element-1606ed0\" data-id=\"1606ed0\" data-element_type=\"column\" data-e-type=\"column\">\n\t\t\t<div class=\"elementor-widget-wrap elementor-element-populated\">\n\t\t\t\t\t\t<div class=\"elementor-element elementor-element-2cce8ff elementor-widget elementor-widget-heading\" data-id=\"2cce8ff\" data-element_type=\"widget\" data-e-type=\"widget\" data-widget_type=\"heading.default\">\n\t\t\t\t\t<h1 class=\"elementor-heading-title elementor-size-default\">Espacios Verdes<\/h1>\t\t\t\t<\/div>\n\t\t\t\t<div class=\"elementor-element elementor-element-32ad141 elementor-align-flex-start elementor-widget elementor-widget-raven-breadcrumbs\" data-id=\"32ad141\" data-element_type=\"widget\" data-e-type=\"widget\" data-widget_type=\"raven-breadcrumbs.default\">\n\t\t\t\t<div class=\"elementor-widget-container\">\n\t\t\t\t\t<div class=\"raven-breadcrumbs raven-breadcrumbs-yoast\"><nav id=\"breadcrumbs\"><span><span><a href=\"https:\/\/www.ativ.pt\/es\/\">In\u00edcio<\/a><\/span><\/span><\/nav><\/div>\t\t\t\t<\/div>\n\t\t\t\t<\/div>\n\t\t\t\t\t<\/div>\n\t\t<\/div>\n\t\t\t\t\t<\/div>\n\t\t<\/section>\n\t\t\t\t<section class=\"elementor-section elementor-top-section elementor-element elementor-element-3645754 elementor-section-height-min-height elementor-section-boxed elementor-section-height-default elementor-section-items-middle wpr-particle-no wpr-jarallax-no wpr-parallax-no wpr-sticky-section-no wpr-equal-height-no\" data-id=\"3645754\" data-element_type=\"section\" data-e-type=\"section\" data-settings=\"{&quot;jet_parallax_layout_list&quot;:[],&quot;background_background&quot;:&quot;classic&quot;}\">\n\t\t\t\t\t\t<div class=\"elementor-container elementor-column-gap-default\">\n\t\t\t\t\t<div class=\"elementor-column elementor-col-100 elementor-top-column elementor-element elementor-element-8445ac2\" data-id=\"8445ac2\" data-element_type=\"column\" data-e-type=\"column\">\n\t\t\t<div class=\"elementor-widget-wrap\">\n\t\t\t\t\t\t\t<\/div>\n\t\t<\/div>\n\t\t\t\t\t<\/div>\n\t\t<\/section>\n\t\t\t\t<section class=\"elementor-section elementor-top-section elementor-element elementor-element-197e58d elementor-section-content-middle elementor-section-boxed elementor-section-height-default elementor-section-height-default wpr-particle-no wpr-jarallax-no wpr-parallax-no wpr-sticky-section-no wpr-equal-height-no\" data-id=\"197e58d\" data-element_type=\"section\" data-e-type=\"section\" data-settings=\"{&quot;jet_parallax_layout_list&quot;:[],&quot;background_background&quot;:&quot;classic&quot;}\">\n\t\t\t\t\t\t<div class=\"elementor-container elementor-column-gap-default\">\n\t\t\t\t\t<div class=\"elementor-column elementor-col-66 elementor-top-column elementor-element elementor-element-72d0ef3 elementor-invisible\" data-id=\"72d0ef3\" data-element_type=\"column\" data-e-type=\"column\" data-settings=\"{&quot;animation&quot;:&quot;fadeInLeft&quot;,&quot;animation_delay&quot;:100}\">\n\t\t\t<div class=\"elementor-widget-wrap elementor-element-populated\">\n\t\t\t\t\t\t<div class=\"elementor-element elementor-element-8e8f9bc elementor-widget elementor-widget-text-editor\" data-id=\"8e8f9bc\" data-element_type=\"widget\" data-e-type=\"widget\" data-widget_type=\"text-editor.default\">\n\t\t\t\t\t\t\t\t\t<p>Marca de confianza y excelencia en el mercado del paisajismo, con una actuaci\u00f3n especializada en la planificaci\u00f3n, construcci\u00f3n y mantenimiento de espacios verdes y una s\u00f3lida trayectoria de actividad en el mercado portugu\u00e9s.<\/p>\t\t\t\t\t\t\t\t<\/div>\n\t\t\t\t\t<\/div>\n\t\t<\/div>\n\t\t\t\t<div class=\"elementor-column elementor-col-33 elementor-top-column elementor-element elementor-element-013d03f\" data-id=\"013d03f\" data-element_type=\"column\" data-e-type=\"column\">\n\t\t\t<div class=\"elementor-widget-wrap\">\n\t\t\t\t\t\t\t<\/div>\n\t\t<\/div>\n\t\t\t\t\t<\/div>\n\t\t<\/section>\n\t\t\t\t<section class=\"elementor-section elementor-top-section elementor-element elementor-element-5dfc941 elementor-section-height-min-height elementor-section-content-middle elementor-reverse-mobile elementor-section-boxed elementor-section-height-default elementor-section-items-middle wpr-particle-no wpr-jarallax-no wpr-parallax-no wpr-sticky-section-no wpr-equal-height-no\" data-id=\"5dfc941\" data-element_type=\"section\" data-e-type=\"section\" data-settings=\"{&quot;jet_parallax_layout_list&quot;:[],&quot;background_background&quot;:&quot;classic&quot;}\">\n\t\t\t\t\t\t<div class=\"elementor-container elementor-column-gap-no\">\n\t\t\t\t\t<div class=\"elementor-column elementor-col-50 elementor-top-column elementor-element elementor-element-06b6d20\" data-id=\"06b6d20\" data-element_type=\"column\" data-e-type=\"column\">\n\t\t\t<div class=\"elementor-widget-wrap elementor-element-populated\">\n\t\t\t\t\t\t<div class=\"elementor-element elementor-element-61d7817 elementor-invisible elementor-widget elementor-widget-text-editor\" data-id=\"61d7817\" data-element_type=\"widget\" data-e-type=\"widget\" data-settings=\"{&quot;_animation&quot;:&quot;fadeInLeft&quot;,&quot;_animation_delay&quot;:200}\" data-widget_type=\"text-editor.default\">\n\t\t\t\t\t\t\t\t\t<p>A\u00f1adimos valor a cada proyecto, garantizando:<\/p>\t\t\t\t\t\t\t\t<\/div>\n\t\t\t\t<div class=\"elementor-element elementor-element-d1e5cf5 elementor-icon-list--layout-traditional elementor-list-item-link-full_width elementor-invisible elementor-widget elementor-widget-icon-list\" data-id=\"d1e5cf5\" data-element_type=\"widget\" data-e-type=\"widget\" data-settings=\"{&quot;_animation&quot;:&quot;fadeInLeft&quot;,&quot;_animation_delay&quot;:300}\" data-widget_type=\"icon-list.default\">\n\t\t\t\t\t\t\t<ul class=\"elementor-icon-list-items\">\n\t\t\t\t\t\t\t<li class=\"elementor-icon-list-item\">\n\t\t\t\t\t\t\t\t\t\t\t<span class=\"elementor-icon-list-icon\">\n\t\t\t\t\t\t\t<svg aria-hidden=\"true\" class=\"e-font-icon-svg e-fas-check\" viewBox=\"0 0 512 512\" xmlns=\"http:\/\/www.w3.org\/2000\/svg\"><path d=\"M173.898 439.404l-166.4-166.4c-9.997-9.997-9.997-26.206 0-36.204l36.203-36.204c9.997-9.998 26.207-9.998 36.204 0L192 312.69 432.095 72.596c9.997-9.997 26.207-9.997 36.204 0l36.203 36.204c9.997 9.997 9.997 26.206 0 36.204l-294.4 294.401c-9.998 9.997-26.207 9.997-36.204-.001z\"><\/path><\/svg>\t\t\t\t\t\t<\/span>\n\t\t\t\t\t\t\t\t\t\t<span class=\"elementor-icon-list-text\">La realizaci\u00f3n de todo tipo de operaciones de dise\u00f1o, construcci\u00f3n y mantenimiento;<\/span>\n\t\t\t\t\t\t\t\t\t<\/li>\n\t\t\t\t\t\t\t\t<li class=\"elementor-icon-list-item\">\n\t\t\t\t\t\t\t\t\t\t\t<span class=\"elementor-icon-list-icon\">\n\t\t\t\t\t\t\t<svg aria-hidden=\"true\" class=\"e-font-icon-svg e-fas-check\" viewBox=\"0 0 512 512\" xmlns=\"http:\/\/www.w3.org\/2000\/svg\"><path d=\"M173.898 439.404l-166.4-166.4c-9.997-9.997-9.997-26.206 0-36.204l36.203-36.204c9.997-9.998 26.207-9.998 36.204 0L192 312.69 432.095 72.596c9.997-9.997 26.207-9.997 36.204 0l36.203 36.204c9.997 9.997 9.997 26.206 0 36.204l-294.4 294.401c-9.998 9.997-26.207 9.997-36.204-.001z\"><\/path><\/svg>\t\t\t\t\t\t<\/span>\n\t\t\t\t\t\t\t\t\t\t<span class=\"elementor-icon-list-text\">Servicios t\u00e9cnicos de poda en altura, tratamientos fitosanitarios, tala y trasplante selectivo, entre otros;<\/span>\n\t\t\t\t\t\t\t\t\t<\/li>\n\t\t\t\t\t\t\t\t<li class=\"elementor-icon-list-item\">\n\t\t\t\t\t\t\t\t\t\t\t<span class=\"elementor-icon-list-icon\">\n\t\t\t\t\t\t\t<svg aria-hidden=\"true\" class=\"e-font-icon-svg e-fas-check\" viewBox=\"0 0 512 512\" xmlns=\"http:\/\/www.w3.org\/2000\/svg\"><path d=\"M173.898 439.404l-166.4-166.4c-9.997-9.997-9.997-26.206 0-36.204l36.203-36.204c9.997-9.998 26.207-9.998 36.204 0L192 312.69 432.095 72.596c9.997-9.997 26.207-9.997 36.204 0l36.203 36.204c9.997 9.997 9.997 26.206 0 36.204l-294.4 294.401c-9.998 9.997-26.207 9.997-36.204-.001z\"><\/path><\/svg>\t\t\t\t\t\t<\/span>\n\t\t\t\t\t\t\t\t\t\t<span class=\"elementor-icon-list-text\">Servicios de consultor\u00eda, que abarcan todos los aspectos del dise\u00f1o, la construcci\u00f3n y el mantenimiento de los espacios verdes.<\/span>\n\t\t\t\t\t\t\t\t\t<\/li>\n\t\t\t\t\t\t<\/ul>\n\t\t\t\t\t\t<\/div>\n\t\t\t\t\t<\/div>\n\t\t<\/div>\n\t\t\t\t<div class=\"elementor-column elementor-col-50 elementor-top-column elementor-element elementor-element-0bca176 elementor-invisible\" data-id=\"0bca176\" data-element_type=\"column\" data-e-type=\"column\" data-settings=\"{&quot;background_background&quot;:&quot;classic&quot;,&quot;animation&quot;:&quot;fadeInRight&quot;,&quot;animation_delay&quot;:100}\">\n\t\t\t<div class=\"elementor-widget-wrap elementor-element-populated\">\n\t\t\t\t\t\t<div class=\"elementor-element elementor-element-33b652b elementor-widget elementor-widget-spacer\" data-id=\"33b652b\" data-element_type=\"widget\" data-e-type=\"widget\" data-widget_type=\"spacer.default\">\n\t\t\t\t\t\t\t<div class=\"elementor-spacer\">\n\t\t\t<div class=\"elementor-spacer-inner\"><\/div>\n\t\t<\/div>\n\t\t\t\t\t\t<\/div>\n\t\t\t\t\t<\/div>\n\t\t<\/div>\n\t\t\t\t\t<\/div>\n\t\t<\/section>\n\t\t\t\t<\/div>\n\t\t","protected":false},"excerpt":{"rendered":"<p>In\u00edcio Marca de confianza y excelencia en el mercado del paisajismo, con una actuaci\u00f3n especializada en la planificaci\u00f3n, construcci\u00f3n y mantenimiento de espacios verdes y una s\u00f3lida trayectoria de actividad en el mercado portugu\u00e9s. A\u00f1adimos valor a cada proyecto, garantizando: La realizaci\u00f3n de todo tipo de operaciones de dise\u00f1o, construcci\u00f3n y mantenimiento; Servicios t\u00e9cnicos de poda en altura, tratamientos fitosanitarios, tala y trasplante selectivo, entre otros; Servicios de consultor\u00eda, que abarcan todos los aspectos del dise\u00f1o, la construcci\u00f3n y el mantenimiento de los espacios verdes.<\/p>\n","protected":false},"author":1,"featured_media":4495,"parent":5295,"menu_order":2,"comment_status":"closed","ping_status":"closed","template":"elementor_header_footer","meta":{"_acf_changed":false,"footnotes":""},"class_list":["post-5271","page","type-page","status-publish","has-post-thumbnail","hentry"],"acf":[],"yoast_head":"<!-- This site is optimized with the Yoast SEO plugin v27.5 - https:\/\/yoast.com\/product\/yoast-seo-wordpress\/ -->\n<title>Espacios Verdes - Mota-Engil ATIV<\/title>\n<meta name=\"robots\" content=\"index, follow, max-snippet:-1, max-image-preview:large, max-video-preview:-1\" \/>\n<link rel=\"canonical\" href=\"https:\/\/www.ativ.pt\/es\/ambitos-de-actuacion\/paisajismo\/espacios-verdes\/\" \/>\n<meta property=\"og:locale\" content=\"es_ES\" \/>\n<meta property=\"og:type\" content=\"article\" \/>\n<meta property=\"og:title\" content=\"Espacios Verdes - Mota-Engil ATIV\" \/>\n<meta property=\"og:description\" content=\"In\u00edcio Marca de confianza y excelencia en el mercado del paisajismo, con una actuaci\u00f3n especializada en la planificaci\u00f3n, construcci\u00f3n y mantenimiento de espacios verdes y una s\u00f3lida trayectoria de actividad en el mercado portugu\u00e9s. A\u00f1adimos valor a cada proyecto, garantizando: La realizaci\u00f3n de todo tipo de operaciones de dise\u00f1o, construcci\u00f3n y mantenimiento; Servicios t\u00e9cnicos de poda en altura, tratamientos fitosanitarios, tala y trasplante selectivo, entre otros; Servicios de consultor\u00eda, que abarcan todos los aspectos del dise\u00f1o, la construcci\u00f3n y el mantenimiento de los espacios verdes.\" \/>\n<meta property=\"og:url\" content=\"https:\/\/www.ativ.pt\/es\/ambitos-de-actuacion\/paisajismo\/espacios-verdes\/\" \/>\n<meta property=\"og:site_name\" content=\"Mota-Engil ATIV\" \/>\n<meta property=\"article:publisher\" content=\"https:\/\/www.facebook.com\/MotaEngilATIV\/\" \/>\n<meta property=\"article:modified_time\" content=\"2022-08-25T14:01:40+00:00\" \/>\n<meta property=\"og:image\" content=\"https:\/\/www.ativ.pt\/wp-content\/uploads\/2022\/07\/terraco-fundacao-champalimaud-1920x1280-1.jpg\" \/>\n\t<meta property=\"og:image:width\" content=\"1920\" \/>\n\t<meta property=\"og:image:height\" content=\"1280\" \/>\n\t<meta property=\"og:image:type\" content=\"image\/jpeg\" \/>\n<meta name=\"twitter:card\" content=\"summary_large_image\" \/>\n<script type=\"application\/ld+json\" class=\"yoast-schema-graph\">{\"@context\":\"https:\\\/\\\/schema.org\",\"@graph\":[{\"@type\":\"WebPage\",\"@id\":\"https:\\\/\\\/www.ativ.pt\\\/es\\\/ambitos-de-actuacion\\\/paisajismo\\\/espacios-verdes\\\/\",\"url\":\"https:\\\/\\\/www.ativ.pt\\\/es\\\/ambitos-de-actuacion\\\/paisajismo\\\/espacios-verdes\\\/\",\"name\":\"Espacios Verdes - Mota-Engil ATIV\",\"isPartOf\":{\"@id\":\"https:\\\/\\\/www.ativ.pt\\\/es\\\/#website\"},\"primaryImageOfPage\":{\"@id\":\"https:\\\/\\\/www.ativ.pt\\\/es\\\/ambitos-de-actuacion\\\/paisajismo\\\/espacios-verdes\\\/#primaryimage\"},\"image\":{\"@id\":\"https:\\\/\\\/www.ativ.pt\\\/es\\\/ambitos-de-actuacion\\\/paisajismo\\\/espacios-verdes\\\/#primaryimage\"},\"thumbnailUrl\":\"https:\\\/\\\/www.ativ.pt\\\/wp-content\\\/uploads\\\/2022\\\/07\\\/terraco-fundacao-champalimaud-1920x1280-1.jpg\",\"datePublished\":\"2022-05-25T08:58:08+00:00\",\"dateModified\":\"2022-08-25T14:01:40+00:00\",\"breadcrumb\":{\"@id\":\"https:\\\/\\\/www.ativ.pt\\\/es\\\/ambitos-de-actuacion\\\/paisajismo\\\/espacios-verdes\\\/#breadcrumb\"},\"inLanguage\":\"es\",\"potentialAction\":[{\"@type\":\"ReadAction\",\"target\":[\"https:\\\/\\\/www.ativ.pt\\\/es\\\/ambitos-de-actuacion\\\/paisajismo\\\/espacios-verdes\\\/\"]}]},{\"@type\":\"ImageObject\",\"inLanguage\":\"es\",\"@id\":\"https:\\\/\\\/www.ativ.pt\\\/es\\\/ambitos-de-actuacion\\\/paisajismo\\\/espacios-verdes\\\/#primaryimage\",\"url\":\"https:\\\/\\\/www.ativ.pt\\\/wp-content\\\/uploads\\\/2022\\\/07\\\/terraco-fundacao-champalimaud-1920x1280-1.jpg\",\"contentUrl\":\"https:\\\/\\\/www.ativ.pt\\\/wp-content\\\/uploads\\\/2022\\\/07\\\/terraco-fundacao-champalimaud-1920x1280-1.jpg\",\"width\":1920,\"height\":1280},{\"@type\":\"BreadcrumbList\",\"@id\":\"https:\\\/\\\/www.ativ.pt\\\/es\\\/ambitos-de-actuacion\\\/paisajismo\\\/espacios-verdes\\\/#breadcrumb\",\"itemListElement\":[{\"@type\":\"ListItem\",\"position\":1,\"name\":\"In\u00edcio\",\"item\":\"https:\\\/\\\/www.ativ.pt\\\/es\\\/\"},{\"@type\":\"ListItem\",\"position\":2,\"name\":\"\u00c1reas de Actuaci\u00f3n\",\"item\":\"https:\\\/\\\/www.ativ.pt\\\/es\\\/areas-de-atuacao\\\/\"},{\"@type\":\"ListItem\",\"position\":3,\"name\":\"Paisajismo\",\"item\":\"https:\\\/\\\/www.ativ.pt\\\/es\\\/areas-de-atuacao\\\/paisagismo\\\/\"},{\"@type\":\"ListItem\",\"position\":4,\"name\":\"Espacios Verdes\"}]},{\"@type\":\"WebSite\",\"@id\":\"https:\\\/\\\/www.ativ.pt\\\/es\\\/#website\",\"url\":\"https:\\\/\\\/www.ativ.pt\\\/es\\\/\",\"name\":\"Mota-Engil ATIV\",\"description\":\"Gest\u00e3o e Manuten\u00e7\u00e3o de Ativos\",\"publisher\":{\"@id\":\"https:\\\/\\\/www.ativ.pt\\\/es\\\/#organization\"},\"potentialAction\":[{\"@type\":\"SearchAction\",\"target\":{\"@type\":\"EntryPoint\",\"urlTemplate\":\"https:\\\/\\\/www.ativ.pt\\\/es\\\/?s={search_term_string}\"},\"query-input\":{\"@type\":\"PropertyValueSpecification\",\"valueRequired\":true,\"valueName\":\"search_term_string\"}}],\"inLanguage\":\"es\"},{\"@type\":\"Organization\",\"@id\":\"https:\\\/\\\/www.ativ.pt\\\/es\\\/#organization\",\"name\":\"Mota-Engil ATIV\",\"url\":\"https:\\\/\\\/www.ativ.pt\\\/es\\\/\",\"logo\":{\"@type\":\"ImageObject\",\"inLanguage\":\"es\",\"@id\":\"https:\\\/\\\/www.ativ.pt\\\/es\\\/#\\\/schema\\\/logo\\\/image\\\/\",\"url\":\"https:\\\/\\\/www.ativ.pt\\\/wp-content\\\/uploads\\\/2022\\\/04\\\/logo-ativ-cor-1.svg\",\"contentUrl\":\"https:\\\/\\\/www.ativ.pt\\\/wp-content\\\/uploads\\\/2022\\\/04\\\/logo-ativ-cor-1.svg\",\"width\":250,\"height\":100,\"caption\":\"Mota-Engil ATIV\"},\"image\":{\"@id\":\"https:\\\/\\\/www.ativ.pt\\\/es\\\/#\\\/schema\\\/logo\\\/image\\\/\"},\"sameAs\":[\"https:\\\/\\\/www.facebook.com\\\/MotaEngilATIV\\\/\",\"https:\\\/\\\/www.instagram.com\\\/mota_engil_ativ\\\/\",\"https:\\\/\\\/www.linkedin.com\\\/company\\\/motaengil-ativ\"]}]}<\/script>\n<!-- \/ Yoast SEO plugin. -->","yoast_head_json":{"title":"Espacios Verdes - Mota-Engil ATIV","robots":{"index":"index","follow":"follow","max-snippet":"max-snippet:-1","max-image-preview":"max-image-preview:large","max-video-preview":"max-video-preview:-1"},"canonical":"https:\/\/www.ativ.pt\/es\/ambitos-de-actuacion\/paisajismo\/espacios-verdes\/","og_locale":"es_ES","og_type":"article","og_title":"Espacios Verdes - Mota-Engil ATIV","og_description":"In\u00edcio Marca de confianza y excelencia en el mercado del paisajismo, con una actuaci\u00f3n especializada en la planificaci\u00f3n, construcci\u00f3n y mantenimiento de espacios verdes y una s\u00f3lida trayectoria de actividad en el mercado portugu\u00e9s. A\u00f1adimos valor a cada proyecto, garantizando: La realizaci\u00f3n de todo tipo de operaciones de dise\u00f1o, construcci\u00f3n y mantenimiento; Servicios t\u00e9cnicos de poda en altura, tratamientos fitosanitarios, tala y trasplante selectivo, entre otros; Servicios de consultor\u00eda, que abarcan todos los aspectos del dise\u00f1o, la construcci\u00f3n y el mantenimiento de los espacios verdes.","og_url":"https:\/\/www.ativ.pt\/es\/ambitos-de-actuacion\/paisajismo\/espacios-verdes\/","og_site_name":"Mota-Engil ATIV","article_publisher":"https:\/\/www.facebook.com\/MotaEngilATIV\/","article_modified_time":"2022-08-25T14:01:40+00:00","og_image":[{"width":1920,"height":1280,"url":"https:\/\/www.ativ.pt\/wp-content\/uploads\/2022\/07\/terraco-fundacao-champalimaud-1920x1280-1.jpg","type":"image\/jpeg"}],"twitter_card":"summary_large_image","schema":{"@context":"https:\/\/schema.org","@graph":[{"@type":"WebPage","@id":"https:\/\/www.ativ.pt\/es\/ambitos-de-actuacion\/paisajismo\/espacios-verdes\/","url":"https:\/\/www.ativ.pt\/es\/ambitos-de-actuacion\/paisajismo\/espacios-verdes\/","name":"Espacios Verdes - Mota-Engil ATIV","isPartOf":{"@id":"https:\/\/www.ativ.pt\/es\/#website"},"primaryImageOfPage":{"@id":"https:\/\/www.ativ.pt\/es\/ambitos-de-actuacion\/paisajismo\/espacios-verdes\/#primaryimage"},"image":{"@id":"https:\/\/www.ativ.pt\/es\/ambitos-de-actuacion\/paisajismo\/espacios-verdes\/#primaryimage"},"thumbnailUrl":"https:\/\/www.ativ.pt\/wp-content\/uploads\/2022\/07\/terraco-fundacao-champalimaud-1920x1280-1.jpg","datePublished":"2022-05-25T08:58:08+00:00","dateModified":"2022-08-25T14:01:40+00:00","breadcrumb":{"@id":"https:\/\/www.ativ.pt\/es\/ambitos-de-actuacion\/paisajismo\/espacios-verdes\/#breadcrumb"},"inLanguage":"es","potentialAction":[{"@type":"ReadAction","target":["https:\/\/www.ativ.pt\/es\/ambitos-de-actuacion\/paisajismo\/espacios-verdes\/"]}]},{"@type":"ImageObject","inLanguage":"es","@id":"https:\/\/www.ativ.pt\/es\/ambitos-de-actuacion\/paisajismo\/espacios-verdes\/#primaryimage","url":"https:\/\/www.ativ.pt\/wp-content\/uploads\/2022\/07\/terraco-fundacao-champalimaud-1920x1280-1.jpg","contentUrl":"https:\/\/www.ativ.pt\/wp-content\/uploads\/2022\/07\/terraco-fundacao-champalimaud-1920x1280-1.jpg","width":1920,"height":1280},{"@type":"BreadcrumbList","@id":"https:\/\/www.ativ.pt\/es\/ambitos-de-actuacion\/paisajismo\/espacios-verdes\/#breadcrumb","itemListElement":[{"@type":"ListItem","position":1,"name":"In\u00edcio","item":"https:\/\/www.ativ.pt\/es\/"},{"@type":"ListItem","position":2,"name":"\u00c1reas de Actuaci\u00f3n","item":"https:\/\/www.ativ.pt\/es\/areas-de-atuacao\/"},{"@type":"ListItem","position":3,"name":"Paisajismo","item":"https:\/\/www.ativ.pt\/es\/areas-de-atuacao\/paisagismo\/"},{"@type":"ListItem","position":4,"name":"Espacios Verdes"}]},{"@type":"WebSite","@id":"https:\/\/www.ativ.pt\/es\/#website","url":"https:\/\/www.ativ.pt\/es\/","name":"Mota-Engil ATIV","description":"Gest\u00e3o e Manuten\u00e7\u00e3o de Ativos","publisher":{"@id":"https:\/\/www.ativ.pt\/es\/#organization"},"potentialAction":[{"@type":"SearchAction","target":{"@type":"EntryPoint","urlTemplate":"https:\/\/www.ativ.pt\/es\/?s={search_term_string}"},"query-input":{"@type":"PropertyValueSpecification","valueRequired":true,"valueName":"search_term_string"}}],"inLanguage":"es"},{"@type":"Organization","@id":"https:\/\/www.ativ.pt\/es\/#organization","name":"Mota-Engil ATIV","url":"https:\/\/www.ativ.pt\/es\/","logo":{"@type":"ImageObject","inLanguage":"es","@id":"https:\/\/www.ativ.pt\/es\/#\/schema\/logo\/image\/","url":"https:\/\/www.ativ.pt\/wp-content\/uploads\/2022\/04\/logo-ativ-cor-1.svg","contentUrl":"https:\/\/www.ativ.pt\/wp-content\/uploads\/2022\/04\/logo-ativ-cor-1.svg","width":250,"height":100,"caption":"Mota-Engil ATIV"},"image":{"@id":"https:\/\/www.ativ.pt\/es\/#\/schema\/logo\/image\/"},"sameAs":["https:\/\/www.facebook.com\/MotaEngilATIV\/","https:\/\/www.instagram.com\/mota_engil_ativ\/","https:\/\/www.linkedin.com\/company\/motaengil-ativ"]}]}},"_links":{"self":[{"href":"https:\/\/www.ativ.pt\/es\/wp-json\/wp\/v2\/pages\/5271","targetHints":{"allow":["GET"]}}],"collection":[{"href":"https:\/\/www.ativ.pt\/es\/wp-json\/wp\/v2\/pages"}],"about":[{"href":"https:\/\/www.ativ.pt\/es\/wp-json\/wp\/v2\/types\/page"}],"author":[{"embeddable":true,"href":"https:\/\/www.ativ.pt\/es\/wp-json\/wp\/v2\/users\/1"}],"replies":[{"embeddable":true,"href":"https:\/\/www.ativ.pt\/es\/wp-json\/wp\/v2\/comments?post=5271"}],"version-history":[{"count":1,"href":"https:\/\/www.ativ.pt\/es\/wp-json\/wp\/v2\/pages\/5271\/revisions"}],"predecessor-version":[{"id":5272,"href":"https:\/\/www.ativ.pt\/es\/wp-json\/wp\/v2\/pages\/5271\/revisions\/5272"}],"up":[{"embeddable":true,"href":"https:\/\/www.ativ.pt\/es\/wp-json\/wp\/v2\/pages\/5295"}],"wp:featuredmedia":[{"embeddable":true,"href":"https:\/\/www.ativ.pt\/es\/wp-json\/wp\/v2\/media\/4495"}],"wp:attachment":[{"href":"https:\/\/www.ativ.pt\/es\/wp-json\/wp\/v2\/media?parent=5271"}],"curies":[{"name":"wp","href":"https:\/\/api.w.org\/{rel}","templated":true}]}}