{"id":5247,"date":"2022-04-29T11:52:26","date_gmt":"2022-04-29T11:52:26","guid":{"rendered":"https:\/\/www.ativ.pt\/agricultura-y-sostenibilidad\/"},"modified":"2022-10-07T09:14:29","modified_gmt":"2022-10-07T09:14:29","slug":"agricultura-y-sostenibilidad","status":"publish","type":"page","link":"https:\/\/www.ativ.pt\/es\/ambitos-de-actuacion\/agricultura-y-sostenibilidad\/","title":{"rendered":"Agricultura y Sostenibilidad"},"content":{"rendered":"\t\t<div data-elementor-type=\"wp-page\" data-elementor-id=\"5247\" class=\"elementor elementor-5247 elementor-49\">\n\t\t\t\t\t\t<section class=\"elementor-section elementor-top-section elementor-element elementor-element-ab1401a elementor-section-boxed elementor-section-height-default elementor-section-height-default wpr-particle-no wpr-jarallax-no wpr-parallax-no wpr-sticky-section-no wpr-equal-height-no\" data-id=\"ab1401a\" data-element_type=\"section\" data-e-type=\"section\" data-settings=\"{&quot;jet_parallax_layout_list&quot;:[],&quot;background_background&quot;:&quot;classic&quot;}\">\n\t\t\t\t\t\t<div class=\"elementor-container elementor-column-gap-default\">\n\t\t\t\t\t<div class=\"elementor-column elementor-col-100 elementor-top-column elementor-element elementor-element-3aef3a9\" data-id=\"3aef3a9\" data-element_type=\"column\" data-e-type=\"column\">\n\t\t\t<div class=\"elementor-widget-wrap elementor-element-populated\">\n\t\t\t\t\t\t<div class=\"elementor-element elementor-element-f94806d elementor-widget elementor-widget-heading\" data-id=\"f94806d\" data-element_type=\"widget\" data-e-type=\"widget\" data-widget_type=\"heading.default\">\n\t\t\t\t\t<h1 class=\"elementor-heading-title elementor-size-default\">Agricultura y Sostenibilidad<\/h1>\t\t\t\t<\/div>\n\t\t\t\t<div class=\"elementor-element elementor-element-1e5aabb elementor-align-flex-start elementor-widget elementor-widget-raven-breadcrumbs\" data-id=\"1e5aabb\" data-element_type=\"widget\" data-e-type=\"widget\" data-widget_type=\"raven-breadcrumbs.default\">\n\t\t\t\t<div class=\"elementor-widget-container\">\n\t\t\t\t\t<div class=\"raven-breadcrumbs raven-breadcrumbs-yoast\"><nav id=\"breadcrumbs\"><span><span><a href=\"https:\/\/www.ativ.pt\/es\/\">In\u00edcio<\/a><\/span><\/span><\/nav><\/div>\t\t\t\t<\/div>\n\t\t\t\t<\/div>\n\t\t\t\t\t<\/div>\n\t\t<\/div>\n\t\t\t\t\t<\/div>\n\t\t<\/section>\n\t\t\t\t<section class=\"elementor-section elementor-top-section elementor-element elementor-element-35c5290 elementor-section-height-min-height elementor-section-boxed elementor-section-height-default elementor-section-items-middle wpr-particle-no wpr-jarallax-no wpr-parallax-no wpr-sticky-section-no wpr-equal-height-no\" data-id=\"35c5290\" data-element_type=\"section\" data-e-type=\"section\" data-settings=\"{&quot;jet_parallax_layout_list&quot;:[],&quot;background_background&quot;:&quot;classic&quot;}\">\n\t\t\t\t\t\t<div class=\"elementor-container elementor-column-gap-default\">\n\t\t\t\t\t<div class=\"elementor-column elementor-col-100 elementor-top-column elementor-element elementor-element-a6415cf\" data-id=\"a6415cf\" data-element_type=\"column\" data-e-type=\"column\">\n\t\t\t<div class=\"elementor-widget-wrap\">\n\t\t\t\t\t\t\t<\/div>\n\t\t<\/div>\n\t\t\t\t\t<\/div>\n\t\t<\/section>\n\t\t\t\t<section class=\"elementor-section elementor-top-section elementor-element elementor-element-b358ae0 elementor-section-content-middle elementor-section-boxed elementor-section-height-default elementor-section-height-default wpr-particle-no wpr-jarallax-no wpr-parallax-no wpr-sticky-section-no wpr-equal-height-no\" data-id=\"b358ae0\" data-element_type=\"section\" data-e-type=\"section\" data-settings=\"{&quot;jet_parallax_layout_list&quot;:[],&quot;background_background&quot;:&quot;classic&quot;}\">\n\t\t\t\t\t\t<div class=\"elementor-container elementor-column-gap-default\">\n\t\t\t\t\t<div class=\"elementor-column elementor-col-66 elementor-top-column elementor-element elementor-element-e840159 elementor-invisible\" data-id=\"e840159\" data-element_type=\"column\" data-e-type=\"column\" data-settings=\"{&quot;animation&quot;:&quot;fadeInLeft&quot;,&quot;animation_delay&quot;:100}\">\n\t\t\t<div class=\"elementor-widget-wrap elementor-element-populated\">\n\t\t\t\t\t\t<div class=\"elementor-element elementor-element-150f309 elementor-widget elementor-widget-text-editor\" data-id=\"150f309\" data-element_type=\"widget\" data-e-type=\"widget\" data-widget_type=\"text-editor.default\">\n\t\t\t\t\t\t\t\t\t<p>Cada vez hay m\u00e1s conciencia de la necesidad de cambiar de paradigma. El uso excesivo de los recursos naturales y la alteraci\u00f3n de los ciclos naturales han tenido graves repercusiones en el cambio clim\u00e1tico. Es urgente adoptar medidas de mitigaci\u00f3n para promover el confort y la calidad de vida, por un lado, y proteger el medio ambiente, por el otro.<\/p>\n<p>Se debe avanzar en este sentido, con la utilizaci\u00f3n de t\u00e9cnicas, el desarrollo de tecnolog\u00edas y la inversi\u00f3n en proyectos que permitan la optimizaci\u00f3n y la correcta gesti\u00f3n de los recursos h\u00eddricos y la reducci\u00f3n del uso de fertilizantes y fitof\u00e1rmacos en la agricultura y la silvicultura, contribuyendo a la reducci\u00f3n de los gases de efecto invernadero en la atm\u00f3sfera.<\/p>\n\t\t\t\t\t\t\t\t<\/div>\n\t\t\t\t\t<\/div>\n\t\t<\/div>\n\t\t\t\t<div class=\"elementor-column elementor-col-33 elementor-top-column elementor-element elementor-element-c28b367\" data-id=\"c28b367\" data-element_type=\"column\" data-e-type=\"column\">\n\t\t\t<div class=\"elementor-widget-wrap\">\n\t\t\t\t\t\t\t<\/div>\n\t\t<\/div>\n\t\t\t\t\t<\/div>\n\t\t<\/section>\n\t\t\t\t<section class=\"elementor-section elementor-top-section elementor-element elementor-element-d108690 elementor-section-full_width elementor-section-content-bottom elementor-section-height-default elementor-section-height-default wpr-particle-no wpr-jarallax-no wpr-parallax-no wpr-sticky-section-no wpr-equal-height-no\" data-id=\"d108690\" data-element_type=\"section\" data-e-type=\"section\" data-settings=\"{&quot;jet_parallax_layout_list&quot;:[],&quot;background_background&quot;:&quot;classic&quot;}\">\n\t\t\t\t\t\t<div class=\"elementor-container elementor-column-gap-default\">\n\t\t\t\t\t<div class=\"elementor-column elementor-col-33 elementor-top-column elementor-element elementor-element-69683f8 elementor-invisible\" data-id=\"69683f8\" data-element_type=\"column\" data-e-type=\"column\" data-settings=\"{&quot;background_background&quot;:&quot;classic&quot;,&quot;animation&quot;:&quot;fadeInUp&quot;,&quot;animation_delay&quot;:0}\">\n\t\t\t<div class=\"elementor-widget-wrap elementor-element-populated\">\n\t\t\t\t\t<div class=\"elementor-background-overlay\"><\/div>\n\t\t\t\t\t\t<div class=\"elementor-element elementor-element-d61ce8d elementor-widget elementor-widget-heading\" data-id=\"d61ce8d\" data-element_type=\"widget\" data-e-type=\"widget\" data-widget_type=\"heading.default\">\n\t\t\t\t\t<h5 class=\"elementor-heading-title elementor-size-default\">Agua: Dryject + SAP<\/h5>\t\t\t\t<\/div>\n\t\t\t\t<div class=\"elementor-element elementor-element-741ac05 elementor-align-left elementor-widget elementor-widget-raven-button\" data-id=\"741ac05\" data-element_type=\"widget\" data-e-type=\"widget\" data-settings=\"{&quot;turn_to_popup_action_button&quot;:&quot;no&quot;}\" data-widget_type=\"raven-button.default\">\n\t\t\t\t<div class=\"elementor-widget-container\">\n\t\t\t\t\t\t\t<div class=\"raven-widget-wrapper\">\n\t\t\t<a class=\"raven-button raven-button-widget-normal-effect-none  raven-button-text-align-center raven-button-link elementor-animation-none\" href=\"https:\/\/www.ativ.pt\/es\/ambitos-de-actuacion\/agricultura-y-sostenibilidad\/agua-dryject-sap\/\">\t\t\t\t<div class=\"raven-button-overlay\" ><\/div>\n\t\t\t\t<span class=\"raven-button-content\">\n\t\t\t\t\t\n\t\t\t\t\t<div class=\"button-text-container\">\n\t\t\t\t\t\t\t\t\t\t\t\t<div class=\"raven-button-texts-wrapper\">\n\t\t\t\t\t\t\t<div class=\"button-text\">\n\t\t\t\t\t\t\t\t<span class=\"raven-button-text\">\n\t\t\t\t\t\t\t\t\tM\u00e1s informaci\u00f3n\t\t\t\t\t\t\t\t<\/span>\n\t\t\t\t\t\t\t<\/div>\n\t\t\t\t\t\t\t\t\t\t\t\t\t<\/div>\n\t\t\t\t\t\t\t\t\t<span class=\"raven-button-icon raven-button-icon-position-right\">\n\t\t\t\t<svg aria-hidden=\"true\" class=\"e-font-icon-svg e-fas-chevron-right\" viewBox=\"0 0 320 512\" xmlns=\"http:\/\/www.w3.org\/2000\/svg\"><path d=\"M285.476 272.971L91.132 467.314c-9.373 9.373-24.569 9.373-33.941 0l-22.667-22.667c-9.357-9.357-9.375-24.522-.04-33.901L188.505 256 34.484 101.255c-9.335-9.379-9.317-24.544.04-33.901l22.667-22.667c9.373-9.373 24.569-9.373 33.941 0L285.475 239.03c9.373 9.372 9.373 24.568.001 33.941z\"><\/path><\/svg>\t\t\t<\/span>\n\t\t\t\t\t\t\t<\/div>\n\t\t\t\t\t\n\t\t\t\t\t\t\t\t\t<\/span>\n\t\t\t<\/a>\t\t<\/div>\n\t\t\t\t\t\t<\/div>\n\t\t\t\t<\/div>\n\t\t\t\t\t<\/div>\n\t\t<\/div>\n\t\t\t\t<div class=\"elementor-column elementor-col-33 elementor-top-column elementor-element elementor-element-a015f43 elementor-invisible\" data-id=\"a015f43\" data-element_type=\"column\" data-e-type=\"column\" data-settings=\"{&quot;background_background&quot;:&quot;classic&quot;,&quot;animation&quot;:&quot;fadeInUp&quot;,&quot;animation_delay&quot;:100}\">\n\t\t\t<div class=\"elementor-widget-wrap elementor-element-populated\">\n\t\t\t\t\t<div class=\"elementor-background-overlay\"><\/div>\n\t\t\t\t\t\t<div class=\"elementor-element elementor-element-4c51b47 elementor-widget elementor-widget-heading\" data-id=\"4c51b47\" data-element_type=\"widget\" data-e-type=\"widget\" data-widget_type=\"heading.default\">\n\t\t\t\t\t<h5 class=\"elementor-heading-title elementor-size-default\">Silvicultura<\/h5>\t\t\t\t<\/div>\n\t\t\t\t<div class=\"elementor-element elementor-element-1614d39 elementor-align-left elementor-widget elementor-widget-raven-button\" data-id=\"1614d39\" data-element_type=\"widget\" data-e-type=\"widget\" data-settings=\"{&quot;turn_to_popup_action_button&quot;:&quot;no&quot;}\" data-widget_type=\"raven-button.default\">\n\t\t\t\t<div class=\"elementor-widget-container\">\n\t\t\t\t\t\t\t<div class=\"raven-widget-wrapper\">\n\t\t\t<a class=\"raven-button raven-button-widget-normal-effect-none  raven-button-text-align-center raven-button-link elementor-animation-none\" href=\"https:\/\/www.ativ.pt\/es\/ambitos-de-actuacion\/agricultura-y-sostenibilidad\/silvicultura\/\">\t\t\t\t<div class=\"raven-button-overlay\" ><\/div>\n\t\t\t\t<span class=\"raven-button-content\">\n\t\t\t\t\t\n\t\t\t\t\t<div class=\"button-text-container\">\n\t\t\t\t\t\t\t\t\t\t\t\t<div class=\"raven-button-texts-wrapper\">\n\t\t\t\t\t\t\t<div class=\"button-text\">\n\t\t\t\t\t\t\t\t<span class=\"raven-button-text\">\n\t\t\t\t\t\t\t\t\tM\u00e1s informaci\u00f3n\t\t\t\t\t\t\t\t<\/span>\n\t\t\t\t\t\t\t<\/div>\n\t\t\t\t\t\t\t\t\t\t\t\t\t<\/div>\n\t\t\t\t\t\t\t\t\t<span class=\"raven-button-icon raven-button-icon-position-right\">\n\t\t\t\t<svg aria-hidden=\"true\" class=\"e-font-icon-svg e-fas-chevron-right\" viewBox=\"0 0 320 512\" xmlns=\"http:\/\/www.w3.org\/2000\/svg\"><path d=\"M285.476 272.971L91.132 467.314c-9.373 9.373-24.569 9.373-33.941 0l-22.667-22.667c-9.357-9.357-9.375-24.522-.04-33.901L188.505 256 34.484 101.255c-9.335-9.379-9.317-24.544.04-33.901l22.667-22.667c9.373-9.373 24.569-9.373 33.941 0L285.475 239.03c9.373 9.372 9.373 24.568.001 33.941z\"><\/path><\/svg>\t\t\t<\/span>\n\t\t\t\t\t\t\t<\/div>\n\t\t\t\t\t\n\t\t\t\t\t\t\t\t\t<\/span>\n\t\t\t<\/a>\t\t<\/div>\n\t\t\t\t\t\t<\/div>\n\t\t\t\t<\/div>\n\t\t\t\t\t<\/div>\n\t\t<\/div>\n\t\t\t\t<div class=\"elementor-column elementor-col-33 elementor-top-column elementor-element elementor-element-984e8be elementor-invisible\" data-id=\"984e8be\" data-element_type=\"column\" data-e-type=\"column\" data-settings=\"{&quot;background_background&quot;:&quot;classic&quot;,&quot;animation&quot;:&quot;fadeInUp&quot;,&quot;animation_delay&quot;:200}\">\n\t\t\t<div class=\"elementor-widget-wrap elementor-element-populated\">\n\t\t\t\t\t<div class=\"elementor-background-overlay\"><\/div>\n\t\t\t\t\t\t<div class=\"elementor-element elementor-element-eb5663f elementor-widget elementor-widget-heading\" data-id=\"eb5663f\" data-element_type=\"widget\" data-e-type=\"widget\" data-widget_type=\"heading.default\">\n\t\t\t\t\t<h5 class=\"elementor-heading-title elementor-size-default\">Servicios de Ingenier\u00eda Rural<\/h5>\t\t\t\t<\/div>\n\t\t\t\t<div class=\"elementor-element elementor-element-9059e89 elementor-align-left elementor-widget elementor-widget-raven-button\" data-id=\"9059e89\" data-element_type=\"widget\" data-e-type=\"widget\" data-settings=\"{&quot;turn_to_popup_action_button&quot;:&quot;no&quot;}\" data-widget_type=\"raven-button.default\">\n\t\t\t\t<div class=\"elementor-widget-container\">\n\t\t\t\t\t\t\t<div class=\"raven-widget-wrapper\">\n\t\t\t<a class=\"raven-button raven-button-widget-normal-effect-none  raven-button-text-align-center raven-button-link elementor-animation-none\" href=\"https:\/\/www.ativ.pt\/es\/ambitos-de-actuacion\/agricultura-y-sostenibilidad\/servicios-de-ingenieria-rural\/\">\t\t\t\t<div class=\"raven-button-overlay\" ><\/div>\n\t\t\t\t<span class=\"raven-button-content\">\n\t\t\t\t\t\n\t\t\t\t\t<div class=\"button-text-container\">\n\t\t\t\t\t\t\t\t\t\t\t\t<div class=\"raven-button-texts-wrapper\">\n\t\t\t\t\t\t\t<div class=\"button-text\">\n\t\t\t\t\t\t\t\t<span class=\"raven-button-text\">\n\t\t\t\t\t\t\t\t\tM\u00e1s informaci\u00f3n\t\t\t\t\t\t\t\t<\/span>\n\t\t\t\t\t\t\t<\/div>\n\t\t\t\t\t\t\t\t\t\t\t\t\t<\/div>\n\t\t\t\t\t\t\t\t\t<span class=\"raven-button-icon raven-button-icon-position-right\">\n\t\t\t\t<svg aria-hidden=\"true\" class=\"e-font-icon-svg e-fas-chevron-right\" viewBox=\"0 0 320 512\" xmlns=\"http:\/\/www.w3.org\/2000\/svg\"><path d=\"M285.476 272.971L91.132 467.314c-9.373 9.373-24.569 9.373-33.941 0l-22.667-22.667c-9.357-9.357-9.375-24.522-.04-33.901L188.505 256 34.484 101.255c-9.335-9.379-9.317-24.544.04-33.901l22.667-22.667c9.373-9.373 24.569-9.373 33.941 0L285.475 239.03c9.373 9.372 9.373 24.568.001 33.941z\"><\/path><\/svg>\t\t\t<\/span>\n\t\t\t\t\t\t\t<\/div>\n\t\t\t\t\t\n\t\t\t\t\t\t\t\t\t<\/span>\n\t\t\t<\/a>\t\t<\/div>\n\t\t\t\t\t\t<\/div>\n\t\t\t\t<\/div>\n\t\t\t\t\t<\/div>\n\t\t<\/div>\n\t\t\t\t\t<\/div>\n\t\t<\/section>\n\t\t\t\t<\/div>\n\t\t","protected":false},"excerpt":{"rendered":"<p>In\u00edcio Cada vez hay m\u00e1s conciencia de la necesidad de cambiar de paradigma. El uso excesivo de los recursos naturales y la alteraci\u00f3n de los ciclos naturales han tenido graves repercusiones en el cambio clim\u00e1tico. Es urgente adoptar medidas de mitigaci\u00f3n para promover el confort y la calidad de vida, por un lado, y proteger el medio ambiente, por el otro. Se debe avanzar en este sentido, con la utilizaci\u00f3n de t\u00e9cnicas, el desarrollo de tecnolog\u00edas y la inversi\u00f3n en proyectos que permitan la optimizaci\u00f3n y la correcta gesti\u00f3n de los recursos h\u00eddricos y la reducci\u00f3n del uso de fertilizantes y fitof\u00e1rmacos en la agricultura y la silvicultura, contribuyendo a la reducci\u00f3n de los gases de efecto invernadero en la atm\u00f3sfera. Agua: Dryject + SAP M\u00e1s informaci\u00f3n Silvicultura M\u00e1s informaci\u00f3n Servicios de Ingenier\u00eda Rural M\u00e1s informaci\u00f3n<\/p>\n","protected":false},"author":1,"featured_media":4453,"parent":5325,"menu_order":5,"comment_status":"closed","ping_status":"closed","template":"elementor_header_footer","meta":{"_acf_changed":false,"footnotes":""},"class_list":["post-5247","page","type-page","status-publish","has-post-thumbnail","hentry"],"acf":[],"yoast_head":"<!-- This site is optimized with the Yoast SEO plugin v27.5 - https:\/\/yoast.com\/product\/yoast-seo-wordpress\/ -->\n<title>Agricultura y Sostenibilidad - Mota-Engil ATIV<\/title>\n<meta name=\"robots\" content=\"index, follow, max-snippet:-1, max-image-preview:large, max-video-preview:-1\" \/>\n<link rel=\"canonical\" href=\"https:\/\/www.ativ.pt\/es\/ambitos-de-actuacion\/agricultura-y-sostenibilidad\/\" \/>\n<meta property=\"og:locale\" content=\"es_ES\" \/>\n<meta property=\"og:type\" content=\"article\" \/>\n<meta property=\"og:title\" content=\"Agricultura y Sostenibilidad - Mota-Engil ATIV\" \/>\n<meta property=\"og:description\" content=\"In\u00edcio Cada vez hay m\u00e1s conciencia de la necesidad de cambiar de paradigma. El uso excesivo de los recursos naturales y la alteraci\u00f3n de los ciclos naturales han tenido graves repercusiones en el cambio clim\u00e1tico. Es urgente adoptar medidas de mitigaci\u00f3n para promover el confort y la calidad de vida, por un lado, y proteger el medio ambiente, por el otro. Se debe avanzar en este sentido, con la utilizaci\u00f3n de t\u00e9cnicas, el desarrollo de tecnolog\u00edas y la inversi\u00f3n en proyectos que permitan la optimizaci\u00f3n y la correcta gesti\u00f3n de los recursos h\u00eddricos y la reducci\u00f3n del uso de fertilizantes y fitof\u00e1rmacos en la agricultura y la silvicultura, contribuyendo a la reducci\u00f3n de los gases de efecto invernadero en la atm\u00f3sfera. Agua: Dryject + SAP M\u00e1s informaci\u00f3n Silvicultura M\u00e1s informaci\u00f3n Servicios de Ingenier\u00eda Rural M\u00e1s informaci\u00f3n\" \/>\n<meta property=\"og:url\" content=\"https:\/\/www.ativ.pt\/es\/ambitos-de-actuacion\/agricultura-y-sostenibilidad\/\" \/>\n<meta property=\"og:site_name\" content=\"Mota-Engil ATIV\" \/>\n<meta property=\"article:publisher\" content=\"https:\/\/www.facebook.com\/MotaEngilATIV\/\" \/>\n<meta property=\"article:modified_time\" content=\"2022-10-07T09:14:29+00:00\" \/>\n<meta property=\"og:image\" content=\"https:\/\/www.ativ.pt\/wp-content\/uploads\/2022\/06\/energia-carbono-2-1920x1280-1.jpg\" \/>\n\t<meta property=\"og:image:width\" content=\"1920\" \/>\n\t<meta property=\"og:image:height\" content=\"1280\" \/>\n\t<meta property=\"og:image:type\" content=\"image\/jpeg\" \/>\n<meta name=\"twitter:card\" content=\"summary_large_image\" \/>\n<meta name=\"twitter:label1\" content=\"Tiempo de lectura\" \/>\n\t<meta name=\"twitter:data1\" content=\"1 minuto\" \/>\n<script type=\"application\/ld+json\" class=\"yoast-schema-graph\">{\"@context\":\"https:\\\/\\\/schema.org\",\"@graph\":[{\"@type\":\"WebPage\",\"@id\":\"https:\\\/\\\/www.ativ.pt\\\/es\\\/ambitos-de-actuacion\\\/agricultura-y-sostenibilidad\\\/\",\"url\":\"https:\\\/\\\/www.ativ.pt\\\/es\\\/ambitos-de-actuacion\\\/agricultura-y-sostenibilidad\\\/\",\"name\":\"Agricultura y Sostenibilidad - Mota-Engil ATIV\",\"isPartOf\":{\"@id\":\"https:\\\/\\\/www.ativ.pt\\\/es\\\/#website\"},\"primaryImageOfPage\":{\"@id\":\"https:\\\/\\\/www.ativ.pt\\\/es\\\/ambitos-de-actuacion\\\/agricultura-y-sostenibilidad\\\/#primaryimage\"},\"image\":{\"@id\":\"https:\\\/\\\/www.ativ.pt\\\/es\\\/ambitos-de-actuacion\\\/agricultura-y-sostenibilidad\\\/#primaryimage\"},\"thumbnailUrl\":\"https:\\\/\\\/www.ativ.pt\\\/wp-content\\\/uploads\\\/2022\\\/06\\\/energia-carbono-2-1920x1280-1.jpg\",\"datePublished\":\"2022-04-29T11:52:26+00:00\",\"dateModified\":\"2022-10-07T09:14:29+00:00\",\"breadcrumb\":{\"@id\":\"https:\\\/\\\/www.ativ.pt\\\/es\\\/ambitos-de-actuacion\\\/agricultura-y-sostenibilidad\\\/#breadcrumb\"},\"inLanguage\":\"es\",\"potentialAction\":[{\"@type\":\"ReadAction\",\"target\":[\"https:\\\/\\\/www.ativ.pt\\\/es\\\/ambitos-de-actuacion\\\/agricultura-y-sostenibilidad\\\/\"]}]},{\"@type\":\"ImageObject\",\"inLanguage\":\"es\",\"@id\":\"https:\\\/\\\/www.ativ.pt\\\/es\\\/ambitos-de-actuacion\\\/agricultura-y-sostenibilidad\\\/#primaryimage\",\"url\":\"https:\\\/\\\/www.ativ.pt\\\/wp-content\\\/uploads\\\/2022\\\/06\\\/energia-carbono-2-1920x1280-1.jpg\",\"contentUrl\":\"https:\\\/\\\/www.ativ.pt\\\/wp-content\\\/uploads\\\/2022\\\/06\\\/energia-carbono-2-1920x1280-1.jpg\",\"width\":1920,\"height\":1280},{\"@type\":\"BreadcrumbList\",\"@id\":\"https:\\\/\\\/www.ativ.pt\\\/es\\\/ambitos-de-actuacion\\\/agricultura-y-sostenibilidad\\\/#breadcrumb\",\"itemListElement\":[{\"@type\":\"ListItem\",\"position\":1,\"name\":\"In\u00edcio\",\"item\":\"https:\\\/\\\/www.ativ.pt\\\/es\\\/\"},{\"@type\":\"ListItem\",\"position\":2,\"name\":\"\u00c1reas de Actuaci\u00f3n\",\"item\":\"https:\\\/\\\/www.ativ.pt\\\/es\\\/areas-de-atuacao\\\/\"},{\"@type\":\"ListItem\",\"position\":3,\"name\":\"Agricultura y Sostenibilidad\"}]},{\"@type\":\"WebSite\",\"@id\":\"https:\\\/\\\/www.ativ.pt\\\/es\\\/#website\",\"url\":\"https:\\\/\\\/www.ativ.pt\\\/es\\\/\",\"name\":\"Mota-Engil ATIV\",\"description\":\"Gest\u00e3o e Manuten\u00e7\u00e3o de Ativos\",\"publisher\":{\"@id\":\"https:\\\/\\\/www.ativ.pt\\\/es\\\/#organization\"},\"potentialAction\":[{\"@type\":\"SearchAction\",\"target\":{\"@type\":\"EntryPoint\",\"urlTemplate\":\"https:\\\/\\\/www.ativ.pt\\\/es\\\/?s={search_term_string}\"},\"query-input\":{\"@type\":\"PropertyValueSpecification\",\"valueRequired\":true,\"valueName\":\"search_term_string\"}}],\"inLanguage\":\"es\"},{\"@type\":\"Organization\",\"@id\":\"https:\\\/\\\/www.ativ.pt\\\/es\\\/#organization\",\"name\":\"Mota-Engil ATIV\",\"url\":\"https:\\\/\\\/www.ativ.pt\\\/es\\\/\",\"logo\":{\"@type\":\"ImageObject\",\"inLanguage\":\"es\",\"@id\":\"https:\\\/\\\/www.ativ.pt\\\/es\\\/#\\\/schema\\\/logo\\\/image\\\/\",\"url\":\"https:\\\/\\\/www.ativ.pt\\\/wp-content\\\/uploads\\\/2022\\\/04\\\/logo-ativ-cor-1.svg\",\"contentUrl\":\"https:\\\/\\\/www.ativ.pt\\\/wp-content\\\/uploads\\\/2022\\\/04\\\/logo-ativ-cor-1.svg\",\"width\":250,\"height\":100,\"caption\":\"Mota-Engil ATIV\"},\"image\":{\"@id\":\"https:\\\/\\\/www.ativ.pt\\\/es\\\/#\\\/schema\\\/logo\\\/image\\\/\"},\"sameAs\":[\"https:\\\/\\\/www.facebook.com\\\/MotaEngilATIV\\\/\",\"https:\\\/\\\/www.instagram.com\\\/mota_engil_ativ\\\/\",\"https:\\\/\\\/www.linkedin.com\\\/company\\\/motaengil-ativ\"]}]}<\/script>\n<!-- \/ Yoast SEO plugin. -->","yoast_head_json":{"title":"Agricultura y Sostenibilidad - Mota-Engil ATIV","robots":{"index":"index","follow":"follow","max-snippet":"max-snippet:-1","max-image-preview":"max-image-preview:large","max-video-preview":"max-video-preview:-1"},"canonical":"https:\/\/www.ativ.pt\/es\/ambitos-de-actuacion\/agricultura-y-sostenibilidad\/","og_locale":"es_ES","og_type":"article","og_title":"Agricultura y Sostenibilidad - Mota-Engil ATIV","og_description":"In\u00edcio Cada vez hay m\u00e1s conciencia de la necesidad de cambiar de paradigma. El uso excesivo de los recursos naturales y la alteraci\u00f3n de los ciclos naturales han tenido graves repercusiones en el cambio clim\u00e1tico. Es urgente adoptar medidas de mitigaci\u00f3n para promover el confort y la calidad de vida, por un lado, y proteger el medio ambiente, por el otro. Se debe avanzar en este sentido, con la utilizaci\u00f3n de t\u00e9cnicas, el desarrollo de tecnolog\u00edas y la inversi\u00f3n en proyectos que permitan la optimizaci\u00f3n y la correcta gesti\u00f3n de los recursos h\u00eddricos y la reducci\u00f3n del uso de fertilizantes y fitof\u00e1rmacos en la agricultura y la silvicultura, contribuyendo a la reducci\u00f3n de los gases de efecto invernadero en la atm\u00f3sfera. Agua: Dryject + SAP M\u00e1s informaci\u00f3n Silvicultura M\u00e1s informaci\u00f3n Servicios de Ingenier\u00eda Rural M\u00e1s informaci\u00f3n","og_url":"https:\/\/www.ativ.pt\/es\/ambitos-de-actuacion\/agricultura-y-sostenibilidad\/","og_site_name":"Mota-Engil ATIV","article_publisher":"https:\/\/www.facebook.com\/MotaEngilATIV\/","article_modified_time":"2022-10-07T09:14:29+00:00","og_image":[{"width":1920,"height":1280,"url":"https:\/\/www.ativ.pt\/wp-content\/uploads\/2022\/06\/energia-carbono-2-1920x1280-1.jpg","type":"image\/jpeg"}],"twitter_card":"summary_large_image","twitter_misc":{"Tiempo de lectura":"1 minuto"},"schema":{"@context":"https:\/\/schema.org","@graph":[{"@type":"WebPage","@id":"https:\/\/www.ativ.pt\/es\/ambitos-de-actuacion\/agricultura-y-sostenibilidad\/","url":"https:\/\/www.ativ.pt\/es\/ambitos-de-actuacion\/agricultura-y-sostenibilidad\/","name":"Agricultura y Sostenibilidad - Mota-Engil ATIV","isPartOf":{"@id":"https:\/\/www.ativ.pt\/es\/#website"},"primaryImageOfPage":{"@id":"https:\/\/www.ativ.pt\/es\/ambitos-de-actuacion\/agricultura-y-sostenibilidad\/#primaryimage"},"image":{"@id":"https:\/\/www.ativ.pt\/es\/ambitos-de-actuacion\/agricultura-y-sostenibilidad\/#primaryimage"},"thumbnailUrl":"https:\/\/www.ativ.pt\/wp-content\/uploads\/2022\/06\/energia-carbono-2-1920x1280-1.jpg","datePublished":"2022-04-29T11:52:26+00:00","dateModified":"2022-10-07T09:14:29+00:00","breadcrumb":{"@id":"https:\/\/www.ativ.pt\/es\/ambitos-de-actuacion\/agricultura-y-sostenibilidad\/#breadcrumb"},"inLanguage":"es","potentialAction":[{"@type":"ReadAction","target":["https:\/\/www.ativ.pt\/es\/ambitos-de-actuacion\/agricultura-y-sostenibilidad\/"]}]},{"@type":"ImageObject","inLanguage":"es","@id":"https:\/\/www.ativ.pt\/es\/ambitos-de-actuacion\/agricultura-y-sostenibilidad\/#primaryimage","url":"https:\/\/www.ativ.pt\/wp-content\/uploads\/2022\/06\/energia-carbono-2-1920x1280-1.jpg","contentUrl":"https:\/\/www.ativ.pt\/wp-content\/uploads\/2022\/06\/energia-carbono-2-1920x1280-1.jpg","width":1920,"height":1280},{"@type":"BreadcrumbList","@id":"https:\/\/www.ativ.pt\/es\/ambitos-de-actuacion\/agricultura-y-sostenibilidad\/#breadcrumb","itemListElement":[{"@type":"ListItem","position":1,"name":"In\u00edcio","item":"https:\/\/www.ativ.pt\/es\/"},{"@type":"ListItem","position":2,"name":"\u00c1reas de Actuaci\u00f3n","item":"https:\/\/www.ativ.pt\/es\/areas-de-atuacao\/"},{"@type":"ListItem","position":3,"name":"Agricultura y Sostenibilidad"}]},{"@type":"WebSite","@id":"https:\/\/www.ativ.pt\/es\/#website","url":"https:\/\/www.ativ.pt\/es\/","name":"Mota-Engil ATIV","description":"Gest\u00e3o e Manuten\u00e7\u00e3o de Ativos","publisher":{"@id":"https:\/\/www.ativ.pt\/es\/#organization"},"potentialAction":[{"@type":"SearchAction","target":{"@type":"EntryPoint","urlTemplate":"https:\/\/www.ativ.pt\/es\/?s={search_term_string}"},"query-input":{"@type":"PropertyValueSpecification","valueRequired":true,"valueName":"search_term_string"}}],"inLanguage":"es"},{"@type":"Organization","@id":"https:\/\/www.ativ.pt\/es\/#organization","name":"Mota-Engil ATIV","url":"https:\/\/www.ativ.pt\/es\/","logo":{"@type":"ImageObject","inLanguage":"es","@id":"https:\/\/www.ativ.pt\/es\/#\/schema\/logo\/image\/","url":"https:\/\/www.ativ.pt\/wp-content\/uploads\/2022\/04\/logo-ativ-cor-1.svg","contentUrl":"https:\/\/www.ativ.pt\/wp-content\/uploads\/2022\/04\/logo-ativ-cor-1.svg","width":250,"height":100,"caption":"Mota-Engil ATIV"},"image":{"@id":"https:\/\/www.ativ.pt\/es\/#\/schema\/logo\/image\/"},"sameAs":["https:\/\/www.facebook.com\/MotaEngilATIV\/","https:\/\/www.instagram.com\/mota_engil_ativ\/","https:\/\/www.linkedin.com\/company\/motaengil-ativ"]}]}},"_links":{"self":[{"href":"https:\/\/www.ativ.pt\/es\/wp-json\/wp\/v2\/pages\/5247","targetHints":{"allow":["GET"]}}],"collection":[{"href":"https:\/\/www.ativ.pt\/es\/wp-json\/wp\/v2\/pages"}],"about":[{"href":"https:\/\/www.ativ.pt\/es\/wp-json\/wp\/v2\/types\/page"}],"author":[{"embeddable":true,"href":"https:\/\/www.ativ.pt\/es\/wp-json\/wp\/v2\/users\/1"}],"replies":[{"embeddable":true,"href":"https:\/\/www.ativ.pt\/es\/wp-json\/wp\/v2\/comments?post=5247"}],"version-history":[{"count":2,"href":"https:\/\/www.ativ.pt\/es\/wp-json\/wp\/v2\/pages\/5247\/revisions"}],"predecessor-version":[{"id":6317,"href":"https:\/\/www.ativ.pt\/es\/wp-json\/wp\/v2\/pages\/5247\/revisions\/6317"}],"up":[{"embeddable":true,"href":"https:\/\/www.ativ.pt\/es\/wp-json\/wp\/v2\/pages\/5325"}],"wp:featuredmedia":[{"embeddable":true,"href":"https:\/\/www.ativ.pt\/es\/wp-json\/wp\/v2\/media\/4453"}],"wp:attachment":[{"href":"https:\/\/www.ativ.pt\/es\/wp-json\/wp\/v2\/media?parent=5247"}],"curies":[{"name":"wp","href":"https:\/\/api.w.org\/{rel}","templated":true}]}}