{"id":4883,"date":"2022-07-12T16:12:34","date_gmt":"2022-07-12T16:12:34","guid":{"rendered":"https:\/\/www.ativ.pt\/media\/"},"modified":"2022-08-26T14:07:46","modified_gmt":"2022-08-26T14:07:46","slug":"media","status":"publish","type":"page","link":"https:\/\/www.ativ.pt\/en\/media\/","title":{"rendered":"Media"},"content":{"rendered":"\t\t<div data-elementor-type=\"wp-page\" data-elementor-id=\"4883\" class=\"elementor elementor-4883 elementor-3592\">\n\t\t\t\t\t\t<section class=\"elementor-section elementor-top-section elementor-element elementor-element-b98ccea elementor-section-boxed elementor-section-height-default elementor-section-height-default wpr-particle-no wpr-jarallax-no wpr-parallax-no wpr-sticky-section-no wpr-equal-height-no\" data-id=\"b98ccea\" data-element_type=\"section\" data-e-type=\"section\" data-settings=\"{&quot;jet_parallax_layout_list&quot;:[],&quot;background_background&quot;:&quot;classic&quot;}\">\n\t\t\t\t\t\t<div class=\"elementor-container elementor-column-gap-default\">\n\t\t\t\t\t<div class=\"elementor-column elementor-col-100 elementor-top-column elementor-element elementor-element-d079c47\" data-id=\"d079c47\" data-element_type=\"column\" data-e-type=\"column\">\n\t\t\t<div class=\"elementor-widget-wrap elementor-element-populated\">\n\t\t\t\t\t\t<div class=\"elementor-element elementor-element-25476e9 elementor-widget elementor-widget-heading\" data-id=\"25476e9\" data-element_type=\"widget\" data-e-type=\"widget\" data-widget_type=\"heading.default\">\n\t\t\t\t\t<h1 class=\"elementor-heading-title elementor-size-default\">Media<\/h1>\t\t\t\t<\/div>\n\t\t\t\t<div class=\"elementor-element elementor-element-23dbbba elementor-align-flex-start elementor-widget elementor-widget-raven-breadcrumbs\" data-id=\"23dbbba\" data-element_type=\"widget\" data-e-type=\"widget\" data-widget_type=\"raven-breadcrumbs.default\">\n\t\t\t\t<div class=\"elementor-widget-container\">\n\t\t\t\t\t<div class=\"raven-breadcrumbs raven-breadcrumbs-yoast\"><nav id=\"breadcrumbs\"><span><span><a href=\"https:\/\/www.ativ.pt\/en\/\">Home<\/a><\/span><\/span><\/nav><\/div>\t\t\t\t<\/div>\n\t\t\t\t<\/div>\n\t\t\t\t\t<\/div>\n\t\t<\/div>\n\t\t\t\t\t<\/div>\n\t\t<\/section>\n\t\t\t\t<section class=\"elementor-section elementor-top-section elementor-element elementor-element-ad9bc9c elementor-section-content-middle elementor-section-boxed elementor-section-height-default elementor-section-height-default wpr-particle-no wpr-jarallax-no wpr-parallax-no wpr-sticky-section-no wpr-equal-height-no\" data-id=\"ad9bc9c\" data-element_type=\"section\" data-e-type=\"section\" data-settings=\"{&quot;jet_parallax_layout_list&quot;:[],&quot;background_background&quot;:&quot;classic&quot;}\">\n\t\t\t\t\t\t<div class=\"elementor-container elementor-column-gap-default\">\n\t\t\t\t\t<div class=\"elementor-column elementor-col-100 elementor-top-column elementor-element elementor-element-2da05bd\" data-id=\"2da05bd\" data-element_type=\"column\" data-e-type=\"column\">\n\t\t\t<div class=\"elementor-widget-wrap\">\n\t\t\t\t\t\t\t<\/div>\n\t\t<\/div>\n\t\t\t\t\t<\/div>\n\t\t<\/section>\n\t\t\t\t<section class=\"elementor-section elementor-top-section elementor-element elementor-element-f696ac3 elementor-section-boxed elementor-section-height-default elementor-section-height-default wpr-particle-no wpr-jarallax-no wpr-parallax-no wpr-sticky-section-no wpr-equal-height-no\" data-id=\"f696ac3\" data-element_type=\"section\" data-e-type=\"section\" data-settings=\"{&quot;jet_parallax_layout_list&quot;:[]}\">\n\t\t\t\t\t\t<div class=\"elementor-container elementor-column-gap-default\">\n\t\t\t\t\t<div class=\"elementor-column elementor-col-100 elementor-top-column elementor-element elementor-element-d972dbd\" data-id=\"d972dbd\" data-element_type=\"column\" data-e-type=\"column\">\n\t\t\t<div class=\"elementor-widget-wrap elementor-element-populated\">\n\t\t\t\t\t\t<div class=\"elementor-element elementor-element-f1d45db raven-hover-slide-right elementor-invisible elementor-widget elementor-widget-raven-posts\" data-id=\"f1d45db\" data-element_type=\"widget\" data-e-type=\"widget\" data-settings=\"{&quot;classic_columns&quot;:&quot;4&quot;,&quot;query_posts_per_page&quot;:12,&quot;classic_show_pagination&quot;:&quot;yes&quot;,&quot;_animation&quot;:&quot;fadeInUp&quot;,&quot;_animation_delay&quot;:100,&quot;_skin&quot;:&quot;classic&quot;,&quot;classic_layout&quot;:&quot;grid&quot;,&quot;classic_columns_tablet&quot;:&quot;2&quot;,&quot;classic_columns_mobile&quot;:&quot;1&quot;,&quot;classic_pagination_type&quot;:&quot;page_based&quot;,&quot;query_offset&quot;:0}\" data-widget_type=\"raven-posts.classic\">\n\t\t\t\t<div class=\"elementor-widget-container\">\n\t\t\t\t\t\t\t<div class=\"raven-posts raven-grid raven-grid-4 raven-grid-mobile-1 raven-grid-tablet-2\" data-post-id=\"4883\" data-archive-query=\"\" data-lang=\"\">\n\t\t\t\t<div class=\"raven-grid-item raven-post-item post-16323 post type-post status-publish format-standard has-post-thumbnail hentry category-article tag-ativ tag-bcircle tag-biochar tag-carbon tag-carbon-capture tag-gestao-de-carbono tag-mota-engil-ativ\">\n\t\t\t<div class=\"raven-post\">\n\t\t\t\t\t\t<div class=\"raven-post-image-wrap\">\n\t\t\t<a class=\"raven-post-image raven-image-fit\" href=\"https:\/\/www.ativ.pt\/en\/2025\/11\/07\/mota-engil-ativ-and-bcircle-at-the-carbon-capture-technology-expo-europe-2025\/\"><img fetchpriority=\"high\" decoding=\"async\" width=\"768\" height=\"432\" src=\"https:\/\/www.ativ.pt\/wp-content\/uploads\/2025\/11\/Design-sem-nome-2025-11-07T102959.705-768x432.png\" class=\"attachment-medium_large size-medium_large wp-image-16300\" alt=\"\" srcset=\"https:\/\/www.ativ.pt\/wp-content\/uploads\/2025\/11\/Design-sem-nome-2025-11-07T102959.705-768x432.png 768w, https:\/\/www.ativ.pt\/wp-content\/uploads\/2025\/11\/Design-sem-nome-2025-11-07T102959.705-300x169.png 300w, https:\/\/www.ativ.pt\/wp-content\/uploads\/2025\/11\/Design-sem-nome-2025-11-07T102959.705-1024x576.png 1024w, https:\/\/www.ativ.pt\/wp-content\/uploads\/2025\/11\/Design-sem-nome-2025-11-07T102959.705-1536x864.png 1536w, https:\/\/www.ativ.pt\/wp-content\/uploads\/2025\/11\/Design-sem-nome-2025-11-07T102959.705-2048x1152.png 2048w\" sizes=\"(max-width: 768px) 100vw, 768px\" \/> <span class=\"raven-post-image-overlay\"><\/span><\/a>\t\t<\/div>\n\t\t\t\t\t\t<div class=\"raven-post-content\">\n\t\t\t\t\t<h3 class=\"raven-post-title\"><a class=\"raven-post-title-link\" href=\"https:\/\/www.ativ.pt\/en\/2025\/11\/07\/mota-engil-ativ-and-bcircle-at-the-carbon-capture-technology-expo-europe-2025\/\">Mota-Engil ATIV and BCircle at the Carbon Capture Technology Expo Europe 2025<\/a><\/h3>\t\t<div class=\"raven-post-meta\"><a class=\"raven-post-meta-item raven-post-date\" href=\"https:\/\/www.ativ.pt\/en\/2025\/11\/\" rel=\"bookmark\">7 de November, 2025<\/a>\n<span class=\"raven-post-meta-divider\">\u2014<\/span>\n<span class=\"raven-post-meta-item raven-post-categories\"><a href=\"https:\/\/www.ativ.pt\/en\/article\/\" rel=\"tag\">Article<\/a><\/span><\/div>\n\t\t\t\t<div class=\"raven-post-read-more\">\n\t\t\t<a class=\"raven-post-button\" href=\"https:\/\/www.ativ.pt\/en\/2025\/11\/07\/mota-engil-ativ-and-bcircle-at-the-carbon-capture-technology-expo-europe-2025\/\"><span class=\"raven-post-button-text\">Read more<\/span><\/a>\n\t\t<\/div>\n\t\t\t\t\t\t<\/div>\n\t\t\t<\/div>\n\t\t<\/div>\n\t\t\t\t<div class=\"raven-grid-item raven-post-item post-16103 post type-post status-publish format-standard has-post-thumbnail hentry category-article\">\n\t\t\t<div class=\"raven-post\">\n\t\t\t\t\t\t<div class=\"raven-post-image-wrap\">\n\t\t\t<a class=\"raven-post-image raven-image-fit\" href=\"https:\/\/www.ativ.pt\/en\/2025\/10\/23\/mota-engil-ativ-presents-strategic-plan-2026-2030\/\"><img decoding=\"async\" width=\"768\" height=\"576\" src=\"https:\/\/www.ativ.pt\/wp-content\/uploads\/2025\/10\/20251008_104116-1-768x576.jpg\" class=\"attachment-medium_large size-medium_large wp-image-16098\" alt=\"\" srcset=\"https:\/\/www.ativ.pt\/wp-content\/uploads\/2025\/10\/20251008_104116-1-768x576.jpg 768w, https:\/\/www.ativ.pt\/wp-content\/uploads\/2025\/10\/20251008_104116-1-300x225.jpg 300w, https:\/\/www.ativ.pt\/wp-content\/uploads\/2025\/10\/20251008_104116-1-1024x768.jpg 1024w, https:\/\/www.ativ.pt\/wp-content\/uploads\/2025\/10\/20251008_104116-1-1536x1152.jpg 1536w, https:\/\/www.ativ.pt\/wp-content\/uploads\/2025\/10\/20251008_104116-1-scaled.jpg 1920w\" sizes=\"(max-width: 768px) 100vw, 768px\" \/> <span class=\"raven-post-image-overlay\"><\/span><\/a>\t\t<\/div>\n\t\t\t\t\t\t<div class=\"raven-post-content\">\n\t\t\t\t\t<h3 class=\"raven-post-title\"><a class=\"raven-post-title-link\" href=\"https:\/\/www.ativ.pt\/en\/2025\/10\/23\/mota-engil-ativ-presents-strategic-plan-2026-2030\/\">MOTA-ENGIL ATIV presents Strategic Plan 2026\u20132030<\/a><\/h3>\t\t<div class=\"raven-post-meta\"><a class=\"raven-post-meta-item raven-post-date\" href=\"https:\/\/www.ativ.pt\/en\/2025\/10\/\" rel=\"bookmark\">23 de October, 2025<\/a>\n<span class=\"raven-post-meta-divider\">\u2014<\/span>\n<span class=\"raven-post-meta-item raven-post-categories\"><a href=\"https:\/\/www.ativ.pt\/en\/article\/\" rel=\"tag\">Article<\/a><\/span><\/div>\n\t\t\t\t<div class=\"raven-post-read-more\">\n\t\t\t<a class=\"raven-post-button\" href=\"https:\/\/www.ativ.pt\/en\/2025\/10\/23\/mota-engil-ativ-presents-strategic-plan-2026-2030\/\"><span class=\"raven-post-button-text\">Read more<\/span><\/a>\n\t\t<\/div>\n\t\t\t\t\t\t<\/div>\n\t\t\t<\/div>\n\t\t<\/div>\n\t\t\t\t<div class=\"raven-grid-item raven-post-item post-16109 post type-post status-publish format-standard has-post-thumbnail hentry category-article\">\n\t\t\t<div class=\"raven-post\">\n\t\t\t\t\t\t<div class=\"raven-post-image-wrap\">\n\t\t\t<a class=\"raven-post-image raven-image-fit\" href=\"https:\/\/www.ativ.pt\/en\/2025\/10\/20\/atlantic-health-wellness-summit-2025\/\"><img decoding=\"async\" width=\"768\" height=\"310\" src=\"https:\/\/www.ativ.pt\/wp-content\/uploads\/2025\/10\/ahws_hf_destaque-768x310.jpg\" class=\"attachment-medium_large size-medium_large wp-image-16017\" alt=\"\" srcset=\"https:\/\/www.ativ.pt\/wp-content\/uploads\/2025\/10\/ahws_hf_destaque-768x310.jpg 768w, https:\/\/www.ativ.pt\/wp-content\/uploads\/2025\/10\/ahws_hf_destaque-300x121.jpg 300w, https:\/\/www.ativ.pt\/wp-content\/uploads\/2025\/10\/ahws_hf_destaque-1024x413.jpg 1024w, https:\/\/www.ativ.pt\/wp-content\/uploads\/2025\/10\/ahws_hf_destaque.jpg 1200w\" sizes=\"(max-width: 768px) 100vw, 768px\" \/> <span class=\"raven-post-image-overlay\"><\/span><\/a>\t\t<\/div>\n\t\t\t\t\t\t<div class=\"raven-post-content\">\n\t\t\t\t\t<h3 class=\"raven-post-title\"><a class=\"raven-post-title-link\" href=\"https:\/\/www.ativ.pt\/en\/2025\/10\/20\/atlantic-health-wellness-summit-2025\/\">Atlantic Health Wellness Summit 2025<\/a><\/h3>\t\t<div class=\"raven-post-meta\"><a class=\"raven-post-meta-item raven-post-date\" href=\"https:\/\/www.ativ.pt\/en\/2025\/10\/\" rel=\"bookmark\">20 de October, 2025<\/a>\n<span class=\"raven-post-meta-divider\">\u2014<\/span>\n<span class=\"raven-post-meta-item raven-post-categories\"><a href=\"https:\/\/www.ativ.pt\/en\/article\/\" rel=\"tag\">Article<\/a><\/span><\/div>\n\t\t\t\t<div class=\"raven-post-read-more\">\n\t\t\t<a class=\"raven-post-button\" href=\"https:\/\/www.ativ.pt\/en\/2025\/10\/20\/atlantic-health-wellness-summit-2025\/\"><span class=\"raven-post-button-text\">Read more<\/span><\/a>\n\t\t<\/div>\n\t\t\t\t\t\t<\/div>\n\t\t\t<\/div>\n\t\t<\/div>\n\t\t\t\t<div class=\"raven-grid-item raven-post-item post-15966 post type-post status-publish format-standard has-post-thumbnail hentry category-article\">\n\t\t\t<div class=\"raven-post\">\n\t\t\t\t\t\t<div class=\"raven-post-image-wrap\">\n\t\t\t<a class=\"raven-post-image raven-image-fit\" href=\"https:\/\/www.ativ.pt\/en\/2025\/10\/06\/volkswagen-run-2025\/\"><img loading=\"lazy\" decoding=\"async\" width=\"768\" height=\"297\" src=\"https:\/\/www.ativ.pt\/wp-content\/uploads\/2025\/10\/autoeuropa_destaque-768x297.jpg\" class=\"attachment-medium_large size-medium_large wp-image-15917\" alt=\"\" srcset=\"https:\/\/www.ativ.pt\/wp-content\/uploads\/2025\/10\/autoeuropa_destaque-768x297.jpg 768w, https:\/\/www.ativ.pt\/wp-content\/uploads\/2025\/10\/autoeuropa_destaque-300x116.jpg 300w, https:\/\/www.ativ.pt\/wp-content\/uploads\/2025\/10\/autoeuropa_destaque-1024x396.jpg 1024w, https:\/\/www.ativ.pt\/wp-content\/uploads\/2025\/10\/autoeuropa_destaque.jpg 1200w\" sizes=\"(max-width: 768px) 100vw, 768px\" \/> <span class=\"raven-post-image-overlay\"><\/span><\/a>\t\t<\/div>\n\t\t\t\t\t\t<div class=\"raven-post-content\">\n\t\t\t\t\t<h3 class=\"raven-post-title\"><a class=\"raven-post-title-link\" href=\"https:\/\/www.ativ.pt\/en\/2025\/10\/06\/volkswagen-run-2025\/\">Volkswagen Run 2025<\/a><\/h3>\t\t<div class=\"raven-post-meta\"><a class=\"raven-post-meta-item raven-post-date\" href=\"https:\/\/www.ativ.pt\/en\/2025\/10\/\" rel=\"bookmark\">6 de October, 2025<\/a>\n<span class=\"raven-post-meta-divider\">\u2014<\/span>\n<span class=\"raven-post-meta-item raven-post-categories\"><a href=\"https:\/\/www.ativ.pt\/en\/article\/\" rel=\"tag\">Article<\/a><\/span><\/div>\n\t\t\t\t<div class=\"raven-post-read-more\">\n\t\t\t<a class=\"raven-post-button\" href=\"https:\/\/www.ativ.pt\/en\/2025\/10\/06\/volkswagen-run-2025\/\"><span class=\"raven-post-button-text\">Read more<\/span><\/a>\n\t\t<\/div>\n\t\t\t\t\t\t<\/div>\n\t\t\t<\/div>\n\t\t<\/div>\n\t\t\t\t<div class=\"raven-grid-item raven-post-item post-15972 post type-post status-publish format-standard has-post-thumbnail hentry category-article\">\n\t\t\t<div class=\"raven-post\">\n\t\t\t\t\t\t<div class=\"raven-post-image-wrap\">\n\t\t\t<a class=\"raven-post-image raven-image-fit\" href=\"https:\/\/www.ativ.pt\/en\/2025\/10\/03\/parque-linear-ribeirinho-do-tejo-gains-5-more-km-between-alverca-and-sobralinho\/\"><img loading=\"lazy\" decoding=\"async\" width=\"768\" height=\"432\" src=\"https:\/\/www.ativ.pt\/wp-content\/uploads\/2025\/10\/1-768x432.png\" class=\"attachment-medium_large size-medium_large wp-image-15866\" alt=\"\" srcset=\"https:\/\/www.ativ.pt\/wp-content\/uploads\/2025\/10\/1-768x432.png 768w, https:\/\/www.ativ.pt\/wp-content\/uploads\/2025\/10\/1-300x169.png 300w, https:\/\/www.ativ.pt\/wp-content\/uploads\/2025\/10\/1-1024x576.png 1024w, https:\/\/www.ativ.pt\/wp-content\/uploads\/2025\/10\/1-1536x864.png 1536w, https:\/\/www.ativ.pt\/wp-content\/uploads\/2025\/10\/1.png 1920w\" sizes=\"(max-width: 768px) 100vw, 768px\" \/> <span class=\"raven-post-image-overlay\"><\/span><\/a>\t\t<\/div>\n\t\t\t\t\t\t<div class=\"raven-post-content\">\n\t\t\t\t\t<h3 class=\"raven-post-title\"><a class=\"raven-post-title-link\" href=\"https:\/\/www.ativ.pt\/en\/2025\/10\/03\/parque-linear-ribeirinho-do-tejo-gains-5-more-km-between-alverca-and-sobralinho\/\">Parque Linear Ribeirinho do Tejo gains 5 more km between Alverca and Sobralinho<\/a><\/h3>\t\t<div class=\"raven-post-meta\"><a class=\"raven-post-meta-item raven-post-date\" href=\"https:\/\/www.ativ.pt\/en\/2025\/10\/\" rel=\"bookmark\">3 de October, 2025<\/a>\n<span class=\"raven-post-meta-divider\">\u2014<\/span>\n<span class=\"raven-post-meta-item raven-post-categories\"><a href=\"https:\/\/www.ativ.pt\/en\/article\/\" rel=\"tag\">Article<\/a><\/span><\/div>\n\t\t\t\t<div class=\"raven-post-read-more\">\n\t\t\t<a class=\"raven-post-button\" href=\"https:\/\/www.ativ.pt\/en\/2025\/10\/03\/parque-linear-ribeirinho-do-tejo-gains-5-more-km-between-alverca-and-sobralinho\/\"><span class=\"raven-post-button-text\">Read more<\/span><\/a>\n\t\t<\/div>\n\t\t\t\t\t\t<\/div>\n\t\t\t<\/div>\n\t\t<\/div>\n\t\t\t\t<div class=\"raven-grid-item raven-post-item post-15731 post type-post status-publish format-standard has-post-thumbnail hentry category-article\">\n\t\t\t<div class=\"raven-post\">\n\t\t\t\t\t\t<div class=\"raven-post-image-wrap\">\n\t\t\t<a class=\"raven-post-image raven-image-fit\" href=\"https:\/\/www.ativ.pt\/en\/2025\/09\/15\/green-park-open-to-the-community\/\"><img loading=\"lazy\" decoding=\"async\" width=\"768\" height=\"432\" src=\"https:\/\/www.ativ.pt\/wp-content\/uploads\/2025\/09\/5-768x432.png\" class=\"attachment-medium_large size-medium_large wp-image-15701\" alt=\"\" srcset=\"https:\/\/www.ativ.pt\/wp-content\/uploads\/2025\/09\/5-768x432.png 768w, https:\/\/www.ativ.pt\/wp-content\/uploads\/2025\/09\/5-300x169.png 300w, https:\/\/www.ativ.pt\/wp-content\/uploads\/2025\/09\/5-1024x576.png 1024w, https:\/\/www.ativ.pt\/wp-content\/uploads\/2025\/09\/5-1536x864.png 1536w, https:\/\/www.ativ.pt\/wp-content\/uploads\/2025\/09\/5.png 1920w\" sizes=\"(max-width: 768px) 100vw, 768px\" \/> <span class=\"raven-post-image-overlay\"><\/span><\/a>\t\t<\/div>\n\t\t\t\t\t\t<div class=\"raven-post-content\">\n\t\t\t\t\t<h3 class=\"raven-post-title\"><a class=\"raven-post-title-link\" href=\"https:\/\/www.ativ.pt\/en\/2025\/09\/15\/green-park-open-to-the-community\/\">Green Park open to the community.<\/a><\/h3>\t\t<div class=\"raven-post-meta\"><a class=\"raven-post-meta-item raven-post-date\" href=\"https:\/\/www.ativ.pt\/en\/2025\/09\/\" rel=\"bookmark\">15 de September, 2025<\/a>\n<span class=\"raven-post-meta-divider\">\u2014<\/span>\n<span class=\"raven-post-meta-item raven-post-categories\"><a href=\"https:\/\/www.ativ.pt\/en\/article\/\" rel=\"tag\">Article<\/a><\/span><\/div>\n\t\t\t\t<div class=\"raven-post-read-more\">\n\t\t\t<a class=\"raven-post-button\" href=\"https:\/\/www.ativ.pt\/en\/2025\/09\/15\/green-park-open-to-the-community\/\"><span class=\"raven-post-button-text\">Read more<\/span><\/a>\n\t\t<\/div>\n\t\t\t\t\t\t<\/div>\n\t\t\t<\/div>\n\t\t<\/div>\n\t\t\t\t<div class=\"raven-grid-item raven-post-item post-15733 post type-post status-publish format-standard has-post-thumbnail hentry category-article\">\n\t\t\t<div class=\"raven-post\">\n\t\t\t\t\t\t<div class=\"raven-post-image-wrap\">\n\t\t\t<a class=\"raven-post-image raven-image-fit\" href=\"https:\/\/www.ativ.pt\/en\/2025\/09\/09\/industry-stands-out-with-new-challenges\/\"><img loading=\"lazy\" decoding=\"async\" width=\"768\" height=\"328\" src=\"https:\/\/www.ativ.pt\/wp-content\/uploads\/2025\/09\/industria_destaque-768x328.jpg\" class=\"attachment-medium_large size-medium_large wp-image-15560\" alt=\"\" srcset=\"https:\/\/www.ativ.pt\/wp-content\/uploads\/2025\/09\/industria_destaque-768x328.jpg 768w, https:\/\/www.ativ.pt\/wp-content\/uploads\/2025\/09\/industria_destaque-300x128.jpg 300w, https:\/\/www.ativ.pt\/wp-content\/uploads\/2025\/09\/industria_destaque-1024x437.jpg 1024w, https:\/\/www.ativ.pt\/wp-content\/uploads\/2025\/09\/industria_destaque.jpg 1197w\" sizes=\"(max-width: 768px) 100vw, 768px\" \/> <span class=\"raven-post-image-overlay\"><\/span><\/a>\t\t<\/div>\n\t\t\t\t\t\t<div class=\"raven-post-content\">\n\t\t\t\t\t<h3 class=\"raven-post-title\"><a class=\"raven-post-title-link\" href=\"https:\/\/www.ativ.pt\/en\/2025\/09\/09\/industry-stands-out-with-new-challenges\/\">Industry Stands Out with New Challenges<\/a><\/h3>\t\t<div class=\"raven-post-meta\"><a class=\"raven-post-meta-item raven-post-date\" href=\"https:\/\/www.ativ.pt\/en\/2025\/09\/\" rel=\"bookmark\">9 de September, 2025<\/a>\n<span class=\"raven-post-meta-divider\">\u2014<\/span>\n<span class=\"raven-post-meta-item raven-post-categories\"><a href=\"https:\/\/www.ativ.pt\/en\/article\/\" rel=\"tag\">Article<\/a><\/span><\/div>\n\t\t\t\t<div class=\"raven-post-read-more\">\n\t\t\t<a class=\"raven-post-button\" href=\"https:\/\/www.ativ.pt\/en\/2025\/09\/09\/industry-stands-out-with-new-challenges\/\"><span class=\"raven-post-button-text\">Read more<\/span><\/a>\n\t\t<\/div>\n\t\t\t\t\t\t<\/div>\n\t\t\t<\/div>\n\t\t<\/div>\n\t\t\t\t<div class=\"raven-grid-item raven-post-item post-15735 post type-post status-publish format-standard has-post-thumbnail hentry category-article\">\n\t\t\t<div class=\"raven-post\">\n\t\t\t\t\t\t<div class=\"raven-post-image-wrap\">\n\t\t\t<a class=\"raven-post-image raven-image-fit\" href=\"https:\/\/www.ativ.pt\/en\/2025\/08\/28\/replacement-of-final-sewer-in-choupal-coimbra\/\"><img loading=\"lazy\" decoding=\"async\" width=\"768\" height=\"576\" src=\"https:\/\/www.ativ.pt\/wp-content\/uploads\/2025\/08\/Design-sem-nome-2025-08-29T103830.460-768x576.png\" class=\"attachment-medium_large size-medium_large wp-image-15441\" alt=\"\" srcset=\"https:\/\/www.ativ.pt\/wp-content\/uploads\/2025\/08\/Design-sem-nome-2025-08-29T103830.460-768x576.png 768w, https:\/\/www.ativ.pt\/wp-content\/uploads\/2025\/08\/Design-sem-nome-2025-08-29T103830.460-300x225.png 300w, https:\/\/www.ativ.pt\/wp-content\/uploads\/2025\/08\/Design-sem-nome-2025-08-29T103830.460-1024x768.png 1024w, https:\/\/www.ativ.pt\/wp-content\/uploads\/2025\/08\/Design-sem-nome-2025-08-29T103830.460.png 1280w\" sizes=\"(max-width: 768px) 100vw, 768px\" \/> <span class=\"raven-post-image-overlay\"><\/span><\/a>\t\t<\/div>\n\t\t\t\t\t\t<div class=\"raven-post-content\">\n\t\t\t\t\t<h3 class=\"raven-post-title\"><a class=\"raven-post-title-link\" href=\"https:\/\/www.ativ.pt\/en\/2025\/08\/28\/replacement-of-final-sewer-in-choupal-coimbra\/\">Replacement of Final Sewer in Choupal, Coimbra<\/a><\/h3>\t\t<div class=\"raven-post-meta\"><a class=\"raven-post-meta-item raven-post-date\" href=\"https:\/\/www.ativ.pt\/en\/2025\/08\/\" rel=\"bookmark\">28 de August, 2025<\/a>\n<span class=\"raven-post-meta-divider\">\u2014<\/span>\n<span class=\"raven-post-meta-item raven-post-categories\"><a href=\"https:\/\/www.ativ.pt\/en\/article\/\" rel=\"tag\">Article<\/a><\/span><\/div>\n\t\t\t\t<div class=\"raven-post-read-more\">\n\t\t\t<a class=\"raven-post-button\" href=\"https:\/\/www.ativ.pt\/en\/2025\/08\/28\/replacement-of-final-sewer-in-choupal-coimbra\/\"><span class=\"raven-post-button-text\">Read more<\/span><\/a>\n\t\t<\/div>\n\t\t\t\t\t\t<\/div>\n\t\t\t<\/div>\n\t\t<\/div>\n\t\t\t\t<div class=\"raven-grid-item raven-post-item post-15737 post type-post status-publish format-standard has-post-thumbnail hentry category-article\">\n\t\t\t<div class=\"raven-post\">\n\t\t\t\t\t\t<div class=\"raven-post-image-wrap\">\n\t\t\t<a class=\"raven-post-image raven-image-fit\" href=\"https:\/\/www.ativ.pt\/en\/2025\/08\/26\/tthe-uige-stadium\/\"><img loading=\"lazy\" decoding=\"async\" width=\"768\" height=\"576\" src=\"https:\/\/www.ativ.pt\/wp-content\/uploads\/2025\/08\/4-Estadio-Uige-1-768x576.jpg\" class=\"attachment-medium_large size-medium_large wp-image-15315\" alt=\"\" srcset=\"https:\/\/www.ativ.pt\/wp-content\/uploads\/2025\/08\/4-Estadio-Uige-1-768x576.jpg 768w, https:\/\/www.ativ.pt\/wp-content\/uploads\/2025\/08\/4-Estadio-Uige-1-300x225.jpg 300w, https:\/\/www.ativ.pt\/wp-content\/uploads\/2025\/08\/4-Estadio-Uige-1-1024x768.jpg 1024w, https:\/\/www.ativ.pt\/wp-content\/uploads\/2025\/08\/4-Estadio-Uige-1.jpg 1280w\" sizes=\"(max-width: 768px) 100vw, 768px\" \/> <span class=\"raven-post-image-overlay\"><\/span><\/a>\t\t<\/div>\n\t\t\t\t\t\t<div class=\"raven-post-content\">\n\t\t\t\t\t<h3 class=\"raven-post-title\"><a class=\"raven-post-title-link\" href=\"https:\/\/www.ativ.pt\/en\/2025\/08\/26\/tthe-uige-stadium\/\">Tthe U\u00edge Stadium<\/a><\/h3>\t\t<div class=\"raven-post-meta\"><a class=\"raven-post-meta-item raven-post-date\" href=\"https:\/\/www.ativ.pt\/en\/2025\/08\/\" rel=\"bookmark\">26 de August, 2025<\/a>\n<span class=\"raven-post-meta-divider\">\u2014<\/span>\n<span class=\"raven-post-meta-item raven-post-categories\"><a href=\"https:\/\/www.ativ.pt\/en\/article\/\" rel=\"tag\">Article<\/a><\/span><\/div>\n\t\t\t\t<div class=\"raven-post-read-more\">\n\t\t\t<a class=\"raven-post-button\" href=\"https:\/\/www.ativ.pt\/en\/2025\/08\/26\/tthe-uige-stadium\/\"><span class=\"raven-post-button-text\">Read more<\/span><\/a>\n\t\t<\/div>\n\t\t\t\t\t\t<\/div>\n\t\t\t<\/div>\n\t\t<\/div>\n\t\t\t\t<div class=\"raven-grid-item raven-post-item post-15741 post type-post status-publish format-standard has-post-thumbnail hentry category-article\">\n\t\t\t<div class=\"raven-post\">\n\t\t\t\t\t\t<div class=\"raven-post-image-wrap\">\n\t\t\t<a class=\"raven-post-image raven-image-fit\" href=\"https:\/\/www.ativ.pt\/en\/2025\/08\/08\/ren-suppliers-session-focused-on-sustainability-and-decarbonization\/\"><img loading=\"lazy\" decoding=\"async\" width=\"768\" height=\"315\" src=\"https:\/\/www.ativ.pt\/wp-content\/uploads\/2025\/08\/edificio-sacavem-2-768x315.jpg\" class=\"attachment-medium_large size-medium_large wp-image-15190\" alt=\"\" srcset=\"https:\/\/www.ativ.pt\/wp-content\/uploads\/2025\/08\/edificio-sacavem-2-768x315.jpg 768w, https:\/\/www.ativ.pt\/wp-content\/uploads\/2025\/08\/edificio-sacavem-2-300x123.jpg 300w, https:\/\/www.ativ.pt\/wp-content\/uploads\/2025\/08\/edificio-sacavem-2-1024x419.jpg 1024w, https:\/\/www.ativ.pt\/wp-content\/uploads\/2025\/08\/edificio-sacavem-2.jpg 1199w\" sizes=\"(max-width: 768px) 100vw, 768px\" \/> <span class=\"raven-post-image-overlay\"><\/span><\/a>\t\t<\/div>\n\t\t\t\t\t\t<div class=\"raven-post-content\">\n\t\t\t\t\t<h3 class=\"raven-post-title\"><a class=\"raven-post-title-link\" href=\"https:\/\/www.ativ.pt\/en\/2025\/08\/08\/ren-suppliers-session-focused-on-sustainability-and-decarbonization\/\">REN Suppliers Session focused on Sustainability and Decarbonization<\/a><\/h3>\t\t<div class=\"raven-post-meta\"><a class=\"raven-post-meta-item raven-post-date\" href=\"https:\/\/www.ativ.pt\/en\/2025\/08\/\" rel=\"bookmark\">8 de August, 2025<\/a>\n<span class=\"raven-post-meta-divider\">\u2014<\/span>\n<span class=\"raven-post-meta-item raven-post-categories\"><a href=\"https:\/\/www.ativ.pt\/en\/article\/\" rel=\"tag\">Article<\/a><\/span><\/div>\n\t\t\t\t<div class=\"raven-post-read-more\">\n\t\t\t<a class=\"raven-post-button\" href=\"https:\/\/www.ativ.pt\/en\/2025\/08\/08\/ren-suppliers-session-focused-on-sustainability-and-decarbonization\/\"><span class=\"raven-post-button-text\">Read more<\/span><\/a>\n\t\t<\/div>\n\t\t\t\t\t\t<\/div>\n\t\t\t<\/div>\n\t\t<\/div>\n\t\t\t\t<div class=\"raven-grid-item raven-post-item post-15743 post type-post status-publish format-standard has-post-thumbnail hentry category-article\">\n\t\t\t<div class=\"raven-post\">\n\t\t\t\t\t\t<div class=\"raven-post-image-wrap\">\n\t\t\t<a class=\"raven-post-image raven-image-fit\" href=\"https:\/\/www.ativ.pt\/en\/2025\/07\/28\/mota-engil-ativ-in-bolivia\/\"><img loading=\"lazy\" decoding=\"async\" width=\"768\" height=\"340\" src=\"https:\/\/www.ativ.pt\/wp-content\/uploads\/2025\/07\/bolivia_destaque-768x340.jpg\" class=\"attachment-medium_large size-medium_large wp-image-15106\" alt=\"\" srcset=\"https:\/\/www.ativ.pt\/wp-content\/uploads\/2025\/07\/bolivia_destaque-768x340.jpg 768w, https:\/\/www.ativ.pt\/wp-content\/uploads\/2025\/07\/bolivia_destaque-300x133.jpg 300w, https:\/\/www.ativ.pt\/wp-content\/uploads\/2025\/07\/bolivia_destaque-1024x454.jpg 1024w, https:\/\/www.ativ.pt\/wp-content\/uploads\/2025\/07\/bolivia_destaque.jpg 1196w\" sizes=\"(max-width: 768px) 100vw, 768px\" \/> <span class=\"raven-post-image-overlay\"><\/span><\/a>\t\t<\/div>\n\t\t\t\t\t\t<div class=\"raven-post-content\">\n\t\t\t\t\t<h3 class=\"raven-post-title\"><a class=\"raven-post-title-link\" href=\"https:\/\/www.ativ.pt\/en\/2025\/07\/28\/mota-engil-ativ-in-bolivia\/\">Mota-Engil ATIV in Bolivia<\/a><\/h3>\t\t<div class=\"raven-post-meta\"><a class=\"raven-post-meta-item raven-post-date\" href=\"https:\/\/www.ativ.pt\/en\/2025\/07\/\" rel=\"bookmark\">28 de July, 2025<\/a>\n<span class=\"raven-post-meta-divider\">\u2014<\/span>\n<span class=\"raven-post-meta-item raven-post-categories\"><a href=\"https:\/\/www.ativ.pt\/en\/article\/\" rel=\"tag\">Article<\/a><\/span><\/div>\n\t\t\t\t<div class=\"raven-post-read-more\">\n\t\t\t<a class=\"raven-post-button\" href=\"https:\/\/www.ativ.pt\/en\/2025\/07\/28\/mota-engil-ativ-in-bolivia\/\"><span class=\"raven-post-button-text\">Read more<\/span><\/a>\n\t\t<\/div>\n\t\t\t\t\t\t<\/div>\n\t\t\t<\/div>\n\t\t<\/div>\n\t\t\t\t<div class=\"raven-grid-item raven-post-item post-15526 post type-post status-publish format-standard has-post-thumbnail hentry category-article tag-ativ tag-mota-engil-ativ\">\n\t\t\t<div class=\"raven-post\">\n\t\t\t\t\t\t<div class=\"raven-post-image-wrap\">\n\t\t\t<a class=\"raven-post-image raven-image-fit\" href=\"https:\/\/www.ativ.pt\/en\/2025\/07\/18\/new-brand-in-the-hvac-sector-in-angola\/\"><img loading=\"lazy\" decoding=\"async\" width=\"768\" height=\"292\" src=\"https:\/\/www.ativ.pt\/wp-content\/uploads\/2025\/07\/GreenClima_destaque-768x292.jpg\" class=\"attachment-medium_large size-medium_large wp-image-15044\" alt=\"\" srcset=\"https:\/\/www.ativ.pt\/wp-content\/uploads\/2025\/07\/GreenClima_destaque-768x292.jpg 768w, https:\/\/www.ativ.pt\/wp-content\/uploads\/2025\/07\/GreenClima_destaque-300x114.jpg 300w, https:\/\/www.ativ.pt\/wp-content\/uploads\/2025\/07\/GreenClima_destaque-1024x390.jpg 1024w, https:\/\/www.ativ.pt\/wp-content\/uploads\/2025\/07\/GreenClima_destaque.jpg 1200w\" sizes=\"(max-width: 768px) 100vw, 768px\" \/> <span class=\"raven-post-image-overlay\"><\/span><\/a>\t\t<\/div>\n\t\t\t\t\t\t<div class=\"raven-post-content\">\n\t\t\t\t\t<h3 class=\"raven-post-title\"><a class=\"raven-post-title-link\" href=\"https:\/\/www.ativ.pt\/en\/2025\/07\/18\/new-brand-in-the-hvac-sector-in-angola\/\">New Brand in the HVAC Sector in Angola<\/a><\/h3>\t\t<div class=\"raven-post-meta\"><a class=\"raven-post-meta-item raven-post-date\" href=\"https:\/\/www.ativ.pt\/en\/2025\/07\/\" rel=\"bookmark\">18 de July, 2025<\/a>\n<span class=\"raven-post-meta-divider\">\u2014<\/span>\n<span class=\"raven-post-meta-item raven-post-categories\"><a href=\"https:\/\/www.ativ.pt\/en\/article\/\" rel=\"tag\">Article<\/a><\/span><\/div>\n\t\t\t\t<div class=\"raven-post-read-more\">\n\t\t\t<a class=\"raven-post-button\" href=\"https:\/\/www.ativ.pt\/en\/2025\/07\/18\/new-brand-in-the-hvac-sector-in-angola\/\"><span class=\"raven-post-button-text\">Read more<\/span><\/a>\n\t\t<\/div>\n\t\t\t\t\t\t<\/div>\n\t\t\t<\/div>\n\t\t<\/div>\n\t\t\t\t<\/div>\n\t\t\t\t<div class=\"raven-pagination\" data-settings=\"{&quot;posts_per_page&quot;:12,&quot;total_pages&quot;:16,&quot;pages_visible&quot;:7}\">\n\t\t\t<div class=\"raven-pagination-items\">\n\t\t\t\t<a class=\"raven-pagination-prev raven-pagination-item raven-pagination-disabled\" href=\"#\">&laquo; Anterior<\/a><a class=\"raven-pagination-num raven-pagination-item raven-pagination-active\" href=\"#\" data-page-num=\"1\">1<\/a><a class=\"raven-pagination-num raven-pagination-item\" href=\"#\" data-page-num=\"2\">2<\/a><a class=\"raven-pagination-num raven-pagination-item\" href=\"#\" data-page-num=\"3\">3<\/a><a class=\"raven-pagination-num raven-pagination-item\" href=\"#\" data-page-num=\"4\">4<\/a><a class=\"raven-pagination-num raven-pagination-item\" href=\"#\" data-page-num=\"5\">5<\/a><a class=\"raven-pagination-num raven-pagination-item\" href=\"#\" data-page-num=\"6\">6<\/a><a class=\"raven-pagination-num raven-pagination-item\" href=\"#\" data-page-num=\"7\">7<\/a><a class=\"raven-pagination-next raven-pagination-item\" href=\"#\">Seguinte &raquo;<\/a>\t\t\t<\/div>\n\t\t<\/div>\n\t\t\t\t\t\t<\/div>\n\t\t\t\t<\/div>\n\t\t\t\t\t<\/div>\n\t\t<\/div>\n\t\t\t\t\t<\/div>\n\t\t<\/section>\n\t\t\t\t<\/div>\n\t\t","protected":false},"excerpt":{"rendered":"<p>In\u00edcio Gest\u00e3o de Vegeta\u00e7\u00e3o na Infraestruturas de Portugal 10 de Agosto, 2022 \u2014 Artigo Read more Parque Verde de Sete Casas aberto \u00e0 comunidade 29 de Julho, 2022 \u2014 Artigo Read more Conclus\u00e3o de Nova Ciclovia de Viseu 28 de Julho, 2022 \u2014 Artigo Read more Manuten\u00e7\u00e3o de Espa\u00e7os Verdes na Volkswagen AutoEuropa 27 de Julho, 2022 \u2014 Artigo Read more Mota-Engil ATIV nos Campos de F\u00e9rias da EDP 25 de Julho, 2022 \u2014 Artigo Read more Opera\u00e7\u00e3o e Manuten\u00e7\u00e3o do Terminal Intermodal de Campanh\u00e3 22 de Julho, 2022 \u2014 Artigo Read more Workshop: PURPOSE, VIS\u00c3O e VALORES 18 de Julho, 2022 \u2014 Artigo Read more Mota-Engil ATIV: Juntos Somos Mais Fortes 15 de Julho, 2022 \u2014 Artigo Read more Conversas sobre gest\u00e3o do consumo de \u00e1gua na manuten\u00e7\u00e3o de campos de golfe 15 de Junho, 2022 \u2014 Artigo Read more Manuten\u00e7\u00e3o em motogerador de biog\u00e1s 15 de Junho, 2022 \u2014 Artigo Read more Conclus\u00e3o de Requalifica\u00e7\u00e3o na Pra\u00e7a 1.\u00ba de Maio e Largo do Guitarrista 1 de Junho, 2022 \u2014 Artigo Read more Mota-Engil ATIV participa no CongrEGA \u2013 1\u00ba Congresso Nacional de Engenharia e Gest\u00e3o de Ativos 1 de Junho, 2022 \u2014 Artigo Read more &laquo; Anterior12Seguinte &raquo;<\/p>\n","protected":false},"author":1,"featured_media":0,"parent":0,"menu_order":6,"comment_status":"closed","ping_status":"closed","template":"elementor_header_footer","meta":{"_acf_changed":false,"footnotes":""},"class_list":["post-4883","page","type-page","status-publish","hentry"],"acf":[],"yoast_head":"<!-- This site is optimized with the Yoast SEO plugin v27.5 - https:\/\/yoast.com\/product\/yoast-seo-wordpress\/ -->\n<title>Media - Mota-Engil ATIV<\/title>\n<meta name=\"robots\" content=\"index, follow, max-snippet:-1, max-image-preview:large, max-video-preview:-1\" \/>\n<link rel=\"canonical\" href=\"https:\/\/www.ativ.pt\/en\/media\/\" \/>\n<meta property=\"og:locale\" content=\"en_US\" \/>\n<meta property=\"og:type\" content=\"article\" \/>\n<meta property=\"og:title\" content=\"Media - Mota-Engil ATIV\" \/>\n<meta property=\"og:description\" content=\"In\u00edcio Gest\u00e3o de Vegeta\u00e7\u00e3o na Infraestruturas de Portugal 10 de Agosto, 2022 \u2014 Artigo Read more Parque Verde de Sete Casas aberto \u00e0 comunidade 29 de Julho, 2022 \u2014 Artigo Read more Conclus\u00e3o de Nova Ciclovia de Viseu 28 de Julho, 2022 \u2014 Artigo Read more Manuten\u00e7\u00e3o de Espa\u00e7os Verdes na Volkswagen AutoEuropa 27 de Julho, 2022 \u2014 Artigo Read more Mota-Engil ATIV nos Campos de F\u00e9rias da EDP 25 de Julho, 2022 \u2014 Artigo Read more Opera\u00e7\u00e3o e Manuten\u00e7\u00e3o do Terminal Intermodal de Campanh\u00e3 22 de Julho, 2022 \u2014 Artigo Read more Workshop: PURPOSE, VIS\u00c3O e VALORES 18 de Julho, 2022 \u2014 Artigo Read more Mota-Engil ATIV: Juntos Somos Mais Fortes 15 de Julho, 2022 \u2014 Artigo Read more Conversas sobre gest\u00e3o do consumo de \u00e1gua na manuten\u00e7\u00e3o de campos de golfe 15 de Junho, 2022 \u2014 Artigo Read more Manuten\u00e7\u00e3o em motogerador de biog\u00e1s 15 de Junho, 2022 \u2014 Artigo Read more Conclus\u00e3o de Requalifica\u00e7\u00e3o na Pra\u00e7a 1.\u00ba de Maio e Largo do Guitarrista 1 de Junho, 2022 \u2014 Artigo Read more Mota-Engil ATIV participa no CongrEGA \u2013 1\u00ba Congresso Nacional de Engenharia e Gest\u00e3o de Ativos 1 de Junho, 2022 \u2014 Artigo Read more &laquo; Anterior12Seguinte &raquo;\" \/>\n<meta property=\"og:url\" content=\"https:\/\/www.ativ.pt\/en\/media\/\" \/>\n<meta property=\"og:site_name\" content=\"Mota-Engil ATIV\" \/>\n<meta property=\"article:publisher\" content=\"https:\/\/www.facebook.com\/MotaEngilATIV\/\" \/>\n<meta property=\"article:modified_time\" content=\"2022-08-26T14:07:46+00:00\" \/>\n<meta property=\"og:image\" content=\"https:\/\/www.ativ.pt\/wp-content\/uploads\/2022\/08\/IMG-20220708-WA0027-768x432.jpg\" \/>\n<meta name=\"twitter:card\" content=\"summary_large_image\" \/>\n<meta name=\"twitter:label1\" content=\"Est. reading time\" \/>\n\t<meta name=\"twitter:data1\" content=\"1 minute\" \/>\n<script type=\"application\/ld+json\" class=\"yoast-schema-graph\">{\"@context\":\"https:\\\/\\\/schema.org\",\"@graph\":[{\"@type\":\"WebPage\",\"@id\":\"https:\\\/\\\/www.ativ.pt\\\/en\\\/media\\\/\",\"url\":\"https:\\\/\\\/www.ativ.pt\\\/en\\\/media\\\/\",\"name\":\"Media - Mota-Engil ATIV\",\"isPartOf\":{\"@id\":\"https:\\\/\\\/www.ativ.pt\\\/en\\\/#website\"},\"primaryImageOfPage\":{\"@id\":\"https:\\\/\\\/www.ativ.pt\\\/en\\\/media\\\/#primaryimage\"},\"image\":{\"@id\":\"https:\\\/\\\/www.ativ.pt\\\/en\\\/media\\\/#primaryimage\"},\"thumbnailUrl\":\"https:\\\/\\\/www.ativ.pt\\\/wp-content\\\/uploads\\\/2022\\\/08\\\/IMG-20220708-WA0027-768x432.jpg\",\"datePublished\":\"2022-07-12T16:12:34+00:00\",\"dateModified\":\"2022-08-26T14:07:46+00:00\",\"breadcrumb\":{\"@id\":\"https:\\\/\\\/www.ativ.pt\\\/en\\\/media\\\/#breadcrumb\"},\"inLanguage\":\"en-US\",\"potentialAction\":[{\"@type\":\"ReadAction\",\"target\":[\"https:\\\/\\\/www.ativ.pt\\\/en\\\/media\\\/\"]}]},{\"@type\":\"ImageObject\",\"inLanguage\":\"en-US\",\"@id\":\"https:\\\/\\\/www.ativ.pt\\\/en\\\/media\\\/#primaryimage\",\"url\":\"https:\\\/\\\/www.ativ.pt\\\/wp-content\\\/uploads\\\/2022\\\/08\\\/IMG-20220708-WA0027-768x432.jpg\",\"contentUrl\":\"https:\\\/\\\/www.ativ.pt\\\/wp-content\\\/uploads\\\/2022\\\/08\\\/IMG-20220708-WA0027-768x432.jpg\"},{\"@type\":\"BreadcrumbList\",\"@id\":\"https:\\\/\\\/www.ativ.pt\\\/en\\\/media\\\/#breadcrumb\",\"itemListElement\":[{\"@type\":\"ListItem\",\"position\":1,\"name\":\"Home\",\"item\":\"https:\\\/\\\/www.ativ.pt\\\/en\\\/\"},{\"@type\":\"ListItem\",\"position\":2,\"name\":\"Media\"}]},{\"@type\":\"WebSite\",\"@id\":\"https:\\\/\\\/www.ativ.pt\\\/en\\\/#website\",\"url\":\"https:\\\/\\\/www.ativ.pt\\\/en\\\/\",\"name\":\"Mota-Engil ATIV\",\"description\":\"Asset Management and Maintenance\",\"publisher\":{\"@id\":\"https:\\\/\\\/www.ativ.pt\\\/en\\\/#organization\"},\"potentialAction\":[{\"@type\":\"SearchAction\",\"target\":{\"@type\":\"EntryPoint\",\"urlTemplate\":\"https:\\\/\\\/www.ativ.pt\\\/en\\\/?s={search_term_string}\"},\"query-input\":{\"@type\":\"PropertyValueSpecification\",\"valueRequired\":true,\"valueName\":\"search_term_string\"}}],\"inLanguage\":\"en-US\"},{\"@type\":\"Organization\",\"@id\":\"https:\\\/\\\/www.ativ.pt\\\/en\\\/#organization\",\"name\":\"Mota-Engil ATIV\",\"url\":\"https:\\\/\\\/www.ativ.pt\\\/en\\\/\",\"logo\":{\"@type\":\"ImageObject\",\"inLanguage\":\"en-US\",\"@id\":\"https:\\\/\\\/www.ativ.pt\\\/en\\\/#\\\/schema\\\/logo\\\/image\\\/\",\"url\":\"https:\\\/\\\/www.ativ.pt\\\/wp-content\\\/uploads\\\/2022\\\/04\\\/logo-ativ-cor-1.svg\",\"contentUrl\":\"https:\\\/\\\/www.ativ.pt\\\/wp-content\\\/uploads\\\/2022\\\/04\\\/logo-ativ-cor-1.svg\",\"width\":250,\"height\":100,\"caption\":\"Mota-Engil ATIV\"},\"image\":{\"@id\":\"https:\\\/\\\/www.ativ.pt\\\/en\\\/#\\\/schema\\\/logo\\\/image\\\/\"},\"sameAs\":[\"https:\\\/\\\/www.facebook.com\\\/MotaEngilATIV\\\/\",\"https:\\\/\\\/www.instagram.com\\\/mota_engil_ativ\\\/\",\"https:\\\/\\\/www.linkedin.com\\\/company\\\/motaengil-ativ\"]}]}<\/script>\n<!-- \/ Yoast SEO plugin. -->","yoast_head_json":{"title":"Media - Mota-Engil ATIV","robots":{"index":"index","follow":"follow","max-snippet":"max-snippet:-1","max-image-preview":"max-image-preview:large","max-video-preview":"max-video-preview:-1"},"canonical":"https:\/\/www.ativ.pt\/en\/media\/","og_locale":"en_US","og_type":"article","og_title":"Media - Mota-Engil ATIV","og_description":"In\u00edcio Gest\u00e3o de Vegeta\u00e7\u00e3o na Infraestruturas de Portugal 10 de Agosto, 2022 \u2014 Artigo Read more Parque Verde de Sete Casas aberto \u00e0 comunidade 29 de Julho, 2022 \u2014 Artigo Read more Conclus\u00e3o de Nova Ciclovia de Viseu 28 de Julho, 2022 \u2014 Artigo Read more Manuten\u00e7\u00e3o de Espa\u00e7os Verdes na Volkswagen AutoEuropa 27 de Julho, 2022 \u2014 Artigo Read more Mota-Engil ATIV nos Campos de F\u00e9rias da EDP 25 de Julho, 2022 \u2014 Artigo Read more Opera\u00e7\u00e3o e Manuten\u00e7\u00e3o do Terminal Intermodal de Campanh\u00e3 22 de Julho, 2022 \u2014 Artigo Read more Workshop: PURPOSE, VIS\u00c3O e VALORES 18 de Julho, 2022 \u2014 Artigo Read more Mota-Engil ATIV: Juntos Somos Mais Fortes 15 de Julho, 2022 \u2014 Artigo Read more Conversas sobre gest\u00e3o do consumo de \u00e1gua na manuten\u00e7\u00e3o de campos de golfe 15 de Junho, 2022 \u2014 Artigo Read more Manuten\u00e7\u00e3o em motogerador de biog\u00e1s 15 de Junho, 2022 \u2014 Artigo Read more Conclus\u00e3o de Requalifica\u00e7\u00e3o na Pra\u00e7a 1.\u00ba de Maio e Largo do Guitarrista 1 de Junho, 2022 \u2014 Artigo Read more Mota-Engil ATIV participa no CongrEGA \u2013 1\u00ba Congresso Nacional de Engenharia e Gest\u00e3o de Ativos 1 de Junho, 2022 \u2014 Artigo Read more &laquo; Anterior12Seguinte &raquo;","og_url":"https:\/\/www.ativ.pt\/en\/media\/","og_site_name":"Mota-Engil ATIV","article_publisher":"https:\/\/www.facebook.com\/MotaEngilATIV\/","article_modified_time":"2022-08-26T14:07:46+00:00","og_image":[{"url":"https:\/\/www.ativ.pt\/wp-content\/uploads\/2022\/08\/IMG-20220708-WA0027-768x432.jpg","type":"","width":"","height":""}],"twitter_card":"summary_large_image","twitter_misc":{"Est. reading time":"1 minute"},"schema":{"@context":"https:\/\/schema.org","@graph":[{"@type":"WebPage","@id":"https:\/\/www.ativ.pt\/en\/media\/","url":"https:\/\/www.ativ.pt\/en\/media\/","name":"Media - Mota-Engil ATIV","isPartOf":{"@id":"https:\/\/www.ativ.pt\/en\/#website"},"primaryImageOfPage":{"@id":"https:\/\/www.ativ.pt\/en\/media\/#primaryimage"},"image":{"@id":"https:\/\/www.ativ.pt\/en\/media\/#primaryimage"},"thumbnailUrl":"https:\/\/www.ativ.pt\/wp-content\/uploads\/2022\/08\/IMG-20220708-WA0027-768x432.jpg","datePublished":"2022-07-12T16:12:34+00:00","dateModified":"2022-08-26T14:07:46+00:00","breadcrumb":{"@id":"https:\/\/www.ativ.pt\/en\/media\/#breadcrumb"},"inLanguage":"en-US","potentialAction":[{"@type":"ReadAction","target":["https:\/\/www.ativ.pt\/en\/media\/"]}]},{"@type":"ImageObject","inLanguage":"en-US","@id":"https:\/\/www.ativ.pt\/en\/media\/#primaryimage","url":"https:\/\/www.ativ.pt\/wp-content\/uploads\/2022\/08\/IMG-20220708-WA0027-768x432.jpg","contentUrl":"https:\/\/www.ativ.pt\/wp-content\/uploads\/2022\/08\/IMG-20220708-WA0027-768x432.jpg"},{"@type":"BreadcrumbList","@id":"https:\/\/www.ativ.pt\/en\/media\/#breadcrumb","itemListElement":[{"@type":"ListItem","position":1,"name":"Home","item":"https:\/\/www.ativ.pt\/en\/"},{"@type":"ListItem","position":2,"name":"Media"}]},{"@type":"WebSite","@id":"https:\/\/www.ativ.pt\/en\/#website","url":"https:\/\/www.ativ.pt\/en\/","name":"Mota-Engil ATIV","description":"Asset Management and Maintenance","publisher":{"@id":"https:\/\/www.ativ.pt\/en\/#organization"},"potentialAction":[{"@type":"SearchAction","target":{"@type":"EntryPoint","urlTemplate":"https:\/\/www.ativ.pt\/en\/?s={search_term_string}"},"query-input":{"@type":"PropertyValueSpecification","valueRequired":true,"valueName":"search_term_string"}}],"inLanguage":"en-US"},{"@type":"Organization","@id":"https:\/\/www.ativ.pt\/en\/#organization","name":"Mota-Engil ATIV","url":"https:\/\/www.ativ.pt\/en\/","logo":{"@type":"ImageObject","inLanguage":"en-US","@id":"https:\/\/www.ativ.pt\/en\/#\/schema\/logo\/image\/","url":"https:\/\/www.ativ.pt\/wp-content\/uploads\/2022\/04\/logo-ativ-cor-1.svg","contentUrl":"https:\/\/www.ativ.pt\/wp-content\/uploads\/2022\/04\/logo-ativ-cor-1.svg","width":250,"height":100,"caption":"Mota-Engil ATIV"},"image":{"@id":"https:\/\/www.ativ.pt\/en\/#\/schema\/logo\/image\/"},"sameAs":["https:\/\/www.facebook.com\/MotaEngilATIV\/","https:\/\/www.instagram.com\/mota_engil_ativ\/","https:\/\/www.linkedin.com\/company\/motaengil-ativ"]}]}},"_links":{"self":[{"href":"https:\/\/www.ativ.pt\/en\/wp-json\/wp\/v2\/pages\/4883","targetHints":{"allow":["GET"]}}],"collection":[{"href":"https:\/\/www.ativ.pt\/en\/wp-json\/wp\/v2\/pages"}],"about":[{"href":"https:\/\/www.ativ.pt\/en\/wp-json\/wp\/v2\/types\/page"}],"author":[{"embeddable":true,"href":"https:\/\/www.ativ.pt\/en\/wp-json\/wp\/v2\/users\/1"}],"replies":[{"embeddable":true,"href":"https:\/\/www.ativ.pt\/en\/wp-json\/wp\/v2\/comments?post=4883"}],"version-history":[{"count":2,"href":"https:\/\/www.ativ.pt\/en\/wp-json\/wp\/v2\/pages\/4883\/revisions"}],"predecessor-version":[{"id":5715,"href":"https:\/\/www.ativ.pt\/en\/wp-json\/wp\/v2\/pages\/4883\/revisions\/5715"}],"wp:attachment":[{"href":"https:\/\/www.ativ.pt\/en\/wp-json\/wp\/v2\/media?parent=4883"}],"curies":[{"name":"wp","href":"https:\/\/api.w.org\/{rel}","templated":true}]}}