{"id":4817,"date":"2022-05-27T07:12:01","date_gmt":"2022-05-27T07:12:01","guid":{"rendered":"https:\/\/www.ativ.pt\/international\/"},"modified":"2022-08-23T12:04:30","modified_gmt":"2022-08-23T12:04:30","slug":"international","status":"publish","type":"page","link":"https:\/\/www.ativ.pt\/en\/international\/","title":{"rendered":"International"},"content":{"rendered":"\t\t<div data-elementor-type=\"wp-page\" data-elementor-id=\"4817\" class=\"elementor elementor-4817 elementor-644\">\n\t\t\t\t\t\t<section class=\"elementor-section elementor-top-section elementor-element elementor-element-8994934 elementor-section-boxed elementor-section-height-default elementor-section-height-default wpr-particle-no wpr-jarallax-no wpr-parallax-no wpr-sticky-section-no wpr-equal-height-no\" data-id=\"8994934\" data-element_type=\"section\" data-e-type=\"section\" data-settings=\"{&quot;jet_parallax_layout_list&quot;:[],&quot;background_background&quot;:&quot;classic&quot;}\">\n\t\t\t\t\t\t<div class=\"elementor-container elementor-column-gap-default\">\n\t\t\t\t\t<div class=\"elementor-column elementor-col-100 elementor-top-column elementor-element elementor-element-42cacf9\" data-id=\"42cacf9\" data-element_type=\"column\" data-e-type=\"column\">\n\t\t\t<div class=\"elementor-widget-wrap elementor-element-populated\">\n\t\t\t\t\t\t<div class=\"elementor-element elementor-element-726ac97 elementor-widget elementor-widget-heading\" data-id=\"726ac97\" data-element_type=\"widget\" data-e-type=\"widget\" data-widget_type=\"heading.default\">\n\t\t\t\t\t<h1 class=\"elementor-heading-title elementor-size-default\">International<\/h1>\t\t\t\t<\/div>\n\t\t\t\t<div class=\"elementor-element elementor-element-63aad8a elementor-align-flex-start elementor-widget elementor-widget-raven-breadcrumbs\" data-id=\"63aad8a\" data-element_type=\"widget\" data-e-type=\"widget\" data-widget_type=\"raven-breadcrumbs.default\">\n\t\t\t\t<div class=\"elementor-widget-container\">\n\t\t\t\t\t<div class=\"raven-breadcrumbs raven-breadcrumbs-yoast\"><nav id=\"breadcrumbs\"><span><span><a href=\"https:\/\/www.ativ.pt\/en\/\">Home<\/a><\/span><\/span><\/nav><\/div>\t\t\t\t<\/div>\n\t\t\t\t<\/div>\n\t\t\t\t\t<\/div>\n\t\t<\/div>\n\t\t\t\t\t<\/div>\n\t\t<\/section>\n\t\t\t\t<section class=\"elementor-section elementor-top-section elementor-element elementor-element-8abe7af elementor-section-height-min-height elementor-section-boxed elementor-section-height-default elementor-section-items-middle wpr-particle-no wpr-jarallax-no wpr-parallax-no wpr-sticky-section-no wpr-equal-height-no\" data-id=\"8abe7af\" data-element_type=\"section\" data-e-type=\"section\" data-settings=\"{&quot;jet_parallax_layout_list&quot;:[],&quot;background_background&quot;:&quot;classic&quot;}\">\n\t\t\t\t\t\t<div class=\"elementor-container elementor-column-gap-default\">\n\t\t\t\t\t<div class=\"elementor-column elementor-col-100 elementor-top-column elementor-element elementor-element-032f103\" data-id=\"032f103\" data-element_type=\"column\" data-e-type=\"column\">\n\t\t\t<div class=\"elementor-widget-wrap\">\n\t\t\t\t\t\t\t<\/div>\n\t\t<\/div>\n\t\t\t\t\t<\/div>\n\t\t<\/section>\n\t\t\t\t<section class=\"elementor-section elementor-top-section elementor-element elementor-element-ea16d08 elementor-section-content-middle elementor-section-boxed elementor-section-height-default elementor-section-height-default wpr-particle-no wpr-jarallax-no wpr-parallax-no wpr-sticky-section-no wpr-equal-height-no\" data-id=\"ea16d08\" data-element_type=\"section\" data-e-type=\"section\" data-settings=\"{&quot;jet_parallax_layout_list&quot;:[],&quot;background_background&quot;:&quot;classic&quot;}\">\n\t\t\t\t\t\t<div class=\"elementor-container elementor-column-gap-default\">\n\t\t\t\t\t<div class=\"elementor-column elementor-col-66 elementor-top-column elementor-element elementor-element-75bc286 elementor-invisible\" data-id=\"75bc286\" data-element_type=\"column\" data-e-type=\"column\" data-settings=\"{&quot;animation&quot;:&quot;fadeInLeft&quot;,&quot;animation_delay&quot;:100}\">\n\t\t\t<div class=\"elementor-widget-wrap elementor-element-populated\">\n\t\t\t\t\t\t<div class=\"elementor-element elementor-element-4184b7b elementor-widget elementor-widget-text-editor\" data-id=\"4184b7b\" data-element_type=\"widget\" data-e-type=\"widget\" data-widget_type=\"text-editor.default\">\n\t\t\t\t\t\t\t\t\t<p>The development of our international portfolio was a natural consequence of the company&#8217;s activities, after having reached maturity, competence and excellence in the Portuguese market.<\/p><p>Through our interdisciplinary technical skills, our international area operates in fields as diverse as landscape design and maintenance, environmental systems and industry.<\/p><p>Our wide-ranging and expert activity, along with our new commercial portfolio (ATIV PILLARS), will be the continuation of a success story. <\/p>\t\t\t\t\t\t\t\t<\/div>\n\t\t\t\t\t<\/div>\n\t\t<\/div>\n\t\t\t\t<div class=\"elementor-column elementor-col-33 elementor-top-column elementor-element elementor-element-c67dcfe\" data-id=\"c67dcfe\" data-element_type=\"column\" data-e-type=\"column\">\n\t\t\t<div class=\"elementor-widget-wrap\">\n\t\t\t\t\t\t\t<\/div>\n\t\t<\/div>\n\t\t\t\t\t<\/div>\n\t\t<\/section>\n\t\t\t\t<section class=\"elementor-section elementor-top-section elementor-element elementor-element-3004fd6 elementor-section-boxed elementor-section-height-default elementor-section-height-default wpr-particle-no wpr-jarallax-no wpr-parallax-no wpr-sticky-section-no wpr-equal-height-no\" data-id=\"3004fd6\" data-element_type=\"section\" data-e-type=\"section\" data-settings=\"{&quot;jet_parallax_layout_list&quot;:[]}\">\n\t\t\t\t\t\t<div class=\"elementor-container elementor-column-gap-default\">\n\t\t\t\t\t<div class=\"elementor-column elementor-col-100 elementor-top-column elementor-element elementor-element-d86e247\" data-id=\"d86e247\" data-element_type=\"column\" data-e-type=\"column\">\n\t\t\t<div class=\"elementor-widget-wrap elementor-element-populated\">\n\t\t\t\t\t\t<div class=\"elementor-element elementor-element-5115757 elementor-invisible elementor-widget elementor-widget-jet-hotspots\" data-id=\"5115757\" data-element_type=\"widget\" data-e-type=\"widget\" data-settings=\"{&quot;_animation&quot;:&quot;fadeInUp&quot;}\" data-widget_type=\"jet-hotspots.default\">\n\t\t\t\t<div class=\"elementor-widget-container\">\n\t\t\t\t\t\t\t<div class=\"jet-hotspots jet-hotspots__hotspots-none-animation\" data-settings=\"{&quot;tooltipPlacement&quot;:&quot;top&quot;,&quot;tooltipArrow&quot;:true,&quot;tooltipTrigger&quot;:&quot;mouseenter&quot;,&quot;tooltipShowOnInit&quot;:false,&quot;tooltipShowDuration&quot;:{&quot;unit&quot;:&quot;ms&quot;,&quot;size&quot;:500,&quot;sizes&quot;:[]},&quot;tooltipHideDuration&quot;:{&quot;unit&quot;:&quot;ms&quot;,&quot;size&quot;:300,&quot;sizes&quot;:[]},&quot;tooltipDelay&quot;:{&quot;unit&quot;:&quot;ms&quot;,&quot;size&quot;:0,&quot;sizes&quot;:[]},&quot;tooltipDistance&quot;:{&quot;unit&quot;:&quot;px&quot;,&quot;size&quot;:15,&quot;sizes&quot;:[]},&quot;tooltipAnimation&quot;:&quot;fade&quot;,&quot;tooltipInteractive&quot;:false}\">\r\n\t\t\t<div class=\"jet-hotspots__inner\"><img fetchpriority=\"high\" decoding=\"async\" width=\"1550\" height=\"800\" src=\"https:\/\/spcdn.shortpixel.ai\/spio\/ret_img,q_cdnize,to_auto,s_webp:avif\/www.ativ.pt\/wp-content\/uploads\/2022\/06\/mapa-internacional-ativ-bloco.svg\" class=\"attachment-2048x2048 size-2048x2048 wp-image-1973\" alt=\"\" \/>\t\t\t\t<div class=\"jet-hotspots__container\"><div id=\"jet-hotspot-8501\" class=\"jet-hotspots__item\" data-tippy-content=\"&lt;h6&gt;Angola&lt;\/h6&gt;Desde 2007, com a participada VBT \u2013 Projetos e Obras de Arquitetura Paisagista, estamos no topo da lista de empresas LANDSCAPE com um portf\u00f3lio diversificado de projetos chave-na-m\u00e3o.\" data-horizontal-position=\"49\" data-vertical-position=\"66\" data-tooltip-width=\"px\" data-show-on-init=\"no\"><div class=\"jet-hotspots__item-inner\"><span class=\"jet-hotspots__item-icon jet-tricks-icon\"><svg xmlns=\"http:\/\/www.w3.org\/2000\/svg\" id=\"Camada_1\" viewBox=\"0 0 50 50\"><defs><style>.cls-1{fill:#fff;}<\/style><\/defs><path class=\"cls-1\" d=\"M17.59,29.3l3.31-7.39,4.1-9.12,4.09,9.12,3.31,7.39c4.73,1.33,8.98,3.89,12.41,7.35L29.35,4.78h-8.69L5.18,36.65c3.43-3.46,7.68-6.02,12.41-7.35\"><\/path><path class=\"cls-1\" d=\"M8.43,45.22c3.68-5.19,9.72-8.57,16.57-8.57s12.89,3.38,16.56,8.57h8c-4.38-9.16-13.73-15.49-24.56-15.49S4.82,36.06,.44,45.22h8Z\"><\/path><\/svg><\/span><\/div><\/div><div id=\"jet-hotspot-8502\" class=\"jet-hotspots__item\" data-tippy-content=\"&lt;h6&gt;Camar\u00f5es&lt;\/h6&gt;Intrinsecamente ligada ao CAN2021, em processo design &amp; build, projet\u00e1mos e constru\u00edmos as infraestruturas desportivas do Stade Roumd\u00e9 Adjia de Garoua, anunciado como os melhores relvados da competi\u00e7\u00e3o.\" data-horizontal-position=\"48\" data-vertical-position=\"54\" data-tooltip-width=\"px\" data-show-on-init=\"no\"><div class=\"jet-hotspots__item-inner\"><span class=\"jet-hotspots__item-icon jet-tricks-icon\"><svg xmlns=\"http:\/\/www.w3.org\/2000\/svg\" id=\"Camada_1\" viewBox=\"0 0 50 50\"><defs><style>.cls-1{fill:#fff;}<\/style><\/defs><path class=\"cls-1\" d=\"M17.59,29.3l3.31-7.39,4.1-9.12,4.09,9.12,3.31,7.39c4.73,1.33,8.98,3.89,12.41,7.35L29.35,4.78h-8.69L5.18,36.65c3.43-3.46,7.68-6.02,12.41-7.35\"><\/path><path class=\"cls-1\" d=\"M8.43,45.22c3.68-5.19,9.72-8.57,16.57-8.57s12.89,3.38,16.56,8.57h8c-4.38-9.16-13.73-15.49-24.56-15.49S4.82,36.06,.44,45.22h8Z\"><\/path><\/svg><\/span><\/div><\/div><div id=\"jet-hotspot-8503\" class=\"jet-hotspots__item\" data-tippy-content=\"&lt;h6&gt;Costa do Marfim&lt;\/h6&gt;A atividade na Costa do Marfim, alicer\u00e7ada ao \u00e2mbito do CAN2023, estende-se tamb\u00e9m \u00e0 \u00e1rea de Sistemas Ambientais, com um contrato de Opera\u00e7\u00e3o e Manuten\u00e7\u00e3o de tr\u00eas unidades de Osmose Inversa a 50 km de Abidjan, capital da Costa do Marfim.\" data-horizontal-position=\"44\" data-vertical-position=\"52\" data-tooltip-width=\"px\" data-show-on-init=\"no\"><div class=\"jet-hotspots__item-inner\"><span class=\"jet-hotspots__item-icon jet-tricks-icon\"><svg xmlns=\"http:\/\/www.w3.org\/2000\/svg\" id=\"Camada_1\" viewBox=\"0 0 50 50\"><defs><style>.cls-1{fill:#fff;}<\/style><\/defs><path class=\"cls-1\" d=\"M17.59,29.3l3.31-7.39,4.1-9.12,4.09,9.12,3.31,7.39c4.73,1.33,8.98,3.89,12.41,7.35L29.35,4.78h-8.69L5.18,36.65c3.43-3.46,7.68-6.02,12.41-7.35\"><\/path><path class=\"cls-1\" d=\"M8.43,45.22c3.68-5.19,9.72-8.57,16.57-8.57s12.89,3.38,16.56,8.57h8c-4.38-9.16-13.73-15.49-24.56-15.49S4.82,36.06,.44,45.22h8Z\"><\/path><\/svg><\/span><\/div><\/div><div id=\"jet-hotspot-8504\" class=\"jet-hotspots__item\" data-tippy-content=\"&lt;h6&gt;Marrocos&lt;\/h6&gt;A atividade da sucursal em Marrocos come\u00e7ou em janeiro de 2011, ap\u00f3s a adjudica\u00e7\u00e3o de contratos para a manuten\u00e7\u00e3o dos espa\u00e7os verdes da Commune de Casablanca. Desde ent\u00e3o, tem continuado a crescer, e hoje somos uma das refer\u00eancias maiores na ind\u00fastria da paisagem do Reino.\" data-horizontal-position=\"42\" data-vertical-position=\"37\" data-tooltip-width=\"px\" data-show-on-init=\"no\"><div class=\"jet-hotspots__item-inner\"><span class=\"jet-hotspots__item-icon jet-tricks-icon\"><svg xmlns=\"http:\/\/www.w3.org\/2000\/svg\" id=\"Camada_1\" viewBox=\"0 0 50 50\"><defs><style>.cls-1{fill:#fff;}<\/style><\/defs><path class=\"cls-1\" d=\"M17.59,29.3l3.31-7.39,4.1-9.12,4.09,9.12,3.31,7.39c4.73,1.33,8.98,3.89,12.41,7.35L29.35,4.78h-8.69L5.18,36.65c3.43-3.46,7.68-6.02,12.41-7.35\"><\/path><path class=\"cls-1\" d=\"M8.43,45.22c3.68-5.19,9.72-8.57,16.57-8.57s12.89,3.38,16.56,8.57h8c-4.38-9.16-13.73-15.49-24.56-15.49S4.82,36.06,.44,45.22h8Z\"><\/path><\/svg><\/span><\/div><\/div><div id=\"jet-hotspot-8505\" class=\"jet-hotspots__item\" data-tippy-content=\"&lt;h6&gt;Europa&lt;\/h6&gt;Atrav\u00e9s do neg\u00f3cio da manuten\u00e7\u00e3o dos corpos moentes, a Mota-Engil ATIV exerce atividade na Europa: Portugal, Espanha, Fran\u00e7a, Alemanha, Reino Unido, B\u00e9lgica, Noruega, Luxemburgo, Est\u00f3nia, Let\u00f3nia, Su\u00e9cia, Rep\u00fablica da Irlanda e Pol\u00f3nia \u2013 e est\u00e1 ainda atenta aos novos mercados, em particular no M\u00e9dio Oriente.\" data-horizontal-position=\"47\" data-vertical-position=\"24\" data-tooltip-width=\"px\" data-show-on-init=\"no\"><div class=\"jet-hotspots__item-inner\"><span class=\"jet-hotspots__item-icon jet-tricks-icon\"><svg xmlns=\"http:\/\/www.w3.org\/2000\/svg\" id=\"Camada_1\" viewBox=\"0 0 50 50\"><defs><style>.cls-1{fill:#fff;}<\/style><\/defs><path class=\"cls-1\" d=\"M17.59,29.3l3.31-7.39,4.1-9.12,4.09,9.12,3.31,7.39c4.73,1.33,8.98,3.89,12.41,7.35L29.35,4.78h-8.69L5.18,36.65c3.43-3.46,7.68-6.02,12.41-7.35\"><\/path><path class=\"cls-1\" d=\"M8.43,45.22c3.68-5.19,9.72-8.57,16.57-8.57s12.89,3.38,16.56,8.57h8c-4.38-9.16-13.73-15.49-24.56-15.49S4.82,36.06,.44,45.22h8Z\"><\/path><\/svg><\/span><\/div><\/div><div id=\"jet-hotspot-8506\" class=\"jet-hotspots__item\" data-tippy-content=\"&lt;h6&gt;Am\u00e9rica do Sul&lt;\/h6&gt;Ap\u00f3s ter come\u00e7ado a operar em 2018 na cidade de Guaiaquil no Equador, expandiu-se em 2022 para a cidade de Santa Cruz na Bol\u00edvia, na \u00e1rea de Infraestruturas de \u00c1gua e Distribui\u00e7\u00e3o.\" data-horizontal-position=\"27\" data-vertical-position=\"68\" data-tooltip-width=\"px\" data-show-on-init=\"no\"><div class=\"jet-hotspots__item-inner\"><span class=\"jet-hotspots__item-icon jet-tricks-icon\"><svg xmlns=\"http:\/\/www.w3.org\/2000\/svg\" id=\"Camada_1\" viewBox=\"0 0 50 50\"><defs><style>.cls-1{fill:#fff;}<\/style><\/defs><path class=\"cls-1\" d=\"M17.59,29.3l3.31-7.39,4.1-9.12,4.09,9.12,3.31,7.39c4.73,1.33,8.98,3.89,12.41,7.35L29.35,4.78h-8.69L5.18,36.65c3.43-3.46,7.68-6.02,12.41-7.35\"><\/path><path class=\"cls-1\" d=\"M8.43,45.22c3.68-5.19,9.72-8.57,16.57-8.57s12.89,3.38,16.56,8.57h8c-4.38-9.16-13.73-15.49-24.56-15.49S4.82,36.06,.44,45.22h8Z\"><\/path><\/svg><\/span><\/div><\/div>\t\t\t\t<\/div>\r\n\t\t\t<\/div>\r\n\t\t<\/div>\r\n\t\t\t\t\t\t<\/div>\n\t\t\t\t<\/div>\n\t\t\t\t\t<\/div>\n\t\t<\/div>\n\t\t\t\t\t<\/div>\n\t\t<\/section>\n\t\t\t\t<\/div>\n\t\t","protected":false},"excerpt":{"rendered":"<p>In\u00edcio The development of our international portfolio was a natural consequence of the company&#8217;s activities, after having reached maturity, competence and excellence in the Portuguese market. Through our interdisciplinary technical skills, our international area operates in fields as diverse as landscape design and maintenance, environmental systems and industry. Our wide-ranging and expert activity, along with our new commercial portfolio (ATIV PILLARS), will be the continuation of a success story.<\/p>\n","protected":false},"author":1,"featured_media":4360,"parent":0,"menu_order":3,"comment_status":"closed","ping_status":"closed","template":"elementor_header_footer","meta":{"_acf_changed":false,"footnotes":""},"class_list":["post-4817","page","type-page","status-publish","has-post-thumbnail","hentry"],"acf":[],"yoast_head":"<!-- This site is optimized with the Yoast SEO plugin v27.5 - https:\/\/yoast.com\/product\/yoast-seo-wordpress\/ -->\n<title>International - Mota-Engil ATIV<\/title>\n<meta name=\"robots\" content=\"index, follow, max-snippet:-1, max-image-preview:large, max-video-preview:-1\" \/>\n<link rel=\"canonical\" href=\"https:\/\/www.ativ.pt\/en\/international\/\" \/>\n<meta property=\"og:locale\" content=\"en_US\" \/>\n<meta property=\"og:type\" content=\"article\" \/>\n<meta property=\"og:title\" content=\"International - Mota-Engil ATIV\" \/>\n<meta property=\"og:description\" content=\"In\u00edcio The development of our international portfolio was a natural consequence of the company&#8217;s activities, after having reached maturity, competence and excellence in the Portuguese market. Through our interdisciplinary technical skills, our international area operates in fields as diverse as landscape design and maintenance, environmental systems and industry. Our wide-ranging and expert activity, along with our new commercial portfolio (ATIV PILLARS), will be the continuation of a success story.\" \/>\n<meta property=\"og:url\" content=\"https:\/\/www.ativ.pt\/en\/international\/\" \/>\n<meta property=\"og:site_name\" content=\"Mota-Engil ATIV\" \/>\n<meta property=\"article:publisher\" content=\"https:\/\/www.facebook.com\/MotaEngilATIV\/\" \/>\n<meta property=\"article:modified_time\" content=\"2022-08-23T12:04:30+00:00\" \/>\n<meta property=\"og:image\" content=\"https:\/\/www.ativ.pt\/wp-content\/uploads\/2022\/06\/internacional-ativ-1920x1280-1.jpg\" \/>\n\t<meta property=\"og:image:width\" content=\"1920\" \/>\n\t<meta property=\"og:image:height\" content=\"1280\" \/>\n\t<meta property=\"og:image:type\" content=\"image\/jpeg\" \/>\n<meta name=\"twitter:card\" content=\"summary_large_image\" \/>\n<script type=\"application\/ld+json\" class=\"yoast-schema-graph\">{\"@context\":\"https:\\\/\\\/schema.org\",\"@graph\":[{\"@type\":\"WebPage\",\"@id\":\"https:\\\/\\\/www.ativ.pt\\\/en\\\/international\\\/\",\"url\":\"https:\\\/\\\/www.ativ.pt\\\/en\\\/international\\\/\",\"name\":\"International - Mota-Engil ATIV\",\"isPartOf\":{\"@id\":\"https:\\\/\\\/www.ativ.pt\\\/en\\\/#website\"},\"primaryImageOfPage\":{\"@id\":\"https:\\\/\\\/www.ativ.pt\\\/en\\\/international\\\/#primaryimage\"},\"image\":{\"@id\":\"https:\\\/\\\/www.ativ.pt\\\/en\\\/international\\\/#primaryimage\"},\"thumbnailUrl\":\"https:\\\/\\\/www.ativ.pt\\\/wp-content\\\/uploads\\\/2022\\\/06\\\/internacional-ativ-1920x1280-1.jpg\",\"datePublished\":\"2022-05-27T07:12:01+00:00\",\"dateModified\":\"2022-08-23T12:04:30+00:00\",\"breadcrumb\":{\"@id\":\"https:\\\/\\\/www.ativ.pt\\\/en\\\/international\\\/#breadcrumb\"},\"inLanguage\":\"en-US\",\"potentialAction\":[{\"@type\":\"ReadAction\",\"target\":[\"https:\\\/\\\/www.ativ.pt\\\/en\\\/international\\\/\"]}]},{\"@type\":\"ImageObject\",\"inLanguage\":\"en-US\",\"@id\":\"https:\\\/\\\/www.ativ.pt\\\/en\\\/international\\\/#primaryimage\",\"url\":\"https:\\\/\\\/www.ativ.pt\\\/wp-content\\\/uploads\\\/2022\\\/06\\\/internacional-ativ-1920x1280-1.jpg\",\"contentUrl\":\"https:\\\/\\\/www.ativ.pt\\\/wp-content\\\/uploads\\\/2022\\\/06\\\/internacional-ativ-1920x1280-1.jpg\",\"width\":1920,\"height\":1280},{\"@type\":\"BreadcrumbList\",\"@id\":\"https:\\\/\\\/www.ativ.pt\\\/en\\\/international\\\/#breadcrumb\",\"itemListElement\":[{\"@type\":\"ListItem\",\"position\":1,\"name\":\"Home\",\"item\":\"https:\\\/\\\/www.ativ.pt\\\/en\\\/\"},{\"@type\":\"ListItem\",\"position\":2,\"name\":\"International\"}]},{\"@type\":\"WebSite\",\"@id\":\"https:\\\/\\\/www.ativ.pt\\\/en\\\/#website\",\"url\":\"https:\\\/\\\/www.ativ.pt\\\/en\\\/\",\"name\":\"Mota-Engil ATIV\",\"description\":\"Asset Management and Maintenance\",\"publisher\":{\"@id\":\"https:\\\/\\\/www.ativ.pt\\\/en\\\/#organization\"},\"potentialAction\":[{\"@type\":\"SearchAction\",\"target\":{\"@type\":\"EntryPoint\",\"urlTemplate\":\"https:\\\/\\\/www.ativ.pt\\\/en\\\/?s={search_term_string}\"},\"query-input\":{\"@type\":\"PropertyValueSpecification\",\"valueRequired\":true,\"valueName\":\"search_term_string\"}}],\"inLanguage\":\"en-US\"},{\"@type\":\"Organization\",\"@id\":\"https:\\\/\\\/www.ativ.pt\\\/en\\\/#organization\",\"name\":\"Mota-Engil ATIV\",\"url\":\"https:\\\/\\\/www.ativ.pt\\\/en\\\/\",\"logo\":{\"@type\":\"ImageObject\",\"inLanguage\":\"en-US\",\"@id\":\"https:\\\/\\\/www.ativ.pt\\\/en\\\/#\\\/schema\\\/logo\\\/image\\\/\",\"url\":\"https:\\\/\\\/www.ativ.pt\\\/wp-content\\\/uploads\\\/2022\\\/04\\\/logo-ativ-cor-1.svg\",\"contentUrl\":\"https:\\\/\\\/www.ativ.pt\\\/wp-content\\\/uploads\\\/2022\\\/04\\\/logo-ativ-cor-1.svg\",\"width\":250,\"height\":100,\"caption\":\"Mota-Engil ATIV\"},\"image\":{\"@id\":\"https:\\\/\\\/www.ativ.pt\\\/en\\\/#\\\/schema\\\/logo\\\/image\\\/\"},\"sameAs\":[\"https:\\\/\\\/www.facebook.com\\\/MotaEngilATIV\\\/\",\"https:\\\/\\\/www.instagram.com\\\/mota_engil_ativ\\\/\",\"https:\\\/\\\/www.linkedin.com\\\/company\\\/motaengil-ativ\"]}]}<\/script>\n<!-- \/ Yoast SEO plugin. -->","yoast_head_json":{"title":"International - Mota-Engil ATIV","robots":{"index":"index","follow":"follow","max-snippet":"max-snippet:-1","max-image-preview":"max-image-preview:large","max-video-preview":"max-video-preview:-1"},"canonical":"https:\/\/www.ativ.pt\/en\/international\/","og_locale":"en_US","og_type":"article","og_title":"International - Mota-Engil ATIV","og_description":"In\u00edcio The development of our international portfolio was a natural consequence of the company&#8217;s activities, after having reached maturity, competence and excellence in the Portuguese market. Through our interdisciplinary technical skills, our international area operates in fields as diverse as landscape design and maintenance, environmental systems and industry. Our wide-ranging and expert activity, along with our new commercial portfolio (ATIV PILLARS), will be the continuation of a success story.","og_url":"https:\/\/www.ativ.pt\/en\/international\/","og_site_name":"Mota-Engil ATIV","article_publisher":"https:\/\/www.facebook.com\/MotaEngilATIV\/","article_modified_time":"2022-08-23T12:04:30+00:00","og_image":[{"width":1920,"height":1280,"url":"https:\/\/www.ativ.pt\/wp-content\/uploads\/2022\/06\/internacional-ativ-1920x1280-1.jpg","type":"image\/jpeg"}],"twitter_card":"summary_large_image","schema":{"@context":"https:\/\/schema.org","@graph":[{"@type":"WebPage","@id":"https:\/\/www.ativ.pt\/en\/international\/","url":"https:\/\/www.ativ.pt\/en\/international\/","name":"International - Mota-Engil ATIV","isPartOf":{"@id":"https:\/\/www.ativ.pt\/en\/#website"},"primaryImageOfPage":{"@id":"https:\/\/www.ativ.pt\/en\/international\/#primaryimage"},"image":{"@id":"https:\/\/www.ativ.pt\/en\/international\/#primaryimage"},"thumbnailUrl":"https:\/\/www.ativ.pt\/wp-content\/uploads\/2022\/06\/internacional-ativ-1920x1280-1.jpg","datePublished":"2022-05-27T07:12:01+00:00","dateModified":"2022-08-23T12:04:30+00:00","breadcrumb":{"@id":"https:\/\/www.ativ.pt\/en\/international\/#breadcrumb"},"inLanguage":"en-US","potentialAction":[{"@type":"ReadAction","target":["https:\/\/www.ativ.pt\/en\/international\/"]}]},{"@type":"ImageObject","inLanguage":"en-US","@id":"https:\/\/www.ativ.pt\/en\/international\/#primaryimage","url":"https:\/\/www.ativ.pt\/wp-content\/uploads\/2022\/06\/internacional-ativ-1920x1280-1.jpg","contentUrl":"https:\/\/www.ativ.pt\/wp-content\/uploads\/2022\/06\/internacional-ativ-1920x1280-1.jpg","width":1920,"height":1280},{"@type":"BreadcrumbList","@id":"https:\/\/www.ativ.pt\/en\/international\/#breadcrumb","itemListElement":[{"@type":"ListItem","position":1,"name":"Home","item":"https:\/\/www.ativ.pt\/en\/"},{"@type":"ListItem","position":2,"name":"International"}]},{"@type":"WebSite","@id":"https:\/\/www.ativ.pt\/en\/#website","url":"https:\/\/www.ativ.pt\/en\/","name":"Mota-Engil ATIV","description":"Asset Management and Maintenance","publisher":{"@id":"https:\/\/www.ativ.pt\/en\/#organization"},"potentialAction":[{"@type":"SearchAction","target":{"@type":"EntryPoint","urlTemplate":"https:\/\/www.ativ.pt\/en\/?s={search_term_string}"},"query-input":{"@type":"PropertyValueSpecification","valueRequired":true,"valueName":"search_term_string"}}],"inLanguage":"en-US"},{"@type":"Organization","@id":"https:\/\/www.ativ.pt\/en\/#organization","name":"Mota-Engil ATIV","url":"https:\/\/www.ativ.pt\/en\/","logo":{"@type":"ImageObject","inLanguage":"en-US","@id":"https:\/\/www.ativ.pt\/en\/#\/schema\/logo\/image\/","url":"https:\/\/www.ativ.pt\/wp-content\/uploads\/2022\/04\/logo-ativ-cor-1.svg","contentUrl":"https:\/\/www.ativ.pt\/wp-content\/uploads\/2022\/04\/logo-ativ-cor-1.svg","width":250,"height":100,"caption":"Mota-Engil ATIV"},"image":{"@id":"https:\/\/www.ativ.pt\/en\/#\/schema\/logo\/image\/"},"sameAs":["https:\/\/www.facebook.com\/MotaEngilATIV\/","https:\/\/www.instagram.com\/mota_engil_ativ\/","https:\/\/www.linkedin.com\/company\/motaengil-ativ"]}]}},"_links":{"self":[{"href":"https:\/\/www.ativ.pt\/en\/wp-json\/wp\/v2\/pages\/4817","targetHints":{"allow":["GET"]}}],"collection":[{"href":"https:\/\/www.ativ.pt\/en\/wp-json\/wp\/v2\/pages"}],"about":[{"href":"https:\/\/www.ativ.pt\/en\/wp-json\/wp\/v2\/types\/page"}],"author":[{"embeddable":true,"href":"https:\/\/www.ativ.pt\/en\/wp-json\/wp\/v2\/users\/1"}],"replies":[{"embeddable":true,"href":"https:\/\/www.ativ.pt\/en\/wp-json\/wp\/v2\/comments?post=4817"}],"version-history":[{"count":1,"href":"https:\/\/www.ativ.pt\/en\/wp-json\/wp\/v2\/pages\/4817\/revisions"}],"predecessor-version":[{"id":4818,"href":"https:\/\/www.ativ.pt\/en\/wp-json\/wp\/v2\/pages\/4817\/revisions\/4818"}],"wp:featuredmedia":[{"embeddable":true,"href":"https:\/\/www.ativ.pt\/en\/wp-json\/wp\/v2\/media\/4360"}],"wp:attachment":[{"href":"https:\/\/www.ativ.pt\/en\/wp-json\/wp\/v2\/media?parent=4817"}],"curies":[{"name":"wp","href":"https:\/\/api.w.org\/{rel}","templated":true}]}}